{"id":12773,"date":"2020-07-28T00:24:10","date_gmt":"2020-07-28T03:24:10","guid":{"rendered":"https:\/\/vivesanobrasil.org\/?page_id=12773"},"modified":"2024-10-10T16:16:08","modified_gmt":"2024-10-10T20:16:08","slug":"oferta-2","status":"publish","type":"page","link":"https:\/\/vivesanobrasil.org\/pb\/oferta-2\/","title":{"rendered":"Oferta"},"content":{"rendered":"\t\t<div data-elementor-type=\"wp-page\" data-elementor-id=\"12773\" class=\"elementor elementor-12773\">\n\t\t\t\t\t\t<section class=\"elementor-section elementor-top-section elementor-element elementor-element-3ad3c66 elementor-section-full_width elementor-section-stretched elementor-section-height-default elementor-section-height-default\" data-id=\"3ad3c66\" data-element_type=\"section\" data-settings=\"{&quot;stretch_section&quot;:&quot;section-stretched&quot;}\">\n\t\t\t\t\t\t<div class=\"elementor-container elementor-column-gap-no\">\n\t\t\t\t\t<div class=\"elementor-column elementor-col-100 elementor-top-column elementor-element elementor-element-1f2109f\" data-id=\"1f2109f\" data-element_type=\"column\">\n\t\t\t<div class=\"elementor-widget-wrap elementor-element-populated\">\n\t\t\t\t\t\t\t<\/div>\n\t\t<\/div>\n\t\t\t\t\t<\/div>\n\t\t<\/section>\n\t\t\t\t<section class=\"elementor-section elementor-top-section elementor-element elementor-element-358f0ff elementor-section-full_width elementor-hidden-mobile elementor-section-height-default elementor-section-height-default\" data-id=\"358f0ff\" data-element_type=\"section\">\n\t\t\t\t\t\t<div class=\"elementor-container elementor-column-gap-no\">\n\t\t\t\t\t<div class=\"elementor-column elementor-col-100 elementor-top-column elementor-element elementor-element-cea5e30\" data-id=\"cea5e30\" data-element_type=\"column\">\n\t\t\t<div class=\"elementor-widget-wrap elementor-element-populated\">\n\t\t\t\t\t\t<div class=\"elementor-element elementor-element-fc8fb7c elementor-widget elementor-widget-heading\" data-id=\"fc8fb7c\" data-element_type=\"widget\" data-widget_type=\"heading.default\">\n\t\t\t\t<div class=\"elementor-widget-container\">\n\t\t\t<h1 class=\"elementor-heading-title elementor-size-xxl\">Conoce nuestros Programas Acad\u00e9micos <\/h1>\t\t<\/div>\n\t\t\t\t<\/div>\n\t\t\t\t<div class=\"elementor-element elementor-element-5e50115 elementor-widget elementor-widget-image\" data-id=\"5e50115\" data-element_type=\"widget\" data-widget_type=\"image.default\">\n\t\t\t\t<div class=\"elementor-widget-container\">\n\t\t\t\t\t\t\t\t\t\t\t\t\t<img decoding=\"async\" src=\"https:\/\/i0.wp.com\/vivesanobrasil.org\/wp-content\/uploads\/2023\/10\/Separador-especialidad.png?fit=3600%2C119&#038;ssl=1\" title=\"Separador especialidad\" alt=\"Separador especialidad\" loading=\"lazy\" \/>\t\t\t\t\t\t\t\t\t\t\t\t\t<\/div>\n\t\t\t\t<\/div>\n\t\t\t\t<section class=\"elementor-section elementor-inner-section elementor-element elementor-element-5b9e974 elementor-section-full_width elementor-section-height-default elementor-section-height-default\" data-id=\"5b9e974\" data-element_type=\"section\">\n\t\t\t\t\t\t<div class=\"elementor-container elementor-column-gap-default\">\n\t\t\t\t\t<div class=\"elementor-column elementor-col-25 elementor-inner-column elementor-element elementor-element-3aee682\" data-id=\"3aee682\" data-element_type=\"column\">\n\t\t\t<div class=\"elementor-widget-wrap elementor-element-populated\">\n\t\t\t\t\t\t<div class=\"elementor-element elementor-element-c17daf4 elementor-widget elementor-widget-image\" data-id=\"c17daf4\" data-element_type=\"widget\" data-widget_type=\"image.default\">\n\t\t\t\t<div class=\"elementor-widget-container\">\n\t\t\t\t\t\t\t\t\t\t\t\t\t\t<a href=\"https:\/\/vivesanobrasil.org\/pb\/especializacion-en-nutricion-clinica-pediatrica-un-abordaje-integral-desde-la-infancia-hasta-la-adolescencia\/\" target=\"_blank\">\n\t\t\t\t\t\t\t<img fetchpriority=\"high\" decoding=\"async\" data-attachment-id=\"58379\" data-permalink=\"https:\/\/vivesanobrasil.org\/pb\/especializacion-en-nutricion-clinica-pediatrica-un-abordaje-integral-desde-la-infancia-hasta-la-adolescencia\/afiche-especializacion-nutricion-clinica-pediatrica\/\" data-orig-file=\"https:\/\/i0.wp.com\/vivesanobrasil.org\/wp-content\/uploads\/2024\/10\/Afiche-Especializacion-Nutricion-Clinica-Pediatrica.png?fit=1080%2C1350&amp;ssl=1\" data-orig-size=\"1080,1350\" data-comments-opened=\"1\" data-image-meta=\"{&quot;aperture&quot;:&quot;0&quot;,&quot;credit&quot;:&quot;&quot;,&quot;camera&quot;:&quot;&quot;,&quot;caption&quot;:&quot;&quot;,&quot;created_timestamp&quot;:&quot;0&quot;,&quot;copyright&quot;:&quot;&quot;,&quot;focal_length&quot;:&quot;0&quot;,&quot;iso&quot;:&quot;0&quot;,&quot;shutter_speed&quot;:&quot;0&quot;,&quot;title&quot;:&quot;&quot;,&quot;orientation&quot;:&quot;0&quot;}\" data-image-title=\"Afiche &amp;#8211; Especializaci\u00f3n Nutrici\u00f3n Cl\u00ednica Pedi\u00e1trica\" data-image-description=\"\" data-image-caption=\"\" data-large-file=\"https:\/\/i0.wp.com\/vivesanobrasil.org\/wp-content\/uploads\/2024\/10\/Afiche-Especializacion-Nutricion-Clinica-Pediatrica.png?fit=819%2C1024&amp;ssl=1\" width=\"1080\" height=\"1350\" src=\"https:\/\/i0.wp.com\/vivesanobrasil.org\/wp-content\/uploads\/2024\/10\/Afiche-Especializacion-Nutricion-Clinica-Pediatrica.png?fit=1080%2C1350&amp;ssl=1\" class=\"attachment-full size-full wp-image-58379\" alt=\"\" srcset=\"https:\/\/i0.wp.com\/vivesanobrasil.org\/wp-content\/uploads\/2024\/10\/Afiche-Especializacion-Nutricion-Clinica-Pediatrica.png?w=1080&amp;ssl=1 1080w, https:\/\/i0.wp.com\/vivesanobrasil.org\/wp-content\/uploads\/2024\/10\/Afiche-Especializacion-Nutricion-Clinica-Pediatrica.png?resize=240%2C300&amp;ssl=1 240w, https:\/\/i0.wp.com\/vivesanobrasil.org\/wp-content\/uploads\/2024\/10\/Afiche-Especializacion-Nutricion-Clinica-Pediatrica.png?resize=819%2C1024&amp;ssl=1 819w, https:\/\/i0.wp.com\/vivesanobrasil.org\/wp-content\/uploads\/2024\/10\/Afiche-Especializacion-Nutricion-Clinica-Pediatrica.png?resize=768%2C960&amp;ssl=1 768w, https:\/\/i0.wp.com\/vivesanobrasil.org\/wp-content\/uploads\/2024\/10\/Afiche-Especializacion-Nutricion-Clinica-Pediatrica.png?resize=500%2C625&amp;ssl=1 500w, https:\/\/i0.wp.com\/vivesanobrasil.org\/wp-content\/uploads\/2024\/10\/Afiche-Especializacion-Nutricion-Clinica-Pediatrica.png?resize=700%2C875&amp;ssl=1 700w\" sizes=\"(max-width: 1000px) 100vw, 1000px\" data-attachment-id=\"58379\" data-permalink=\"https:\/\/vivesanobrasil.org\/pb\/especializacion-en-nutricion-clinica-pediatrica-un-abordaje-integral-desde-la-infancia-hasta-la-adolescencia\/afiche-especializacion-nutricion-clinica-pediatrica\/\" data-orig-file=\"https:\/\/i0.wp.com\/vivesanobrasil.org\/wp-content\/uploads\/2024\/10\/Afiche-Especializacion-Nutricion-Clinica-Pediatrica.png?fit=1080%2C1350&amp;ssl=1\" data-orig-size=\"1080,1350\" data-comments-opened=\"1\" data-image-meta=\"{&quot;aperture&quot;:&quot;0&quot;,&quot;credit&quot;:&quot;&quot;,&quot;camera&quot;:&quot;&quot;,&quot;caption&quot;:&quot;&quot;,&quot;created_timestamp&quot;:&quot;0&quot;,&quot;copyright&quot;:&quot;&quot;,&quot;focal_length&quot;:&quot;0&quot;,&quot;iso&quot;:&quot;0&quot;,&quot;shutter_speed&quot;:&quot;0&quot;,&quot;title&quot;:&quot;&quot;,&quot;orientation&quot;:&quot;0&quot;}\" data-image-title=\"Afiche &amp;#8211; Especializaci\u00f3n Nutrici\u00f3n Cl\u00ednica Pedi\u00e1trica\" data-image-description=\"\" data-image-caption=\"\" data-large-file=\"https:\/\/i0.wp.com\/vivesanobrasil.org\/wp-content\/uploads\/2024\/10\/Afiche-Especializacion-Nutricion-Clinica-Pediatrica.png?fit=819%2C1024&amp;ssl=1\" \/>\t\t\t\t\t\t\t\t<\/a>\n\t\t\t\t\t\t\t\t\t\t\t\t\t<\/div>\n\t\t\t\t<\/div>\n\t\t\t\t\t<\/div>\n\t\t<\/div>\n\t\t\t\t<div class=\"elementor-column elementor-col-25 elementor-inner-column elementor-element elementor-element-9933bec\" data-id=\"9933bec\" data-element_type=\"column\">\n\t\t\t<div class=\"elementor-widget-wrap\">\n\t\t\t\t\t\t\t<\/div>\n\t\t<\/div>\n\t\t\t\t<div class=\"elementor-column elementor-col-25 elementor-inner-column elementor-element elementor-element-cfb2e18\" data-id=\"cfb2e18\" data-element_type=\"column\">\n\t\t\t<div class=\"elementor-widget-wrap\">\n\t\t\t\t\t\t\t<\/div>\n\t\t<\/div>\n\t\t\t\t<div class=\"elementor-column elementor-col-25 elementor-inner-column elementor-element elementor-element-72eef02\" data-id=\"72eef02\" data-element_type=\"column\">\n\t\t\t<div class=\"elementor-widget-wrap\">\n\t\t\t\t\t\t\t<\/div>\n\t\t<\/div>\n\t\t\t\t\t<\/div>\n\t\t<\/section>\n\t\t\t\t<div class=\"elementor-element elementor-element-6b67e89 elementor-hidden-mobile elementor-widget elementor-widget-image\" data-id=\"6b67e89\" data-element_type=\"widget\" data-widget_type=\"image.default\">\n\t\t\t\t<div class=\"elementor-widget-container\">\n\t\t\t\t\t\t\t\t\t\t\t\t\t<img decoding=\"async\" src=\"https:\/\/i0.wp.com\/vivesanobrasil.org\/wp-content\/uploads\/2022\/09\/Web_Mesa-de-trabajo-1-copia-5-1-1.png?fit=3600%2C119&#038;ssl=1\" title=\"Web_Mesa de trabajo 1 copia 5 (1) (1)\" alt=\"Web_Mesa de trabajo 1 copia 5 (1) (1)\" loading=\"lazy\" \/>\t\t\t\t\t\t\t\t\t\t\t\t\t<\/div>\n\t\t\t\t<\/div>\n\t\t\t\t<section class=\"elementor-section elementor-inner-section elementor-element elementor-element-3ffa211 elementor-section-full_width elementor-hidden-mobile elementor-section-height-default elementor-section-height-default\" data-id=\"3ffa211\" data-element_type=\"section\">\n\t\t\t\t\t\t<div class=\"elementor-container elementor-column-gap-default\">\n\t\t\t\t\t<div class=\"elementor-column elementor-col-25 elementor-inner-column elementor-element elementor-element-cf05505\" data-id=\"cf05505\" data-element_type=\"column\">\n\t\t\t<div class=\"elementor-widget-wrap elementor-element-populated\">\n\t\t\t\t\t\t<div class=\"elementor-element elementor-element-1a67b03 elementor-widget elementor-widget-image\" data-id=\"1a67b03\" data-element_type=\"widget\" data-widget_type=\"image.default\">\n\t\t\t\t<div class=\"elementor-widget-container\">\n\t\t\t\t\t\t\t\t\t\t\t\t\t\t<a href=\"https:\/\/vivesanobrasil.org\/pb\/diplomado-en-nutricion-clinica-spoc\/\" target=\"_blank\">\n\t\t\t\t\t\t\t<img decoding=\"async\" data-attachment-id=\"54255\" data-permalink=\"https:\/\/vivesanobrasil.org\/pb\/diplomado-en-nutricion-clinica-spoc\/afiche-nutricion-clinica-spoc\/\" data-orig-file=\"https:\/\/i0.wp.com\/vivesanobrasil.org\/wp-content\/uploads\/2023\/12\/Afiche-Nutricion-Clinica-SPOC.png?fit=1080%2C1350&amp;ssl=1\" data-orig-size=\"1080,1350\" data-comments-opened=\"1\" data-image-meta=\"{&quot;aperture&quot;:&quot;0&quot;,&quot;credit&quot;:&quot;&quot;,&quot;camera&quot;:&quot;&quot;,&quot;caption&quot;:&quot;&quot;,&quot;created_timestamp&quot;:&quot;0&quot;,&quot;copyright&quot;:&quot;&quot;,&quot;focal_length&quot;:&quot;0&quot;,&quot;iso&quot;:&quot;0&quot;,&quot;shutter_speed&quot;:&quot;0&quot;,&quot;title&quot;:&quot;&quot;,&quot;orientation&quot;:&quot;0&quot;}\" data-image-title=\"Afiche &amp;#8211; Nutrici\u00f3n Cl\u00ednica SPOC\" data-image-description=\"\" data-image-caption=\"\" data-large-file=\"https:\/\/i0.wp.com\/vivesanobrasil.org\/wp-content\/uploads\/2023\/12\/Afiche-Nutricion-Clinica-SPOC.png?fit=819%2C1024&amp;ssl=1\" width=\"1080\" height=\"1350\" src=\"https:\/\/i0.wp.com\/vivesanobrasil.org\/wp-content\/uploads\/2023\/12\/Afiche-Nutricion-Clinica-SPOC.png?fit=1080%2C1350&amp;ssl=1\" class=\"attachment-full size-full wp-image-54255\" alt=\"\" srcset=\"https:\/\/i0.wp.com\/vivesanobrasil.org\/wp-content\/uploads\/2023\/12\/Afiche-Nutricion-Clinica-SPOC.png?w=1080&amp;ssl=1 1080w, https:\/\/i0.wp.com\/vivesanobrasil.org\/wp-content\/uploads\/2023\/12\/Afiche-Nutricion-Clinica-SPOC.png?resize=240%2C300&amp;ssl=1 240w, https:\/\/i0.wp.com\/vivesanobrasil.org\/wp-content\/uploads\/2023\/12\/Afiche-Nutricion-Clinica-SPOC.png?resize=819%2C1024&amp;ssl=1 819w, https:\/\/i0.wp.com\/vivesanobrasil.org\/wp-content\/uploads\/2023\/12\/Afiche-Nutricion-Clinica-SPOC.png?resize=768%2C960&amp;ssl=1 768w, https:\/\/i0.wp.com\/vivesanobrasil.org\/wp-content\/uploads\/2023\/12\/Afiche-Nutricion-Clinica-SPOC.png?resize=48%2C60&amp;ssl=1 48w, https:\/\/i0.wp.com\/vivesanobrasil.org\/wp-content\/uploads\/2023\/12\/Afiche-Nutricion-Clinica-SPOC.png?resize=500%2C625&amp;ssl=1 500w, https:\/\/i0.wp.com\/vivesanobrasil.org\/wp-content\/uploads\/2023\/12\/Afiche-Nutricion-Clinica-SPOC.png?resize=700%2C875&amp;ssl=1 700w\" sizes=\"(max-width: 1000px) 100vw, 1000px\" data-attachment-id=\"54255\" data-permalink=\"https:\/\/vivesanobrasil.org\/pb\/diplomado-en-nutricion-clinica-spoc\/afiche-nutricion-clinica-spoc\/\" data-orig-file=\"https:\/\/i0.wp.com\/vivesanobrasil.org\/wp-content\/uploads\/2023\/12\/Afiche-Nutricion-Clinica-SPOC.png?fit=1080%2C1350&amp;ssl=1\" data-orig-size=\"1080,1350\" data-comments-opened=\"1\" data-image-meta=\"{&quot;aperture&quot;:&quot;0&quot;,&quot;credit&quot;:&quot;&quot;,&quot;camera&quot;:&quot;&quot;,&quot;caption&quot;:&quot;&quot;,&quot;created_timestamp&quot;:&quot;0&quot;,&quot;copyright&quot;:&quot;&quot;,&quot;focal_length&quot;:&quot;0&quot;,&quot;iso&quot;:&quot;0&quot;,&quot;shutter_speed&quot;:&quot;0&quot;,&quot;title&quot;:&quot;&quot;,&quot;orientation&quot;:&quot;0&quot;}\" data-image-title=\"Afiche &amp;#8211; Nutrici\u00f3n Cl\u00ednica SPOC\" data-image-description=\"\" data-image-caption=\"\" data-large-file=\"https:\/\/i0.wp.com\/vivesanobrasil.org\/wp-content\/uploads\/2023\/12\/Afiche-Nutricion-Clinica-SPOC.png?fit=819%2C1024&amp;ssl=1\" \/>\t\t\t\t\t\t\t\t<\/a>\n\t\t\t\t\t\t\t\t\t\t\t\t\t<\/div>\n\t\t\t\t<\/div>\n\t\t\t\t<div class=\"elementor-element elementor-element-ca7588b elementor-widget elementor-widget-image\" data-id=\"ca7588b\" data-element_type=\"widget\" data-widget_type=\"image.default\">\n\t\t\t\t<div class=\"elementor-widget-container\">\n\t\t\t\t\t\t\t\t\t\t\t\t\t\t<a href=\"https:\/\/vivesanobrasil.org\/pb\/diplomado-en-sistemas-de-gestion-de-calidad-en-servicios-de-alimentacion-desafio-en-la-gestion-integral-de-los-servicios-de-alimentacion\/\" target=\"_blank\">\n\t\t\t\t\t\t\t<img decoding=\"async\" data-attachment-id=\"57924\" data-permalink=\"https:\/\/vivesanobrasil.org\/pb\/oferta-2\/grafica-promocional-min\/\" data-orig-file=\"https:\/\/i0.wp.com\/vivesanobrasil.org\/wp-content\/uploads\/2024\/09\/Grafica-promocional-min.png?fit=1080%2C1350&amp;ssl=1\" data-orig-size=\"1080,1350\" data-comments-opened=\"1\" data-image-meta=\"{&quot;aperture&quot;:&quot;0&quot;,&quot;credit&quot;:&quot;&quot;,&quot;camera&quot;:&quot;&quot;,&quot;caption&quot;:&quot;&quot;,&quot;created_timestamp&quot;:&quot;0&quot;,&quot;copyright&quot;:&quot;&quot;,&quot;focal_length&quot;:&quot;0&quot;,&quot;iso&quot;:&quot;0&quot;,&quot;shutter_speed&quot;:&quot;0&quot;,&quot;title&quot;:&quot;&quot;,&quot;orientation&quot;:&quot;0&quot;}\" data-image-title=\"Gr\u00e1fica promocional-min\" data-image-description=\"\" data-image-caption=\"\" data-large-file=\"https:\/\/i0.wp.com\/vivesanobrasil.org\/wp-content\/uploads\/2024\/09\/Grafica-promocional-min.png?fit=819%2C1024&amp;ssl=1\" width=\"1080\" height=\"1350\" src=\"https:\/\/i0.wp.com\/vivesanobrasil.org\/wp-content\/uploads\/2024\/09\/Grafica-promocional-min.png?fit=1080%2C1350&amp;ssl=1\" class=\"attachment-full size-full wp-image-57924\" alt=\"\" srcset=\"https:\/\/i0.wp.com\/vivesanobrasil.org\/wp-content\/uploads\/2024\/09\/Grafica-promocional-min.png?w=1080&amp;ssl=1 1080w, https:\/\/i0.wp.com\/vivesanobrasil.org\/wp-content\/uploads\/2024\/09\/Grafica-promocional-min.png?resize=240%2C300&amp;ssl=1 240w, https:\/\/i0.wp.com\/vivesanobrasil.org\/wp-content\/uploads\/2024\/09\/Grafica-promocional-min.png?resize=819%2C1024&amp;ssl=1 819w, https:\/\/i0.wp.com\/vivesanobrasil.org\/wp-content\/uploads\/2024\/09\/Grafica-promocional-min.png?resize=768%2C960&amp;ssl=1 768w, https:\/\/i0.wp.com\/vivesanobrasil.org\/wp-content\/uploads\/2024\/09\/Grafica-promocional-min.png?resize=500%2C625&amp;ssl=1 500w, https:\/\/i0.wp.com\/vivesanobrasil.org\/wp-content\/uploads\/2024\/09\/Grafica-promocional-min.png?resize=700%2C875&amp;ssl=1 700w\" sizes=\"(max-width: 1000px) 100vw, 1000px\" data-attachment-id=\"57924\" data-permalink=\"https:\/\/vivesanobrasil.org\/pb\/oferta-2\/grafica-promocional-min\/\" data-orig-file=\"https:\/\/i0.wp.com\/vivesanobrasil.org\/wp-content\/uploads\/2024\/09\/Grafica-promocional-min.png?fit=1080%2C1350&amp;ssl=1\" data-orig-size=\"1080,1350\" data-comments-opened=\"1\" data-image-meta=\"{&quot;aperture&quot;:&quot;0&quot;,&quot;credit&quot;:&quot;&quot;,&quot;camera&quot;:&quot;&quot;,&quot;caption&quot;:&quot;&quot;,&quot;created_timestamp&quot;:&quot;0&quot;,&quot;copyright&quot;:&quot;&quot;,&quot;focal_length&quot;:&quot;0&quot;,&quot;iso&quot;:&quot;0&quot;,&quot;shutter_speed&quot;:&quot;0&quot;,&quot;title&quot;:&quot;&quot;,&quot;orientation&quot;:&quot;0&quot;}\" data-image-title=\"Gr\u00e1fica promocional-min\" data-image-description=\"\" data-image-caption=\"\" data-large-file=\"https:\/\/i0.wp.com\/vivesanobrasil.org\/wp-content\/uploads\/2024\/09\/Grafica-promocional-min.png?fit=819%2C1024&amp;ssl=1\" \/>\t\t\t\t\t\t\t\t<\/a>\n\t\t\t\t\t\t\t\t\t\t\t\t\t<\/div>\n\t\t\t\t<\/div>\n\t\t\t\t\t<\/div>\n\t\t<\/div>\n\t\t\t\t<div class=\"elementor-column elementor-col-25 elementor-inner-column elementor-element elementor-element-b768fb8\" data-id=\"b768fb8\" data-element_type=\"column\">\n\t\t\t<div class=\"elementor-widget-wrap elementor-element-populated\">\n\t\t\t\t\t\t<div class=\"elementor-element elementor-element-a325738 elementor-widget elementor-widget-image\" data-id=\"a325738\" data-element_type=\"widget\" data-widget_type=\"image.default\">\n\t\t\t\t<div class=\"elementor-widget-container\">\n\t\t\t\t\t\t\t\t\t\t\t\t\t\t<a href=\"https:\/\/vivesanobrasil.org\/pb\/diplomado-endocrinologia-metabolica-c3\/\" target=\"_blank\">\n\t\t\t\t\t\t\t<img loading=\"lazy\" decoding=\"async\" data-attachment-id=\"55290\" data-permalink=\"https:\/\/vivesanobrasil.org\/pb\/oferta-2\/afiche-spoc-diplomado-endocrinologia-metabolica\/\" data-orig-file=\"https:\/\/i0.wp.com\/vivesanobrasil.org\/wp-content\/uploads\/2024\/03\/Afiche-SPOC-Diplomado-Endocrinologia-Metabolica-.png?fit=1080%2C1350&amp;ssl=1\" data-orig-size=\"1080,1350\" data-comments-opened=\"1\" data-image-meta=\"{&quot;aperture&quot;:&quot;0&quot;,&quot;credit&quot;:&quot;&quot;,&quot;camera&quot;:&quot;&quot;,&quot;caption&quot;:&quot;&quot;,&quot;created_timestamp&quot;:&quot;0&quot;,&quot;copyright&quot;:&quot;&quot;,&quot;focal_length&quot;:&quot;0&quot;,&quot;iso&quot;:&quot;0&quot;,&quot;shutter_speed&quot;:&quot;0&quot;,&quot;title&quot;:&quot;&quot;,&quot;orientation&quot;:&quot;0&quot;}\" data-image-title=\"Afiche &amp;#8211; SPOC &amp;#8211; Diplomado Endocrinologi\u0301a Metabo\u0301lica\" data-image-description=\"\" data-image-caption=\"\" data-large-file=\"https:\/\/i0.wp.com\/vivesanobrasil.org\/wp-content\/uploads\/2024\/03\/Afiche-SPOC-Diplomado-Endocrinologia-Metabolica-.png?fit=819%2C1024&amp;ssl=1\" width=\"1080\" height=\"1350\" src=\"https:\/\/i0.wp.com\/vivesanobrasil.org\/wp-content\/uploads\/2024\/03\/Afiche-SPOC-Diplomado-Endocrinologia-Metabolica-.png?fit=1080%2C1350&amp;ssl=1\" class=\"attachment-full size-full wp-image-55290\" alt=\"\" srcset=\"https:\/\/i0.wp.com\/vivesanobrasil.org\/wp-content\/uploads\/2024\/03\/Afiche-SPOC-Diplomado-Endocrinologia-Metabolica-.png?w=1080&amp;ssl=1 1080w, https:\/\/i0.wp.com\/vivesanobrasil.org\/wp-content\/uploads\/2024\/03\/Afiche-SPOC-Diplomado-Endocrinologia-Metabolica-.png?resize=240%2C300&amp;ssl=1 240w, https:\/\/i0.wp.com\/vivesanobrasil.org\/wp-content\/uploads\/2024\/03\/Afiche-SPOC-Diplomado-Endocrinologia-Metabolica-.png?resize=819%2C1024&amp;ssl=1 819w, https:\/\/i0.wp.com\/vivesanobrasil.org\/wp-content\/uploads\/2024\/03\/Afiche-SPOC-Diplomado-Endocrinologia-Metabolica-.png?resize=768%2C960&amp;ssl=1 768w, https:\/\/i0.wp.com\/vivesanobrasil.org\/wp-content\/uploads\/2024\/03\/Afiche-SPOC-Diplomado-Endocrinologia-Metabolica-.png?resize=48%2C60&amp;ssl=1 48w, https:\/\/i0.wp.com\/vivesanobrasil.org\/wp-content\/uploads\/2024\/03\/Afiche-SPOC-Diplomado-Endocrinologia-Metabolica-.png?resize=500%2C625&amp;ssl=1 500w, https:\/\/i0.wp.com\/vivesanobrasil.org\/wp-content\/uploads\/2024\/03\/Afiche-SPOC-Diplomado-Endocrinologia-Metabolica-.png?resize=700%2C875&amp;ssl=1 700w\" sizes=\"(max-width: 1000px) 100vw, 1000px\" data-attachment-id=\"55290\" data-permalink=\"https:\/\/vivesanobrasil.org\/pb\/oferta-2\/afiche-spoc-diplomado-endocrinologia-metabolica\/\" data-orig-file=\"https:\/\/i0.wp.com\/vivesanobrasil.org\/wp-content\/uploads\/2024\/03\/Afiche-SPOC-Diplomado-Endocrinologia-Metabolica-.png?fit=1080%2C1350&amp;ssl=1\" data-orig-size=\"1080,1350\" data-comments-opened=\"1\" data-image-meta=\"{&quot;aperture&quot;:&quot;0&quot;,&quot;credit&quot;:&quot;&quot;,&quot;camera&quot;:&quot;&quot;,&quot;caption&quot;:&quot;&quot;,&quot;created_timestamp&quot;:&quot;0&quot;,&quot;copyright&quot;:&quot;&quot;,&quot;focal_length&quot;:&quot;0&quot;,&quot;iso&quot;:&quot;0&quot;,&quot;shutter_speed&quot;:&quot;0&quot;,&quot;title&quot;:&quot;&quot;,&quot;orientation&quot;:&quot;0&quot;}\" data-image-title=\"Afiche &amp;#8211; SPOC &amp;#8211; Diplomado Endocrinologi\u0301a Metabo\u0301lica\" data-image-description=\"\" data-image-caption=\"\" data-large-file=\"https:\/\/i0.wp.com\/vivesanobrasil.org\/wp-content\/uploads\/2024\/03\/Afiche-SPOC-Diplomado-Endocrinologia-Metabolica-.png?fit=819%2C1024&amp;ssl=1\" \/>\t\t\t\t\t\t\t\t<\/a>\n\t\t\t\t\t\t\t\t\t\t\t\t\t<\/div>\n\t\t\t\t<\/div>\n\t\t\t\t\t<\/div>\n\t\t<\/div>\n\t\t\t\t<div class=\"elementor-column elementor-col-25 elementor-inner-column elementor-element elementor-element-ed71fdc\" data-id=\"ed71fdc\" data-element_type=\"column\">\n\t\t\t<div class=\"elementor-widget-wrap elementor-element-populated\">\n\t\t\t\t\t\t<div class=\"elementor-element elementor-element-7afe71f elementor-widget elementor-widget-image\" data-id=\"7afe71f\" data-element_type=\"widget\" data-widget_type=\"image.default\">\n\t\t\t\t<div class=\"elementor-widget-container\">\n\t\t\t\t\t\t\t\t\t\t\t\t\t\t<a href=\"https:\/\/vivesanobrasil.org\/pb\/diplomado-en-nutricion-y-enfermedades-cronicas-no-transmisibles-un-enfoque-multidisciplinario-en-su-abordaje-inicio-inmediato\/\" target=\"_blank\">\n\t\t\t\t\t\t\t<img loading=\"lazy\" decoding=\"async\" data-attachment-id=\"57387\" data-permalink=\"https:\/\/vivesanobrasil.org\/pb\/diplomado-en-nutricion-y-enfermedades-cronicas-no-transmisibles-un-enfoque-multidisciplinario-en-su-abordaje-inicio-inmediato\/afiche-dip-enfermedades-cronicas-no-transmisibles-spoc-inicio-inmediato-1\/\" data-orig-file=\"https:\/\/i0.wp.com\/vivesanobrasil.org\/wp-content\/uploads\/2024\/06\/Afiche-Dip.-enfermedades-cronicas-no-transmisibles-SPOC-Inicio-Inmediato-1.png?fit=1080%2C1350&amp;ssl=1\" data-orig-size=\"1080,1350\" data-comments-opened=\"1\" data-image-meta=\"{&quot;aperture&quot;:&quot;0&quot;,&quot;credit&quot;:&quot;&quot;,&quot;camera&quot;:&quot;&quot;,&quot;caption&quot;:&quot;&quot;,&quot;created_timestamp&quot;:&quot;0&quot;,&quot;copyright&quot;:&quot;&quot;,&quot;focal_length&quot;:&quot;0&quot;,&quot;iso&quot;:&quot;0&quot;,&quot;shutter_speed&quot;:&quot;0&quot;,&quot;title&quot;:&quot;&quot;,&quot;orientation&quot;:&quot;0&quot;}\" data-image-title=\"Afiche &amp;#8211; Dip. enfermedades cr\u00f3nicas no transmisibles &amp;#8211; SPOC (Inicio Inmediato)) (1)\" data-image-description=\"\" data-image-caption=\"\" data-large-file=\"https:\/\/i0.wp.com\/vivesanobrasil.org\/wp-content\/uploads\/2024\/06\/Afiche-Dip.-enfermedades-cronicas-no-transmisibles-SPOC-Inicio-Inmediato-1.png?fit=819%2C1024&amp;ssl=1\" width=\"1080\" height=\"1350\" src=\"https:\/\/i0.wp.com\/vivesanobrasil.org\/wp-content\/uploads\/2024\/06\/Afiche-Dip.-enfermedades-cronicas-no-transmisibles-SPOC-Inicio-Inmediato-1.png?fit=1080%2C1350&amp;ssl=1\" class=\"attachment-full size-full wp-image-57387\" alt=\"\" srcset=\"https:\/\/i0.wp.com\/vivesanobrasil.org\/wp-content\/uploads\/2024\/06\/Afiche-Dip.-enfermedades-cronicas-no-transmisibles-SPOC-Inicio-Inmediato-1.png?w=1080&amp;ssl=1 1080w, https:\/\/i0.wp.com\/vivesanobrasil.org\/wp-content\/uploads\/2024\/06\/Afiche-Dip.-enfermedades-cronicas-no-transmisibles-SPOC-Inicio-Inmediato-1.png?resize=240%2C300&amp;ssl=1 240w, https:\/\/i0.wp.com\/vivesanobrasil.org\/wp-content\/uploads\/2024\/06\/Afiche-Dip.-enfermedades-cronicas-no-transmisibles-SPOC-Inicio-Inmediato-1.png?resize=819%2C1024&amp;ssl=1 819w, https:\/\/i0.wp.com\/vivesanobrasil.org\/wp-content\/uploads\/2024\/06\/Afiche-Dip.-enfermedades-cronicas-no-transmisibles-SPOC-Inicio-Inmediato-1.png?resize=768%2C960&amp;ssl=1 768w, https:\/\/i0.wp.com\/vivesanobrasil.org\/wp-content\/uploads\/2024\/06\/Afiche-Dip.-enfermedades-cronicas-no-transmisibles-SPOC-Inicio-Inmediato-1.png?resize=500%2C625&amp;ssl=1 500w, https:\/\/i0.wp.com\/vivesanobrasil.org\/wp-content\/uploads\/2024\/06\/Afiche-Dip.-enfermedades-cronicas-no-transmisibles-SPOC-Inicio-Inmediato-1.png?resize=700%2C875&amp;ssl=1 700w\" sizes=\"(max-width: 1000px) 100vw, 1000px\" data-attachment-id=\"57387\" data-permalink=\"https:\/\/vivesanobrasil.org\/pb\/diplomado-en-nutricion-y-enfermedades-cronicas-no-transmisibles-un-enfoque-multidisciplinario-en-su-abordaje-inicio-inmediato\/afiche-dip-enfermedades-cronicas-no-transmisibles-spoc-inicio-inmediato-1\/\" data-orig-file=\"https:\/\/i0.wp.com\/vivesanobrasil.org\/wp-content\/uploads\/2024\/06\/Afiche-Dip.-enfermedades-cronicas-no-transmisibles-SPOC-Inicio-Inmediato-1.png?fit=1080%2C1350&amp;ssl=1\" data-orig-size=\"1080,1350\" data-comments-opened=\"1\" data-image-meta=\"{&quot;aperture&quot;:&quot;0&quot;,&quot;credit&quot;:&quot;&quot;,&quot;camera&quot;:&quot;&quot;,&quot;caption&quot;:&quot;&quot;,&quot;created_timestamp&quot;:&quot;0&quot;,&quot;copyright&quot;:&quot;&quot;,&quot;focal_length&quot;:&quot;0&quot;,&quot;iso&quot;:&quot;0&quot;,&quot;shutter_speed&quot;:&quot;0&quot;,&quot;title&quot;:&quot;&quot;,&quot;orientation&quot;:&quot;0&quot;}\" data-image-title=\"Afiche &amp;#8211; Dip. enfermedades cr\u00f3nicas no transmisibles &amp;#8211; SPOC (Inicio Inmediato)) (1)\" data-image-description=\"\" data-image-caption=\"\" data-large-file=\"https:\/\/i0.wp.com\/vivesanobrasil.org\/wp-content\/uploads\/2024\/06\/Afiche-Dip.-enfermedades-cronicas-no-transmisibles-SPOC-Inicio-Inmediato-1.png?fit=819%2C1024&amp;ssl=1\" \/>\t\t\t\t\t\t\t\t<\/a>\n\t\t\t\t\t\t\t\t\t\t\t\t\t<\/div>\n\t\t\t\t<\/div>\n\t\t\t\t\t<\/div>\n\t\t<\/div>\n\t\t\t\t<div class=\"elementor-column elementor-col-25 elementor-inner-column elementor-element elementor-element-88d3d9a\" data-id=\"88d3d9a\" data-element_type=\"column\">\n\t\t\t<div class=\"elementor-widget-wrap elementor-element-populated\">\n\t\t\t\t\t\t<div class=\"elementor-element elementor-element-f48e0ba elementor-widget elementor-widget-image\" data-id=\"f48e0ba\" data-element_type=\"widget\" data-widget_type=\"image.default\">\n\t\t\t\t<div class=\"elementor-widget-container\">\n\t\t\t\t\t\t\t\t\t\t\t\t\t\t<a href=\"https:\/\/vivesanobrasil.org\/pb\/diplomado-en-obesidad-diagnostico-y-tratamiento-en-el-ciclo-vital-edicion-2-cohorte-1-2\" target=\"_blank\">\n\t\t\t\t\t\t\t<img loading=\"lazy\" decoding=\"async\" data-attachment-id=\"58093\" data-permalink=\"https:\/\/vivesanobrasil.org\/pb\/diplomado-en-obesidad-diagnostico-y-tratamiento-en-el-ciclo-vital-edicion-2-cohorte-1-2\/campana-promocion-obesidad-2x1_2024-09-12_10-26-33\/\" data-orig-file=\"https:\/\/i0.wp.com\/vivesanobrasil.org\/wp-content\/uploads\/2024\/09\/Campana-Promocion-Obesidad-2x1_2024-09-12_10-26-33.png?fit=1080%2C1350&amp;ssl=1\" data-orig-size=\"1080,1350\" data-comments-opened=\"1\" data-image-meta=\"{&quot;aperture&quot;:&quot;0&quot;,&quot;credit&quot;:&quot;&quot;,&quot;camera&quot;:&quot;&quot;,&quot;caption&quot;:&quot;&quot;,&quot;created_timestamp&quot;:&quot;0&quot;,&quot;copyright&quot;:&quot;&quot;,&quot;focal_length&quot;:&quot;0&quot;,&quot;iso&quot;:&quot;0&quot;,&quot;shutter_speed&quot;:&quot;0&quot;,&quot;title&quot;:&quot;&quot;,&quot;orientation&quot;:&quot;0&quot;}\" data-image-title=\"Campan\u0303a Promocio\u0301n Obesidad 2x1_2024-09-12_10-26-33\" data-image-description=\"\" data-image-caption=\"\" data-large-file=\"https:\/\/i0.wp.com\/vivesanobrasil.org\/wp-content\/uploads\/2024\/09\/Campana-Promocion-Obesidad-2x1_2024-09-12_10-26-33.png?fit=819%2C1024&amp;ssl=1\" width=\"1080\" height=\"1350\" src=\"https:\/\/i0.wp.com\/vivesanobrasil.org\/wp-content\/uploads\/2024\/09\/Campana-Promocion-Obesidad-2x1_2024-09-12_10-26-33.png?fit=1080%2C1350&amp;ssl=1\" class=\"attachment-full size-full wp-image-58093\" alt=\"\" srcset=\"https:\/\/i0.wp.com\/vivesanobrasil.org\/wp-content\/uploads\/2024\/09\/Campana-Promocion-Obesidad-2x1_2024-09-12_10-26-33.png?w=1080&amp;ssl=1 1080w, https:\/\/i0.wp.com\/vivesanobrasil.org\/wp-content\/uploads\/2024\/09\/Campana-Promocion-Obesidad-2x1_2024-09-12_10-26-33.png?resize=240%2C300&amp;ssl=1 240w, https:\/\/i0.wp.com\/vivesanobrasil.org\/wp-content\/uploads\/2024\/09\/Campana-Promocion-Obesidad-2x1_2024-09-12_10-26-33.png?resize=819%2C1024&amp;ssl=1 819w, https:\/\/i0.wp.com\/vivesanobrasil.org\/wp-content\/uploads\/2024\/09\/Campana-Promocion-Obesidad-2x1_2024-09-12_10-26-33.png?resize=768%2C960&amp;ssl=1 768w, https:\/\/i0.wp.com\/vivesanobrasil.org\/wp-content\/uploads\/2024\/09\/Campana-Promocion-Obesidad-2x1_2024-09-12_10-26-33.png?resize=500%2C625&amp;ssl=1 500w, https:\/\/i0.wp.com\/vivesanobrasil.org\/wp-content\/uploads\/2024\/09\/Campana-Promocion-Obesidad-2x1_2024-09-12_10-26-33.png?resize=700%2C875&amp;ssl=1 700w\" sizes=\"(max-width: 1000px) 100vw, 1000px\" data-attachment-id=\"58093\" data-permalink=\"https:\/\/vivesanobrasil.org\/pb\/diplomado-en-obesidad-diagnostico-y-tratamiento-en-el-ciclo-vital-edicion-2-cohorte-1-2\/campana-promocion-obesidad-2x1_2024-09-12_10-26-33\/\" data-orig-file=\"https:\/\/i0.wp.com\/vivesanobrasil.org\/wp-content\/uploads\/2024\/09\/Campana-Promocion-Obesidad-2x1_2024-09-12_10-26-33.png?fit=1080%2C1350&amp;ssl=1\" data-orig-size=\"1080,1350\" data-comments-opened=\"1\" data-image-meta=\"{&quot;aperture&quot;:&quot;0&quot;,&quot;credit&quot;:&quot;&quot;,&quot;camera&quot;:&quot;&quot;,&quot;caption&quot;:&quot;&quot;,&quot;created_timestamp&quot;:&quot;0&quot;,&quot;copyright&quot;:&quot;&quot;,&quot;focal_length&quot;:&quot;0&quot;,&quot;iso&quot;:&quot;0&quot;,&quot;shutter_speed&quot;:&quot;0&quot;,&quot;title&quot;:&quot;&quot;,&quot;orientation&quot;:&quot;0&quot;}\" data-image-title=\"Campan\u0303a Promocio\u0301n Obesidad 2x1_2024-09-12_10-26-33\" data-image-description=\"\" data-image-caption=\"\" data-large-file=\"https:\/\/i0.wp.com\/vivesanobrasil.org\/wp-content\/uploads\/2024\/09\/Campana-Promocion-Obesidad-2x1_2024-09-12_10-26-33.png?fit=819%2C1024&amp;ssl=1\" \/>\t\t\t\t\t\t\t\t<\/a>\n\t\t\t\t\t\t\t\t\t\t\t\t\t<\/div>\n\t\t\t\t<\/div>\n\t\t\t\t\t<\/div>\n\t\t<\/div>\n\t\t\t\t\t<\/div>\n\t\t<\/section>\n\t\t\t\t<div class=\"elementor-element elementor-element-540f246 elementor-hidden-mobile elementor-widget elementor-widget-image\" data-id=\"540f246\" data-element_type=\"widget\" data-widget_type=\"image.default\">\n\t\t\t\t<div class=\"elementor-widget-container\">\n\t\t\t\t\t\t\t\t\t\t\t\t\t<img decoding=\"async\" src=\"https:\/\/i0.wp.com\/vivesanobrasil.org\/wp-content\/uploads\/2024\/05\/Experto.png?fit=3600%2C119&#038;ssl=1\" title=\"Experto\" alt=\"Experto\" loading=\"lazy\" \/>\t\t\t\t\t\t\t\t\t\t\t\t\t<\/div>\n\t\t\t\t<\/div>\n\t\t\t\t<section class=\"elementor-section elementor-inner-section elementor-element elementor-element-bbffcc8 elementor-section-full_width elementor-hidden-mobile elementor-section-height-default elementor-section-height-default\" data-id=\"bbffcc8\" data-element_type=\"section\">\n\t\t\t\t\t\t<div class=\"elementor-container elementor-column-gap-default\">\n\t\t\t\t\t<div class=\"elementor-column elementor-col-25 elementor-inner-column elementor-element elementor-element-c1dc0da\" data-id=\"c1dc0da\" data-element_type=\"column\">\n\t\t\t<div class=\"elementor-widget-wrap elementor-element-populated\">\n\t\t\t\t\t\t<div class=\"elementor-element elementor-element-3f93a0b elementor-widget elementor-widget-image\" data-id=\"3f93a0b\" data-element_type=\"widget\" data-widget_type=\"image.default\">\n\t\t\t\t<div class=\"elementor-widget-container\">\n\t\t\t\t\t\t\t\t\t\t\t\t\t\t<a href=\"https:\/\/vivesanobrasil.org\/pb\/postitulo-experto-en-nutricion-deportiva-curso-de-inicio-inmediato\/\" target=\"_blank\">\n\t\t\t\t\t\t\t<img loading=\"lazy\" decoding=\"async\" data-attachment-id=\"57977\" data-permalink=\"https:\/\/vivesanobrasil.org\/pb\/oferta-2\/afiche-experto-en-nutricion-deportiva-2-2\/\" data-orig-file=\"https:\/\/i0.wp.com\/vivesanobrasil.org\/wp-content\/uploads\/2024\/09\/Afiche-Experto-en-Nutricion-Deportiva-2.png?fit=1080%2C1350&amp;ssl=1\" data-orig-size=\"1080,1350\" data-comments-opened=\"1\" data-image-meta=\"{&quot;aperture&quot;:&quot;0&quot;,&quot;credit&quot;:&quot;&quot;,&quot;camera&quot;:&quot;&quot;,&quot;caption&quot;:&quot;&quot;,&quot;created_timestamp&quot;:&quot;0&quot;,&quot;copyright&quot;:&quot;&quot;,&quot;focal_length&quot;:&quot;0&quot;,&quot;iso&quot;:&quot;0&quot;,&quot;shutter_speed&quot;:&quot;0&quot;,&quot;title&quot;:&quot;&quot;,&quot;orientation&quot;:&quot;0&quot;}\" data-image-title=\"Afiche &amp;#8211; Experto en Nutrici\u00f3n Deportiva (2)\" data-image-description=\"\" data-image-caption=\"\" data-large-file=\"https:\/\/i0.wp.com\/vivesanobrasil.org\/wp-content\/uploads\/2024\/09\/Afiche-Experto-en-Nutricion-Deportiva-2.png?fit=819%2C1024&amp;ssl=1\" width=\"1080\" height=\"1350\" src=\"https:\/\/i0.wp.com\/vivesanobrasil.org\/wp-content\/uploads\/2024\/09\/Afiche-Experto-en-Nutricion-Deportiva-2.png?fit=1080%2C1350&amp;ssl=1\" class=\"attachment-full size-full wp-image-57977\" alt=\"\" srcset=\"https:\/\/i0.wp.com\/vivesanobrasil.org\/wp-content\/uploads\/2024\/09\/Afiche-Experto-en-Nutricion-Deportiva-2.png?w=1080&amp;ssl=1 1080w, https:\/\/i0.wp.com\/vivesanobrasil.org\/wp-content\/uploads\/2024\/09\/Afiche-Experto-en-Nutricion-Deportiva-2.png?resize=240%2C300&amp;ssl=1 240w, https:\/\/i0.wp.com\/vivesanobrasil.org\/wp-content\/uploads\/2024\/09\/Afiche-Experto-en-Nutricion-Deportiva-2.png?resize=819%2C1024&amp;ssl=1 819w, https:\/\/i0.wp.com\/vivesanobrasil.org\/wp-content\/uploads\/2024\/09\/Afiche-Experto-en-Nutricion-Deportiva-2.png?resize=768%2C960&amp;ssl=1 768w, https:\/\/i0.wp.com\/vivesanobrasil.org\/wp-content\/uploads\/2024\/09\/Afiche-Experto-en-Nutricion-Deportiva-2.png?resize=500%2C625&amp;ssl=1 500w, https:\/\/i0.wp.com\/vivesanobrasil.org\/wp-content\/uploads\/2024\/09\/Afiche-Experto-en-Nutricion-Deportiva-2.png?resize=700%2C875&amp;ssl=1 700w\" sizes=\"(max-width: 1000px) 100vw, 1000px\" data-attachment-id=\"57977\" data-permalink=\"https:\/\/vivesanobrasil.org\/pb\/oferta-2\/afiche-experto-en-nutricion-deportiva-2-2\/\" data-orig-file=\"https:\/\/i0.wp.com\/vivesanobrasil.org\/wp-content\/uploads\/2024\/09\/Afiche-Experto-en-Nutricion-Deportiva-2.png?fit=1080%2C1350&amp;ssl=1\" data-orig-size=\"1080,1350\" data-comments-opened=\"1\" data-image-meta=\"{&quot;aperture&quot;:&quot;0&quot;,&quot;credit&quot;:&quot;&quot;,&quot;camera&quot;:&quot;&quot;,&quot;caption&quot;:&quot;&quot;,&quot;created_timestamp&quot;:&quot;0&quot;,&quot;copyright&quot;:&quot;&quot;,&quot;focal_length&quot;:&quot;0&quot;,&quot;iso&quot;:&quot;0&quot;,&quot;shutter_speed&quot;:&quot;0&quot;,&quot;title&quot;:&quot;&quot;,&quot;orientation&quot;:&quot;0&quot;}\" data-image-title=\"Afiche &amp;#8211; Experto en Nutrici\u00f3n Deportiva (2)\" data-image-description=\"\" data-image-caption=\"\" data-large-file=\"https:\/\/i0.wp.com\/vivesanobrasil.org\/wp-content\/uploads\/2024\/09\/Afiche-Experto-en-Nutricion-Deportiva-2.png?fit=819%2C1024&amp;ssl=1\" \/>\t\t\t\t\t\t\t\t<\/a>\n\t\t\t\t\t\t\t\t\t\t\t\t\t<\/div>\n\t\t\t\t<\/div>\n\t\t\t\t\t<\/div>\n\t\t<\/div>\n\t\t\t\t<div class=\"elementor-column elementor-col-25 elementor-inner-column elementor-element elementor-element-34e0a61\" data-id=\"34e0a61\" data-element_type=\"column\">\n\t\t\t<div class=\"elementor-widget-wrap\">\n\t\t\t\t\t\t\t<\/div>\n\t\t<\/div>\n\t\t\t\t<div class=\"elementor-column elementor-col-25 elementor-inner-column elementor-element elementor-element-d80592a\" data-id=\"d80592a\" data-element_type=\"column\">\n\t\t\t<div class=\"elementor-widget-wrap\">\n\t\t\t\t\t\t\t<\/div>\n\t\t<\/div>\n\t\t\t\t<div class=\"elementor-column elementor-col-25 elementor-inner-column elementor-element elementor-element-2015b18\" data-id=\"2015b18\" data-element_type=\"column\">\n\t\t\t<div class=\"elementor-widget-wrap\">\n\t\t\t\t\t\t\t<\/div>\n\t\t<\/div>\n\t\t\t\t\t<\/div>\n\t\t<\/section>\n\t\t\t\t<div class=\"elementor-element elementor-element-a68e153 elementor-widget elementor-widget-image\" data-id=\"a68e153\" data-element_type=\"widget\" data-widget_type=\"image.default\">\n\t\t\t\t<div class=\"elementor-widget-container\">\n\t\t\t\t\t\t\t\t\t\t\t\t\t<img decoding=\"async\" src=\"https:\/\/i0.wp.com\/vivesanobrasil.org\/wp-content\/uploads\/2022\/09\/Web_Mesa-de-trabajo-1-copia-4-1-2.png?fit=3600%2C119&#038;ssl=1\" title=\"Web_Mesa de trabajo 1 copia 4 (1) (2)\" alt=\"Web_Mesa de trabajo 1 copia 4 (1) (2)\" loading=\"lazy\" \/>\t\t\t\t\t\t\t\t\t\t\t\t\t<\/div>\n\t\t\t\t<\/div>\n\t\t\t\t<section class=\"elementor-section elementor-inner-section elementor-element elementor-element-0afe975 elementor-section-full_width elementor-section-height-default elementor-section-height-default\" data-id=\"0afe975\" data-element_type=\"section\">\n\t\t\t\t\t\t<div class=\"elementor-container elementor-column-gap-default\">\n\t\t\t\t\t<div class=\"elementor-column elementor-col-25 elementor-inner-column elementor-element elementor-element-0de11d8\" data-id=\"0de11d8\" data-element_type=\"column\">\n\t\t\t<div class=\"elementor-widget-wrap elementor-element-populated\">\n\t\t\t\t\t\t<div class=\"elementor-element elementor-element-ea48f60 elementor-widget elementor-widget-image\" data-id=\"ea48f60\" data-element_type=\"widget\" data-widget_type=\"image.default\">\n\t\t\t\t<div class=\"elementor-widget-container\">\n\t\t\t\t\t\t\t\t\t\t\t\t\t\t<a href=\"https:\/\/vivesanobrasil.org\/pb\/certificacion-internacional-en-salud-y-bienestar-integral-de-la-mujer-desafios-en-el-abordaje-integral-cohorte-1\/\" target=\"_blank\">\n\t\t\t\t\t\t\t<img loading=\"lazy\" decoding=\"async\" data-attachment-id=\"57403\" data-permalink=\"https:\/\/vivesanobrasil.org\/pb\/oferta-2\/afiche-cert-en-salud-y-bienestar-integral-de-la-mujer-c1\/\" data-orig-file=\"https:\/\/i0.wp.com\/vivesanobrasil.org\/wp-content\/uploads\/2024\/07\/Afiche-Cert.-en-Salud-y-Bienestar-Integral-de-la-Mujer-C1.png?fit=1080%2C1350&amp;ssl=1\" data-orig-size=\"1080,1350\" data-comments-opened=\"1\" data-image-meta=\"{&quot;aperture&quot;:&quot;0&quot;,&quot;credit&quot;:&quot;&quot;,&quot;camera&quot;:&quot;&quot;,&quot;caption&quot;:&quot;&quot;,&quot;created_timestamp&quot;:&quot;0&quot;,&quot;copyright&quot;:&quot;&quot;,&quot;focal_length&quot;:&quot;0&quot;,&quot;iso&quot;:&quot;0&quot;,&quot;shutter_speed&quot;:&quot;0&quot;,&quot;title&quot;:&quot;&quot;,&quot;orientation&quot;:&quot;0&quot;}\" data-image-title=\"Afiche &amp;#8211; Cert. en Salud y Bienestar Integral de la Mujer &amp;#8211; C1\" data-image-description=\"\" data-image-caption=\"\" data-large-file=\"https:\/\/i0.wp.com\/vivesanobrasil.org\/wp-content\/uploads\/2024\/07\/Afiche-Cert.-en-Salud-y-Bienestar-Integral-de-la-Mujer-C1.png?fit=819%2C1024&amp;ssl=1\" width=\"1080\" height=\"1350\" src=\"https:\/\/i0.wp.com\/vivesanobrasil.org\/wp-content\/uploads\/2024\/07\/Afiche-Cert.-en-Salud-y-Bienestar-Integral-de-la-Mujer-C1.png?fit=1080%2C1350&amp;ssl=1\" class=\"attachment-full size-full wp-image-57403\" alt=\"\" srcset=\"https:\/\/i0.wp.com\/vivesanobrasil.org\/wp-content\/uploads\/2024\/07\/Afiche-Cert.-en-Salud-y-Bienestar-Integral-de-la-Mujer-C1.png?w=1080&amp;ssl=1 1080w, https:\/\/i0.wp.com\/vivesanobrasil.org\/wp-content\/uploads\/2024\/07\/Afiche-Cert.-en-Salud-y-Bienestar-Integral-de-la-Mujer-C1.png?resize=240%2C300&amp;ssl=1 240w, https:\/\/i0.wp.com\/vivesanobrasil.org\/wp-content\/uploads\/2024\/07\/Afiche-Cert.-en-Salud-y-Bienestar-Integral-de-la-Mujer-C1.png?resize=819%2C1024&amp;ssl=1 819w, https:\/\/i0.wp.com\/vivesanobrasil.org\/wp-content\/uploads\/2024\/07\/Afiche-Cert.-en-Salud-y-Bienestar-Integral-de-la-Mujer-C1.png?resize=768%2C960&amp;ssl=1 768w, https:\/\/i0.wp.com\/vivesanobrasil.org\/wp-content\/uploads\/2024\/07\/Afiche-Cert.-en-Salud-y-Bienestar-Integral-de-la-Mujer-C1.png?resize=500%2C625&amp;ssl=1 500w, https:\/\/i0.wp.com\/vivesanobrasil.org\/wp-content\/uploads\/2024\/07\/Afiche-Cert.-en-Salud-y-Bienestar-Integral-de-la-Mujer-C1.png?resize=700%2C875&amp;ssl=1 700w\" sizes=\"(max-width: 1000px) 100vw, 1000px\" data-attachment-id=\"57403\" data-permalink=\"https:\/\/vivesanobrasil.org\/pb\/oferta-2\/afiche-cert-en-salud-y-bienestar-integral-de-la-mujer-c1\/\" data-orig-file=\"https:\/\/i0.wp.com\/vivesanobrasil.org\/wp-content\/uploads\/2024\/07\/Afiche-Cert.-en-Salud-y-Bienestar-Integral-de-la-Mujer-C1.png?fit=1080%2C1350&amp;ssl=1\" data-orig-size=\"1080,1350\" data-comments-opened=\"1\" data-image-meta=\"{&quot;aperture&quot;:&quot;0&quot;,&quot;credit&quot;:&quot;&quot;,&quot;camera&quot;:&quot;&quot;,&quot;caption&quot;:&quot;&quot;,&quot;created_timestamp&quot;:&quot;0&quot;,&quot;copyright&quot;:&quot;&quot;,&quot;focal_length&quot;:&quot;0&quot;,&quot;iso&quot;:&quot;0&quot;,&quot;shutter_speed&quot;:&quot;0&quot;,&quot;title&quot;:&quot;&quot;,&quot;orientation&quot;:&quot;0&quot;}\" data-image-title=\"Afiche &amp;#8211; Cert. en Salud y Bienestar Integral de la Mujer &amp;#8211; C1\" data-image-description=\"\" data-image-caption=\"\" data-large-file=\"https:\/\/i0.wp.com\/vivesanobrasil.org\/wp-content\/uploads\/2024\/07\/Afiche-Cert.-en-Salud-y-Bienestar-Integral-de-la-Mujer-C1.png?fit=819%2C1024&amp;ssl=1\" \/>\t\t\t\t\t\t\t\t<\/a>\n\t\t\t\t\t\t\t\t\t\t\t\t\t<\/div>\n\t\t\t\t<\/div>\n\t\t\t\t<div class=\"elementor-element elementor-element-8689a4b elementor-widget elementor-widget-image\" data-id=\"8689a4b\" data-element_type=\"widget\" data-widget_type=\"image.default\">\n\t\t\t\t<div class=\"elementor-widget-container\">\n\t\t\t\t\t\t\t\t\t\t\t\t\t\t<a href=\"https:\/\/vivesanobrasil.org\/pb\/certificacion-internacional-en-salud-digestiva-un-abordaje-integral-desde-la-nutricion-funcional-cohorte-4\/\" target=\"_blank\">\n\t\t\t\t\t\t\t<img loading=\"lazy\" decoding=\"async\" data-attachment-id=\"58300\" data-permalink=\"https:\/\/vivesanobrasil.org\/pb\/oferta-2\/afiche-certificacion-internacional-en-salud-digestiva-c4-2\/\" data-orig-file=\"https:\/\/i0.wp.com\/vivesanobrasil.org\/wp-content\/uploads\/2024\/10\/Afiche-Certificacion-Internacional-en-Salud-Digestiva-C4.png?fit=1080%2C1350&amp;ssl=1\" data-orig-size=\"1080,1350\" data-comments-opened=\"1\" data-image-meta=\"{&quot;aperture&quot;:&quot;0&quot;,&quot;credit&quot;:&quot;&quot;,&quot;camera&quot;:&quot;&quot;,&quot;caption&quot;:&quot;&quot;,&quot;created_timestamp&quot;:&quot;0&quot;,&quot;copyright&quot;:&quot;&quot;,&quot;focal_length&quot;:&quot;0&quot;,&quot;iso&quot;:&quot;0&quot;,&quot;shutter_speed&quot;:&quot;0&quot;,&quot;title&quot;:&quot;&quot;,&quot;orientation&quot;:&quot;0&quot;}\" data-image-title=\"Afiche -Certificaci\u00f3n Internacional en Salud Digestiva &amp;#8211; C4\" data-image-description=\"\" data-image-caption=\"\" data-large-file=\"https:\/\/i0.wp.com\/vivesanobrasil.org\/wp-content\/uploads\/2024\/10\/Afiche-Certificacion-Internacional-en-Salud-Digestiva-C4.png?fit=819%2C1024&amp;ssl=1\" width=\"1080\" height=\"1350\" src=\"https:\/\/i0.wp.com\/vivesanobrasil.org\/wp-content\/uploads\/2024\/10\/Afiche-Certificacion-Internacional-en-Salud-Digestiva-C4.png?fit=1080%2C1350&amp;ssl=1\" class=\"attachment-full size-full wp-image-58300\" alt=\"\" srcset=\"https:\/\/i0.wp.com\/vivesanobrasil.org\/wp-content\/uploads\/2024\/10\/Afiche-Certificacion-Internacional-en-Salud-Digestiva-C4.png?w=1080&amp;ssl=1 1080w, https:\/\/i0.wp.com\/vivesanobrasil.org\/wp-content\/uploads\/2024\/10\/Afiche-Certificacion-Internacional-en-Salud-Digestiva-C4.png?resize=240%2C300&amp;ssl=1 240w, https:\/\/i0.wp.com\/vivesanobrasil.org\/wp-content\/uploads\/2024\/10\/Afiche-Certificacion-Internacional-en-Salud-Digestiva-C4.png?resize=819%2C1024&amp;ssl=1 819w, https:\/\/i0.wp.com\/vivesanobrasil.org\/wp-content\/uploads\/2024\/10\/Afiche-Certificacion-Internacional-en-Salud-Digestiva-C4.png?resize=768%2C960&amp;ssl=1 768w, https:\/\/i0.wp.com\/vivesanobrasil.org\/wp-content\/uploads\/2024\/10\/Afiche-Certificacion-Internacional-en-Salud-Digestiva-C4.png?resize=500%2C625&amp;ssl=1 500w, https:\/\/i0.wp.com\/vivesanobrasil.org\/wp-content\/uploads\/2024\/10\/Afiche-Certificacion-Internacional-en-Salud-Digestiva-C4.png?resize=700%2C875&amp;ssl=1 700w\" sizes=\"(max-width: 1000px) 100vw, 1000px\" data-attachment-id=\"58300\" data-permalink=\"https:\/\/vivesanobrasil.org\/pb\/oferta-2\/afiche-certificacion-internacional-en-salud-digestiva-c4-2\/\" data-orig-file=\"https:\/\/i0.wp.com\/vivesanobrasil.org\/wp-content\/uploads\/2024\/10\/Afiche-Certificacion-Internacional-en-Salud-Digestiva-C4.png?fit=1080%2C1350&amp;ssl=1\" data-orig-size=\"1080,1350\" data-comments-opened=\"1\" data-image-meta=\"{&quot;aperture&quot;:&quot;0&quot;,&quot;credit&quot;:&quot;&quot;,&quot;camera&quot;:&quot;&quot;,&quot;caption&quot;:&quot;&quot;,&quot;created_timestamp&quot;:&quot;0&quot;,&quot;copyright&quot;:&quot;&quot;,&quot;focal_length&quot;:&quot;0&quot;,&quot;iso&quot;:&quot;0&quot;,&quot;shutter_speed&quot;:&quot;0&quot;,&quot;title&quot;:&quot;&quot;,&quot;orientation&quot;:&quot;0&quot;}\" data-image-title=\"Afiche -Certificaci\u00f3n Internacional en Salud Digestiva &amp;#8211; C4\" data-image-description=\"\" data-image-caption=\"\" data-large-file=\"https:\/\/i0.wp.com\/vivesanobrasil.org\/wp-content\/uploads\/2024\/10\/Afiche-Certificacion-Internacional-en-Salud-Digestiva-C4.png?fit=819%2C1024&amp;ssl=1\" \/>\t\t\t\t\t\t\t\t<\/a>\n\t\t\t\t\t\t\t\t\t\t\t\t\t<\/div>\n\t\t\t\t<\/div>\n\t\t\t\t\t<\/div>\n\t\t<\/div>\n\t\t\t\t<div class=\"elementor-column elementor-col-25 elementor-inner-column elementor-element elementor-element-2cb95de\" data-id=\"2cb95de\" data-element_type=\"column\">\n\t\t\t<div class=\"elementor-widget-wrap elementor-element-populated\">\n\t\t\t\t\t\t<div class=\"elementor-element elementor-element-3085175 elementor-widget elementor-widget-image\" data-id=\"3085175\" data-element_type=\"widget\" data-widget_type=\"image.default\">\n\t\t\t\t<div class=\"elementor-widget-container\">\n\t\t\t\t\t\t\t\t\t\t\t\t\t\t<a href=\"https:\/\/vivesanobrasil.org\/certificacion-internacional-en-nutricion-deportiva-y-fitness-cohorte-4\" target=\"_blank\">\n\t\t\t\t\t\t\t<img loading=\"lazy\" decoding=\"async\" data-attachment-id=\"57703\" data-permalink=\"https:\/\/vivesanobrasil.org\/pb\/oferta-2\/afiche-cert-nutricion-deportiva-y-fitness-c4\/\" data-orig-file=\"https:\/\/i0.wp.com\/vivesanobrasil.org\/wp-content\/uploads\/2024\/08\/Afiche-Cert.-Nutricion-Deportiva-y-Fitness-C4.png?fit=1080%2C1350&amp;ssl=1\" data-orig-size=\"1080,1350\" data-comments-opened=\"1\" data-image-meta=\"{&quot;aperture&quot;:&quot;0&quot;,&quot;credit&quot;:&quot;&quot;,&quot;camera&quot;:&quot;&quot;,&quot;caption&quot;:&quot;&quot;,&quot;created_timestamp&quot;:&quot;0&quot;,&quot;copyright&quot;:&quot;&quot;,&quot;focal_length&quot;:&quot;0&quot;,&quot;iso&quot;:&quot;0&quot;,&quot;shutter_speed&quot;:&quot;0&quot;,&quot;title&quot;:&quot;&quot;,&quot;orientation&quot;:&quot;0&quot;}\" data-image-title=\"Afiche &amp;#8211; Cert. Nutrici\u00f3n Deportiva y Fitness C4\" data-image-description=\"\" data-image-caption=\"\" data-large-file=\"https:\/\/i0.wp.com\/vivesanobrasil.org\/wp-content\/uploads\/2024\/08\/Afiche-Cert.-Nutricion-Deportiva-y-Fitness-C4.png?fit=819%2C1024&amp;ssl=1\" width=\"1080\" height=\"1350\" src=\"https:\/\/i0.wp.com\/vivesanobrasil.org\/wp-content\/uploads\/2024\/08\/Afiche-Cert.-Nutricion-Deportiva-y-Fitness-C4.png?fit=1080%2C1350&amp;ssl=1\" class=\"attachment-full size-full wp-image-57703\" alt=\"\" srcset=\"https:\/\/i0.wp.com\/vivesanobrasil.org\/wp-content\/uploads\/2024\/08\/Afiche-Cert.-Nutricion-Deportiva-y-Fitness-C4.png?w=1080&amp;ssl=1 1080w, https:\/\/i0.wp.com\/vivesanobrasil.org\/wp-content\/uploads\/2024\/08\/Afiche-Cert.-Nutricion-Deportiva-y-Fitness-C4.png?resize=240%2C300&amp;ssl=1 240w, https:\/\/i0.wp.com\/vivesanobrasil.org\/wp-content\/uploads\/2024\/08\/Afiche-Cert.-Nutricion-Deportiva-y-Fitness-C4.png?resize=819%2C1024&amp;ssl=1 819w, https:\/\/i0.wp.com\/vivesanobrasil.org\/wp-content\/uploads\/2024\/08\/Afiche-Cert.-Nutricion-Deportiva-y-Fitness-C4.png?resize=768%2C960&amp;ssl=1 768w, https:\/\/i0.wp.com\/vivesanobrasil.org\/wp-content\/uploads\/2024\/08\/Afiche-Cert.-Nutricion-Deportiva-y-Fitness-C4.png?resize=500%2C625&amp;ssl=1 500w, https:\/\/i0.wp.com\/vivesanobrasil.org\/wp-content\/uploads\/2024\/08\/Afiche-Cert.-Nutricion-Deportiva-y-Fitness-C4.png?resize=700%2C875&amp;ssl=1 700w\" sizes=\"(max-width: 1000px) 100vw, 1000px\" data-attachment-id=\"57703\" data-permalink=\"https:\/\/vivesanobrasil.org\/pb\/oferta-2\/afiche-cert-nutricion-deportiva-y-fitness-c4\/\" data-orig-file=\"https:\/\/i0.wp.com\/vivesanobrasil.org\/wp-content\/uploads\/2024\/08\/Afiche-Cert.-Nutricion-Deportiva-y-Fitness-C4.png?fit=1080%2C1350&amp;ssl=1\" data-orig-size=\"1080,1350\" data-comments-opened=\"1\" data-image-meta=\"{&quot;aperture&quot;:&quot;0&quot;,&quot;credit&quot;:&quot;&quot;,&quot;camera&quot;:&quot;&quot;,&quot;caption&quot;:&quot;&quot;,&quot;created_timestamp&quot;:&quot;0&quot;,&quot;copyright&quot;:&quot;&quot;,&quot;focal_length&quot;:&quot;0&quot;,&quot;iso&quot;:&quot;0&quot;,&quot;shutter_speed&quot;:&quot;0&quot;,&quot;title&quot;:&quot;&quot;,&quot;orientation&quot;:&quot;0&quot;}\" data-image-title=\"Afiche &amp;#8211; Cert. Nutrici\u00f3n Deportiva y Fitness C4\" data-image-description=\"\" data-image-caption=\"\" data-large-file=\"https:\/\/i0.wp.com\/vivesanobrasil.org\/wp-content\/uploads\/2024\/08\/Afiche-Cert.-Nutricion-Deportiva-y-Fitness-C4.png?fit=819%2C1024&amp;ssl=1\" \/>\t\t\t\t\t\t\t\t<\/a>\n\t\t\t\t\t\t\t\t\t\t\t\t\t<\/div>\n\t\t\t\t<\/div>\n\t\t\t\t<div class=\"elementor-element elementor-element-e30dc72 elementor-widget elementor-widget-image\" data-id=\"e30dc72\" data-element_type=\"widget\" data-widget_type=\"image.default\">\n\t\t\t\t<div class=\"elementor-widget-container\">\n\t\t\t\t\t\t\t\t\t\t\t\t\t\t<a href=\"https:\/\/vivesanobrasil.org\/pb\/certificacion-internacional-nutricion-clinica-oncologica-edicion-2-cohorte-4\/\" target=\"_blank\">\n\t\t\t\t\t\t\t<img loading=\"lazy\" decoding=\"async\" data-attachment-id=\"58288\" data-permalink=\"https:\/\/vivesanobrasil.org\/pb\/certificacion-internacional-nutricion-clinica-oncologica-edicion-2-cohorte-4\/afiche-nutricion-clinica-oncologica-e2c4\/\" data-orig-file=\"https:\/\/i0.wp.com\/vivesanobrasil.org\/wp-content\/uploads\/2024\/09\/Afiche-Nutricion-Clinica-Oncologica-E2C4.png?fit=1080%2C1350&amp;ssl=1\" data-orig-size=\"1080,1350\" data-comments-opened=\"1\" data-image-meta=\"{&quot;aperture&quot;:&quot;0&quot;,&quot;credit&quot;:&quot;&quot;,&quot;camera&quot;:&quot;&quot;,&quot;caption&quot;:&quot;&quot;,&quot;created_timestamp&quot;:&quot;0&quot;,&quot;copyright&quot;:&quot;&quot;,&quot;focal_length&quot;:&quot;0&quot;,&quot;iso&quot;:&quot;0&quot;,&quot;shutter_speed&quot;:&quot;0&quot;,&quot;title&quot;:&quot;&quot;,&quot;orientation&quot;:&quot;0&quot;}\" data-image-title=\"Afiche &amp;#8211; Nutrici\u00f3n Cl\u00ednica Oncol\u00f3gica -E2C4\" data-image-description=\"\" data-image-caption=\"\" data-large-file=\"https:\/\/i0.wp.com\/vivesanobrasil.org\/wp-content\/uploads\/2024\/09\/Afiche-Nutricion-Clinica-Oncologica-E2C4.png?fit=819%2C1024&amp;ssl=1\" width=\"1080\" height=\"1350\" src=\"https:\/\/i0.wp.com\/vivesanobrasil.org\/wp-content\/uploads\/2024\/09\/Afiche-Nutricion-Clinica-Oncologica-E2C4.png?fit=1080%2C1350&amp;ssl=1\" class=\"attachment-full size-full wp-image-58288\" alt=\"\" srcset=\"https:\/\/i0.wp.com\/vivesanobrasil.org\/wp-content\/uploads\/2024\/09\/Afiche-Nutricion-Clinica-Oncologica-E2C4.png?w=1080&amp;ssl=1 1080w, https:\/\/i0.wp.com\/vivesanobrasil.org\/wp-content\/uploads\/2024\/09\/Afiche-Nutricion-Clinica-Oncologica-E2C4.png?resize=240%2C300&amp;ssl=1 240w, https:\/\/i0.wp.com\/vivesanobrasil.org\/wp-content\/uploads\/2024\/09\/Afiche-Nutricion-Clinica-Oncologica-E2C4.png?resize=819%2C1024&amp;ssl=1 819w, https:\/\/i0.wp.com\/vivesanobrasil.org\/wp-content\/uploads\/2024\/09\/Afiche-Nutricion-Clinica-Oncologica-E2C4.png?resize=768%2C960&amp;ssl=1 768w, https:\/\/i0.wp.com\/vivesanobrasil.org\/wp-content\/uploads\/2024\/09\/Afiche-Nutricion-Clinica-Oncologica-E2C4.png?resize=500%2C625&amp;ssl=1 500w, https:\/\/i0.wp.com\/vivesanobrasil.org\/wp-content\/uploads\/2024\/09\/Afiche-Nutricion-Clinica-Oncologica-E2C4.png?resize=700%2C875&amp;ssl=1 700w\" sizes=\"(max-width: 1000px) 100vw, 1000px\" data-attachment-id=\"58288\" data-permalink=\"https:\/\/vivesanobrasil.org\/pb\/certificacion-internacional-nutricion-clinica-oncologica-edicion-2-cohorte-4\/afiche-nutricion-clinica-oncologica-e2c4\/\" data-orig-file=\"https:\/\/i0.wp.com\/vivesanobrasil.org\/wp-content\/uploads\/2024\/09\/Afiche-Nutricion-Clinica-Oncologica-E2C4.png?fit=1080%2C1350&amp;ssl=1\" data-orig-size=\"1080,1350\" data-comments-opened=\"1\" data-image-meta=\"{&quot;aperture&quot;:&quot;0&quot;,&quot;credit&quot;:&quot;&quot;,&quot;camera&quot;:&quot;&quot;,&quot;caption&quot;:&quot;&quot;,&quot;created_timestamp&quot;:&quot;0&quot;,&quot;copyright&quot;:&quot;&quot;,&quot;focal_length&quot;:&quot;0&quot;,&quot;iso&quot;:&quot;0&quot;,&quot;shutter_speed&quot;:&quot;0&quot;,&quot;title&quot;:&quot;&quot;,&quot;orientation&quot;:&quot;0&quot;}\" data-image-title=\"Afiche &amp;#8211; Nutrici\u00f3n Cl\u00ednica Oncol\u00f3gica -E2C4\" data-image-description=\"\" data-image-caption=\"\" data-large-file=\"https:\/\/i0.wp.com\/vivesanobrasil.org\/wp-content\/uploads\/2024\/09\/Afiche-Nutricion-Clinica-Oncologica-E2C4.png?fit=819%2C1024&amp;ssl=1\" \/>\t\t\t\t\t\t\t\t<\/a>\n\t\t\t\t\t\t\t\t\t\t\t\t\t<\/div>\n\t\t\t\t<\/div>\n\t\t\t\t\t<\/div>\n\t\t<\/div>\n\t\t\t\t<div class=\"elementor-column elementor-col-25 elementor-inner-column elementor-element elementor-element-31cf083\" data-id=\"31cf083\" data-element_type=\"column\">\n\t\t\t<div class=\"elementor-widget-wrap elementor-element-populated\">\n\t\t\t\t\t\t<div class=\"elementor-element elementor-element-bcc0222 elementor-widget elementor-widget-image\" data-id=\"bcc0222\" data-element_type=\"widget\" data-widget_type=\"image.default\">\n\t\t\t\t<div class=\"elementor-widget-container\">\n\t\t\t\t\t\t\t\t\t\t\t\t\t\t<a href=\"https:\/\/vivesanobrasil.org\/pb\/certificacion-internacional-en-psiconutricion-bases-de-la-conducta-alimentaria-cohorte-4\/\" target=\"_blank\">\n\t\t\t\t\t\t\t<img loading=\"lazy\" decoding=\"async\" data-attachment-id=\"57755\" data-permalink=\"https:\/\/vivesanobrasil.org\/pb\/oferta-2\/afiche-cert-en-psiconutricion-c4\/\" data-orig-file=\"https:\/\/i0.wp.com\/vivesanobrasil.org\/wp-content\/uploads\/2024\/08\/Afiche-Cert.-en-Psiconutricion-C4.png?fit=1080%2C1350&amp;ssl=1\" data-orig-size=\"1080,1350\" data-comments-opened=\"1\" data-image-meta=\"{&quot;aperture&quot;:&quot;0&quot;,&quot;credit&quot;:&quot;&quot;,&quot;camera&quot;:&quot;&quot;,&quot;caption&quot;:&quot;&quot;,&quot;created_timestamp&quot;:&quot;0&quot;,&quot;copyright&quot;:&quot;&quot;,&quot;focal_length&quot;:&quot;0&quot;,&quot;iso&quot;:&quot;0&quot;,&quot;shutter_speed&quot;:&quot;0&quot;,&quot;title&quot;:&quot;&quot;,&quot;orientation&quot;:&quot;0&quot;}\" data-image-title=\"Afiche &amp;#8211; Cert. en Psiconutricio\u0301n C4\" data-image-description=\"\" data-image-caption=\"\" data-large-file=\"https:\/\/i0.wp.com\/vivesanobrasil.org\/wp-content\/uploads\/2024\/08\/Afiche-Cert.-en-Psiconutricion-C4.png?fit=819%2C1024&amp;ssl=1\" width=\"1080\" height=\"1350\" src=\"https:\/\/i0.wp.com\/vivesanobrasil.org\/wp-content\/uploads\/2024\/08\/Afiche-Cert.-en-Psiconutricion-C4.png?fit=1080%2C1350&amp;ssl=1\" class=\"attachment-full size-full wp-image-57755\" alt=\"\" srcset=\"https:\/\/i0.wp.com\/vivesanobrasil.org\/wp-content\/uploads\/2024\/08\/Afiche-Cert.-en-Psiconutricion-C4.png?w=1080&amp;ssl=1 1080w, https:\/\/i0.wp.com\/vivesanobrasil.org\/wp-content\/uploads\/2024\/08\/Afiche-Cert.-en-Psiconutricion-C4.png?resize=240%2C300&amp;ssl=1 240w, https:\/\/i0.wp.com\/vivesanobrasil.org\/wp-content\/uploads\/2024\/08\/Afiche-Cert.-en-Psiconutricion-C4.png?resize=819%2C1024&amp;ssl=1 819w, https:\/\/i0.wp.com\/vivesanobrasil.org\/wp-content\/uploads\/2024\/08\/Afiche-Cert.-en-Psiconutricion-C4.png?resize=768%2C960&amp;ssl=1 768w, https:\/\/i0.wp.com\/vivesanobrasil.org\/wp-content\/uploads\/2024\/08\/Afiche-Cert.-en-Psiconutricion-C4.png?resize=500%2C625&amp;ssl=1 500w, https:\/\/i0.wp.com\/vivesanobrasil.org\/wp-content\/uploads\/2024\/08\/Afiche-Cert.-en-Psiconutricion-C4.png?resize=700%2C875&amp;ssl=1 700w\" sizes=\"(max-width: 1000px) 100vw, 1000px\" data-attachment-id=\"57755\" data-permalink=\"https:\/\/vivesanobrasil.org\/pb\/oferta-2\/afiche-cert-en-psiconutricion-c4\/\" data-orig-file=\"https:\/\/i0.wp.com\/vivesanobrasil.org\/wp-content\/uploads\/2024\/08\/Afiche-Cert.-en-Psiconutricion-C4.png?fit=1080%2C1350&amp;ssl=1\" data-orig-size=\"1080,1350\" data-comments-opened=\"1\" data-image-meta=\"{&quot;aperture&quot;:&quot;0&quot;,&quot;credit&quot;:&quot;&quot;,&quot;camera&quot;:&quot;&quot;,&quot;caption&quot;:&quot;&quot;,&quot;created_timestamp&quot;:&quot;0&quot;,&quot;copyright&quot;:&quot;&quot;,&quot;focal_length&quot;:&quot;0&quot;,&quot;iso&quot;:&quot;0&quot;,&quot;shutter_speed&quot;:&quot;0&quot;,&quot;title&quot;:&quot;&quot;,&quot;orientation&quot;:&quot;0&quot;}\" data-image-title=\"Afiche &amp;#8211; Cert. en Psiconutricio\u0301n C4\" data-image-description=\"\" data-image-caption=\"\" data-large-file=\"https:\/\/i0.wp.com\/vivesanobrasil.org\/wp-content\/uploads\/2024\/08\/Afiche-Cert.-en-Psiconutricion-C4.png?fit=819%2C1024&amp;ssl=1\" \/>\t\t\t\t\t\t\t\t<\/a>\n\t\t\t\t\t\t\t\t\t\t\t\t\t<\/div>\n\t\t\t\t<\/div>\n\t\t\t\t<div class=\"elementor-element elementor-element-8521c13 elementor-widget elementor-widget-image\" data-id=\"8521c13\" data-element_type=\"widget\" data-widget_type=\"image.default\">\n\t\t\t\t<div class=\"elementor-widget-container\">\n\t\t\t\t\t\t\t\t\t\t\t\t\t\t<a href=\"https:\/\/vivesanobrasil.org\/pb\/certificacion-internacional-en-evaluacion-nutricional-en-el-ciclo-vital-herramientas-practicas-en-la-valoracion-diagnostico-intervencion-y-seguimiento-edicion-1-cohorte-2\/\" target=\"_blank\">\n\t\t\t\t\t\t\t<img loading=\"lazy\" decoding=\"async\" data-attachment-id=\"58314\" data-permalink=\"https:\/\/vivesanobrasil.org\/pb\/certificacion-internacional-en-evaluacion-nutricional-en-el-ciclo-vital-herramientas-practicas-en-la-valoracion-diagnostico-intervencion-y-seguimiento-edicion-1-cohorte-2\/afiche-certificacion-internacional-en-evaluacion-nutricional-en-el-ciclo-vital-e1c2\/\" data-orig-file=\"https:\/\/i0.wp.com\/vivesanobrasil.org\/wp-content\/uploads\/2024\/10\/Afiche-Certificacion-Internacional-en-Evaluacion-Nutricional-en-el-Ciclo-Vital-E1C2-.png?fit=1080%2C1350&amp;ssl=1\" data-orig-size=\"1080,1350\" data-comments-opened=\"1\" data-image-meta=\"{&quot;aperture&quot;:&quot;0&quot;,&quot;credit&quot;:&quot;&quot;,&quot;camera&quot;:&quot;&quot;,&quot;caption&quot;:&quot;&quot;,&quot;created_timestamp&quot;:&quot;0&quot;,&quot;copyright&quot;:&quot;&quot;,&quot;focal_length&quot;:&quot;0&quot;,&quot;iso&quot;:&quot;0&quot;,&quot;shutter_speed&quot;:&quot;0&quot;,&quot;title&quot;:&quot;&quot;,&quot;orientation&quot;:&quot;0&quot;}\" data-image-title=\"Afiche &amp;#8211; Certificaci\u00f3n Internacional en Evaluaci\u00f3n Nutricional en el Ciclo Vital E1C2\" data-image-description=\"\" data-image-caption=\"\" data-large-file=\"https:\/\/i0.wp.com\/vivesanobrasil.org\/wp-content\/uploads\/2024\/10\/Afiche-Certificacion-Internacional-en-Evaluacion-Nutricional-en-el-Ciclo-Vital-E1C2-.png?fit=819%2C1024&amp;ssl=1\" width=\"1080\" height=\"1350\" src=\"https:\/\/i0.wp.com\/vivesanobrasil.org\/wp-content\/uploads\/2024\/10\/Afiche-Certificacion-Internacional-en-Evaluacion-Nutricional-en-el-Ciclo-Vital-E1C2-.png?fit=1080%2C1350&amp;ssl=1\" class=\"attachment-full size-full wp-image-58314\" alt=\"\" srcset=\"https:\/\/i0.wp.com\/vivesanobrasil.org\/wp-content\/uploads\/2024\/10\/Afiche-Certificacion-Internacional-en-Evaluacion-Nutricional-en-el-Ciclo-Vital-E1C2-.png?w=1080&amp;ssl=1 1080w, https:\/\/i0.wp.com\/vivesanobrasil.org\/wp-content\/uploads\/2024\/10\/Afiche-Certificacion-Internacional-en-Evaluacion-Nutricional-en-el-Ciclo-Vital-E1C2-.png?resize=240%2C300&amp;ssl=1 240w, https:\/\/i0.wp.com\/vivesanobrasil.org\/wp-content\/uploads\/2024\/10\/Afiche-Certificacion-Internacional-en-Evaluacion-Nutricional-en-el-Ciclo-Vital-E1C2-.png?resize=819%2C1024&amp;ssl=1 819w, https:\/\/i0.wp.com\/vivesanobrasil.org\/wp-content\/uploads\/2024\/10\/Afiche-Certificacion-Internacional-en-Evaluacion-Nutricional-en-el-Ciclo-Vital-E1C2-.png?resize=768%2C960&amp;ssl=1 768w, https:\/\/i0.wp.com\/vivesanobrasil.org\/wp-content\/uploads\/2024\/10\/Afiche-Certificacion-Internacional-en-Evaluacion-Nutricional-en-el-Ciclo-Vital-E1C2-.png?resize=500%2C625&amp;ssl=1 500w, https:\/\/i0.wp.com\/vivesanobrasil.org\/wp-content\/uploads\/2024\/10\/Afiche-Certificacion-Internacional-en-Evaluacion-Nutricional-en-el-Ciclo-Vital-E1C2-.png?resize=700%2C875&amp;ssl=1 700w\" sizes=\"(max-width: 1000px) 100vw, 1000px\" data-attachment-id=\"58314\" data-permalink=\"https:\/\/vivesanobrasil.org\/pb\/certificacion-internacional-en-evaluacion-nutricional-en-el-ciclo-vital-herramientas-practicas-en-la-valoracion-diagnostico-intervencion-y-seguimiento-edicion-1-cohorte-2\/afiche-certificacion-internacional-en-evaluacion-nutricional-en-el-ciclo-vital-e1c2\/\" data-orig-file=\"https:\/\/i0.wp.com\/vivesanobrasil.org\/wp-content\/uploads\/2024\/10\/Afiche-Certificacion-Internacional-en-Evaluacion-Nutricional-en-el-Ciclo-Vital-E1C2-.png?fit=1080%2C1350&amp;ssl=1\" data-orig-size=\"1080,1350\" data-comments-opened=\"1\" data-image-meta=\"{&quot;aperture&quot;:&quot;0&quot;,&quot;credit&quot;:&quot;&quot;,&quot;camera&quot;:&quot;&quot;,&quot;caption&quot;:&quot;&quot;,&quot;created_timestamp&quot;:&quot;0&quot;,&quot;copyright&quot;:&quot;&quot;,&quot;focal_length&quot;:&quot;0&quot;,&quot;iso&quot;:&quot;0&quot;,&quot;shutter_speed&quot;:&quot;0&quot;,&quot;title&quot;:&quot;&quot;,&quot;orientation&quot;:&quot;0&quot;}\" data-image-title=\"Afiche &amp;#8211; Certificaci\u00f3n Internacional en Evaluaci\u00f3n Nutricional en el Ciclo Vital E1C2\" data-image-description=\"\" data-image-caption=\"\" data-large-file=\"https:\/\/i0.wp.com\/vivesanobrasil.org\/wp-content\/uploads\/2024\/10\/Afiche-Certificacion-Internacional-en-Evaluacion-Nutricional-en-el-Ciclo-Vital-E1C2-.png?fit=819%2C1024&amp;ssl=1\" \/>\t\t\t\t\t\t\t\t<\/a>\n\t\t\t\t\t\t\t\t\t\t\t\t\t<\/div>\n\t\t\t\t<\/div>\n\t\t\t\t\t<\/div>\n\t\t<\/div>\n\t\t\t\t<div class=\"elementor-column elementor-col-25 elementor-inner-column elementor-element elementor-element-ba31a83\" data-id=\"ba31a83\" data-element_type=\"column\">\n\t\t\t<div class=\"elementor-widget-wrap elementor-element-populated\">\n\t\t\t\t\t\t<div class=\"elementor-element elementor-element-c31515a elementor-widget elementor-widget-image\" data-id=\"c31515a\" data-element_type=\"widget\" data-widget_type=\"image.default\">\n\t\t\t\t<div class=\"elementor-widget-container\">\n\t\t\t\t\t\t\t\t\t\t\t\t\t\t<a href=\"https:\/\/vivesanobrasil.org\/pb\/certificacion-internacional-en-nutricion-y-embarazo-un-abordaje-multidisciplinario-durante-la-gestacion-y-puerperio-cohorte-2\/\" target=\"_blank\">\n\t\t\t\t\t\t\t<img loading=\"lazy\" decoding=\"async\" data-attachment-id=\"57995\" data-permalink=\"https:\/\/vivesanobrasil.org\/pb\/oferta-2\/afiche-certificacion-internacional-en-nutricion-y-embarazo-c2-2\/\" data-orig-file=\"https:\/\/i0.wp.com\/vivesanobrasil.org\/wp-content\/uploads\/2024\/09\/Afiche-Certificacion-Internacional-en-Nutricion-y-Embarazo-C2.png?fit=1080%2C1350&amp;ssl=1\" data-orig-size=\"1080,1350\" data-comments-opened=\"1\" data-image-meta=\"{&quot;aperture&quot;:&quot;0&quot;,&quot;credit&quot;:&quot;&quot;,&quot;camera&quot;:&quot;&quot;,&quot;caption&quot;:&quot;&quot;,&quot;created_timestamp&quot;:&quot;0&quot;,&quot;copyright&quot;:&quot;&quot;,&quot;focal_length&quot;:&quot;0&quot;,&quot;iso&quot;:&quot;0&quot;,&quot;shutter_speed&quot;:&quot;0&quot;,&quot;title&quot;:&quot;&quot;,&quot;orientation&quot;:&quot;0&quot;}\" data-image-title=\"Afiche &amp;#8211; Certificaci\u00f3n Internacional en Nutrici\u00f3n y Embarazo C2\" data-image-description=\"\" data-image-caption=\"\" data-large-file=\"https:\/\/i0.wp.com\/vivesanobrasil.org\/wp-content\/uploads\/2024\/09\/Afiche-Certificacion-Internacional-en-Nutricion-y-Embarazo-C2.png?fit=819%2C1024&amp;ssl=1\" width=\"1080\" height=\"1350\" src=\"https:\/\/i0.wp.com\/vivesanobrasil.org\/wp-content\/uploads\/2024\/09\/Afiche-Certificacion-Internacional-en-Nutricion-y-Embarazo-C2.png?fit=1080%2C1350&amp;ssl=1\" class=\"attachment-full size-full wp-image-57995\" alt=\"\" srcset=\"https:\/\/i0.wp.com\/vivesanobrasil.org\/wp-content\/uploads\/2024\/09\/Afiche-Certificacion-Internacional-en-Nutricion-y-Embarazo-C2.png?w=1080&amp;ssl=1 1080w, https:\/\/i0.wp.com\/vivesanobrasil.org\/wp-content\/uploads\/2024\/09\/Afiche-Certificacion-Internacional-en-Nutricion-y-Embarazo-C2.png?resize=240%2C300&amp;ssl=1 240w, https:\/\/i0.wp.com\/vivesanobrasil.org\/wp-content\/uploads\/2024\/09\/Afiche-Certificacion-Internacional-en-Nutricion-y-Embarazo-C2.png?resize=819%2C1024&amp;ssl=1 819w, https:\/\/i0.wp.com\/vivesanobrasil.org\/wp-content\/uploads\/2024\/09\/Afiche-Certificacion-Internacional-en-Nutricion-y-Embarazo-C2.png?resize=768%2C960&amp;ssl=1 768w, https:\/\/i0.wp.com\/vivesanobrasil.org\/wp-content\/uploads\/2024\/09\/Afiche-Certificacion-Internacional-en-Nutricion-y-Embarazo-C2.png?resize=500%2C625&amp;ssl=1 500w, https:\/\/i0.wp.com\/vivesanobrasil.org\/wp-content\/uploads\/2024\/09\/Afiche-Certificacion-Internacional-en-Nutricion-y-Embarazo-C2.png?resize=700%2C875&amp;ssl=1 700w\" sizes=\"(max-width: 1000px) 100vw, 1000px\" data-attachment-id=\"57995\" data-permalink=\"https:\/\/vivesanobrasil.org\/pb\/oferta-2\/afiche-certificacion-internacional-en-nutricion-y-embarazo-c2-2\/\" data-orig-file=\"https:\/\/i0.wp.com\/vivesanobrasil.org\/wp-content\/uploads\/2024\/09\/Afiche-Certificacion-Internacional-en-Nutricion-y-Embarazo-C2.png?fit=1080%2C1350&amp;ssl=1\" data-orig-size=\"1080,1350\" data-comments-opened=\"1\" data-image-meta=\"{&quot;aperture&quot;:&quot;0&quot;,&quot;credit&quot;:&quot;&quot;,&quot;camera&quot;:&quot;&quot;,&quot;caption&quot;:&quot;&quot;,&quot;created_timestamp&quot;:&quot;0&quot;,&quot;copyright&quot;:&quot;&quot;,&quot;focal_length&quot;:&quot;0&quot;,&quot;iso&quot;:&quot;0&quot;,&quot;shutter_speed&quot;:&quot;0&quot;,&quot;title&quot;:&quot;&quot;,&quot;orientation&quot;:&quot;0&quot;}\" data-image-title=\"Afiche &amp;#8211; Certificaci\u00f3n Internacional en Nutrici\u00f3n y Embarazo C2\" data-image-description=\"\" data-image-caption=\"\" data-large-file=\"https:\/\/i0.wp.com\/vivesanobrasil.org\/wp-content\/uploads\/2024\/09\/Afiche-Certificacion-Internacional-en-Nutricion-y-Embarazo-C2.png?fit=819%2C1024&amp;ssl=1\" \/>\t\t\t\t\t\t\t\t<\/a>\n\t\t\t\t\t\t\t\t\t\t\t\t\t<\/div>\n\t\t\t\t<\/div>\n\t\t\t\t\t<\/div>\n\t\t<\/div>\n\t\t\t\t\t<\/div>\n\t\t<\/section>\n\t\t\t\t<div class=\"elementor-element elementor-element-527f963 elementor-hidden-mobile elementor-widget elementor-widget-image\" data-id=\"527f963\" data-element_type=\"widget\" data-widget_type=\"image.default\">\n\t\t\t\t<div class=\"elementor-widget-container\">\n\t\t\t\t\t\t\t\t\t\t\t\t\t<img decoding=\"async\" src=\"https:\/\/i0.wp.com\/vivesanobrasil.org\/wp-content\/uploads\/2023\/06\/Cursos-de-Inicio-Inmediato.png?fit=3600%2C119&#038;ssl=1\" title=\"Cursos de Inicio Inmediato\" alt=\"Cursos de Inicio Inmediato\" loading=\"lazy\" \/>\t\t\t\t\t\t\t\t\t\t\t\t\t<\/div>\n\t\t\t\t<\/div>\n\t\t\t\t<section class=\"elementor-section elementor-inner-section elementor-element elementor-element-9ab2c79 elementor-section-full_width elementor-hidden-mobile elementor-section-height-default elementor-section-height-default\" data-id=\"9ab2c79\" data-element_type=\"section\">\n\t\t\t\t\t\t<div class=\"elementor-container elementor-column-gap-default\">\n\t\t\t\t\t<div class=\"elementor-column elementor-col-25 elementor-inner-column elementor-element elementor-element-79972cf\" data-id=\"79972cf\" data-element_type=\"column\">\n\t\t\t<div class=\"elementor-widget-wrap elementor-element-populated\">\n\t\t\t\t\t\t<div class=\"elementor-element elementor-element-1de3a64 elementor-widget elementor-widget-image\" data-id=\"1de3a64\" data-element_type=\"widget\" data-widget_type=\"image.default\">\n\t\t\t\t<div class=\"elementor-widget-container\">\n\t\t\t\t\t\t\t\t\t\t\t\t\t\t<a href=\"https:\/\/vivesanobrasil.org\/pb\/curso-internacional-en-nutricion-enteral\/\" target=\"_blank\">\n\t\t\t\t\t\t\t<img loading=\"lazy\" decoding=\"async\" data-attachment-id=\"46577\" data-permalink=\"https:\/\/vivesanobrasil.org\/pb\/oferta-2\/afiche-curso-internacional-en-nutricional-enteral-1\/\" data-orig-file=\"https:\/\/i0.wp.com\/vivesanobrasil.org\/wp-content\/uploads\/2023\/06\/Afiche-Curso-Internacional-en-nutricional-enteral-1.png?fit=1080%2C1350&amp;ssl=1\" data-orig-size=\"1080,1350\" data-comments-opened=\"1\" data-image-meta=\"{&quot;aperture&quot;:&quot;0&quot;,&quot;credit&quot;:&quot;&quot;,&quot;camera&quot;:&quot;&quot;,&quot;caption&quot;:&quot;&quot;,&quot;created_timestamp&quot;:&quot;0&quot;,&quot;copyright&quot;:&quot;&quot;,&quot;focal_length&quot;:&quot;0&quot;,&quot;iso&quot;:&quot;0&quot;,&quot;shutter_speed&quot;:&quot;0&quot;,&quot;title&quot;:&quot;&quot;,&quot;orientation&quot;:&quot;0&quot;}\" data-image-title=\"\" data-image-description=\"\" data-image-caption=\"\" data-large-file=\"https:\/\/i0.wp.com\/vivesanobrasil.org\/wp-content\/uploads\/2023\/06\/Afiche-Curso-Internacional-en-nutricional-enteral-1.png?fit=819%2C1024&amp;ssl=1\" width=\"1080\" height=\"1350\" src=\"https:\/\/i0.wp.com\/vivesanobrasil.org\/wp-content\/uploads\/2023\/06\/Afiche-Curso-Internacional-en-nutricional-enteral-1.png?fit=1080%2C1350&amp;ssl=1\" class=\"attachment-full size-full wp-image-46577\" alt=\"\" srcset=\"https:\/\/i0.wp.com\/vivesanobrasil.org\/wp-content\/uploads\/2023\/06\/Afiche-Curso-Internacional-en-nutricional-enteral-1.png?w=1080&amp;ssl=1 1080w, https:\/\/i0.wp.com\/vivesanobrasil.org\/wp-content\/uploads\/2023\/06\/Afiche-Curso-Internacional-en-nutricional-enteral-1.png?resize=240%2C300&amp;ssl=1 240w, https:\/\/i0.wp.com\/vivesanobrasil.org\/wp-content\/uploads\/2023\/06\/Afiche-Curso-Internacional-en-nutricional-enteral-1.png?resize=819%2C1024&amp;ssl=1 819w, https:\/\/i0.wp.com\/vivesanobrasil.org\/wp-content\/uploads\/2023\/06\/Afiche-Curso-Internacional-en-nutricional-enteral-1.png?resize=768%2C960&amp;ssl=1 768w, https:\/\/i0.wp.com\/vivesanobrasil.org\/wp-content\/uploads\/2023\/06\/Afiche-Curso-Internacional-en-nutricional-enteral-1.png?resize=48%2C60&amp;ssl=1 48w\" sizes=\"(max-width: 1000px) 100vw, 1000px\" data-attachment-id=\"46577\" data-permalink=\"https:\/\/vivesanobrasil.org\/pb\/oferta-2\/afiche-curso-internacional-en-nutricional-enteral-1\/\" data-orig-file=\"https:\/\/i0.wp.com\/vivesanobrasil.org\/wp-content\/uploads\/2023\/06\/Afiche-Curso-Internacional-en-nutricional-enteral-1.png?fit=1080%2C1350&amp;ssl=1\" data-orig-size=\"1080,1350\" data-comments-opened=\"1\" data-image-meta=\"{&quot;aperture&quot;:&quot;0&quot;,&quot;credit&quot;:&quot;&quot;,&quot;camera&quot;:&quot;&quot;,&quot;caption&quot;:&quot;&quot;,&quot;created_timestamp&quot;:&quot;0&quot;,&quot;copyright&quot;:&quot;&quot;,&quot;focal_length&quot;:&quot;0&quot;,&quot;iso&quot;:&quot;0&quot;,&quot;shutter_speed&quot;:&quot;0&quot;,&quot;title&quot;:&quot;&quot;,&quot;orientation&quot;:&quot;0&quot;}\" data-image-title=\"\" data-image-description=\"\" data-image-caption=\"\" data-large-file=\"https:\/\/i0.wp.com\/vivesanobrasil.org\/wp-content\/uploads\/2023\/06\/Afiche-Curso-Internacional-en-nutricional-enteral-1.png?fit=819%2C1024&amp;ssl=1\" \/>\t\t\t\t\t\t\t\t<\/a>\n\t\t\t\t\t\t\t\t\t\t\t\t\t<\/div>\n\t\t\t\t<\/div>\n\t\t\t\t<div class=\"elementor-element elementor-element-a657cc2 elementor-widget elementor-widget-image\" data-id=\"a657cc2\" data-element_type=\"widget\" data-widget_type=\"image.default\">\n\t\t\t\t<div class=\"elementor-widget-container\">\n\t\t\t\t\t\t\t\t\t\t\t\t\t\t<a href=\"https:\/\/vivesanobrasil.org\/pb\/curso-internacional-en-planificacion-alimentaria-y-diseno-de-menu-spoc\/\" target=\"_blank\">\n\t\t\t\t\t\t\t<img loading=\"lazy\" decoding=\"async\" data-attachment-id=\"54690\" data-permalink=\"https:\/\/vivesanobrasil.org\/pb\/curso-internacional-en-planificacion-alimentaria-y-diseno-de-menu-spoc\/afiche-spoc-planificacion-alimentaria-y-diseno-de-menu\/\" data-orig-file=\"https:\/\/i0.wp.com\/vivesanobrasil.org\/wp-content\/uploads\/2024\/02\/Afiche-SPOC-Planificacion-Alimentaria-y-Diseno-de-Menu-.png?fit=1080%2C1350&amp;ssl=1\" data-orig-size=\"1080,1350\" data-comments-opened=\"1\" data-image-meta=\"{&quot;aperture&quot;:&quot;0&quot;,&quot;credit&quot;:&quot;&quot;,&quot;camera&quot;:&quot;&quot;,&quot;caption&quot;:&quot;&quot;,&quot;created_timestamp&quot;:&quot;0&quot;,&quot;copyright&quot;:&quot;&quot;,&quot;focal_length&quot;:&quot;0&quot;,&quot;iso&quot;:&quot;0&quot;,&quot;shutter_speed&quot;:&quot;0&quot;,&quot;title&quot;:&quot;&quot;,&quot;orientation&quot;:&quot;0&quot;}\" data-image-title=\"Afiche- SPOC &amp;#8211; Planificaci\u00f3n Alimentaria y Dise\u00f1o de Men\u00fa\" data-image-description=\"\" data-image-caption=\"\" data-large-file=\"https:\/\/i0.wp.com\/vivesanobrasil.org\/wp-content\/uploads\/2024\/02\/Afiche-SPOC-Planificacion-Alimentaria-y-Diseno-de-Menu-.png?fit=819%2C1024&amp;ssl=1\" width=\"1080\" height=\"1350\" src=\"https:\/\/i0.wp.com\/vivesanobrasil.org\/wp-content\/uploads\/2024\/02\/Afiche-SPOC-Planificacion-Alimentaria-y-Diseno-de-Menu-.png?fit=1080%2C1350&amp;ssl=1\" class=\"attachment-full size-full wp-image-54690\" alt=\"\" srcset=\"https:\/\/i0.wp.com\/vivesanobrasil.org\/wp-content\/uploads\/2024\/02\/Afiche-SPOC-Planificacion-Alimentaria-y-Diseno-de-Menu-.png?w=1080&amp;ssl=1 1080w, https:\/\/i0.wp.com\/vivesanobrasil.org\/wp-content\/uploads\/2024\/02\/Afiche-SPOC-Planificacion-Alimentaria-y-Diseno-de-Menu-.png?resize=240%2C300&amp;ssl=1 240w, https:\/\/i0.wp.com\/vivesanobrasil.org\/wp-content\/uploads\/2024\/02\/Afiche-SPOC-Planificacion-Alimentaria-y-Diseno-de-Menu-.png?resize=819%2C1024&amp;ssl=1 819w, https:\/\/i0.wp.com\/vivesanobrasil.org\/wp-content\/uploads\/2024\/02\/Afiche-SPOC-Planificacion-Alimentaria-y-Diseno-de-Menu-.png?resize=768%2C960&amp;ssl=1 768w, https:\/\/i0.wp.com\/vivesanobrasil.org\/wp-content\/uploads\/2024\/02\/Afiche-SPOC-Planificacion-Alimentaria-y-Diseno-de-Menu-.png?resize=48%2C60&amp;ssl=1 48w, https:\/\/i0.wp.com\/vivesanobrasil.org\/wp-content\/uploads\/2024\/02\/Afiche-SPOC-Planificacion-Alimentaria-y-Diseno-de-Menu-.png?resize=500%2C625&amp;ssl=1 500w, https:\/\/i0.wp.com\/vivesanobrasil.org\/wp-content\/uploads\/2024\/02\/Afiche-SPOC-Planificacion-Alimentaria-y-Diseno-de-Menu-.png?resize=700%2C875&amp;ssl=1 700w\" sizes=\"(max-width: 1000px) 100vw, 1000px\" data-attachment-id=\"54690\" data-permalink=\"https:\/\/vivesanobrasil.org\/pb\/curso-internacional-en-planificacion-alimentaria-y-diseno-de-menu-spoc\/afiche-spoc-planificacion-alimentaria-y-diseno-de-menu\/\" data-orig-file=\"https:\/\/i0.wp.com\/vivesanobrasil.org\/wp-content\/uploads\/2024\/02\/Afiche-SPOC-Planificacion-Alimentaria-y-Diseno-de-Menu-.png?fit=1080%2C1350&amp;ssl=1\" data-orig-size=\"1080,1350\" data-comments-opened=\"1\" data-image-meta=\"{&quot;aperture&quot;:&quot;0&quot;,&quot;credit&quot;:&quot;&quot;,&quot;camera&quot;:&quot;&quot;,&quot;caption&quot;:&quot;&quot;,&quot;created_timestamp&quot;:&quot;0&quot;,&quot;copyright&quot;:&quot;&quot;,&quot;focal_length&quot;:&quot;0&quot;,&quot;iso&quot;:&quot;0&quot;,&quot;shutter_speed&quot;:&quot;0&quot;,&quot;title&quot;:&quot;&quot;,&quot;orientation&quot;:&quot;0&quot;}\" data-image-title=\"Afiche- SPOC &amp;#8211; Planificaci\u00f3n Alimentaria y Dise\u00f1o de Men\u00fa\" data-image-description=\"\" data-image-caption=\"\" data-large-file=\"https:\/\/i0.wp.com\/vivesanobrasil.org\/wp-content\/uploads\/2024\/02\/Afiche-SPOC-Planificacion-Alimentaria-y-Diseno-de-Menu-.png?fit=819%2C1024&amp;ssl=1\" \/>\t\t\t\t\t\t\t\t<\/a>\n\t\t\t\t\t\t\t\t\t\t\t\t\t<\/div>\n\t\t\t\t<\/div>\n\t\t\t\t<div class=\"elementor-element elementor-element-2c454c3 elementor-widget elementor-widget-image\" data-id=\"2c454c3\" data-element_type=\"widget\" data-widget_type=\"image.default\">\n\t\t\t\t<div class=\"elementor-widget-container\">\n\t\t\t\t\t\t\t\t\t\t\t\t\t\t<a href=\"https:\/\/vivesanobrasil.org\/pb\/certificacion-internacional-nutricion-basada-en-plantas-un-abordaje-nutricional-desde-la-infancia-hasta-la-adultez-inicio-inmediato\/\" target=\"_blank\">\n\t\t\t\t\t\t\t<img loading=\"lazy\" decoding=\"async\" data-attachment-id=\"56042\" data-permalink=\"https:\/\/vivesanobrasil.org\/pb\/oferta-2\/afiche-spoc-nutricion-basada-en-plantas-2\/\" data-orig-file=\"https:\/\/i0.wp.com\/vivesanobrasil.org\/wp-content\/uploads\/2024\/05\/Afiche-SPOC-Nutricion-Basada-en-Plantas.png?fit=1080%2C1350&amp;ssl=1\" data-orig-size=\"1080,1350\" data-comments-opened=\"1\" data-image-meta=\"{&quot;aperture&quot;:&quot;0&quot;,&quot;credit&quot;:&quot;&quot;,&quot;camera&quot;:&quot;&quot;,&quot;caption&quot;:&quot;&quot;,&quot;created_timestamp&quot;:&quot;0&quot;,&quot;copyright&quot;:&quot;&quot;,&quot;focal_length&quot;:&quot;0&quot;,&quot;iso&quot;:&quot;0&quot;,&quot;shutter_speed&quot;:&quot;0&quot;,&quot;title&quot;:&quot;&quot;,&quot;orientation&quot;:&quot;0&quot;}\" data-image-title=\"Afiche &amp;#8211; SPOC Nutrici\u00f3n Basada en Plantas\" data-image-description=\"\" data-image-caption=\"\" data-large-file=\"https:\/\/i0.wp.com\/vivesanobrasil.org\/wp-content\/uploads\/2024\/05\/Afiche-SPOC-Nutricion-Basada-en-Plantas.png?fit=819%2C1024&amp;ssl=1\" width=\"1080\" height=\"1350\" src=\"https:\/\/i0.wp.com\/vivesanobrasil.org\/wp-content\/uploads\/2024\/05\/Afiche-SPOC-Nutricion-Basada-en-Plantas.png?fit=1080%2C1350&amp;ssl=1\" class=\"attachment-full size-full wp-image-56042\" alt=\"\" srcset=\"https:\/\/i0.wp.com\/vivesanobrasil.org\/wp-content\/uploads\/2024\/05\/Afiche-SPOC-Nutricion-Basada-en-Plantas.png?w=1080&amp;ssl=1 1080w, https:\/\/i0.wp.com\/vivesanobrasil.org\/wp-content\/uploads\/2024\/05\/Afiche-SPOC-Nutricion-Basada-en-Plantas.png?resize=240%2C300&amp;ssl=1 240w, https:\/\/i0.wp.com\/vivesanobrasil.org\/wp-content\/uploads\/2024\/05\/Afiche-SPOC-Nutricion-Basada-en-Plantas.png?resize=819%2C1024&amp;ssl=1 819w, https:\/\/i0.wp.com\/vivesanobrasil.org\/wp-content\/uploads\/2024\/05\/Afiche-SPOC-Nutricion-Basada-en-Plantas.png?resize=768%2C960&amp;ssl=1 768w, https:\/\/i0.wp.com\/vivesanobrasil.org\/wp-content\/uploads\/2024\/05\/Afiche-SPOC-Nutricion-Basada-en-Plantas.png?resize=48%2C60&amp;ssl=1 48w, https:\/\/i0.wp.com\/vivesanobrasil.org\/wp-content\/uploads\/2024\/05\/Afiche-SPOC-Nutricion-Basada-en-Plantas.png?resize=500%2C625&amp;ssl=1 500w, https:\/\/i0.wp.com\/vivesanobrasil.org\/wp-content\/uploads\/2024\/05\/Afiche-SPOC-Nutricion-Basada-en-Plantas.png?resize=700%2C875&amp;ssl=1 700w\" sizes=\"(max-width: 1000px) 100vw, 1000px\" data-attachment-id=\"56042\" data-permalink=\"https:\/\/vivesanobrasil.org\/pb\/oferta-2\/afiche-spoc-nutricion-basada-en-plantas-2\/\" data-orig-file=\"https:\/\/i0.wp.com\/vivesanobrasil.org\/wp-content\/uploads\/2024\/05\/Afiche-SPOC-Nutricion-Basada-en-Plantas.png?fit=1080%2C1350&amp;ssl=1\" data-orig-size=\"1080,1350\" data-comments-opened=\"1\" data-image-meta=\"{&quot;aperture&quot;:&quot;0&quot;,&quot;credit&quot;:&quot;&quot;,&quot;camera&quot;:&quot;&quot;,&quot;caption&quot;:&quot;&quot;,&quot;created_timestamp&quot;:&quot;0&quot;,&quot;copyright&quot;:&quot;&quot;,&quot;focal_length&quot;:&quot;0&quot;,&quot;iso&quot;:&quot;0&quot;,&quot;shutter_speed&quot;:&quot;0&quot;,&quot;title&quot;:&quot;&quot;,&quot;orientation&quot;:&quot;0&quot;}\" data-image-title=\"Afiche &amp;#8211; SPOC Nutrici\u00f3n Basada en Plantas\" data-image-description=\"\" data-image-caption=\"\" data-large-file=\"https:\/\/i0.wp.com\/vivesanobrasil.org\/wp-content\/uploads\/2024\/05\/Afiche-SPOC-Nutricion-Basada-en-Plantas.png?fit=819%2C1024&amp;ssl=1\" \/>\t\t\t\t\t\t\t\t<\/a>\n\t\t\t\t\t\t\t\t\t\t\t\t\t<\/div>\n\t\t\t\t<\/div>\n\t\t\t\t<div class=\"elementor-element elementor-element-40a83ed elementor-widget elementor-widget-image\" data-id=\"40a83ed\" data-element_type=\"widget\" data-widget_type=\"image.default\">\n\t\t\t\t<div class=\"elementor-widget-container\">\n\t\t\t\t\t\t\t\t\t\t\t\t\t\t<a href=\"https:\/\/vivesanobrasil.org\/curso-intensivo-trastornos-del-espectro-autista-inicio-inmediato\/\" target=\"_blank\">\n\t\t\t\t\t\t\t<img loading=\"lazy\" decoding=\"async\" data-attachment-id=\"58224\" data-permalink=\"https:\/\/vivesanobrasil.org\/pb\/oferta-2\/afiche-curso-intensivo-trastornos-del-espectro-autista-inicio-inmediato-1\/\" data-orig-file=\"https:\/\/i0.wp.com\/vivesanobrasil.org\/wp-content\/uploads\/2024\/09\/Afiche-Curso-Intensivo-Trastornos-del-Espectro-Autista-Inicio-Inmediato-1-1.png?fit=1080%2C1350&amp;ssl=1\" data-orig-size=\"1080,1350\" data-comments-opened=\"1\" data-image-meta=\"{&quot;aperture&quot;:&quot;0&quot;,&quot;credit&quot;:&quot;&quot;,&quot;camera&quot;:&quot;&quot;,&quot;caption&quot;:&quot;&quot;,&quot;created_timestamp&quot;:&quot;0&quot;,&quot;copyright&quot;:&quot;&quot;,&quot;focal_length&quot;:&quot;0&quot;,&quot;iso&quot;:&quot;0&quot;,&quot;shutter_speed&quot;:&quot;0&quot;,&quot;title&quot;:&quot;&quot;,&quot;orientation&quot;:&quot;0&quot;}\" data-image-title=\"Afiche &amp;#8211; Curso Intensivo Trastornos del Espectro Autista &amp;#8211; Inicio Inmediato (1)\" data-image-description=\"\" data-image-caption=\"\" data-large-file=\"https:\/\/i0.wp.com\/vivesanobrasil.org\/wp-content\/uploads\/2024\/09\/Afiche-Curso-Intensivo-Trastornos-del-Espectro-Autista-Inicio-Inmediato-1-1.png?fit=819%2C1024&amp;ssl=1\" width=\"1080\" height=\"1350\" src=\"https:\/\/i0.wp.com\/vivesanobrasil.org\/wp-content\/uploads\/2024\/09\/Afiche-Curso-Intensivo-Trastornos-del-Espectro-Autista-Inicio-Inmediato-1-1.png?fit=1080%2C1350&amp;ssl=1\" class=\"attachment-full size-full wp-image-58224\" alt=\"\" srcset=\"https:\/\/i0.wp.com\/vivesanobrasil.org\/wp-content\/uploads\/2024\/09\/Afiche-Curso-Intensivo-Trastornos-del-Espectro-Autista-Inicio-Inmediato-1-1.png?w=1080&amp;ssl=1 1080w, https:\/\/i0.wp.com\/vivesanobrasil.org\/wp-content\/uploads\/2024\/09\/Afiche-Curso-Intensivo-Trastornos-del-Espectro-Autista-Inicio-Inmediato-1-1.png?resize=240%2C300&amp;ssl=1 240w, https:\/\/i0.wp.com\/vivesanobrasil.org\/wp-content\/uploads\/2024\/09\/Afiche-Curso-Intensivo-Trastornos-del-Espectro-Autista-Inicio-Inmediato-1-1.png?resize=819%2C1024&amp;ssl=1 819w, https:\/\/i0.wp.com\/vivesanobrasil.org\/wp-content\/uploads\/2024\/09\/Afiche-Curso-Intensivo-Trastornos-del-Espectro-Autista-Inicio-Inmediato-1-1.png?resize=768%2C960&amp;ssl=1 768w, https:\/\/i0.wp.com\/vivesanobrasil.org\/wp-content\/uploads\/2024\/09\/Afiche-Curso-Intensivo-Trastornos-del-Espectro-Autista-Inicio-Inmediato-1-1.png?resize=500%2C625&amp;ssl=1 500w, https:\/\/i0.wp.com\/vivesanobrasil.org\/wp-content\/uploads\/2024\/09\/Afiche-Curso-Intensivo-Trastornos-del-Espectro-Autista-Inicio-Inmediato-1-1.png?resize=700%2C875&amp;ssl=1 700w\" sizes=\"(max-width: 1000px) 100vw, 1000px\" data-attachment-id=\"58224\" data-permalink=\"https:\/\/vivesanobrasil.org\/pb\/oferta-2\/afiche-curso-intensivo-trastornos-del-espectro-autista-inicio-inmediato-1\/\" data-orig-file=\"https:\/\/i0.wp.com\/vivesanobrasil.org\/wp-content\/uploads\/2024\/09\/Afiche-Curso-Intensivo-Trastornos-del-Espectro-Autista-Inicio-Inmediato-1-1.png?fit=1080%2C1350&amp;ssl=1\" data-orig-size=\"1080,1350\" data-comments-opened=\"1\" data-image-meta=\"{&quot;aperture&quot;:&quot;0&quot;,&quot;credit&quot;:&quot;&quot;,&quot;camera&quot;:&quot;&quot;,&quot;caption&quot;:&quot;&quot;,&quot;created_timestamp&quot;:&quot;0&quot;,&quot;copyright&quot;:&quot;&quot;,&quot;focal_length&quot;:&quot;0&quot;,&quot;iso&quot;:&quot;0&quot;,&quot;shutter_speed&quot;:&quot;0&quot;,&quot;title&quot;:&quot;&quot;,&quot;orientation&quot;:&quot;0&quot;}\" data-image-title=\"Afiche &amp;#8211; Curso Intensivo Trastornos del Espectro Autista &amp;#8211; Inicio Inmediato (1)\" data-image-description=\"\" data-image-caption=\"\" data-large-file=\"https:\/\/i0.wp.com\/vivesanobrasil.org\/wp-content\/uploads\/2024\/09\/Afiche-Curso-Intensivo-Trastornos-del-Espectro-Autista-Inicio-Inmediato-1-1.png?fit=819%2C1024&amp;ssl=1\" \/>\t\t\t\t\t\t\t\t<\/a>\n\t\t\t\t\t\t\t\t\t\t\t\t\t<\/div>\n\t\t\t\t<\/div>\n\t\t\t\t\t<\/div>\n\t\t<\/div>\n\t\t\t\t<div class=\"elementor-column elementor-col-25 elementor-inner-column elementor-element elementor-element-5fa8be8\" data-id=\"5fa8be8\" data-element_type=\"column\">\n\t\t\t<div class=\"elementor-widget-wrap elementor-element-populated\">\n\t\t\t\t\t\t<div class=\"elementor-element elementor-element-2d4475b elementor-widget elementor-widget-image\" data-id=\"2d4475b\" data-element_type=\"widget\" data-widget_type=\"image.default\">\n\t\t\t\t<div class=\"elementor-widget-container\">\n\t\t\t\t\t\t\t\t\t\t\t\t\t\t<a href=\"https:\/\/vivesanobrasil.org\/pb\/curso-internacional-en-dieta-baja-en-fodmap\/\" target=\"_blank\">\n\t\t\t\t\t\t\t<img loading=\"lazy\" decoding=\"async\" data-attachment-id=\"46578\" data-permalink=\"https:\/\/vivesanobrasil.org\/pb\/oferta-2\/afiche-curso-internacional-en-fodmap-1\/\" data-orig-file=\"https:\/\/i0.wp.com\/vivesanobrasil.org\/wp-content\/uploads\/2023\/06\/Afiche-Curso-Internacional-en-FODMAP-1.png?fit=1080%2C1350&amp;ssl=1\" data-orig-size=\"1080,1350\" data-comments-opened=\"1\" data-image-meta=\"{&quot;aperture&quot;:&quot;0&quot;,&quot;credit&quot;:&quot;&quot;,&quot;camera&quot;:&quot;&quot;,&quot;caption&quot;:&quot;&quot;,&quot;created_timestamp&quot;:&quot;0&quot;,&quot;copyright&quot;:&quot;&quot;,&quot;focal_length&quot;:&quot;0&quot;,&quot;iso&quot;:&quot;0&quot;,&quot;shutter_speed&quot;:&quot;0&quot;,&quot;title&quot;:&quot;&quot;,&quot;orientation&quot;:&quot;0&quot;}\" data-image-title=\"\" data-image-description=\"\" data-image-caption=\"\" data-large-file=\"https:\/\/i0.wp.com\/vivesanobrasil.org\/wp-content\/uploads\/2023\/06\/Afiche-Curso-Internacional-en-FODMAP-1.png?fit=819%2C1024&amp;ssl=1\" width=\"1080\" height=\"1350\" src=\"https:\/\/i0.wp.com\/vivesanobrasil.org\/wp-content\/uploads\/2023\/06\/Afiche-Curso-Internacional-en-FODMAP-1.png?fit=1080%2C1350&amp;ssl=1\" class=\"attachment-full size-full wp-image-46578\" alt=\"\" srcset=\"https:\/\/i0.wp.com\/vivesanobrasil.org\/wp-content\/uploads\/2023\/06\/Afiche-Curso-Internacional-en-FODMAP-1.png?w=1080&amp;ssl=1 1080w, https:\/\/i0.wp.com\/vivesanobrasil.org\/wp-content\/uploads\/2023\/06\/Afiche-Curso-Internacional-en-FODMAP-1.png?resize=240%2C300&amp;ssl=1 240w, https:\/\/i0.wp.com\/vivesanobrasil.org\/wp-content\/uploads\/2023\/06\/Afiche-Curso-Internacional-en-FODMAP-1.png?resize=819%2C1024&amp;ssl=1 819w, https:\/\/i0.wp.com\/vivesanobrasil.org\/wp-content\/uploads\/2023\/06\/Afiche-Curso-Internacional-en-FODMAP-1.png?resize=768%2C960&amp;ssl=1 768w, https:\/\/i0.wp.com\/vivesanobrasil.org\/wp-content\/uploads\/2023\/06\/Afiche-Curso-Internacional-en-FODMAP-1.png?resize=48%2C60&amp;ssl=1 48w\" sizes=\"(max-width: 1000px) 100vw, 1000px\" data-attachment-id=\"46578\" data-permalink=\"https:\/\/vivesanobrasil.org\/pb\/oferta-2\/afiche-curso-internacional-en-fodmap-1\/\" data-orig-file=\"https:\/\/i0.wp.com\/vivesanobrasil.org\/wp-content\/uploads\/2023\/06\/Afiche-Curso-Internacional-en-FODMAP-1.png?fit=1080%2C1350&amp;ssl=1\" data-orig-size=\"1080,1350\" data-comments-opened=\"1\" data-image-meta=\"{&quot;aperture&quot;:&quot;0&quot;,&quot;credit&quot;:&quot;&quot;,&quot;camera&quot;:&quot;&quot;,&quot;caption&quot;:&quot;&quot;,&quot;created_timestamp&quot;:&quot;0&quot;,&quot;copyright&quot;:&quot;&quot;,&quot;focal_length&quot;:&quot;0&quot;,&quot;iso&quot;:&quot;0&quot;,&quot;shutter_speed&quot;:&quot;0&quot;,&quot;title&quot;:&quot;&quot;,&quot;orientation&quot;:&quot;0&quot;}\" data-image-title=\"\" data-image-description=\"\" data-image-caption=\"\" data-large-file=\"https:\/\/i0.wp.com\/vivesanobrasil.org\/wp-content\/uploads\/2023\/06\/Afiche-Curso-Internacional-en-FODMAP-1.png?fit=819%2C1024&amp;ssl=1\" \/>\t\t\t\t\t\t\t\t<\/a>\n\t\t\t\t\t\t\t\t\t\t\t\t\t<\/div>\n\t\t\t\t<\/div>\n\t\t\t\t<div class=\"elementor-element elementor-element-e520de7 elementor-widget elementor-widget-image\" data-id=\"e520de7\" data-element_type=\"widget\" data-widget_type=\"image.default\">\n\t\t\t\t<div class=\"elementor-widget-container\">\n\t\t\t\t\t\t\t\t\t\t\t\t\t\t<a href=\"https:\/\/vivesanobrasil.org\/pb\/certificacion-internacional-en-lactancia-materna-y-alimentacion-complementaria-spoc\/\" target=\"_blank\">\n\t\t\t\t\t\t\t<img loading=\"lazy\" decoding=\"async\" data-attachment-id=\"55532\" data-permalink=\"https:\/\/vivesanobrasil.org\/pb\/oferta-2\/1-5\/\" data-orig-file=\"https:\/\/i0.wp.com\/vivesanobrasil.org\/wp-content\/uploads\/2024\/04\/1.png?fit=1080%2C1350&amp;ssl=1\" data-orig-size=\"1080,1350\" data-comments-opened=\"1\" data-image-meta=\"{&quot;aperture&quot;:&quot;0&quot;,&quot;credit&quot;:&quot;&quot;,&quot;camera&quot;:&quot;&quot;,&quot;caption&quot;:&quot;&quot;,&quot;created_timestamp&quot;:&quot;0&quot;,&quot;copyright&quot;:&quot;&quot;,&quot;focal_length&quot;:&quot;0&quot;,&quot;iso&quot;:&quot;0&quot;,&quot;shutter_speed&quot;:&quot;0&quot;,&quot;title&quot;:&quot;&quot;,&quot;orientation&quot;:&quot;0&quot;}\" data-image-title=\"1\" data-image-description=\"\" data-image-caption=\"\" data-large-file=\"https:\/\/i0.wp.com\/vivesanobrasil.org\/wp-content\/uploads\/2024\/04\/1.png?fit=819%2C1024&amp;ssl=1\" width=\"1080\" height=\"1350\" src=\"https:\/\/i0.wp.com\/vivesanobrasil.org\/wp-content\/uploads\/2024\/04\/1.png?fit=1080%2C1350&amp;ssl=1\" class=\"attachment-full size-full wp-image-55532\" alt=\"\" srcset=\"https:\/\/i0.wp.com\/vivesanobrasil.org\/wp-content\/uploads\/2024\/04\/1.png?w=1080&amp;ssl=1 1080w, https:\/\/i0.wp.com\/vivesanobrasil.org\/wp-content\/uploads\/2024\/04\/1.png?resize=240%2C300&amp;ssl=1 240w, https:\/\/i0.wp.com\/vivesanobrasil.org\/wp-content\/uploads\/2024\/04\/1.png?resize=819%2C1024&amp;ssl=1 819w, https:\/\/i0.wp.com\/vivesanobrasil.org\/wp-content\/uploads\/2024\/04\/1.png?resize=768%2C960&amp;ssl=1 768w, https:\/\/i0.wp.com\/vivesanobrasil.org\/wp-content\/uploads\/2024\/04\/1.png?resize=48%2C60&amp;ssl=1 48w, https:\/\/i0.wp.com\/vivesanobrasil.org\/wp-content\/uploads\/2024\/04\/1.png?resize=500%2C625&amp;ssl=1 500w, https:\/\/i0.wp.com\/vivesanobrasil.org\/wp-content\/uploads\/2024\/04\/1.png?resize=700%2C875&amp;ssl=1 700w\" sizes=\"(max-width: 1000px) 100vw, 1000px\" data-attachment-id=\"55532\" data-permalink=\"https:\/\/vivesanobrasil.org\/pb\/oferta-2\/1-5\/\" data-orig-file=\"https:\/\/i0.wp.com\/vivesanobrasil.org\/wp-content\/uploads\/2024\/04\/1.png?fit=1080%2C1350&amp;ssl=1\" data-orig-size=\"1080,1350\" data-comments-opened=\"1\" data-image-meta=\"{&quot;aperture&quot;:&quot;0&quot;,&quot;credit&quot;:&quot;&quot;,&quot;camera&quot;:&quot;&quot;,&quot;caption&quot;:&quot;&quot;,&quot;created_timestamp&quot;:&quot;0&quot;,&quot;copyright&quot;:&quot;&quot;,&quot;focal_length&quot;:&quot;0&quot;,&quot;iso&quot;:&quot;0&quot;,&quot;shutter_speed&quot;:&quot;0&quot;,&quot;title&quot;:&quot;&quot;,&quot;orientation&quot;:&quot;0&quot;}\" data-image-title=\"1\" data-image-description=\"\" data-image-caption=\"\" data-large-file=\"https:\/\/i0.wp.com\/vivesanobrasil.org\/wp-content\/uploads\/2024\/04\/1.png?fit=819%2C1024&amp;ssl=1\" \/>\t\t\t\t\t\t\t\t<\/a>\n\t\t\t\t\t\t\t\t\t\t\t\t\t<\/div>\n\t\t\t\t<\/div>\n\t\t\t\t<div class=\"elementor-element elementor-element-1e2bde2 elementor-widget elementor-widget-image\" data-id=\"1e2bde2\" data-element_type=\"widget\" data-widget_type=\"image.default\">\n\t\t\t\t<div class=\"elementor-widget-container\">\n\t\t\t\t\t\t\t\t\t\t\t\t\t\t<a href=\"https:\/\/vivesanobrasil.org\/pb\/certificacion-internacional-en-trastornos-de-la-conducta-alimentaria-inicio-inmediato\/\" target=\"_blank\">\n\t\t\t\t\t\t\t<img loading=\"lazy\" decoding=\"async\" data-attachment-id=\"56621\" data-permalink=\"https:\/\/vivesanobrasil.org\/pb\/certificacion-internacional-en-trastornos-de-la-conducta-alimentaria-inicio-inmediato\/afiche-spoc-cert-internacional-en-trastornos-de-la-conducta-alimentaria-2\/\" data-orig-file=\"https:\/\/i0.wp.com\/vivesanobrasil.org\/wp-content\/uploads\/2024\/05\/Afiche-SPOC-Cert.-Internacional-en-Trastornos-de-la-conducta-alimentaria-1.png?fit=1080%2C1350&amp;ssl=1\" data-orig-size=\"1080,1350\" data-comments-opened=\"1\" data-image-meta=\"{&quot;aperture&quot;:&quot;0&quot;,&quot;credit&quot;:&quot;&quot;,&quot;camera&quot;:&quot;&quot;,&quot;caption&quot;:&quot;&quot;,&quot;created_timestamp&quot;:&quot;0&quot;,&quot;copyright&quot;:&quot;&quot;,&quot;focal_length&quot;:&quot;0&quot;,&quot;iso&quot;:&quot;0&quot;,&quot;shutter_speed&quot;:&quot;0&quot;,&quot;title&quot;:&quot;&quot;,&quot;orientation&quot;:&quot;0&quot;}\" data-image-title=\"Afiche &amp;#8211; SPOC Cert. Internacional en Trastornos de la conducta alimentaria\" data-image-description=\"\" data-image-caption=\"\" data-large-file=\"https:\/\/i0.wp.com\/vivesanobrasil.org\/wp-content\/uploads\/2024\/05\/Afiche-SPOC-Cert.-Internacional-en-Trastornos-de-la-conducta-alimentaria-1.png?fit=819%2C1024&amp;ssl=1\" width=\"1080\" height=\"1350\" src=\"https:\/\/i0.wp.com\/vivesanobrasil.org\/wp-content\/uploads\/2024\/05\/Afiche-SPOC-Cert.-Internacional-en-Trastornos-de-la-conducta-alimentaria-1.png?fit=1080%2C1350&amp;ssl=1\" class=\"attachment-full size-full wp-image-56621\" alt=\"\" srcset=\"https:\/\/i0.wp.com\/vivesanobrasil.org\/wp-content\/uploads\/2024\/05\/Afiche-SPOC-Cert.-Internacional-en-Trastornos-de-la-conducta-alimentaria-1.png?w=1080&amp;ssl=1 1080w, https:\/\/i0.wp.com\/vivesanobrasil.org\/wp-content\/uploads\/2024\/05\/Afiche-SPOC-Cert.-Internacional-en-Trastornos-de-la-conducta-alimentaria-1.png?resize=240%2C300&amp;ssl=1 240w, https:\/\/i0.wp.com\/vivesanobrasil.org\/wp-content\/uploads\/2024\/05\/Afiche-SPOC-Cert.-Internacional-en-Trastornos-de-la-conducta-alimentaria-1.png?resize=819%2C1024&amp;ssl=1 819w, https:\/\/i0.wp.com\/vivesanobrasil.org\/wp-content\/uploads\/2024\/05\/Afiche-SPOC-Cert.-Internacional-en-Trastornos-de-la-conducta-alimentaria-1.png?resize=768%2C960&amp;ssl=1 768w, https:\/\/i0.wp.com\/vivesanobrasil.org\/wp-content\/uploads\/2024\/05\/Afiche-SPOC-Cert.-Internacional-en-Trastornos-de-la-conducta-alimentaria-1.png?resize=500%2C625&amp;ssl=1 500w, https:\/\/i0.wp.com\/vivesanobrasil.org\/wp-content\/uploads\/2024\/05\/Afiche-SPOC-Cert.-Internacional-en-Trastornos-de-la-conducta-alimentaria-1.png?resize=700%2C875&amp;ssl=1 700w\" sizes=\"(max-width: 1000px) 100vw, 1000px\" data-attachment-id=\"56621\" data-permalink=\"https:\/\/vivesanobrasil.org\/pb\/certificacion-internacional-en-trastornos-de-la-conducta-alimentaria-inicio-inmediato\/afiche-spoc-cert-internacional-en-trastornos-de-la-conducta-alimentaria-2\/\" data-orig-file=\"https:\/\/i0.wp.com\/vivesanobrasil.org\/wp-content\/uploads\/2024\/05\/Afiche-SPOC-Cert.-Internacional-en-Trastornos-de-la-conducta-alimentaria-1.png?fit=1080%2C1350&amp;ssl=1\" data-orig-size=\"1080,1350\" data-comments-opened=\"1\" data-image-meta=\"{&quot;aperture&quot;:&quot;0&quot;,&quot;credit&quot;:&quot;&quot;,&quot;camera&quot;:&quot;&quot;,&quot;caption&quot;:&quot;&quot;,&quot;created_timestamp&quot;:&quot;0&quot;,&quot;copyright&quot;:&quot;&quot;,&quot;focal_length&quot;:&quot;0&quot;,&quot;iso&quot;:&quot;0&quot;,&quot;shutter_speed&quot;:&quot;0&quot;,&quot;title&quot;:&quot;&quot;,&quot;orientation&quot;:&quot;0&quot;}\" data-image-title=\"Afiche &amp;#8211; SPOC Cert. Internacional en Trastornos de la conducta alimentaria\" data-image-description=\"\" data-image-caption=\"\" data-large-file=\"https:\/\/i0.wp.com\/vivesanobrasil.org\/wp-content\/uploads\/2024\/05\/Afiche-SPOC-Cert.-Internacional-en-Trastornos-de-la-conducta-alimentaria-1.png?fit=819%2C1024&amp;ssl=1\" \/>\t\t\t\t\t\t\t\t<\/a>\n\t\t\t\t\t\t\t\t\t\t\t\t\t<\/div>\n\t\t\t\t<\/div>\n\t\t\t\t\t<\/div>\n\t\t<\/div>\n\t\t\t\t<div class=\"elementor-column elementor-col-25 elementor-inner-column elementor-element elementor-element-b6e8d51\" data-id=\"b6e8d51\" data-element_type=\"column\">\n\t\t\t<div class=\"elementor-widget-wrap elementor-element-populated\">\n\t\t\t\t\t\t<div class=\"elementor-element elementor-element-5c94ba1 elementor-widget elementor-widget-image\" data-id=\"5c94ba1\" data-element_type=\"widget\" data-widget_type=\"image.default\">\n\t\t\t\t<div class=\"elementor-widget-container\">\n\t\t\t\t\t\t\t\t\t\t\t\t\t\t<a href=\"https:\/\/vivesanobrasil.org\/pb\/certificacion-internacional-en-interpretacion-de-examenes-bioquimicos-metodologia-spoc\/\" target=\"_blank\">\n\t\t\t\t\t\t\t<img loading=\"lazy\" decoding=\"async\" data-attachment-id=\"56023\" data-permalink=\"https:\/\/vivesanobrasil.org\/pb\/certificacion-internacional-en-interpretacion-de-examenes-bioquimicos-metodologia-spoc\/afiche-certif-internacional-en-interpretacion-de-examenes-bioquimicos-spoc-2-1\/\" data-orig-file=\"https:\/\/i0.wp.com\/vivesanobrasil.org\/wp-content\/uploads\/2024\/03\/Afiche-Certif.-Internacional-en-Interpretacion-de-examenes-bioquimicos-SPOC-2-1.png?fit=1080%2C1350&amp;ssl=1\" data-orig-size=\"1080,1350\" data-comments-opened=\"1\" data-image-meta=\"{&quot;aperture&quot;:&quot;0&quot;,&quot;credit&quot;:&quot;&quot;,&quot;camera&quot;:&quot;&quot;,&quot;caption&quot;:&quot;&quot;,&quot;created_timestamp&quot;:&quot;0&quot;,&quot;copyright&quot;:&quot;&quot;,&quot;focal_length&quot;:&quot;0&quot;,&quot;iso&quot;:&quot;0&quot;,&quot;shutter_speed&quot;:&quot;0&quot;,&quot;title&quot;:&quot;&quot;,&quot;orientation&quot;:&quot;0&quot;}\" data-image-title=\"Afiche &amp;#8211; Certif. Internacional en Interpretacio\u0301n de exa\u0301menes bioqui\u0301micos SPOC (2) (1)\" data-image-description=\"\" data-image-caption=\"\" data-large-file=\"https:\/\/i0.wp.com\/vivesanobrasil.org\/wp-content\/uploads\/2024\/03\/Afiche-Certif.-Internacional-en-Interpretacion-de-examenes-bioquimicos-SPOC-2-1.png?fit=819%2C1024&amp;ssl=1\" width=\"1080\" height=\"1350\" src=\"https:\/\/i0.wp.com\/vivesanobrasil.org\/wp-content\/uploads\/2024\/03\/Afiche-Certif.-Internacional-en-Interpretacion-de-examenes-bioquimicos-SPOC-2-1.png?fit=1080%2C1350&amp;ssl=1\" class=\"attachment-full size-full wp-image-56023\" alt=\"\" srcset=\"https:\/\/i0.wp.com\/vivesanobrasil.org\/wp-content\/uploads\/2024\/03\/Afiche-Certif.-Internacional-en-Interpretacion-de-examenes-bioquimicos-SPOC-2-1.png?w=1080&amp;ssl=1 1080w, https:\/\/i0.wp.com\/vivesanobrasil.org\/wp-content\/uploads\/2024\/03\/Afiche-Certif.-Internacional-en-Interpretacion-de-examenes-bioquimicos-SPOC-2-1.png?resize=240%2C300&amp;ssl=1 240w, https:\/\/i0.wp.com\/vivesanobrasil.org\/wp-content\/uploads\/2024\/03\/Afiche-Certif.-Internacional-en-Interpretacion-de-examenes-bioquimicos-SPOC-2-1.png?resize=819%2C1024&amp;ssl=1 819w, https:\/\/i0.wp.com\/vivesanobrasil.org\/wp-content\/uploads\/2024\/03\/Afiche-Certif.-Internacional-en-Interpretacion-de-examenes-bioquimicos-SPOC-2-1.png?resize=768%2C960&amp;ssl=1 768w, https:\/\/i0.wp.com\/vivesanobrasil.org\/wp-content\/uploads\/2024\/03\/Afiche-Certif.-Internacional-en-Interpretacion-de-examenes-bioquimicos-SPOC-2-1.png?resize=48%2C60&amp;ssl=1 48w, https:\/\/i0.wp.com\/vivesanobrasil.org\/wp-content\/uploads\/2024\/03\/Afiche-Certif.-Internacional-en-Interpretacion-de-examenes-bioquimicos-SPOC-2-1.png?resize=500%2C625&amp;ssl=1 500w, https:\/\/i0.wp.com\/vivesanobrasil.org\/wp-content\/uploads\/2024\/03\/Afiche-Certif.-Internacional-en-Interpretacion-de-examenes-bioquimicos-SPOC-2-1.png?resize=700%2C875&amp;ssl=1 700w\" sizes=\"(max-width: 1000px) 100vw, 1000px\" data-attachment-id=\"56023\" data-permalink=\"https:\/\/vivesanobrasil.org\/pb\/certificacion-internacional-en-interpretacion-de-examenes-bioquimicos-metodologia-spoc\/afiche-certif-internacional-en-interpretacion-de-examenes-bioquimicos-spoc-2-1\/\" data-orig-file=\"https:\/\/i0.wp.com\/vivesanobrasil.org\/wp-content\/uploads\/2024\/03\/Afiche-Certif.-Internacional-en-Interpretacion-de-examenes-bioquimicos-SPOC-2-1.png?fit=1080%2C1350&amp;ssl=1\" data-orig-size=\"1080,1350\" data-comments-opened=\"1\" data-image-meta=\"{&quot;aperture&quot;:&quot;0&quot;,&quot;credit&quot;:&quot;&quot;,&quot;camera&quot;:&quot;&quot;,&quot;caption&quot;:&quot;&quot;,&quot;created_timestamp&quot;:&quot;0&quot;,&quot;copyright&quot;:&quot;&quot;,&quot;focal_length&quot;:&quot;0&quot;,&quot;iso&quot;:&quot;0&quot;,&quot;shutter_speed&quot;:&quot;0&quot;,&quot;title&quot;:&quot;&quot;,&quot;orientation&quot;:&quot;0&quot;}\" data-image-title=\"Afiche &amp;#8211; Certif. Internacional en Interpretacio\u0301n de exa\u0301menes bioqui\u0301micos SPOC (2) (1)\" data-image-description=\"\" data-image-caption=\"\" data-large-file=\"https:\/\/i0.wp.com\/vivesanobrasil.org\/wp-content\/uploads\/2024\/03\/Afiche-Certif.-Internacional-en-Interpretacion-de-examenes-bioquimicos-SPOC-2-1.png?fit=819%2C1024&amp;ssl=1\" \/>\t\t\t\t\t\t\t\t<\/a>\n\t\t\t\t\t\t\t\t\t\t\t\t\t<\/div>\n\t\t\t\t<\/div>\n\t\t\t\t<div class=\"elementor-element elementor-element-9963349 elementor-widget elementor-widget-image\" data-id=\"9963349\" data-element_type=\"widget\" data-widget_type=\"image.default\">\n\t\t\t\t<div class=\"elementor-widget-container\">\n\t\t\t\t\t\t\t\t\t\t\t\t\t\t<a href=\"https:\/\/vivesanobrasil.org\/pb\/certificacion-internacional-cirugia-de-la-obesidad-y-enfermedades-metabolicas-inicio-inmediato\/\" target=\"_blank\">\n\t\t\t\t\t\t\t<img loading=\"lazy\" decoding=\"async\" data-attachment-id=\"57278\" data-permalink=\"https:\/\/vivesanobrasil.org\/pb\/oferta-2\/afiche-spoc-cert-inter-en-cirugia-de-la-obesidad-y-enfermedades-metabolicas-1-2\/\" data-orig-file=\"https:\/\/i0.wp.com\/vivesanobrasil.org\/wp-content\/uploads\/2024\/07\/Afiche-SPOC-Cert.-Inter.-en-Cirugia-de-la-Obesidad-y-Enfermedades-Metabolicas-1-2.png?fit=1080%2C1350&amp;ssl=1\" data-orig-size=\"1080,1350\" data-comments-opened=\"1\" data-image-meta=\"{&quot;aperture&quot;:&quot;0&quot;,&quot;credit&quot;:&quot;&quot;,&quot;camera&quot;:&quot;&quot;,&quot;caption&quot;:&quot;&quot;,&quot;created_timestamp&quot;:&quot;0&quot;,&quot;copyright&quot;:&quot;&quot;,&quot;focal_length&quot;:&quot;0&quot;,&quot;iso&quot;:&quot;0&quot;,&quot;shutter_speed&quot;:&quot;0&quot;,&quot;title&quot;:&quot;&quot;,&quot;orientation&quot;:&quot;0&quot;}\" data-image-title=\"Afiche &amp;#8211; SPOC Cert. Inter. en Cirug\u00eda de la Obesidad y Enfermedades Metab\u00f3licas (1) (2)\" data-image-description=\"\" data-image-caption=\"\" data-large-file=\"https:\/\/i0.wp.com\/vivesanobrasil.org\/wp-content\/uploads\/2024\/07\/Afiche-SPOC-Cert.-Inter.-en-Cirugia-de-la-Obesidad-y-Enfermedades-Metabolicas-1-2.png?fit=819%2C1024&amp;ssl=1\" width=\"1080\" height=\"1350\" src=\"https:\/\/i0.wp.com\/vivesanobrasil.org\/wp-content\/uploads\/2024\/07\/Afiche-SPOC-Cert.-Inter.-en-Cirugia-de-la-Obesidad-y-Enfermedades-Metabolicas-1-2.png?fit=1080%2C1350&amp;ssl=1\" class=\"attachment-full size-full wp-image-57278\" alt=\"\" srcset=\"https:\/\/i0.wp.com\/vivesanobrasil.org\/wp-content\/uploads\/2024\/07\/Afiche-SPOC-Cert.-Inter.-en-Cirugia-de-la-Obesidad-y-Enfermedades-Metabolicas-1-2.png?w=1080&amp;ssl=1 1080w, https:\/\/i0.wp.com\/vivesanobrasil.org\/wp-content\/uploads\/2024\/07\/Afiche-SPOC-Cert.-Inter.-en-Cirugia-de-la-Obesidad-y-Enfermedades-Metabolicas-1-2.png?resize=240%2C300&amp;ssl=1 240w, https:\/\/i0.wp.com\/vivesanobrasil.org\/wp-content\/uploads\/2024\/07\/Afiche-SPOC-Cert.-Inter.-en-Cirugia-de-la-Obesidad-y-Enfermedades-Metabolicas-1-2.png?resize=819%2C1024&amp;ssl=1 819w, https:\/\/i0.wp.com\/vivesanobrasil.org\/wp-content\/uploads\/2024\/07\/Afiche-SPOC-Cert.-Inter.-en-Cirugia-de-la-Obesidad-y-Enfermedades-Metabolicas-1-2.png?resize=768%2C960&amp;ssl=1 768w, https:\/\/i0.wp.com\/vivesanobrasil.org\/wp-content\/uploads\/2024\/07\/Afiche-SPOC-Cert.-Inter.-en-Cirugia-de-la-Obesidad-y-Enfermedades-Metabolicas-1-2.png?resize=500%2C625&amp;ssl=1 500w, https:\/\/i0.wp.com\/vivesanobrasil.org\/wp-content\/uploads\/2024\/07\/Afiche-SPOC-Cert.-Inter.-en-Cirugia-de-la-Obesidad-y-Enfermedades-Metabolicas-1-2.png?resize=700%2C875&amp;ssl=1 700w\" sizes=\"(max-width: 1000px) 100vw, 1000px\" data-attachment-id=\"57278\" data-permalink=\"https:\/\/vivesanobrasil.org\/pb\/oferta-2\/afiche-spoc-cert-inter-en-cirugia-de-la-obesidad-y-enfermedades-metabolicas-1-2\/\" data-orig-file=\"https:\/\/i0.wp.com\/vivesanobrasil.org\/wp-content\/uploads\/2024\/07\/Afiche-SPOC-Cert.-Inter.-en-Cirugia-de-la-Obesidad-y-Enfermedades-Metabolicas-1-2.png?fit=1080%2C1350&amp;ssl=1\" data-orig-size=\"1080,1350\" data-comments-opened=\"1\" data-image-meta=\"{&quot;aperture&quot;:&quot;0&quot;,&quot;credit&quot;:&quot;&quot;,&quot;camera&quot;:&quot;&quot;,&quot;caption&quot;:&quot;&quot;,&quot;created_timestamp&quot;:&quot;0&quot;,&quot;copyright&quot;:&quot;&quot;,&quot;focal_length&quot;:&quot;0&quot;,&quot;iso&quot;:&quot;0&quot;,&quot;shutter_speed&quot;:&quot;0&quot;,&quot;title&quot;:&quot;&quot;,&quot;orientation&quot;:&quot;0&quot;}\" data-image-title=\"Afiche &amp;#8211; SPOC Cert. Inter. en Cirug\u00eda de la Obesidad y Enfermedades Metab\u00f3licas (1) (2)\" data-image-description=\"\" data-image-caption=\"\" data-large-file=\"https:\/\/i0.wp.com\/vivesanobrasil.org\/wp-content\/uploads\/2024\/07\/Afiche-SPOC-Cert.-Inter.-en-Cirugia-de-la-Obesidad-y-Enfermedades-Metabolicas-1-2.png?fit=819%2C1024&amp;ssl=1\" \/>\t\t\t\t\t\t\t\t<\/a>\n\t\t\t\t\t\t\t\t\t\t\t\t\t<\/div>\n\t\t\t\t<\/div>\n\t\t\t\t<div class=\"elementor-element elementor-element-644ee0f elementor-widget elementor-widget-image\" data-id=\"644ee0f\" data-element_type=\"widget\" data-widget_type=\"image.default\">\n\t\t\t\t<div class=\"elementor-widget-container\">\n\t\t\t\t\t\t\t\t\t\t\t\t\t\t<a href=\"https:\/\/vivesanobrasil.org\/pb\/curso-internacional-de-inteligencia-artificial-y-nutricion-inicio-inmediato\/\" target=\"_blank\">\n\t\t\t\t\t\t\t<img loading=\"lazy\" decoding=\"async\" data-attachment-id=\"57282\" data-permalink=\"https:\/\/vivesanobrasil.org\/pb\/oferta-2\/afiche-curso-internacional-de-inteligencia-artificial-y-nutricion-3\/\" data-orig-file=\"https:\/\/i0.wp.com\/vivesanobrasil.org\/wp-content\/uploads\/2024\/07\/Afiche-Curso-Internacional-de-Inteligencia-Artificial-y-Nutricion-3.png?fit=1080%2C1350&amp;ssl=1\" data-orig-size=\"1080,1350\" data-comments-opened=\"1\" data-image-meta=\"{&quot;aperture&quot;:&quot;0&quot;,&quot;credit&quot;:&quot;&quot;,&quot;camera&quot;:&quot;&quot;,&quot;caption&quot;:&quot;&quot;,&quot;created_timestamp&quot;:&quot;0&quot;,&quot;copyright&quot;:&quot;&quot;,&quot;focal_length&quot;:&quot;0&quot;,&quot;iso&quot;:&quot;0&quot;,&quot;shutter_speed&quot;:&quot;0&quot;,&quot;title&quot;:&quot;&quot;,&quot;orientation&quot;:&quot;0&quot;}\" data-image-title=\"Afiche &amp;#8211; Curso Internacional de Inteligencia Artificial y Nutrici\u00f3n (3)\" data-image-description=\"\" data-image-caption=\"\" data-large-file=\"https:\/\/i0.wp.com\/vivesanobrasil.org\/wp-content\/uploads\/2024\/07\/Afiche-Curso-Internacional-de-Inteligencia-Artificial-y-Nutricion-3.png?fit=819%2C1024&amp;ssl=1\" width=\"1080\" height=\"1350\" src=\"https:\/\/i0.wp.com\/vivesanobrasil.org\/wp-content\/uploads\/2024\/07\/Afiche-Curso-Internacional-de-Inteligencia-Artificial-y-Nutricion-3.png?fit=1080%2C1350&amp;ssl=1\" class=\"attachment-full size-full wp-image-57282\" alt=\"\" srcset=\"https:\/\/i0.wp.com\/vivesanobrasil.org\/wp-content\/uploads\/2024\/07\/Afiche-Curso-Internacional-de-Inteligencia-Artificial-y-Nutricion-3.png?w=1080&amp;ssl=1 1080w, https:\/\/i0.wp.com\/vivesanobrasil.org\/wp-content\/uploads\/2024\/07\/Afiche-Curso-Internacional-de-Inteligencia-Artificial-y-Nutricion-3.png?resize=240%2C300&amp;ssl=1 240w, https:\/\/i0.wp.com\/vivesanobrasil.org\/wp-content\/uploads\/2024\/07\/Afiche-Curso-Internacional-de-Inteligencia-Artificial-y-Nutricion-3.png?resize=819%2C1024&amp;ssl=1 819w, https:\/\/i0.wp.com\/vivesanobrasil.org\/wp-content\/uploads\/2024\/07\/Afiche-Curso-Internacional-de-Inteligencia-Artificial-y-Nutricion-3.png?resize=768%2C960&amp;ssl=1 768w, https:\/\/i0.wp.com\/vivesanobrasil.org\/wp-content\/uploads\/2024\/07\/Afiche-Curso-Internacional-de-Inteligencia-Artificial-y-Nutricion-3.png?resize=500%2C625&amp;ssl=1 500w, https:\/\/i0.wp.com\/vivesanobrasil.org\/wp-content\/uploads\/2024\/07\/Afiche-Curso-Internacional-de-Inteligencia-Artificial-y-Nutricion-3.png?resize=700%2C875&amp;ssl=1 700w\" sizes=\"(max-width: 1000px) 100vw, 1000px\" data-attachment-id=\"57282\" data-permalink=\"https:\/\/vivesanobrasil.org\/pb\/oferta-2\/afiche-curso-internacional-de-inteligencia-artificial-y-nutricion-3\/\" data-orig-file=\"https:\/\/i0.wp.com\/vivesanobrasil.org\/wp-content\/uploads\/2024\/07\/Afiche-Curso-Internacional-de-Inteligencia-Artificial-y-Nutricion-3.png?fit=1080%2C1350&amp;ssl=1\" data-orig-size=\"1080,1350\" data-comments-opened=\"1\" data-image-meta=\"{&quot;aperture&quot;:&quot;0&quot;,&quot;credit&quot;:&quot;&quot;,&quot;camera&quot;:&quot;&quot;,&quot;caption&quot;:&quot;&quot;,&quot;created_timestamp&quot;:&quot;0&quot;,&quot;copyright&quot;:&quot;&quot;,&quot;focal_length&quot;:&quot;0&quot;,&quot;iso&quot;:&quot;0&quot;,&quot;shutter_speed&quot;:&quot;0&quot;,&quot;title&quot;:&quot;&quot;,&quot;orientation&quot;:&quot;0&quot;}\" data-image-title=\"Afiche &amp;#8211; Curso Internacional de Inteligencia Artificial y Nutrici\u00f3n (3)\" data-image-description=\"\" data-image-caption=\"\" data-large-file=\"https:\/\/i0.wp.com\/vivesanobrasil.org\/wp-content\/uploads\/2024\/07\/Afiche-Curso-Internacional-de-Inteligencia-Artificial-y-Nutricion-3.png?fit=819%2C1024&amp;ssl=1\" \/>\t\t\t\t\t\t\t\t<\/a>\n\t\t\t\t\t\t\t\t\t\t\t\t\t<\/div>\n\t\t\t\t<\/div>\n\t\t\t\t\t<\/div>\n\t\t<\/div>\n\t\t\t\t<div class=\"elementor-column elementor-col-25 elementor-inner-column elementor-element elementor-element-277b2b9\" data-id=\"277b2b9\" data-element_type=\"column\">\n\t\t\t<div class=\"elementor-widget-wrap elementor-element-populated\">\n\t\t\t\t\t\t<div class=\"elementor-element elementor-element-fe22844 elementor-widget elementor-widget-image\" data-id=\"fe22844\" data-element_type=\"widget\" data-widget_type=\"image.default\">\n\t\t\t\t<div class=\"elementor-widget-container\">\n\t\t\t\t\t\t\t\t\t\t\t\t\t\t<a href=\"https:\/\/vivesanobrasil.org\/pb\/curso-suplementacion-en-nutricion-deportiva-inicio-inmediato\/\" target=\"_blank\">\n\t\t\t\t\t\t\t<img loading=\"lazy\" decoding=\"async\" data-attachment-id=\"56047\" data-permalink=\"https:\/\/vivesanobrasil.org\/pb\/curso-suplementacion-en-nutricion-deportiva-inicio-inmediato\/_afiche-suplementacion-deportiva-spoc\/\" data-orig-file=\"https:\/\/i0.wp.com\/vivesanobrasil.org\/wp-content\/uploads\/2024\/04\/Afiche-Suplementacion-Deportiva-SPOC-.png?fit=1080%2C1350&amp;ssl=1\" data-orig-size=\"1080,1350\" data-comments-opened=\"1\" data-image-meta=\"{&quot;aperture&quot;:&quot;0&quot;,&quot;credit&quot;:&quot;&quot;,&quot;camera&quot;:&quot;&quot;,&quot;caption&quot;:&quot;&quot;,&quot;created_timestamp&quot;:&quot;0&quot;,&quot;copyright&quot;:&quot;&quot;,&quot;focal_length&quot;:&quot;0&quot;,&quot;iso&quot;:&quot;0&quot;,&quot;shutter_speed&quot;:&quot;0&quot;,&quot;title&quot;:&quot;&quot;,&quot;orientation&quot;:&quot;0&quot;}\" data-image-title=\"_Afiche &amp;#8211; Suplementaci\u00f3n Deportiva &amp;#8211; SPOC\" data-image-description=\"\" data-image-caption=\"\" data-large-file=\"https:\/\/i0.wp.com\/vivesanobrasil.org\/wp-content\/uploads\/2024\/04\/Afiche-Suplementacion-Deportiva-SPOC-.png?fit=819%2C1024&amp;ssl=1\" width=\"1080\" height=\"1350\" src=\"https:\/\/i0.wp.com\/vivesanobrasil.org\/wp-content\/uploads\/2024\/04\/Afiche-Suplementacion-Deportiva-SPOC-.png?fit=1080%2C1350&amp;ssl=1\" class=\"attachment-full size-full wp-image-56047\" alt=\"\" srcset=\"https:\/\/i0.wp.com\/vivesanobrasil.org\/wp-content\/uploads\/2024\/04\/Afiche-Suplementacion-Deportiva-SPOC-.png?w=1080&amp;ssl=1 1080w, https:\/\/i0.wp.com\/vivesanobrasil.org\/wp-content\/uploads\/2024\/04\/Afiche-Suplementacion-Deportiva-SPOC-.png?resize=240%2C300&amp;ssl=1 240w, https:\/\/i0.wp.com\/vivesanobrasil.org\/wp-content\/uploads\/2024\/04\/Afiche-Suplementacion-Deportiva-SPOC-.png?resize=819%2C1024&amp;ssl=1 819w, https:\/\/i0.wp.com\/vivesanobrasil.org\/wp-content\/uploads\/2024\/04\/Afiche-Suplementacion-Deportiva-SPOC-.png?resize=768%2C960&amp;ssl=1 768w, https:\/\/i0.wp.com\/vivesanobrasil.org\/wp-content\/uploads\/2024\/04\/Afiche-Suplementacion-Deportiva-SPOC-.png?resize=48%2C60&amp;ssl=1 48w, https:\/\/i0.wp.com\/vivesanobrasil.org\/wp-content\/uploads\/2024\/04\/Afiche-Suplementacion-Deportiva-SPOC-.png?resize=500%2C625&amp;ssl=1 500w, https:\/\/i0.wp.com\/vivesanobrasil.org\/wp-content\/uploads\/2024\/04\/Afiche-Suplementacion-Deportiva-SPOC-.png?resize=700%2C875&amp;ssl=1 700w\" sizes=\"(max-width: 1000px) 100vw, 1000px\" data-attachment-id=\"56047\" data-permalink=\"https:\/\/vivesanobrasil.org\/pb\/curso-suplementacion-en-nutricion-deportiva-inicio-inmediato\/_afiche-suplementacion-deportiva-spoc\/\" data-orig-file=\"https:\/\/i0.wp.com\/vivesanobrasil.org\/wp-content\/uploads\/2024\/04\/Afiche-Suplementacion-Deportiva-SPOC-.png?fit=1080%2C1350&amp;ssl=1\" data-orig-size=\"1080,1350\" data-comments-opened=\"1\" data-image-meta=\"{&quot;aperture&quot;:&quot;0&quot;,&quot;credit&quot;:&quot;&quot;,&quot;camera&quot;:&quot;&quot;,&quot;caption&quot;:&quot;&quot;,&quot;created_timestamp&quot;:&quot;0&quot;,&quot;copyright&quot;:&quot;&quot;,&quot;focal_length&quot;:&quot;0&quot;,&quot;iso&quot;:&quot;0&quot;,&quot;shutter_speed&quot;:&quot;0&quot;,&quot;title&quot;:&quot;&quot;,&quot;orientation&quot;:&quot;0&quot;}\" data-image-title=\"_Afiche &amp;#8211; Suplementaci\u00f3n Deportiva &amp;#8211; SPOC\" data-image-description=\"\" data-image-caption=\"\" data-large-file=\"https:\/\/i0.wp.com\/vivesanobrasil.org\/wp-content\/uploads\/2024\/04\/Afiche-Suplementacion-Deportiva-SPOC-.png?fit=819%2C1024&amp;ssl=1\" \/>\t\t\t\t\t\t\t\t<\/a>\n\t\t\t\t\t\t\t\t\t\t\t\t\t<\/div>\n\t\t\t\t<\/div>\n\t\t\t\t<div class=\"elementor-element elementor-element-e2180b2 elementor-widget elementor-widget-image\" data-id=\"e2180b2\" data-element_type=\"widget\" data-widget_type=\"image.default\">\n\t\t\t\t<div class=\"elementor-widget-container\">\n\t\t\t\t\t\t\t\t\t\t\t\t\t\t<a href=\"https:\/\/vivesanobrasil.org\/pb\/certificacion-internacional-en-gestion-de-contenido-y-marketing-digital-crea-tu-marca-personal-desde-cero-inicio-inmediato\/\" target=\"_blank\">\n\t\t\t\t\t\t\t<img loading=\"lazy\" decoding=\"async\" data-attachment-id=\"57027\" data-permalink=\"https:\/\/vivesanobrasil.org\/pb\/oferta-2\/afiche-cert-gestion-de-contenido-y-marketing-digital\/\" data-orig-file=\"https:\/\/i0.wp.com\/vivesanobrasil.org\/wp-content\/uploads\/2024\/06\/Afiche-cert.-Gestion-de-Contenido-y-Marketing-Digital.png?fit=1080%2C1350&amp;ssl=1\" data-orig-size=\"1080,1350\" data-comments-opened=\"1\" data-image-meta=\"{&quot;aperture&quot;:&quot;0&quot;,&quot;credit&quot;:&quot;&quot;,&quot;camera&quot;:&quot;&quot;,&quot;caption&quot;:&quot;&quot;,&quot;created_timestamp&quot;:&quot;0&quot;,&quot;copyright&quot;:&quot;&quot;,&quot;focal_length&quot;:&quot;0&quot;,&quot;iso&quot;:&quot;0&quot;,&quot;shutter_speed&quot;:&quot;0&quot;,&quot;title&quot;:&quot;&quot;,&quot;orientation&quot;:&quot;0&quot;}\" data-image-title=\"Afiche &amp;#8211; cert. Gesti\u00f3n de Contenido y Marketing Digital\" data-image-description=\"\" data-image-caption=\"\" data-large-file=\"https:\/\/i0.wp.com\/vivesanobrasil.org\/wp-content\/uploads\/2024\/06\/Afiche-cert.-Gestion-de-Contenido-y-Marketing-Digital.png?fit=819%2C1024&amp;ssl=1\" width=\"1080\" height=\"1350\" src=\"https:\/\/i0.wp.com\/vivesanobrasil.org\/wp-content\/uploads\/2024\/06\/Afiche-cert.-Gestion-de-Contenido-y-Marketing-Digital.png?fit=1080%2C1350&amp;ssl=1\" class=\"attachment-full size-full wp-image-57027\" alt=\"\" srcset=\"https:\/\/i0.wp.com\/vivesanobrasil.org\/wp-content\/uploads\/2024\/06\/Afiche-cert.-Gestion-de-Contenido-y-Marketing-Digital.png?w=1080&amp;ssl=1 1080w, https:\/\/i0.wp.com\/vivesanobrasil.org\/wp-content\/uploads\/2024\/06\/Afiche-cert.-Gestion-de-Contenido-y-Marketing-Digital.png?resize=240%2C300&amp;ssl=1 240w, https:\/\/i0.wp.com\/vivesanobrasil.org\/wp-content\/uploads\/2024\/06\/Afiche-cert.-Gestion-de-Contenido-y-Marketing-Digital.png?resize=819%2C1024&amp;ssl=1 819w, https:\/\/i0.wp.com\/vivesanobrasil.org\/wp-content\/uploads\/2024\/06\/Afiche-cert.-Gestion-de-Contenido-y-Marketing-Digital.png?resize=768%2C960&amp;ssl=1 768w, https:\/\/i0.wp.com\/vivesanobrasil.org\/wp-content\/uploads\/2024\/06\/Afiche-cert.-Gestion-de-Contenido-y-Marketing-Digital.png?resize=500%2C625&amp;ssl=1 500w, https:\/\/i0.wp.com\/vivesanobrasil.org\/wp-content\/uploads\/2024\/06\/Afiche-cert.-Gestion-de-Contenido-y-Marketing-Digital.png?resize=700%2C875&amp;ssl=1 700w\" sizes=\"(max-width: 1000px) 100vw, 1000px\" data-attachment-id=\"57027\" data-permalink=\"https:\/\/vivesanobrasil.org\/pb\/oferta-2\/afiche-cert-gestion-de-contenido-y-marketing-digital\/\" data-orig-file=\"https:\/\/i0.wp.com\/vivesanobrasil.org\/wp-content\/uploads\/2024\/06\/Afiche-cert.-Gestion-de-Contenido-y-Marketing-Digital.png?fit=1080%2C1350&amp;ssl=1\" data-orig-size=\"1080,1350\" data-comments-opened=\"1\" data-image-meta=\"{&quot;aperture&quot;:&quot;0&quot;,&quot;credit&quot;:&quot;&quot;,&quot;camera&quot;:&quot;&quot;,&quot;caption&quot;:&quot;&quot;,&quot;created_timestamp&quot;:&quot;0&quot;,&quot;copyright&quot;:&quot;&quot;,&quot;focal_length&quot;:&quot;0&quot;,&quot;iso&quot;:&quot;0&quot;,&quot;shutter_speed&quot;:&quot;0&quot;,&quot;title&quot;:&quot;&quot;,&quot;orientation&quot;:&quot;0&quot;}\" data-image-title=\"Afiche &amp;#8211; cert. Gesti\u00f3n de Contenido y Marketing Digital\" data-image-description=\"\" data-image-caption=\"\" data-large-file=\"https:\/\/i0.wp.com\/vivesanobrasil.org\/wp-content\/uploads\/2024\/06\/Afiche-cert.-Gestion-de-Contenido-y-Marketing-Digital.png?fit=819%2C1024&amp;ssl=1\" \/>\t\t\t\t\t\t\t\t<\/a>\n\t\t\t\t\t\t\t\t\t\t\t\t\t<\/div>\n\t\t\t\t<\/div>\n\t\t\t\t<div class=\"elementor-element elementor-element-c9a69e5 elementor-widget elementor-widget-image\" data-id=\"c9a69e5\" data-element_type=\"widget\" data-widget_type=\"image.default\">\n\t\t\t\t<div class=\"elementor-widget-container\">\n\t\t\t\t\t\t\t\t\t\t\t\t\t\t<a href=\"https:\/\/vivesanobrasil.org\/pb\/certificacion-internacional-en-nutricion-funcional-inicio-inmediato\" target=\"_blank\">\n\t\t\t\t\t\t\t<img loading=\"lazy\" decoding=\"async\" data-attachment-id=\"57981\" data-permalink=\"https:\/\/vivesanobrasil.org\/pb\/oferta-2\/afiche-cert-en-nutricion-funcional-spoc\/\" data-orig-file=\"https:\/\/i0.wp.com\/vivesanobrasil.org\/wp-content\/uploads\/2024\/09\/Afiche-Cert.-en-Nutricion-Funcional-SPOC.png?fit=1080%2C1350&amp;ssl=1\" data-orig-size=\"1080,1350\" data-comments-opened=\"1\" data-image-meta=\"{&quot;aperture&quot;:&quot;0&quot;,&quot;credit&quot;:&quot;&quot;,&quot;camera&quot;:&quot;&quot;,&quot;caption&quot;:&quot;&quot;,&quot;created_timestamp&quot;:&quot;0&quot;,&quot;copyright&quot;:&quot;&quot;,&quot;focal_length&quot;:&quot;0&quot;,&quot;iso&quot;:&quot;0&quot;,&quot;shutter_speed&quot;:&quot;0&quot;,&quot;title&quot;:&quot;&quot;,&quot;orientation&quot;:&quot;0&quot;}\" data-image-title=\"Afiche &amp;#8211; Cert. en Nutrici\u00f3n Funcional &amp;#8211; SPOC\" data-image-description=\"\" data-image-caption=\"\" data-large-file=\"https:\/\/i0.wp.com\/vivesanobrasil.org\/wp-content\/uploads\/2024\/09\/Afiche-Cert.-en-Nutricion-Funcional-SPOC.png?fit=819%2C1024&amp;ssl=1\" width=\"1080\" height=\"1350\" src=\"https:\/\/i0.wp.com\/vivesanobrasil.org\/wp-content\/uploads\/2024\/09\/Afiche-Cert.-en-Nutricion-Funcional-SPOC.png?fit=1080%2C1350&amp;ssl=1\" class=\"attachment-full size-full wp-image-57981\" alt=\"\" srcset=\"https:\/\/i0.wp.com\/vivesanobrasil.org\/wp-content\/uploads\/2024\/09\/Afiche-Cert.-en-Nutricion-Funcional-SPOC.png?w=1080&amp;ssl=1 1080w, https:\/\/i0.wp.com\/vivesanobrasil.org\/wp-content\/uploads\/2024\/09\/Afiche-Cert.-en-Nutricion-Funcional-SPOC.png?resize=240%2C300&amp;ssl=1 240w, https:\/\/i0.wp.com\/vivesanobrasil.org\/wp-content\/uploads\/2024\/09\/Afiche-Cert.-en-Nutricion-Funcional-SPOC.png?resize=819%2C1024&amp;ssl=1 819w, https:\/\/i0.wp.com\/vivesanobrasil.org\/wp-content\/uploads\/2024\/09\/Afiche-Cert.-en-Nutricion-Funcional-SPOC.png?resize=768%2C960&amp;ssl=1 768w, https:\/\/i0.wp.com\/vivesanobrasil.org\/wp-content\/uploads\/2024\/09\/Afiche-Cert.-en-Nutricion-Funcional-SPOC.png?resize=500%2C625&amp;ssl=1 500w, https:\/\/i0.wp.com\/vivesanobrasil.org\/wp-content\/uploads\/2024\/09\/Afiche-Cert.-en-Nutricion-Funcional-SPOC.png?resize=700%2C875&amp;ssl=1 700w\" sizes=\"(max-width: 1000px) 100vw, 1000px\" data-attachment-id=\"57981\" data-permalink=\"https:\/\/vivesanobrasil.org\/pb\/oferta-2\/afiche-cert-en-nutricion-funcional-spoc\/\" data-orig-file=\"https:\/\/i0.wp.com\/vivesanobrasil.org\/wp-content\/uploads\/2024\/09\/Afiche-Cert.-en-Nutricion-Funcional-SPOC.png?fit=1080%2C1350&amp;ssl=1\" data-orig-size=\"1080,1350\" data-comments-opened=\"1\" data-image-meta=\"{&quot;aperture&quot;:&quot;0&quot;,&quot;credit&quot;:&quot;&quot;,&quot;camera&quot;:&quot;&quot;,&quot;caption&quot;:&quot;&quot;,&quot;created_timestamp&quot;:&quot;0&quot;,&quot;copyright&quot;:&quot;&quot;,&quot;focal_length&quot;:&quot;0&quot;,&quot;iso&quot;:&quot;0&quot;,&quot;shutter_speed&quot;:&quot;0&quot;,&quot;title&quot;:&quot;&quot;,&quot;orientation&quot;:&quot;0&quot;}\" data-image-title=\"Afiche &amp;#8211; Cert. en Nutrici\u00f3n Funcional &amp;#8211; SPOC\" data-image-description=\"\" data-image-caption=\"\" data-large-file=\"https:\/\/i0.wp.com\/vivesanobrasil.org\/wp-content\/uploads\/2024\/09\/Afiche-Cert.-en-Nutricion-Funcional-SPOC.png?fit=819%2C1024&amp;ssl=1\" \/>\t\t\t\t\t\t\t\t<\/a>\n\t\t\t\t\t\t\t\t\t\t\t\t\t<\/div>\n\t\t\t\t<\/div>\n\t\t\t\t\t<\/div>\n\t\t<\/div>\n\t\t\t\t\t<\/div>\n\t\t<\/section>\n\t\t\t\t<div class=\"elementor-element elementor-element-5dd2c72 elementor-hidden-mobile elementor-hidden-desktop elementor-hidden-tablet elementor-widget elementor-widget-image\" data-id=\"5dd2c72\" data-element_type=\"widget\" data-widget_type=\"image.default\">\n\t\t\t\t<div class=\"elementor-widget-container\">\n\t\t\t\t\t\t\t\t\t\t\t\t\t<img decoding=\"async\" src=\"https:\/\/i0.wp.com\/vivesanobrasil.org\/wp-content\/uploads\/2023\/09\/Webinar-Gratuitos.png?fit=3600%2C119&#038;ssl=1\" title=\"Webinar Gratuitos\" alt=\"Webinar Gratuitos\" loading=\"lazy\" \/>\t\t\t\t\t\t\t\t\t\t\t\t\t<\/div>\n\t\t\t\t<\/div>\n\t\t\t\t<section class=\"elementor-section elementor-inner-section elementor-element elementor-element-c06fa14 elementor-section-full_width elementor-hidden-mobile elementor-hidden-desktop elementor-hidden-tablet elementor-section-height-default elementor-section-height-default\" data-id=\"c06fa14\" data-element_type=\"section\">\n\t\t\t\t\t\t<div class=\"elementor-container elementor-column-gap-default\">\n\t\t\t\t\t<div class=\"elementor-column elementor-col-25 elementor-inner-column elementor-element elementor-element-e902949\" data-id=\"e902949\" data-element_type=\"column\">\n\t\t\t<div class=\"elementor-widget-wrap elementor-element-populated\">\n\t\t\t\t\t\t<div class=\"elementor-element elementor-element-be0dcb2 elementor-widget elementor-widget-image\" data-id=\"be0dcb2\" data-element_type=\"widget\" data-widget_type=\"image.default\">\n\t\t\t\t<div class=\"elementor-widget-container\">\n\t\t\t\t\t\t\t\t\t\t\t\t\t\t<a href=\"https:\/\/vivesanobrasil.org\/pb\/workshop-en-nutricion-deportiva-de-la-preparacion-a-la-recuperacion-claves-nutricionales-para-mejorar-el-rendimiento\/\" target=\"_blank\">\n\t\t\t\t\t\t\t<img loading=\"lazy\" decoding=\"async\" data-attachment-id=\"56398\" data-permalink=\"https:\/\/vivesanobrasil.org\/pb\/workshop-en-nutricion-deportiva-de-la-preparacion-a-la-recuperacion-claves-nutricionales-para-mejorar-el-rendimiento\/1-5-2\/\" data-orig-file=\"https:\/\/i0.wp.com\/vivesanobrasil.org\/wp-content\/uploads\/2024\/05\/1-5.png?fit=2025%2C2531&amp;ssl=1\" data-orig-size=\"2025,2531\" data-comments-opened=\"1\" data-image-meta=\"{&quot;aperture&quot;:&quot;0&quot;,&quot;credit&quot;:&quot;&quot;,&quot;camera&quot;:&quot;&quot;,&quot;caption&quot;:&quot;&quot;,&quot;created_timestamp&quot;:&quot;0&quot;,&quot;copyright&quot;:&quot;&quot;,&quot;focal_length&quot;:&quot;0&quot;,&quot;iso&quot;:&quot;0&quot;,&quot;shutter_speed&quot;:&quot;0&quot;,&quot;title&quot;:&quot;&quot;,&quot;orientation&quot;:&quot;0&quot;}\" data-image-title=\"1 (5)\" data-image-description=\"\" data-image-caption=\"\" data-large-file=\"https:\/\/i0.wp.com\/vivesanobrasil.org\/wp-content\/uploads\/2024\/05\/1-5.png?fit=819%2C1024&amp;ssl=1\" width=\"2025\" height=\"2531\" src=\"https:\/\/i0.wp.com\/vivesanobrasil.org\/wp-content\/uploads\/2024\/05\/1-5.png?fit=2025%2C2531&amp;ssl=1\" class=\"attachment-full size-full wp-image-56398\" alt=\"\" srcset=\"https:\/\/i0.wp.com\/vivesanobrasil.org\/wp-content\/uploads\/2024\/05\/1-5.png?w=2025&amp;ssl=1 2025w, https:\/\/i0.wp.com\/vivesanobrasil.org\/wp-content\/uploads\/2024\/05\/1-5.png?resize=240%2C300&amp;ssl=1 240w, https:\/\/i0.wp.com\/vivesanobrasil.org\/wp-content\/uploads\/2024\/05\/1-5.png?resize=819%2C1024&amp;ssl=1 819w, https:\/\/i0.wp.com\/vivesanobrasil.org\/wp-content\/uploads\/2024\/05\/1-5.png?resize=768%2C960&amp;ssl=1 768w, https:\/\/i0.wp.com\/vivesanobrasil.org\/wp-content\/uploads\/2024\/05\/1-5.png?resize=1229%2C1536&amp;ssl=1 1229w, https:\/\/i0.wp.com\/vivesanobrasil.org\/wp-content\/uploads\/2024\/05\/1-5.png?resize=1639%2C2048&amp;ssl=1 1639w, https:\/\/i0.wp.com\/vivesanobrasil.org\/wp-content\/uploads\/2024\/05\/1-5.png?resize=500%2C625&amp;ssl=1 500w, https:\/\/i0.wp.com\/vivesanobrasil.org\/wp-content\/uploads\/2024\/05\/1-5.png?resize=700%2C875&amp;ssl=1 700w\" sizes=\"(max-width: 1000px) 100vw, 1000px\" data-attachment-id=\"56398\" data-permalink=\"https:\/\/vivesanobrasil.org\/pb\/workshop-en-nutricion-deportiva-de-la-preparacion-a-la-recuperacion-claves-nutricionales-para-mejorar-el-rendimiento\/1-5-2\/\" data-orig-file=\"https:\/\/i0.wp.com\/vivesanobrasil.org\/wp-content\/uploads\/2024\/05\/1-5.png?fit=2025%2C2531&amp;ssl=1\" data-orig-size=\"2025,2531\" data-comments-opened=\"1\" data-image-meta=\"{&quot;aperture&quot;:&quot;0&quot;,&quot;credit&quot;:&quot;&quot;,&quot;camera&quot;:&quot;&quot;,&quot;caption&quot;:&quot;&quot;,&quot;created_timestamp&quot;:&quot;0&quot;,&quot;copyright&quot;:&quot;&quot;,&quot;focal_length&quot;:&quot;0&quot;,&quot;iso&quot;:&quot;0&quot;,&quot;shutter_speed&quot;:&quot;0&quot;,&quot;title&quot;:&quot;&quot;,&quot;orientation&quot;:&quot;0&quot;}\" data-image-title=\"1 (5)\" data-image-description=\"\" data-image-caption=\"\" data-large-file=\"https:\/\/i0.wp.com\/vivesanobrasil.org\/wp-content\/uploads\/2024\/05\/1-5.png?fit=819%2C1024&amp;ssl=1\" \/>\t\t\t\t\t\t\t\t<\/a>\n\t\t\t\t\t\t\t\t\t\t\t\t\t<\/div>\n\t\t\t\t<\/div>\n\t\t\t\t\t<\/div>\n\t\t<\/div>\n\t\t\t\t<div class=\"elementor-column elementor-col-25 elementor-inner-column elementor-element elementor-element-83f351a\" data-id=\"83f351a\" data-element_type=\"column\">\n\t\t\t<div class=\"elementor-widget-wrap\">\n\t\t\t\t\t\t\t<\/div>\n\t\t<\/div>\n\t\t\t\t<div class=\"elementor-column elementor-col-25 elementor-inner-column elementor-element elementor-element-ffce378\" data-id=\"ffce378\" data-element_type=\"column\">\n\t\t\t<div class=\"elementor-widget-wrap\">\n\t\t\t\t\t\t\t<\/div>\n\t\t<\/div>\n\t\t\t\t<div class=\"elementor-column elementor-col-25 elementor-inner-column elementor-element elementor-element-afd34ba\" data-id=\"afd34ba\" data-element_type=\"column\">\n\t\t\t<div class=\"elementor-widget-wrap\">\n\t\t\t\t\t\t\t<\/div>\n\t\t<\/div>\n\t\t\t\t\t<\/div>\n\t\t<\/section>\n\t\t\t\t<div class=\"elementor-element elementor-element-8549232 elementor-hidden-desktop elementor-hidden-tablet elementor-hidden-mobile elementor-widget elementor-widget-image\" data-id=\"8549232\" data-element_type=\"widget\" data-widget_type=\"image.default\">\n\t\t\t\t<div class=\"elementor-widget-container\">\n\t\t\t\t\t\t\t\t\t\t\t\t\t<img decoding=\"async\" src=\"https:\/\/i0.wp.com\/vivesanobrasil.org\/wp-content\/uploads\/2023\/06\/Cursos-de-Inicio-Inmediato.png?fit=3600%2C118&#038;ssl=1\" title=\"Cursos de Inicio Inmediato\" alt=\"Cursos de Inicio Inmediato\" loading=\"lazy\" \/>\t\t\t\t\t\t\t\t\t\t\t\t\t<\/div>\n\t\t\t\t<\/div>\n\t\t\t\t<div class=\"elementor-element elementor-element-358083f elementor-hidden-mobile elementor-hidden-desktop elementor-hidden-tablet elementor-widget elementor-widget-image\" data-id=\"358083f\" data-element_type=\"widget\" data-widget_type=\"image.default\">\n\t\t\t\t<div class=\"elementor-widget-container\">\n\t\t\t\t\t\t\t\t\t\t\t\t\t<img decoding=\"async\" src=\"https:\/\/i0.wp.com\/vivesanobrasil.org\/wp-content\/uploads\/2023\/01\/Cursos-Internacionales-1.png?fit=3600%2C118&#038;ssl=1\" title=\"Cursos Internacionales\" alt=\"Cursos Internacionales\" loading=\"lazy\" \/>\t\t\t\t\t\t\t\t\t\t\t\t\t<\/div>\n\t\t\t\t<\/div>\n\t\t\t\t<section class=\"elementor-section elementor-inner-section elementor-element elementor-element-2272a4b elementor-section-full_width elementor-section-height-default elementor-section-height-default\" data-id=\"2272a4b\" data-element_type=\"section\">\n\t\t\t\t\t\t<div class=\"elementor-container elementor-column-gap-default\">\n\t\t\t\t\t<div class=\"elementor-column elementor-col-25 elementor-inner-column elementor-element elementor-element-117fc7f\" data-id=\"117fc7f\" data-element_type=\"column\">\n\t\t\t<div class=\"elementor-widget-wrap\">\n\t\t\t\t\t\t\t<\/div>\n\t\t<\/div>\n\t\t\t\t<div class=\"elementor-column elementor-col-25 elementor-inner-column elementor-element elementor-element-87fb583\" data-id=\"87fb583\" data-element_type=\"column\">\n\t\t\t<div class=\"elementor-widget-wrap\">\n\t\t\t\t\t\t\t<\/div>\n\t\t<\/div>\n\t\t\t\t<div class=\"elementor-column elementor-col-25 elementor-inner-column elementor-element elementor-element-3a55182\" data-id=\"3a55182\" data-element_type=\"column\">\n\t\t\t<div class=\"elementor-widget-wrap\">\n\t\t\t\t\t\t\t<\/div>\n\t\t<\/div>\n\t\t\t\t<div class=\"elementor-column elementor-col-25 elementor-inner-column elementor-element elementor-element-8f69c6f\" data-id=\"8f69c6f\" data-element_type=\"column\">\n\t\t\t<div class=\"elementor-widget-wrap\">\n\t\t\t\t\t\t\t<\/div>\n\t\t<\/div>\n\t\t\t\t\t<\/div>\n\t\t<\/section>\n\t\t\t\t<section class=\"elementor-section elementor-inner-section elementor-element elementor-element-202da3b elementor-section-full_width elementor-hidden-desktop elementor-hidden-tablet elementor-hidden-mobile elementor-section-height-default elementor-section-height-default\" data-id=\"202da3b\" data-element_type=\"section\">\n\t\t\t\t\t\t<div class=\"elementor-container elementor-column-gap-default\">\n\t\t\t\t\t<div class=\"elementor-column elementor-col-25 elementor-inner-column elementor-element elementor-element-0daa27c\" data-id=\"0daa27c\" data-element_type=\"column\">\n\t\t\t<div class=\"elementor-widget-wrap\">\n\t\t\t\t\t\t\t<\/div>\n\t\t<\/div>\n\t\t\t\t<div class=\"elementor-column elementor-col-25 elementor-inner-column elementor-element elementor-element-e351df7\" data-id=\"e351df7\" data-element_type=\"column\">\n\t\t\t<div class=\"elementor-widget-wrap\">\n\t\t\t\t\t\t\t<\/div>\n\t\t<\/div>\n\t\t\t\t<div class=\"elementor-column elementor-col-25 elementor-inner-column elementor-element elementor-element-453c8f0\" data-id=\"453c8f0\" data-element_type=\"column\">\n\t\t\t<div class=\"elementor-widget-wrap\">\n\t\t\t\t\t\t\t<\/div>\n\t\t<\/div>\n\t\t\t\t<div class=\"elementor-column elementor-col-25 elementor-inner-column elementor-element elementor-element-f4a84f4\" data-id=\"f4a84f4\" data-element_type=\"column\">\n\t\t\t<div class=\"elementor-widget-wrap\">\n\t\t\t\t\t\t\t<\/div>\n\t\t<\/div>\n\t\t\t\t\t<\/div>\n\t\t<\/section>\n\t\t\t\t\t<\/div>\n\t\t<\/div>\n\t\t\t\t\t<\/div>\n\t\t<\/section>\n\t\t\t\t<section class=\"elementor-section elementor-top-section elementor-element elementor-element-a90f86d elementor-section-full_width elementor-hidden-desktop elementor-hidden-tablet elementor-section-height-default elementor-section-height-default\" data-id=\"a90f86d\" data-element_type=\"section\">\n\t\t\t\t\t\t<div class=\"elementor-container elementor-column-gap-no\">\n\t\t\t\t\t<div class=\"elementor-column elementor-col-100 elementor-top-column elementor-element elementor-element-157d39a\" data-id=\"157d39a\" data-element_type=\"column\">\n\t\t\t<div class=\"elementor-widget-wrap elementor-element-populated\">\n\t\t\t\t\t\t<div class=\"elementor-element elementor-element-ed0e5ca elementor-widget elementor-widget-heading\" data-id=\"ed0e5ca\" data-element_type=\"widget\" data-widget_type=\"heading.default\">\n\t\t\t\t<div class=\"elementor-widget-container\">\n\t\t\t<h1 class=\"elementor-heading-title elementor-size-xxl\">Conoce nuestros Programas Acad\u00e9micos <\/h1>\t\t<\/div>\n\t\t\t\t<\/div>\n\t\t\t\t<div class=\"elementor-element elementor-element-0726922 elementor-hidden-desktop elementor-widget elementor-widget-image\" data-id=\"0726922\" data-element_type=\"widget\" data-widget_type=\"image.default\">\n\t\t\t\t<div class=\"elementor-widget-container\">\n\t\t\t\t\t\t\t\t\t\t\t\t\t<img loading=\"lazy\" decoding=\"async\" data-attachment-id=\"53699\" data-permalink=\"https:\/\/vivesanobrasil.org\/pb\/oferta-2\/separador-especialidad-4\/\" data-orig-file=\"https:\/\/i0.wp.com\/vivesanobrasil.org\/wp-content\/uploads\/2023\/10\/Separador-especialidad-3.png?fit=1451%2C246&amp;ssl=1\" data-orig-size=\"1451,246\" data-comments-opened=\"1\" data-image-meta=\"{&quot;aperture&quot;:&quot;0&quot;,&quot;credit&quot;:&quot;&quot;,&quot;camera&quot;:&quot;&quot;,&quot;caption&quot;:&quot;&quot;,&quot;created_timestamp&quot;:&quot;0&quot;,&quot;copyright&quot;:&quot;&quot;,&quot;focal_length&quot;:&quot;0&quot;,&quot;iso&quot;:&quot;0&quot;,&quot;shutter_speed&quot;:&quot;0&quot;,&quot;title&quot;:&quot;&quot;,&quot;orientation&quot;:&quot;0&quot;}\" data-image-title=\"Separador especialidad\" data-image-description=\"\" data-image-caption=\"\" data-large-file=\"https:\/\/i0.wp.com\/vivesanobrasil.org\/wp-content\/uploads\/2023\/10\/Separador-especialidad-3.png?fit=1024%2C174&amp;ssl=1\" width=\"1451\" height=\"246\" src=\"https:\/\/i0.wp.com\/vivesanobrasil.org\/wp-content\/uploads\/2023\/10\/Separador-especialidad-3.png?fit=1451%2C246&amp;ssl=1\" class=\"attachment-full size-full wp-image-53699\" alt=\"\" srcset=\"https:\/\/i0.wp.com\/vivesanobrasil.org\/wp-content\/uploads\/2023\/10\/Separador-especialidad-3.png?w=1451&amp;ssl=1 1451w, https:\/\/i0.wp.com\/vivesanobrasil.org\/wp-content\/uploads\/2023\/10\/Separador-especialidad-3.png?resize=300%2C51&amp;ssl=1 300w, https:\/\/i0.wp.com\/vivesanobrasil.org\/wp-content\/uploads\/2023\/10\/Separador-especialidad-3.png?resize=1024%2C174&amp;ssl=1 1024w, https:\/\/i0.wp.com\/vivesanobrasil.org\/wp-content\/uploads\/2023\/10\/Separador-especialidad-3.png?resize=768%2C130&amp;ssl=1 768w, https:\/\/i0.wp.com\/vivesanobrasil.org\/wp-content\/uploads\/2023\/10\/Separador-especialidad-3.png?resize=200%2C34&amp;ssl=1 200w, https:\/\/i0.wp.com\/vivesanobrasil.org\/wp-content\/uploads\/2023\/10\/Separador-especialidad-3.png?resize=500%2C85&amp;ssl=1 500w, https:\/\/i0.wp.com\/vivesanobrasil.org\/wp-content\/uploads\/2023\/10\/Separador-especialidad-3.png?resize=700%2C119&amp;ssl=1 700w\" sizes=\"(max-width: 1000px) 100vw, 1000px\" data-attachment-id=\"53699\" data-permalink=\"https:\/\/vivesanobrasil.org\/pb\/oferta-2\/separador-especialidad-4\/\" data-orig-file=\"https:\/\/i0.wp.com\/vivesanobrasil.org\/wp-content\/uploads\/2023\/10\/Separador-especialidad-3.png?fit=1451%2C246&amp;ssl=1\" data-orig-size=\"1451,246\" data-comments-opened=\"1\" data-image-meta=\"{&quot;aperture&quot;:&quot;0&quot;,&quot;credit&quot;:&quot;&quot;,&quot;camera&quot;:&quot;&quot;,&quot;caption&quot;:&quot;&quot;,&quot;created_timestamp&quot;:&quot;0&quot;,&quot;copyright&quot;:&quot;&quot;,&quot;focal_length&quot;:&quot;0&quot;,&quot;iso&quot;:&quot;0&quot;,&quot;shutter_speed&quot;:&quot;0&quot;,&quot;title&quot;:&quot;&quot;,&quot;orientation&quot;:&quot;0&quot;}\" data-image-title=\"Separador especialidad\" data-image-description=\"\" data-image-caption=\"\" data-large-file=\"https:\/\/i0.wp.com\/vivesanobrasil.org\/wp-content\/uploads\/2023\/10\/Separador-especialidad-3.png?fit=1024%2C174&amp;ssl=1\" \/>\t\t\t\t\t\t\t\t\t\t\t\t\t<\/div>\n\t\t\t\t<\/div>\n\t\t\t\t<section class=\"elementor-section elementor-inner-section elementor-element elementor-element-31411af elementor-section-full_width elementor-hidden-desktop elementor-section-height-default elementor-section-height-default\" data-id=\"31411af\" data-element_type=\"section\">\n\t\t\t\t\t\t<div class=\"elementor-container elementor-column-gap-default\">\n\t\t\t\t\t<div class=\"elementor-column elementor-col-50 elementor-inner-column elementor-element elementor-element-c0e06cf\" data-id=\"c0e06cf\" data-element_type=\"column\">\n\t\t\t<div class=\"elementor-widget-wrap elementor-element-populated\">\n\t\t\t\t\t\t<div class=\"elementor-element elementor-element-8127251 elementor-widget elementor-widget-image\" data-id=\"8127251\" data-element_type=\"widget\" data-widget_type=\"image.default\">\n\t\t\t\t<div class=\"elementor-widget-container\">\n\t\t\t\t\t\t\t\t\t\t\t\t\t\t<a href=\"https:\/\/vivesanobrasil.org\/pb\/especializacion-en-nutricion-clinica-pediatrica-un-abordaje-integral-desde-la-infancia-hasta-la-adolescencia\/\" target=\"_blank\">\n\t\t\t\t\t\t\t<img fetchpriority=\"high\" decoding=\"async\" data-attachment-id=\"58379\" data-permalink=\"https:\/\/vivesanobrasil.org\/pb\/especializacion-en-nutricion-clinica-pediatrica-un-abordaje-integral-desde-la-infancia-hasta-la-adolescencia\/afiche-especializacion-nutricion-clinica-pediatrica\/\" data-orig-file=\"https:\/\/i0.wp.com\/vivesanobrasil.org\/wp-content\/uploads\/2024\/10\/Afiche-Especializacion-Nutricion-Clinica-Pediatrica.png?fit=1080%2C1350&amp;ssl=1\" data-orig-size=\"1080,1350\" data-comments-opened=\"1\" data-image-meta=\"{&quot;aperture&quot;:&quot;0&quot;,&quot;credit&quot;:&quot;&quot;,&quot;camera&quot;:&quot;&quot;,&quot;caption&quot;:&quot;&quot;,&quot;created_timestamp&quot;:&quot;0&quot;,&quot;copyright&quot;:&quot;&quot;,&quot;focal_length&quot;:&quot;0&quot;,&quot;iso&quot;:&quot;0&quot;,&quot;shutter_speed&quot;:&quot;0&quot;,&quot;title&quot;:&quot;&quot;,&quot;orientation&quot;:&quot;0&quot;}\" data-image-title=\"Afiche &amp;#8211; Especializaci\u00f3n Nutrici\u00f3n Cl\u00ednica Pedi\u00e1trica\" data-image-description=\"\" data-image-caption=\"\" data-large-file=\"https:\/\/i0.wp.com\/vivesanobrasil.org\/wp-content\/uploads\/2024\/10\/Afiche-Especializacion-Nutricion-Clinica-Pediatrica.png?fit=819%2C1024&amp;ssl=1\" width=\"1080\" height=\"1350\" src=\"https:\/\/i0.wp.com\/vivesanobrasil.org\/wp-content\/uploads\/2024\/10\/Afiche-Especializacion-Nutricion-Clinica-Pediatrica.png?fit=1080%2C1350&amp;ssl=1\" class=\"attachment-full size-full wp-image-58379\" alt=\"\" srcset=\"https:\/\/i0.wp.com\/vivesanobrasil.org\/wp-content\/uploads\/2024\/10\/Afiche-Especializacion-Nutricion-Clinica-Pediatrica.png?w=1080&amp;ssl=1 1080w, https:\/\/i0.wp.com\/vivesanobrasil.org\/wp-content\/uploads\/2024\/10\/Afiche-Especializacion-Nutricion-Clinica-Pediatrica.png?resize=240%2C300&amp;ssl=1 240w, https:\/\/i0.wp.com\/vivesanobrasil.org\/wp-content\/uploads\/2024\/10\/Afiche-Especializacion-Nutricion-Clinica-Pediatrica.png?resize=819%2C1024&amp;ssl=1 819w, https:\/\/i0.wp.com\/vivesanobrasil.org\/wp-content\/uploads\/2024\/10\/Afiche-Especializacion-Nutricion-Clinica-Pediatrica.png?resize=768%2C960&amp;ssl=1 768w, https:\/\/i0.wp.com\/vivesanobrasil.org\/wp-content\/uploads\/2024\/10\/Afiche-Especializacion-Nutricion-Clinica-Pediatrica.png?resize=500%2C625&amp;ssl=1 500w, https:\/\/i0.wp.com\/vivesanobrasil.org\/wp-content\/uploads\/2024\/10\/Afiche-Especializacion-Nutricion-Clinica-Pediatrica.png?resize=700%2C875&amp;ssl=1 700w\" sizes=\"(max-width: 1000px) 100vw, 1000px\" data-attachment-id=\"58379\" data-permalink=\"https:\/\/vivesanobrasil.org\/pb\/especializacion-en-nutricion-clinica-pediatrica-un-abordaje-integral-desde-la-infancia-hasta-la-adolescencia\/afiche-especializacion-nutricion-clinica-pediatrica\/\" data-orig-file=\"https:\/\/i0.wp.com\/vivesanobrasil.org\/wp-content\/uploads\/2024\/10\/Afiche-Especializacion-Nutricion-Clinica-Pediatrica.png?fit=1080%2C1350&amp;ssl=1\" data-orig-size=\"1080,1350\" data-comments-opened=\"1\" data-image-meta=\"{&quot;aperture&quot;:&quot;0&quot;,&quot;credit&quot;:&quot;&quot;,&quot;camera&quot;:&quot;&quot;,&quot;caption&quot;:&quot;&quot;,&quot;created_timestamp&quot;:&quot;0&quot;,&quot;copyright&quot;:&quot;&quot;,&quot;focal_length&quot;:&quot;0&quot;,&quot;iso&quot;:&quot;0&quot;,&quot;shutter_speed&quot;:&quot;0&quot;,&quot;title&quot;:&quot;&quot;,&quot;orientation&quot;:&quot;0&quot;}\" data-image-title=\"Afiche &amp;#8211; Especializaci\u00f3n Nutrici\u00f3n Cl\u00ednica Pedi\u00e1trica\" data-image-description=\"\" data-image-caption=\"\" data-large-file=\"https:\/\/i0.wp.com\/vivesanobrasil.org\/wp-content\/uploads\/2024\/10\/Afiche-Especializacion-Nutricion-Clinica-Pediatrica.png?fit=819%2C1024&amp;ssl=1\" \/>\t\t\t\t\t\t\t\t<\/a>\n\t\t\t\t\t\t\t\t\t\t\t\t\t<\/div>\n\t\t\t\t<\/div>\n\t\t\t\t\t<\/div>\n\t\t<\/div>\n\t\t\t\t<div class=\"elementor-column elementor-col-50 elementor-inner-column elementor-element elementor-element-f4b6547\" data-id=\"f4b6547\" data-element_type=\"column\">\n\t\t\t<div class=\"elementor-widget-wrap\">\n\t\t\t\t\t\t\t<\/div>\n\t\t<\/div>\n\t\t\t\t\t<\/div>\n\t\t<\/section>\n\t\t\t\t<div class=\"elementor-element elementor-element-e7d46f5 elementor-hidden-desktop elementor-hidden-tablet elementor-widget elementor-widget-image\" data-id=\"e7d46f5\" data-element_type=\"widget\" data-widget_type=\"image.default\">\n\t\t\t\t<div class=\"elementor-widget-container\">\n\t\t\t\t\t\t\t\t\t\t\t\t\t<img loading=\"lazy\" decoding=\"async\" data-attachment-id=\"42497\" data-permalink=\"https:\/\/vivesanobrasil.org\/pb\/oferta-2\/diplomados-2\/\" data-orig-file=\"https:\/\/i0.wp.com\/vivesanobrasil.org\/wp-content\/uploads\/2022\/09\/Diplomados-1-e1663100367616.png?fit=1573%2C248&amp;ssl=1\" data-orig-size=\"1573,248\" data-comments-opened=\"1\" data-image-meta=\"{&quot;aperture&quot;:&quot;0&quot;,&quot;credit&quot;:&quot;&quot;,&quot;camera&quot;:&quot;&quot;,&quot;caption&quot;:&quot;&quot;,&quot;created_timestamp&quot;:&quot;0&quot;,&quot;copyright&quot;:&quot;&quot;,&quot;focal_length&quot;:&quot;0&quot;,&quot;iso&quot;:&quot;0&quot;,&quot;shutter_speed&quot;:&quot;0&quot;,&quot;title&quot;:&quot;&quot;,&quot;orientation&quot;:&quot;0&quot;}\" data-image-title=\"Diplomados\" data-image-description=\"\" data-image-caption=\"\" data-large-file=\"https:\/\/i0.wp.com\/vivesanobrasil.org\/wp-content\/uploads\/2022\/09\/Diplomados-1-e1663100367616.png?fit=1024%2C161&amp;ssl=1\" width=\"1573\" height=\"248\" src=\"https:\/\/i0.wp.com\/vivesanobrasil.org\/wp-content\/uploads\/2022\/09\/Diplomados-1-e1663100367616.png?fit=1573%2C248&amp;ssl=1\" class=\"attachment-full size-full wp-image-42497\" alt=\"\" srcset=\"https:\/\/i0.wp.com\/vivesanobrasil.org\/wp-content\/uploads\/2022\/09\/Diplomados-1-e1663100367616.png?w=1573&amp;ssl=1 1573w, https:\/\/i0.wp.com\/vivesanobrasil.org\/wp-content\/uploads\/2022\/09\/Diplomados-1-e1663100367616.png?resize=300%2C47&amp;ssl=1 300w, https:\/\/i0.wp.com\/vivesanobrasil.org\/wp-content\/uploads\/2022\/09\/Diplomados-1-e1663100367616.png?resize=1024%2C161&amp;ssl=1 1024w, https:\/\/i0.wp.com\/vivesanobrasil.org\/wp-content\/uploads\/2022\/09\/Diplomados-1-e1663100367616.png?resize=768%2C121&amp;ssl=1 768w, https:\/\/i0.wp.com\/vivesanobrasil.org\/wp-content\/uploads\/2022\/09\/Diplomados-1-e1663100367616.png?resize=1536%2C242&amp;ssl=1 1536w, https:\/\/i0.wp.com\/vivesanobrasil.org\/wp-content\/uploads\/2022\/09\/Diplomados-1-e1663100367616.png?resize=200%2C32&amp;ssl=1 200w\" sizes=\"(max-width: 1000px) 100vw, 1000px\" data-attachment-id=\"42497\" data-permalink=\"https:\/\/vivesanobrasil.org\/pb\/oferta-2\/diplomados-2\/\" data-orig-file=\"https:\/\/i0.wp.com\/vivesanobrasil.org\/wp-content\/uploads\/2022\/09\/Diplomados-1-e1663100367616.png?fit=1573%2C248&amp;ssl=1\" data-orig-size=\"1573,248\" data-comments-opened=\"1\" data-image-meta=\"{&quot;aperture&quot;:&quot;0&quot;,&quot;credit&quot;:&quot;&quot;,&quot;camera&quot;:&quot;&quot;,&quot;caption&quot;:&quot;&quot;,&quot;created_timestamp&quot;:&quot;0&quot;,&quot;copyright&quot;:&quot;&quot;,&quot;focal_length&quot;:&quot;0&quot;,&quot;iso&quot;:&quot;0&quot;,&quot;shutter_speed&quot;:&quot;0&quot;,&quot;title&quot;:&quot;&quot;,&quot;orientation&quot;:&quot;0&quot;}\" data-image-title=\"Diplomados\" data-image-description=\"\" data-image-caption=\"\" data-large-file=\"https:\/\/i0.wp.com\/vivesanobrasil.org\/wp-content\/uploads\/2022\/09\/Diplomados-1-e1663100367616.png?fit=1024%2C161&amp;ssl=1\" \/>\t\t\t\t\t\t\t\t\t\t\t\t\t<\/div>\n\t\t\t\t<\/div>\n\t\t\t\t<section class=\"elementor-section elementor-inner-section elementor-element elementor-element-d4cb32d elementor-section-full_width elementor-hidden-desktop elementor-hidden-tablet elementor-section-height-default elementor-section-height-default\" data-id=\"d4cb32d\" data-element_type=\"section\">\n\t\t\t\t\t\t<div class=\"elementor-container elementor-column-gap-default\">\n\t\t\t\t\t<div class=\"elementor-column elementor-col-50 elementor-inner-column elementor-element elementor-element-8343bc1\" data-id=\"8343bc1\" data-element_type=\"column\">\n\t\t\t<div class=\"elementor-widget-wrap elementor-element-populated\">\n\t\t\t\t\t\t<div class=\"elementor-element elementor-element-c429915 elementor-widget elementor-widget-image\" data-id=\"c429915\" data-element_type=\"widget\" data-widget_type=\"image.default\">\n\t\t\t\t<div class=\"elementor-widget-container\">\n\t\t\t\t\t\t\t\t\t\t\t\t\t\t<a href=\"https:\/\/vivesanobrasil.org\/pb\/diplomado-en-nutricion-clinica-spoc\/\" target=\"_blank\">\n\t\t\t\t\t\t\t<img decoding=\"async\" data-attachment-id=\"54255\" data-permalink=\"https:\/\/vivesanobrasil.org\/pb\/diplomado-en-nutricion-clinica-spoc\/afiche-nutricion-clinica-spoc\/\" data-orig-file=\"https:\/\/i0.wp.com\/vivesanobrasil.org\/wp-content\/uploads\/2023\/12\/Afiche-Nutricion-Clinica-SPOC.png?fit=1080%2C1350&amp;ssl=1\" data-orig-size=\"1080,1350\" data-comments-opened=\"1\" data-image-meta=\"{&quot;aperture&quot;:&quot;0&quot;,&quot;credit&quot;:&quot;&quot;,&quot;camera&quot;:&quot;&quot;,&quot;caption&quot;:&quot;&quot;,&quot;created_timestamp&quot;:&quot;0&quot;,&quot;copyright&quot;:&quot;&quot;,&quot;focal_length&quot;:&quot;0&quot;,&quot;iso&quot;:&quot;0&quot;,&quot;shutter_speed&quot;:&quot;0&quot;,&quot;title&quot;:&quot;&quot;,&quot;orientation&quot;:&quot;0&quot;}\" data-image-title=\"Afiche &amp;#8211; Nutrici\u00f3n Cl\u00ednica SPOC\" data-image-description=\"\" data-image-caption=\"\" data-large-file=\"https:\/\/i0.wp.com\/vivesanobrasil.org\/wp-content\/uploads\/2023\/12\/Afiche-Nutricion-Clinica-SPOC.png?fit=819%2C1024&amp;ssl=1\" width=\"1080\" height=\"1350\" src=\"https:\/\/i0.wp.com\/vivesanobrasil.org\/wp-content\/uploads\/2023\/12\/Afiche-Nutricion-Clinica-SPOC.png?fit=1080%2C1350&amp;ssl=1\" class=\"attachment-full size-full wp-image-54255\" alt=\"\" srcset=\"https:\/\/i0.wp.com\/vivesanobrasil.org\/wp-content\/uploads\/2023\/12\/Afiche-Nutricion-Clinica-SPOC.png?w=1080&amp;ssl=1 1080w, https:\/\/i0.wp.com\/vivesanobrasil.org\/wp-content\/uploads\/2023\/12\/Afiche-Nutricion-Clinica-SPOC.png?resize=240%2C300&amp;ssl=1 240w, https:\/\/i0.wp.com\/vivesanobrasil.org\/wp-content\/uploads\/2023\/12\/Afiche-Nutricion-Clinica-SPOC.png?resize=819%2C1024&amp;ssl=1 819w, https:\/\/i0.wp.com\/vivesanobrasil.org\/wp-content\/uploads\/2023\/12\/Afiche-Nutricion-Clinica-SPOC.png?resize=768%2C960&amp;ssl=1 768w, https:\/\/i0.wp.com\/vivesanobrasil.org\/wp-content\/uploads\/2023\/12\/Afiche-Nutricion-Clinica-SPOC.png?resize=48%2C60&amp;ssl=1 48w, https:\/\/i0.wp.com\/vivesanobrasil.org\/wp-content\/uploads\/2023\/12\/Afiche-Nutricion-Clinica-SPOC.png?resize=500%2C625&amp;ssl=1 500w, https:\/\/i0.wp.com\/vivesanobrasil.org\/wp-content\/uploads\/2023\/12\/Afiche-Nutricion-Clinica-SPOC.png?resize=700%2C875&amp;ssl=1 700w\" sizes=\"(max-width: 1000px) 100vw, 1000px\" data-attachment-id=\"54255\" data-permalink=\"https:\/\/vivesanobrasil.org\/pb\/diplomado-en-nutricion-clinica-spoc\/afiche-nutricion-clinica-spoc\/\" data-orig-file=\"https:\/\/i0.wp.com\/vivesanobrasil.org\/wp-content\/uploads\/2023\/12\/Afiche-Nutricion-Clinica-SPOC.png?fit=1080%2C1350&amp;ssl=1\" data-orig-size=\"1080,1350\" data-comments-opened=\"1\" data-image-meta=\"{&quot;aperture&quot;:&quot;0&quot;,&quot;credit&quot;:&quot;&quot;,&quot;camera&quot;:&quot;&quot;,&quot;caption&quot;:&quot;&quot;,&quot;created_timestamp&quot;:&quot;0&quot;,&quot;copyright&quot;:&quot;&quot;,&quot;focal_length&quot;:&quot;0&quot;,&quot;iso&quot;:&quot;0&quot;,&quot;shutter_speed&quot;:&quot;0&quot;,&quot;title&quot;:&quot;&quot;,&quot;orientation&quot;:&quot;0&quot;}\" data-image-title=\"Afiche &amp;#8211; Nutrici\u00f3n Cl\u00ednica SPOC\" data-image-description=\"\" data-image-caption=\"\" data-large-file=\"https:\/\/i0.wp.com\/vivesanobrasil.org\/wp-content\/uploads\/2023\/12\/Afiche-Nutricion-Clinica-SPOC.png?fit=819%2C1024&amp;ssl=1\" \/>\t\t\t\t\t\t\t\t<\/a>\n\t\t\t\t\t\t\t\t\t\t\t\t\t<\/div>\n\t\t\t\t<\/div>\n\t\t\t\t<div class=\"elementor-element elementor-element-6427cb2 elementor-widget elementor-widget-image\" data-id=\"6427cb2\" data-element_type=\"widget\" data-widget_type=\"image.default\">\n\t\t\t\t<div class=\"elementor-widget-container\">\n\t\t\t\t\t\t\t\t\t\t\t\t\t\t<a href=\"https:\/\/vivesanobrasil.org\/pb\/diplomado-en-nutricion-y-enfermedades-cronicas-no-transmisibles-un-enfoque-multidisciplinario-en-su-abordaje-inicio-inmediato\/\" target=\"_blank\">\n\t\t\t\t\t\t\t<img loading=\"lazy\" decoding=\"async\" data-attachment-id=\"57387\" data-permalink=\"https:\/\/vivesanobrasil.org\/pb\/diplomado-en-nutricion-y-enfermedades-cronicas-no-transmisibles-un-enfoque-multidisciplinario-en-su-abordaje-inicio-inmediato\/afiche-dip-enfermedades-cronicas-no-transmisibles-spoc-inicio-inmediato-1\/\" data-orig-file=\"https:\/\/i0.wp.com\/vivesanobrasil.org\/wp-content\/uploads\/2024\/06\/Afiche-Dip.-enfermedades-cronicas-no-transmisibles-SPOC-Inicio-Inmediato-1.png?fit=1080%2C1350&amp;ssl=1\" data-orig-size=\"1080,1350\" data-comments-opened=\"1\" data-image-meta=\"{&quot;aperture&quot;:&quot;0&quot;,&quot;credit&quot;:&quot;&quot;,&quot;camera&quot;:&quot;&quot;,&quot;caption&quot;:&quot;&quot;,&quot;created_timestamp&quot;:&quot;0&quot;,&quot;copyright&quot;:&quot;&quot;,&quot;focal_length&quot;:&quot;0&quot;,&quot;iso&quot;:&quot;0&quot;,&quot;shutter_speed&quot;:&quot;0&quot;,&quot;title&quot;:&quot;&quot;,&quot;orientation&quot;:&quot;0&quot;}\" data-image-title=\"Afiche &amp;#8211; Dip. enfermedades cr\u00f3nicas no transmisibles &amp;#8211; SPOC (Inicio Inmediato)) (1)\" data-image-description=\"\" data-image-caption=\"\" data-large-file=\"https:\/\/i0.wp.com\/vivesanobrasil.org\/wp-content\/uploads\/2024\/06\/Afiche-Dip.-enfermedades-cronicas-no-transmisibles-SPOC-Inicio-Inmediato-1.png?fit=819%2C1024&amp;ssl=1\" width=\"1080\" height=\"1350\" src=\"https:\/\/i0.wp.com\/vivesanobrasil.org\/wp-content\/uploads\/2024\/06\/Afiche-Dip.-enfermedades-cronicas-no-transmisibles-SPOC-Inicio-Inmediato-1.png?fit=1080%2C1350&amp;ssl=1\" class=\"attachment-full size-full wp-image-57387\" alt=\"\" srcset=\"https:\/\/i0.wp.com\/vivesanobrasil.org\/wp-content\/uploads\/2024\/06\/Afiche-Dip.-enfermedades-cronicas-no-transmisibles-SPOC-Inicio-Inmediato-1.png?w=1080&amp;ssl=1 1080w, https:\/\/i0.wp.com\/vivesanobrasil.org\/wp-content\/uploads\/2024\/06\/Afiche-Dip.-enfermedades-cronicas-no-transmisibles-SPOC-Inicio-Inmediato-1.png?resize=240%2C300&amp;ssl=1 240w, https:\/\/i0.wp.com\/vivesanobrasil.org\/wp-content\/uploads\/2024\/06\/Afiche-Dip.-enfermedades-cronicas-no-transmisibles-SPOC-Inicio-Inmediato-1.png?resize=819%2C1024&amp;ssl=1 819w, https:\/\/i0.wp.com\/vivesanobrasil.org\/wp-content\/uploads\/2024\/06\/Afiche-Dip.-enfermedades-cronicas-no-transmisibles-SPOC-Inicio-Inmediato-1.png?resize=768%2C960&amp;ssl=1 768w, https:\/\/i0.wp.com\/vivesanobrasil.org\/wp-content\/uploads\/2024\/06\/Afiche-Dip.-enfermedades-cronicas-no-transmisibles-SPOC-Inicio-Inmediato-1.png?resize=500%2C625&amp;ssl=1 500w, https:\/\/i0.wp.com\/vivesanobrasil.org\/wp-content\/uploads\/2024\/06\/Afiche-Dip.-enfermedades-cronicas-no-transmisibles-SPOC-Inicio-Inmediato-1.png?resize=700%2C875&amp;ssl=1 700w\" sizes=\"(max-width: 1000px) 100vw, 1000px\" data-attachment-id=\"57387\" data-permalink=\"https:\/\/vivesanobrasil.org\/pb\/diplomado-en-nutricion-y-enfermedades-cronicas-no-transmisibles-un-enfoque-multidisciplinario-en-su-abordaje-inicio-inmediato\/afiche-dip-enfermedades-cronicas-no-transmisibles-spoc-inicio-inmediato-1\/\" data-orig-file=\"https:\/\/i0.wp.com\/vivesanobrasil.org\/wp-content\/uploads\/2024\/06\/Afiche-Dip.-enfermedades-cronicas-no-transmisibles-SPOC-Inicio-Inmediato-1.png?fit=1080%2C1350&amp;ssl=1\" data-orig-size=\"1080,1350\" data-comments-opened=\"1\" data-image-meta=\"{&quot;aperture&quot;:&quot;0&quot;,&quot;credit&quot;:&quot;&quot;,&quot;camera&quot;:&quot;&quot;,&quot;caption&quot;:&quot;&quot;,&quot;created_timestamp&quot;:&quot;0&quot;,&quot;copyright&quot;:&quot;&quot;,&quot;focal_length&quot;:&quot;0&quot;,&quot;iso&quot;:&quot;0&quot;,&quot;shutter_speed&quot;:&quot;0&quot;,&quot;title&quot;:&quot;&quot;,&quot;orientation&quot;:&quot;0&quot;}\" data-image-title=\"Afiche &amp;#8211; Dip. enfermedades cr\u00f3nicas no transmisibles &amp;#8211; SPOC (Inicio Inmediato)) (1)\" data-image-description=\"\" data-image-caption=\"\" data-large-file=\"https:\/\/i0.wp.com\/vivesanobrasil.org\/wp-content\/uploads\/2024\/06\/Afiche-Dip.-enfermedades-cronicas-no-transmisibles-SPOC-Inicio-Inmediato-1.png?fit=819%2C1024&amp;ssl=1\" \/>\t\t\t\t\t\t\t\t<\/a>\n\t\t\t\t\t\t\t\t\t\t\t\t\t<\/div>\n\t\t\t\t<\/div>\n\t\t\t\t<div class=\"elementor-element elementor-element-115f9f9 elementor-widget elementor-widget-image\" data-id=\"115f9f9\" data-element_type=\"widget\" data-widget_type=\"image.default\">\n\t\t\t\t<div class=\"elementor-widget-container\">\n\t\t\t\t\t\t\t\t\t\t\t\t\t\t<a href=\"https:\/\/vivesanobrasil.org\/pb\/diplomado-en-obesidad-diagnostico-y-tratamiento-en-el-ciclo-vital-edicion-2-cohorte-1-2\" target=\"_blank\">\n\t\t\t\t\t\t\t<img loading=\"lazy\" decoding=\"async\" data-attachment-id=\"58093\" data-permalink=\"https:\/\/vivesanobrasil.org\/pb\/diplomado-en-obesidad-diagnostico-y-tratamiento-en-el-ciclo-vital-edicion-2-cohorte-1-2\/campana-promocion-obesidad-2x1_2024-09-12_10-26-33\/\" data-orig-file=\"https:\/\/i0.wp.com\/vivesanobrasil.org\/wp-content\/uploads\/2024\/09\/Campana-Promocion-Obesidad-2x1_2024-09-12_10-26-33.png?fit=1080%2C1350&amp;ssl=1\" data-orig-size=\"1080,1350\" data-comments-opened=\"1\" data-image-meta=\"{&quot;aperture&quot;:&quot;0&quot;,&quot;credit&quot;:&quot;&quot;,&quot;camera&quot;:&quot;&quot;,&quot;caption&quot;:&quot;&quot;,&quot;created_timestamp&quot;:&quot;0&quot;,&quot;copyright&quot;:&quot;&quot;,&quot;focal_length&quot;:&quot;0&quot;,&quot;iso&quot;:&quot;0&quot;,&quot;shutter_speed&quot;:&quot;0&quot;,&quot;title&quot;:&quot;&quot;,&quot;orientation&quot;:&quot;0&quot;}\" data-image-title=\"Campan\u0303a Promocio\u0301n Obesidad 2x1_2024-09-12_10-26-33\" data-image-description=\"\" data-image-caption=\"\" data-large-file=\"https:\/\/i0.wp.com\/vivesanobrasil.org\/wp-content\/uploads\/2024\/09\/Campana-Promocion-Obesidad-2x1_2024-09-12_10-26-33.png?fit=819%2C1024&amp;ssl=1\" width=\"1080\" height=\"1350\" src=\"https:\/\/i0.wp.com\/vivesanobrasil.org\/wp-content\/uploads\/2024\/09\/Campana-Promocion-Obesidad-2x1_2024-09-12_10-26-33.png?fit=1080%2C1350&amp;ssl=1\" class=\"attachment-full size-full wp-image-58093\" alt=\"\" srcset=\"https:\/\/i0.wp.com\/vivesanobrasil.org\/wp-content\/uploads\/2024\/09\/Campana-Promocion-Obesidad-2x1_2024-09-12_10-26-33.png?w=1080&amp;ssl=1 1080w, https:\/\/i0.wp.com\/vivesanobrasil.org\/wp-content\/uploads\/2024\/09\/Campana-Promocion-Obesidad-2x1_2024-09-12_10-26-33.png?resize=240%2C300&amp;ssl=1 240w, https:\/\/i0.wp.com\/vivesanobrasil.org\/wp-content\/uploads\/2024\/09\/Campana-Promocion-Obesidad-2x1_2024-09-12_10-26-33.png?resize=819%2C1024&amp;ssl=1 819w, https:\/\/i0.wp.com\/vivesanobrasil.org\/wp-content\/uploads\/2024\/09\/Campana-Promocion-Obesidad-2x1_2024-09-12_10-26-33.png?resize=768%2C960&amp;ssl=1 768w, https:\/\/i0.wp.com\/vivesanobrasil.org\/wp-content\/uploads\/2024\/09\/Campana-Promocion-Obesidad-2x1_2024-09-12_10-26-33.png?resize=500%2C625&amp;ssl=1 500w, https:\/\/i0.wp.com\/vivesanobrasil.org\/wp-content\/uploads\/2024\/09\/Campana-Promocion-Obesidad-2x1_2024-09-12_10-26-33.png?resize=700%2C875&amp;ssl=1 700w\" sizes=\"(max-width: 1000px) 100vw, 1000px\" data-attachment-id=\"58093\" data-permalink=\"https:\/\/vivesanobrasil.org\/pb\/diplomado-en-obesidad-diagnostico-y-tratamiento-en-el-ciclo-vital-edicion-2-cohorte-1-2\/campana-promocion-obesidad-2x1_2024-09-12_10-26-33\/\" data-orig-file=\"https:\/\/i0.wp.com\/vivesanobrasil.org\/wp-content\/uploads\/2024\/09\/Campana-Promocion-Obesidad-2x1_2024-09-12_10-26-33.png?fit=1080%2C1350&amp;ssl=1\" data-orig-size=\"1080,1350\" data-comments-opened=\"1\" data-image-meta=\"{&quot;aperture&quot;:&quot;0&quot;,&quot;credit&quot;:&quot;&quot;,&quot;camera&quot;:&quot;&quot;,&quot;caption&quot;:&quot;&quot;,&quot;created_timestamp&quot;:&quot;0&quot;,&quot;copyright&quot;:&quot;&quot;,&quot;focal_length&quot;:&quot;0&quot;,&quot;iso&quot;:&quot;0&quot;,&quot;shutter_speed&quot;:&quot;0&quot;,&quot;title&quot;:&quot;&quot;,&quot;orientation&quot;:&quot;0&quot;}\" data-image-title=\"Campan\u0303a Promocio\u0301n Obesidad 2x1_2024-09-12_10-26-33\" data-image-description=\"\" data-image-caption=\"\" data-large-file=\"https:\/\/i0.wp.com\/vivesanobrasil.org\/wp-content\/uploads\/2024\/09\/Campana-Promocion-Obesidad-2x1_2024-09-12_10-26-33.png?fit=819%2C1024&amp;ssl=1\" \/>\t\t\t\t\t\t\t\t<\/a>\n\t\t\t\t\t\t\t\t\t\t\t\t\t<\/div>\n\t\t\t\t<\/div>\n\t\t\t\t\t<\/div>\n\t\t<\/div>\n\t\t\t\t<div class=\"elementor-column elementor-col-50 elementor-inner-column elementor-element elementor-element-a76733c\" data-id=\"a76733c\" data-element_type=\"column\">\n\t\t\t<div class=\"elementor-widget-wrap elementor-element-populated\">\n\t\t\t\t\t\t<div class=\"elementor-element elementor-element-fc35990 elementor-widget elementor-widget-image\" data-id=\"fc35990\" data-element_type=\"widget\" data-widget_type=\"image.default\">\n\t\t\t\t<div class=\"elementor-widget-container\">\n\t\t\t\t\t\t\t\t\t\t\t\t\t\t<a href=\"https:\/\/vivesanobrasil.org\/pb\/diplomado-endocrinologia-metabolica-c3\/\" target=\"_blank\">\n\t\t\t\t\t\t\t<img loading=\"lazy\" decoding=\"async\" data-attachment-id=\"55290\" data-permalink=\"https:\/\/vivesanobrasil.org\/pb\/oferta-2\/afiche-spoc-diplomado-endocrinologia-metabolica\/\" data-orig-file=\"https:\/\/i0.wp.com\/vivesanobrasil.org\/wp-content\/uploads\/2024\/03\/Afiche-SPOC-Diplomado-Endocrinologia-Metabolica-.png?fit=1080%2C1350&amp;ssl=1\" data-orig-size=\"1080,1350\" data-comments-opened=\"1\" data-image-meta=\"{&quot;aperture&quot;:&quot;0&quot;,&quot;credit&quot;:&quot;&quot;,&quot;camera&quot;:&quot;&quot;,&quot;caption&quot;:&quot;&quot;,&quot;created_timestamp&quot;:&quot;0&quot;,&quot;copyright&quot;:&quot;&quot;,&quot;focal_length&quot;:&quot;0&quot;,&quot;iso&quot;:&quot;0&quot;,&quot;shutter_speed&quot;:&quot;0&quot;,&quot;title&quot;:&quot;&quot;,&quot;orientation&quot;:&quot;0&quot;}\" data-image-title=\"Afiche &amp;#8211; SPOC &amp;#8211; Diplomado Endocrinologi\u0301a Metabo\u0301lica\" data-image-description=\"\" data-image-caption=\"\" data-large-file=\"https:\/\/i0.wp.com\/vivesanobrasil.org\/wp-content\/uploads\/2024\/03\/Afiche-SPOC-Diplomado-Endocrinologia-Metabolica-.png?fit=819%2C1024&amp;ssl=1\" width=\"1080\" height=\"1350\" src=\"https:\/\/i0.wp.com\/vivesanobrasil.org\/wp-content\/uploads\/2024\/03\/Afiche-SPOC-Diplomado-Endocrinologia-Metabolica-.png?fit=1080%2C1350&amp;ssl=1\" class=\"attachment-full size-full wp-image-55290\" alt=\"\" srcset=\"https:\/\/i0.wp.com\/vivesanobrasil.org\/wp-content\/uploads\/2024\/03\/Afiche-SPOC-Diplomado-Endocrinologia-Metabolica-.png?w=1080&amp;ssl=1 1080w, https:\/\/i0.wp.com\/vivesanobrasil.org\/wp-content\/uploads\/2024\/03\/Afiche-SPOC-Diplomado-Endocrinologia-Metabolica-.png?resize=240%2C300&amp;ssl=1 240w, https:\/\/i0.wp.com\/vivesanobrasil.org\/wp-content\/uploads\/2024\/03\/Afiche-SPOC-Diplomado-Endocrinologia-Metabolica-.png?resize=819%2C1024&amp;ssl=1 819w, https:\/\/i0.wp.com\/vivesanobrasil.org\/wp-content\/uploads\/2024\/03\/Afiche-SPOC-Diplomado-Endocrinologia-Metabolica-.png?resize=768%2C960&amp;ssl=1 768w, https:\/\/i0.wp.com\/vivesanobrasil.org\/wp-content\/uploads\/2024\/03\/Afiche-SPOC-Diplomado-Endocrinologia-Metabolica-.png?resize=48%2C60&amp;ssl=1 48w, https:\/\/i0.wp.com\/vivesanobrasil.org\/wp-content\/uploads\/2024\/03\/Afiche-SPOC-Diplomado-Endocrinologia-Metabolica-.png?resize=500%2C625&amp;ssl=1 500w, https:\/\/i0.wp.com\/vivesanobrasil.org\/wp-content\/uploads\/2024\/03\/Afiche-SPOC-Diplomado-Endocrinologia-Metabolica-.png?resize=700%2C875&amp;ssl=1 700w\" sizes=\"(max-width: 1000px) 100vw, 1000px\" data-attachment-id=\"55290\" data-permalink=\"https:\/\/vivesanobrasil.org\/pb\/oferta-2\/afiche-spoc-diplomado-endocrinologia-metabolica\/\" data-orig-file=\"https:\/\/i0.wp.com\/vivesanobrasil.org\/wp-content\/uploads\/2024\/03\/Afiche-SPOC-Diplomado-Endocrinologia-Metabolica-.png?fit=1080%2C1350&amp;ssl=1\" data-orig-size=\"1080,1350\" data-comments-opened=\"1\" data-image-meta=\"{&quot;aperture&quot;:&quot;0&quot;,&quot;credit&quot;:&quot;&quot;,&quot;camera&quot;:&quot;&quot;,&quot;caption&quot;:&quot;&quot;,&quot;created_timestamp&quot;:&quot;0&quot;,&quot;copyright&quot;:&quot;&quot;,&quot;focal_length&quot;:&quot;0&quot;,&quot;iso&quot;:&quot;0&quot;,&quot;shutter_speed&quot;:&quot;0&quot;,&quot;title&quot;:&quot;&quot;,&quot;orientation&quot;:&quot;0&quot;}\" data-image-title=\"Afiche &amp;#8211; SPOC &amp;#8211; Diplomado Endocrinologi\u0301a Metabo\u0301lica\" data-image-description=\"\" data-image-caption=\"\" data-large-file=\"https:\/\/i0.wp.com\/vivesanobrasil.org\/wp-content\/uploads\/2024\/03\/Afiche-SPOC-Diplomado-Endocrinologia-Metabolica-.png?fit=819%2C1024&amp;ssl=1\" \/>\t\t\t\t\t\t\t\t<\/a>\n\t\t\t\t\t\t\t\t\t\t\t\t\t<\/div>\n\t\t\t\t<\/div>\n\t\t\t\t<div class=\"elementor-element elementor-element-11b1b06 elementor-widget elementor-widget-image\" data-id=\"11b1b06\" data-element_type=\"widget\" data-widget_type=\"image.default\">\n\t\t\t\t<div class=\"elementor-widget-container\">\n\t\t\t\t\t\t\t\t\t\t\t\t\t\t<a href=\"https:\/\/vivesanobrasil.org\/pb\/diplomado-en-sistemas-de-gestion-de-calidad-en-servicios-de-alimentacion-desafio-en-la-gestion-integral-de-los-servicios-de-alimentacion\/\" target=\"_blank\">\n\t\t\t\t\t\t\t<img decoding=\"async\" data-attachment-id=\"57924\" data-permalink=\"https:\/\/vivesanobrasil.org\/pb\/oferta-2\/grafica-promocional-min\/\" data-orig-file=\"https:\/\/i0.wp.com\/vivesanobrasil.org\/wp-content\/uploads\/2024\/09\/Grafica-promocional-min.png?fit=1080%2C1350&amp;ssl=1\" data-orig-size=\"1080,1350\" data-comments-opened=\"1\" data-image-meta=\"{&quot;aperture&quot;:&quot;0&quot;,&quot;credit&quot;:&quot;&quot;,&quot;camera&quot;:&quot;&quot;,&quot;caption&quot;:&quot;&quot;,&quot;created_timestamp&quot;:&quot;0&quot;,&quot;copyright&quot;:&quot;&quot;,&quot;focal_length&quot;:&quot;0&quot;,&quot;iso&quot;:&quot;0&quot;,&quot;shutter_speed&quot;:&quot;0&quot;,&quot;title&quot;:&quot;&quot;,&quot;orientation&quot;:&quot;0&quot;}\" data-image-title=\"Gr\u00e1fica promocional-min\" data-image-description=\"\" data-image-caption=\"\" data-large-file=\"https:\/\/i0.wp.com\/vivesanobrasil.org\/wp-content\/uploads\/2024\/09\/Grafica-promocional-min.png?fit=819%2C1024&amp;ssl=1\" width=\"1080\" height=\"1350\" src=\"https:\/\/i0.wp.com\/vivesanobrasil.org\/wp-content\/uploads\/2024\/09\/Grafica-promocional-min.png?fit=1080%2C1350&amp;ssl=1\" class=\"attachment-full size-full wp-image-57924\" alt=\"\" srcset=\"https:\/\/i0.wp.com\/vivesanobrasil.org\/wp-content\/uploads\/2024\/09\/Grafica-promocional-min.png?w=1080&amp;ssl=1 1080w, https:\/\/i0.wp.com\/vivesanobrasil.org\/wp-content\/uploads\/2024\/09\/Grafica-promocional-min.png?resize=240%2C300&amp;ssl=1 240w, https:\/\/i0.wp.com\/vivesanobrasil.org\/wp-content\/uploads\/2024\/09\/Grafica-promocional-min.png?resize=819%2C1024&amp;ssl=1 819w, https:\/\/i0.wp.com\/vivesanobrasil.org\/wp-content\/uploads\/2024\/09\/Grafica-promocional-min.png?resize=768%2C960&amp;ssl=1 768w, https:\/\/i0.wp.com\/vivesanobrasil.org\/wp-content\/uploads\/2024\/09\/Grafica-promocional-min.png?resize=500%2C625&amp;ssl=1 500w, https:\/\/i0.wp.com\/vivesanobrasil.org\/wp-content\/uploads\/2024\/09\/Grafica-promocional-min.png?resize=700%2C875&amp;ssl=1 700w\" sizes=\"(max-width: 1000px) 100vw, 1000px\" data-attachment-id=\"57924\" data-permalink=\"https:\/\/vivesanobrasil.org\/pb\/oferta-2\/grafica-promocional-min\/\" data-orig-file=\"https:\/\/i0.wp.com\/vivesanobrasil.org\/wp-content\/uploads\/2024\/09\/Grafica-promocional-min.png?fit=1080%2C1350&amp;ssl=1\" data-orig-size=\"1080,1350\" data-comments-opened=\"1\" data-image-meta=\"{&quot;aperture&quot;:&quot;0&quot;,&quot;credit&quot;:&quot;&quot;,&quot;camera&quot;:&quot;&quot;,&quot;caption&quot;:&quot;&quot;,&quot;created_timestamp&quot;:&quot;0&quot;,&quot;copyright&quot;:&quot;&quot;,&quot;focal_length&quot;:&quot;0&quot;,&quot;iso&quot;:&quot;0&quot;,&quot;shutter_speed&quot;:&quot;0&quot;,&quot;title&quot;:&quot;&quot;,&quot;orientation&quot;:&quot;0&quot;}\" data-image-title=\"Gr\u00e1fica promocional-min\" data-image-description=\"\" data-image-caption=\"\" data-large-file=\"https:\/\/i0.wp.com\/vivesanobrasil.org\/wp-content\/uploads\/2024\/09\/Grafica-promocional-min.png?fit=819%2C1024&amp;ssl=1\" \/>\t\t\t\t\t\t\t\t<\/a>\n\t\t\t\t\t\t\t\t\t\t\t\t\t<\/div>\n\t\t\t\t<\/div>\n\t\t\t\t\t<\/div>\n\t\t<\/div>\n\t\t\t\t\t<\/div>\n\t\t<\/section>\n\t\t\t\t<div class=\"elementor-element elementor-element-3da892b elementor-hidden-desktop elementor-hidden-tablet elementor-widget elementor-widget-image\" data-id=\"3da892b\" data-element_type=\"widget\" data-widget_type=\"image.default\">\n\t\t\t\t<div class=\"elementor-widget-container\">\n\t\t\t\t\t\t\t\t\t\t\t\t\t<img loading=\"lazy\" decoding=\"async\" data-attachment-id=\"56284\" data-permalink=\"https:\/\/vivesanobrasil.org\/pb\/oferta-2\/experto-2\/\" data-orig-file=\"https:\/\/i0.wp.com\/vivesanobrasil.org\/wp-content\/uploads\/2024\/05\/Experto-1-e1715779604779.png?fit=1441%2C244&amp;ssl=1\" data-orig-size=\"1441,244\" data-comments-opened=\"1\" data-image-meta=\"{&quot;aperture&quot;:&quot;0&quot;,&quot;credit&quot;:&quot;&quot;,&quot;camera&quot;:&quot;&quot;,&quot;caption&quot;:&quot;&quot;,&quot;created_timestamp&quot;:&quot;0&quot;,&quot;copyright&quot;:&quot;&quot;,&quot;focal_length&quot;:&quot;0&quot;,&quot;iso&quot;:&quot;0&quot;,&quot;shutter_speed&quot;:&quot;0&quot;,&quot;title&quot;:&quot;&quot;,&quot;orientation&quot;:&quot;0&quot;}\" data-image-title=\"Experto\" data-image-description=\"\" data-image-caption=\"\" data-large-file=\"https:\/\/i0.wp.com\/vivesanobrasil.org\/wp-content\/uploads\/2024\/05\/Experto-1-e1715779604779.png?fit=1024%2C173&amp;ssl=1\" width=\"1441\" height=\"244\" src=\"https:\/\/i0.wp.com\/vivesanobrasil.org\/wp-content\/uploads\/2024\/05\/Experto-1-e1715779604779.png?fit=1441%2C244&amp;ssl=1\" class=\"attachment-full size-full wp-image-56284\" alt=\"\" srcset=\"https:\/\/i0.wp.com\/vivesanobrasil.org\/wp-content\/uploads\/2024\/05\/Experto-1-e1715779604779.png?w=1441&amp;ssl=1 1441w, https:\/\/i0.wp.com\/vivesanobrasil.org\/wp-content\/uploads\/2024\/05\/Experto-1-e1715779604779.png?resize=300%2C51&amp;ssl=1 300w, https:\/\/i0.wp.com\/vivesanobrasil.org\/wp-content\/uploads\/2024\/05\/Experto-1-e1715779604779.png?resize=1024%2C173&amp;ssl=1 1024w, https:\/\/i0.wp.com\/vivesanobrasil.org\/wp-content\/uploads\/2024\/05\/Experto-1-e1715779604779.png?resize=768%2C130&amp;ssl=1 768w, https:\/\/i0.wp.com\/vivesanobrasil.org\/wp-content\/uploads\/2024\/05\/Experto-1-e1715779604779.png?resize=500%2C85&amp;ssl=1 500w, https:\/\/i0.wp.com\/vivesanobrasil.org\/wp-content\/uploads\/2024\/05\/Experto-1-e1715779604779.png?resize=700%2C119&amp;ssl=1 700w\" sizes=\"(max-width: 1000px) 100vw, 1000px\" data-attachment-id=\"56284\" data-permalink=\"https:\/\/vivesanobrasil.org\/pb\/oferta-2\/experto-2\/\" data-orig-file=\"https:\/\/i0.wp.com\/vivesanobrasil.org\/wp-content\/uploads\/2024\/05\/Experto-1-e1715779604779.png?fit=1441%2C244&amp;ssl=1\" data-orig-size=\"1441,244\" data-comments-opened=\"1\" data-image-meta=\"{&quot;aperture&quot;:&quot;0&quot;,&quot;credit&quot;:&quot;&quot;,&quot;camera&quot;:&quot;&quot;,&quot;caption&quot;:&quot;&quot;,&quot;created_timestamp&quot;:&quot;0&quot;,&quot;copyright&quot;:&quot;&quot;,&quot;focal_length&quot;:&quot;0&quot;,&quot;iso&quot;:&quot;0&quot;,&quot;shutter_speed&quot;:&quot;0&quot;,&quot;title&quot;:&quot;&quot;,&quot;orientation&quot;:&quot;0&quot;}\" data-image-title=\"Experto\" data-image-description=\"\" data-image-caption=\"\" data-large-file=\"https:\/\/i0.wp.com\/vivesanobrasil.org\/wp-content\/uploads\/2024\/05\/Experto-1-e1715779604779.png?fit=1024%2C173&amp;ssl=1\" \/>\t\t\t\t\t\t\t\t\t\t\t\t\t<\/div>\n\t\t\t\t<\/div>\n\t\t\t\t<section class=\"elementor-section elementor-inner-section elementor-element elementor-element-93e5010 elementor-section-full_width elementor-hidden-desktop elementor-hidden-tablet elementor-section-height-default elementor-section-height-default\" data-id=\"93e5010\" data-element_type=\"section\">\n\t\t\t\t\t\t<div class=\"elementor-container elementor-column-gap-default\">\n\t\t\t\t\t<div class=\"elementor-column elementor-col-50 elementor-inner-column elementor-element elementor-element-2dbe5b2\" data-id=\"2dbe5b2\" data-element_type=\"column\">\n\t\t\t<div class=\"elementor-widget-wrap elementor-element-populated\">\n\t\t\t\t\t\t<div class=\"elementor-element elementor-element-def30dc elementor-widget elementor-widget-image\" data-id=\"def30dc\" data-element_type=\"widget\" data-widget_type=\"image.default\">\n\t\t\t\t<div class=\"elementor-widget-container\">\n\t\t\t\t\t\t\t\t\t\t\t\t\t\t<a href=\"https:\/\/vivesanobrasil.org\/pb\/postitulo-experto-en-nutricion-deportiva-curso-de-inicio-inmediato\/\" target=\"_blank\">\n\t\t\t\t\t\t\t<img loading=\"lazy\" decoding=\"async\" data-attachment-id=\"57977\" data-permalink=\"https:\/\/vivesanobrasil.org\/pb\/oferta-2\/afiche-experto-en-nutricion-deportiva-2-2\/\" data-orig-file=\"https:\/\/i0.wp.com\/vivesanobrasil.org\/wp-content\/uploads\/2024\/09\/Afiche-Experto-en-Nutricion-Deportiva-2.png?fit=1080%2C1350&amp;ssl=1\" data-orig-size=\"1080,1350\" data-comments-opened=\"1\" data-image-meta=\"{&quot;aperture&quot;:&quot;0&quot;,&quot;credit&quot;:&quot;&quot;,&quot;camera&quot;:&quot;&quot;,&quot;caption&quot;:&quot;&quot;,&quot;created_timestamp&quot;:&quot;0&quot;,&quot;copyright&quot;:&quot;&quot;,&quot;focal_length&quot;:&quot;0&quot;,&quot;iso&quot;:&quot;0&quot;,&quot;shutter_speed&quot;:&quot;0&quot;,&quot;title&quot;:&quot;&quot;,&quot;orientation&quot;:&quot;0&quot;}\" data-image-title=\"Afiche &amp;#8211; Experto en Nutrici\u00f3n Deportiva (2)\" data-image-description=\"\" data-image-caption=\"\" data-large-file=\"https:\/\/i0.wp.com\/vivesanobrasil.org\/wp-content\/uploads\/2024\/09\/Afiche-Experto-en-Nutricion-Deportiva-2.png?fit=819%2C1024&amp;ssl=1\" width=\"1080\" height=\"1350\" src=\"https:\/\/i0.wp.com\/vivesanobrasil.org\/wp-content\/uploads\/2024\/09\/Afiche-Experto-en-Nutricion-Deportiva-2.png?fit=1080%2C1350&amp;ssl=1\" class=\"attachment-full size-full wp-image-57977\" alt=\"\" srcset=\"https:\/\/i0.wp.com\/vivesanobrasil.org\/wp-content\/uploads\/2024\/09\/Afiche-Experto-en-Nutricion-Deportiva-2.png?w=1080&amp;ssl=1 1080w, https:\/\/i0.wp.com\/vivesanobrasil.org\/wp-content\/uploads\/2024\/09\/Afiche-Experto-en-Nutricion-Deportiva-2.png?resize=240%2C300&amp;ssl=1 240w, https:\/\/i0.wp.com\/vivesanobrasil.org\/wp-content\/uploads\/2024\/09\/Afiche-Experto-en-Nutricion-Deportiva-2.png?resize=819%2C1024&amp;ssl=1 819w, https:\/\/i0.wp.com\/vivesanobrasil.org\/wp-content\/uploads\/2024\/09\/Afiche-Experto-en-Nutricion-Deportiva-2.png?resize=768%2C960&amp;ssl=1 768w, https:\/\/i0.wp.com\/vivesanobrasil.org\/wp-content\/uploads\/2024\/09\/Afiche-Experto-en-Nutricion-Deportiva-2.png?resize=500%2C625&amp;ssl=1 500w, https:\/\/i0.wp.com\/vivesanobrasil.org\/wp-content\/uploads\/2024\/09\/Afiche-Experto-en-Nutricion-Deportiva-2.png?resize=700%2C875&amp;ssl=1 700w\" sizes=\"(max-width: 1000px) 100vw, 1000px\" data-attachment-id=\"57977\" data-permalink=\"https:\/\/vivesanobrasil.org\/pb\/oferta-2\/afiche-experto-en-nutricion-deportiva-2-2\/\" data-orig-file=\"https:\/\/i0.wp.com\/vivesanobrasil.org\/wp-content\/uploads\/2024\/09\/Afiche-Experto-en-Nutricion-Deportiva-2.png?fit=1080%2C1350&amp;ssl=1\" data-orig-size=\"1080,1350\" data-comments-opened=\"1\" data-image-meta=\"{&quot;aperture&quot;:&quot;0&quot;,&quot;credit&quot;:&quot;&quot;,&quot;camera&quot;:&quot;&quot;,&quot;caption&quot;:&quot;&quot;,&quot;created_timestamp&quot;:&quot;0&quot;,&quot;copyright&quot;:&quot;&quot;,&quot;focal_length&quot;:&quot;0&quot;,&quot;iso&quot;:&quot;0&quot;,&quot;shutter_speed&quot;:&quot;0&quot;,&quot;title&quot;:&quot;&quot;,&quot;orientation&quot;:&quot;0&quot;}\" data-image-title=\"Afiche &amp;#8211; Experto en Nutrici\u00f3n Deportiva (2)\" data-image-description=\"\" data-image-caption=\"\" data-large-file=\"https:\/\/i0.wp.com\/vivesanobrasil.org\/wp-content\/uploads\/2024\/09\/Afiche-Experto-en-Nutricion-Deportiva-2.png?fit=819%2C1024&amp;ssl=1\" \/>\t\t\t\t\t\t\t\t<\/a>\n\t\t\t\t\t\t\t\t\t\t\t\t\t<\/div>\n\t\t\t\t<\/div>\n\t\t\t\t\t<\/div>\n\t\t<\/div>\n\t\t\t\t<div class=\"elementor-column elementor-col-50 elementor-inner-column elementor-element elementor-element-316e423\" data-id=\"316e423\" data-element_type=\"column\">\n\t\t\t<div class=\"elementor-widget-wrap\">\n\t\t\t\t\t\t\t<\/div>\n\t\t<\/div>\n\t\t\t\t\t<\/div>\n\t\t<\/section>\n\t\t\t\t<div class=\"elementor-element elementor-element-eb1db1f elementor-widget elementor-widget-image\" data-id=\"eb1db1f\" data-element_type=\"widget\" data-widget_type=\"image.default\">\n\t\t\t\t<div class=\"elementor-widget-container\">\n\t\t\t\t\t\t\t\t\t\t\t\t\t<img loading=\"lazy\" decoding=\"async\" data-attachment-id=\"42498\" data-permalink=\"https:\/\/vivesanobrasil.org\/pb\/oferta-2\/certificaciones-3\/\" data-orig-file=\"https:\/\/i0.wp.com\/vivesanobrasil.org\/wp-content\/uploads\/2022\/09\/Certificaciones-1-e1663100334262.png?fit=1605%2C244&amp;ssl=1\" data-orig-size=\"1605,244\" data-comments-opened=\"1\" data-image-meta=\"{&quot;aperture&quot;:&quot;0&quot;,&quot;credit&quot;:&quot;&quot;,&quot;camera&quot;:&quot;&quot;,&quot;caption&quot;:&quot;&quot;,&quot;created_timestamp&quot;:&quot;0&quot;,&quot;copyright&quot;:&quot;&quot;,&quot;focal_length&quot;:&quot;0&quot;,&quot;iso&quot;:&quot;0&quot;,&quot;shutter_speed&quot;:&quot;0&quot;,&quot;title&quot;:&quot;&quot;,&quot;orientation&quot;:&quot;0&quot;}\" data-image-title=\"Certificaciones\" data-image-description=\"\" data-image-caption=\"\" data-large-file=\"https:\/\/i0.wp.com\/vivesanobrasil.org\/wp-content\/uploads\/2022\/09\/Certificaciones-1-e1663100334262.png?fit=1024%2C156&amp;ssl=1\" width=\"1605\" height=\"244\" src=\"https:\/\/i0.wp.com\/vivesanobrasil.org\/wp-content\/uploads\/2022\/09\/Certificaciones-1-e1663100334262.png?fit=1605%2C244&amp;ssl=1\" class=\"attachment-full size-full wp-image-42498\" alt=\"\" srcset=\"https:\/\/i0.wp.com\/vivesanobrasil.org\/wp-content\/uploads\/2022\/09\/Certificaciones-1-e1663100334262.png?w=1605&amp;ssl=1 1605w, https:\/\/i0.wp.com\/vivesanobrasil.org\/wp-content\/uploads\/2022\/09\/Certificaciones-1-e1663100334262.png?resize=300%2C46&amp;ssl=1 300w, https:\/\/i0.wp.com\/vivesanobrasil.org\/wp-content\/uploads\/2022\/09\/Certificaciones-1-e1663100334262.png?resize=1024%2C156&amp;ssl=1 1024w, https:\/\/i0.wp.com\/vivesanobrasil.org\/wp-content\/uploads\/2022\/09\/Certificaciones-1-e1663100334262.png?resize=768%2C117&amp;ssl=1 768w, https:\/\/i0.wp.com\/vivesanobrasil.org\/wp-content\/uploads\/2022\/09\/Certificaciones-1-e1663100334262.png?resize=1536%2C234&amp;ssl=1 1536w, https:\/\/i0.wp.com\/vivesanobrasil.org\/wp-content\/uploads\/2022\/09\/Certificaciones-1-e1663100334262.png?resize=200%2C30&amp;ssl=1 200w\" sizes=\"(max-width: 1000px) 100vw, 1000px\" data-attachment-id=\"42498\" data-permalink=\"https:\/\/vivesanobrasil.org\/pb\/oferta-2\/certificaciones-3\/\" data-orig-file=\"https:\/\/i0.wp.com\/vivesanobrasil.org\/wp-content\/uploads\/2022\/09\/Certificaciones-1-e1663100334262.png?fit=1605%2C244&amp;ssl=1\" data-orig-size=\"1605,244\" data-comments-opened=\"1\" data-image-meta=\"{&quot;aperture&quot;:&quot;0&quot;,&quot;credit&quot;:&quot;&quot;,&quot;camera&quot;:&quot;&quot;,&quot;caption&quot;:&quot;&quot;,&quot;created_timestamp&quot;:&quot;0&quot;,&quot;copyright&quot;:&quot;&quot;,&quot;focal_length&quot;:&quot;0&quot;,&quot;iso&quot;:&quot;0&quot;,&quot;shutter_speed&quot;:&quot;0&quot;,&quot;title&quot;:&quot;&quot;,&quot;orientation&quot;:&quot;0&quot;}\" data-image-title=\"Certificaciones\" data-image-description=\"\" data-image-caption=\"\" data-large-file=\"https:\/\/i0.wp.com\/vivesanobrasil.org\/wp-content\/uploads\/2022\/09\/Certificaciones-1-e1663100334262.png?fit=1024%2C156&amp;ssl=1\" \/>\t\t\t\t\t\t\t\t\t\t\t\t\t<\/div>\n\t\t\t\t<\/div>\n\t\t\t\t<section class=\"elementor-section elementor-inner-section elementor-element elementor-element-9d149e6 elementor-section-full_width elementor-section-height-default elementor-section-height-default\" data-id=\"9d149e6\" data-element_type=\"section\">\n\t\t\t\t\t\t<div class=\"elementor-container elementor-column-gap-default\">\n\t\t\t\t\t<div class=\"elementor-column elementor-col-50 elementor-inner-column elementor-element elementor-element-59d5c03\" data-id=\"59d5c03\" data-element_type=\"column\">\n\t\t\t<div class=\"elementor-widget-wrap elementor-element-populated\">\n\t\t\t\t\t\t<div class=\"elementor-element elementor-element-4f4b6d4 elementor-widget elementor-widget-image\" data-id=\"4f4b6d4\" data-element_type=\"widget\" data-widget_type=\"image.default\">\n\t\t\t\t<div class=\"elementor-widget-container\">\n\t\t\t\t\t\t\t\t\t\t\t\t\t\t<a href=\"https:\/\/vivesanobrasil.org\/certificacion-internacional-en-nutricion-deportiva-y-fitness-cohorte-4\" target=\"_blank\">\n\t\t\t\t\t\t\t<img loading=\"lazy\" decoding=\"async\" data-attachment-id=\"57703\" data-permalink=\"https:\/\/vivesanobrasil.org\/pb\/oferta-2\/afiche-cert-nutricion-deportiva-y-fitness-c4\/\" data-orig-file=\"https:\/\/i0.wp.com\/vivesanobrasil.org\/wp-content\/uploads\/2024\/08\/Afiche-Cert.-Nutricion-Deportiva-y-Fitness-C4.png?fit=1080%2C1350&amp;ssl=1\" data-orig-size=\"1080,1350\" data-comments-opened=\"1\" data-image-meta=\"{&quot;aperture&quot;:&quot;0&quot;,&quot;credit&quot;:&quot;&quot;,&quot;camera&quot;:&quot;&quot;,&quot;caption&quot;:&quot;&quot;,&quot;created_timestamp&quot;:&quot;0&quot;,&quot;copyright&quot;:&quot;&quot;,&quot;focal_length&quot;:&quot;0&quot;,&quot;iso&quot;:&quot;0&quot;,&quot;shutter_speed&quot;:&quot;0&quot;,&quot;title&quot;:&quot;&quot;,&quot;orientation&quot;:&quot;0&quot;}\" data-image-title=\"Afiche &amp;#8211; Cert. Nutrici\u00f3n Deportiva y Fitness C4\" data-image-description=\"\" data-image-caption=\"\" data-large-file=\"https:\/\/i0.wp.com\/vivesanobrasil.org\/wp-content\/uploads\/2024\/08\/Afiche-Cert.-Nutricion-Deportiva-y-Fitness-C4.png?fit=819%2C1024&amp;ssl=1\" width=\"1080\" height=\"1350\" src=\"https:\/\/i0.wp.com\/vivesanobrasil.org\/wp-content\/uploads\/2024\/08\/Afiche-Cert.-Nutricion-Deportiva-y-Fitness-C4.png?fit=1080%2C1350&amp;ssl=1\" class=\"attachment-full size-full wp-image-57703\" alt=\"\" srcset=\"https:\/\/i0.wp.com\/vivesanobrasil.org\/wp-content\/uploads\/2024\/08\/Afiche-Cert.-Nutricion-Deportiva-y-Fitness-C4.png?w=1080&amp;ssl=1 1080w, https:\/\/i0.wp.com\/vivesanobrasil.org\/wp-content\/uploads\/2024\/08\/Afiche-Cert.-Nutricion-Deportiva-y-Fitness-C4.png?resize=240%2C300&amp;ssl=1 240w, https:\/\/i0.wp.com\/vivesanobrasil.org\/wp-content\/uploads\/2024\/08\/Afiche-Cert.-Nutricion-Deportiva-y-Fitness-C4.png?resize=819%2C1024&amp;ssl=1 819w, https:\/\/i0.wp.com\/vivesanobrasil.org\/wp-content\/uploads\/2024\/08\/Afiche-Cert.-Nutricion-Deportiva-y-Fitness-C4.png?resize=768%2C960&amp;ssl=1 768w, https:\/\/i0.wp.com\/vivesanobrasil.org\/wp-content\/uploads\/2024\/08\/Afiche-Cert.-Nutricion-Deportiva-y-Fitness-C4.png?resize=500%2C625&amp;ssl=1 500w, https:\/\/i0.wp.com\/vivesanobrasil.org\/wp-content\/uploads\/2024\/08\/Afiche-Cert.-Nutricion-Deportiva-y-Fitness-C4.png?resize=700%2C875&amp;ssl=1 700w\" sizes=\"(max-width: 1000px) 100vw, 1000px\" data-attachment-id=\"57703\" data-permalink=\"https:\/\/vivesanobrasil.org\/pb\/oferta-2\/afiche-cert-nutricion-deportiva-y-fitness-c4\/\" data-orig-file=\"https:\/\/i0.wp.com\/vivesanobrasil.org\/wp-content\/uploads\/2024\/08\/Afiche-Cert.-Nutricion-Deportiva-y-Fitness-C4.png?fit=1080%2C1350&amp;ssl=1\" data-orig-size=\"1080,1350\" data-comments-opened=\"1\" data-image-meta=\"{&quot;aperture&quot;:&quot;0&quot;,&quot;credit&quot;:&quot;&quot;,&quot;camera&quot;:&quot;&quot;,&quot;caption&quot;:&quot;&quot;,&quot;created_timestamp&quot;:&quot;0&quot;,&quot;copyright&quot;:&quot;&quot;,&quot;focal_length&quot;:&quot;0&quot;,&quot;iso&quot;:&quot;0&quot;,&quot;shutter_speed&quot;:&quot;0&quot;,&quot;title&quot;:&quot;&quot;,&quot;orientation&quot;:&quot;0&quot;}\" data-image-title=\"Afiche &amp;#8211; Cert. Nutrici\u00f3n Deportiva y Fitness C4\" data-image-description=\"\" data-image-caption=\"\" data-large-file=\"https:\/\/i0.wp.com\/vivesanobrasil.org\/wp-content\/uploads\/2024\/08\/Afiche-Cert.-Nutricion-Deportiva-y-Fitness-C4.png?fit=819%2C1024&amp;ssl=1\" \/>\t\t\t\t\t\t\t\t<\/a>\n\t\t\t\t\t\t\t\t\t\t\t\t\t<\/div>\n\t\t\t\t<\/div>\n\t\t\t\t<div class=\"elementor-element elementor-element-1101471 elementor-widget elementor-widget-image\" data-id=\"1101471\" data-element_type=\"widget\" data-widget_type=\"image.default\">\n\t\t\t\t<div class=\"elementor-widget-container\">\n\t\t\t\t\t\t\t\t\t\t\t\t\t\t<a href=\"https:\/\/vivesanobrasil.org\/pb\/certificacion-internacional-en-nutricion-y-embarazo-un-abordaje-multidisciplinario-durante-la-gestacion-y-puerperio-cohorte-2\/\" target=\"_blank\">\n\t\t\t\t\t\t\t<img loading=\"lazy\" decoding=\"async\" data-attachment-id=\"57995\" data-permalink=\"https:\/\/vivesanobrasil.org\/pb\/oferta-2\/afiche-certificacion-internacional-en-nutricion-y-embarazo-c2-2\/\" data-orig-file=\"https:\/\/i0.wp.com\/vivesanobrasil.org\/wp-content\/uploads\/2024\/09\/Afiche-Certificacion-Internacional-en-Nutricion-y-Embarazo-C2.png?fit=1080%2C1350&amp;ssl=1\" data-orig-size=\"1080,1350\" data-comments-opened=\"1\" data-image-meta=\"{&quot;aperture&quot;:&quot;0&quot;,&quot;credit&quot;:&quot;&quot;,&quot;camera&quot;:&quot;&quot;,&quot;caption&quot;:&quot;&quot;,&quot;created_timestamp&quot;:&quot;0&quot;,&quot;copyright&quot;:&quot;&quot;,&quot;focal_length&quot;:&quot;0&quot;,&quot;iso&quot;:&quot;0&quot;,&quot;shutter_speed&quot;:&quot;0&quot;,&quot;title&quot;:&quot;&quot;,&quot;orientation&quot;:&quot;0&quot;}\" data-image-title=\"Afiche &amp;#8211; Certificaci\u00f3n Internacional en Nutrici\u00f3n y Embarazo C2\" data-image-description=\"\" data-image-caption=\"\" data-large-file=\"https:\/\/i0.wp.com\/vivesanobrasil.org\/wp-content\/uploads\/2024\/09\/Afiche-Certificacion-Internacional-en-Nutricion-y-Embarazo-C2.png?fit=819%2C1024&amp;ssl=1\" width=\"1080\" height=\"1350\" src=\"https:\/\/i0.wp.com\/vivesanobrasil.org\/wp-content\/uploads\/2024\/09\/Afiche-Certificacion-Internacional-en-Nutricion-y-Embarazo-C2.png?fit=1080%2C1350&amp;ssl=1\" class=\"attachment-full size-full wp-image-57995\" alt=\"\" srcset=\"https:\/\/i0.wp.com\/vivesanobrasil.org\/wp-content\/uploads\/2024\/09\/Afiche-Certificacion-Internacional-en-Nutricion-y-Embarazo-C2.png?w=1080&amp;ssl=1 1080w, https:\/\/i0.wp.com\/vivesanobrasil.org\/wp-content\/uploads\/2024\/09\/Afiche-Certificacion-Internacional-en-Nutricion-y-Embarazo-C2.png?resize=240%2C300&amp;ssl=1 240w, https:\/\/i0.wp.com\/vivesanobrasil.org\/wp-content\/uploads\/2024\/09\/Afiche-Certificacion-Internacional-en-Nutricion-y-Embarazo-C2.png?resize=819%2C1024&amp;ssl=1 819w, https:\/\/i0.wp.com\/vivesanobrasil.org\/wp-content\/uploads\/2024\/09\/Afiche-Certificacion-Internacional-en-Nutricion-y-Embarazo-C2.png?resize=768%2C960&amp;ssl=1 768w, https:\/\/i0.wp.com\/vivesanobrasil.org\/wp-content\/uploads\/2024\/09\/Afiche-Certificacion-Internacional-en-Nutricion-y-Embarazo-C2.png?resize=500%2C625&amp;ssl=1 500w, https:\/\/i0.wp.com\/vivesanobrasil.org\/wp-content\/uploads\/2024\/09\/Afiche-Certificacion-Internacional-en-Nutricion-y-Embarazo-C2.png?resize=700%2C875&amp;ssl=1 700w\" sizes=\"(max-width: 1000px) 100vw, 1000px\" data-attachment-id=\"57995\" data-permalink=\"https:\/\/vivesanobrasil.org\/pb\/oferta-2\/afiche-certificacion-internacional-en-nutricion-y-embarazo-c2-2\/\" data-orig-file=\"https:\/\/i0.wp.com\/vivesanobrasil.org\/wp-content\/uploads\/2024\/09\/Afiche-Certificacion-Internacional-en-Nutricion-y-Embarazo-C2.png?fit=1080%2C1350&amp;ssl=1\" data-orig-size=\"1080,1350\" data-comments-opened=\"1\" data-image-meta=\"{&quot;aperture&quot;:&quot;0&quot;,&quot;credit&quot;:&quot;&quot;,&quot;camera&quot;:&quot;&quot;,&quot;caption&quot;:&quot;&quot;,&quot;created_timestamp&quot;:&quot;0&quot;,&quot;copyright&quot;:&quot;&quot;,&quot;focal_length&quot;:&quot;0&quot;,&quot;iso&quot;:&quot;0&quot;,&quot;shutter_speed&quot;:&quot;0&quot;,&quot;title&quot;:&quot;&quot;,&quot;orientation&quot;:&quot;0&quot;}\" data-image-title=\"Afiche &amp;#8211; Certificaci\u00f3n Internacional en Nutrici\u00f3n y Embarazo C2\" data-image-description=\"\" data-image-caption=\"\" data-large-file=\"https:\/\/i0.wp.com\/vivesanobrasil.org\/wp-content\/uploads\/2024\/09\/Afiche-Certificacion-Internacional-en-Nutricion-y-Embarazo-C2.png?fit=819%2C1024&amp;ssl=1\" \/>\t\t\t\t\t\t\t\t<\/a>\n\t\t\t\t\t\t\t\t\t\t\t\t\t<\/div>\n\t\t\t\t<\/div>\n\t\t\t\t<div class=\"elementor-element elementor-element-f384dc2 elementor-widget elementor-widget-image\" data-id=\"f384dc2\" data-element_type=\"widget\" data-widget_type=\"image.default\">\n\t\t\t\t<div class=\"elementor-widget-container\">\n\t\t\t\t\t\t\t\t\t\t\t\t\t\t<a href=\"https:\/\/vivesanobrasil.org\/pb\/certificacion-internacional-nutricion-clinica-oncologica-edicion-2-cohorte-4\/\" target=\"_blank\">\n\t\t\t\t\t\t\t<img loading=\"lazy\" decoding=\"async\" data-attachment-id=\"58288\" data-permalink=\"https:\/\/vivesanobrasil.org\/pb\/certificacion-internacional-nutricion-clinica-oncologica-edicion-2-cohorte-4\/afiche-nutricion-clinica-oncologica-e2c4\/\" data-orig-file=\"https:\/\/i0.wp.com\/vivesanobrasil.org\/wp-content\/uploads\/2024\/09\/Afiche-Nutricion-Clinica-Oncologica-E2C4.png?fit=1080%2C1350&amp;ssl=1\" data-orig-size=\"1080,1350\" data-comments-opened=\"1\" data-image-meta=\"{&quot;aperture&quot;:&quot;0&quot;,&quot;credit&quot;:&quot;&quot;,&quot;camera&quot;:&quot;&quot;,&quot;caption&quot;:&quot;&quot;,&quot;created_timestamp&quot;:&quot;0&quot;,&quot;copyright&quot;:&quot;&quot;,&quot;focal_length&quot;:&quot;0&quot;,&quot;iso&quot;:&quot;0&quot;,&quot;shutter_speed&quot;:&quot;0&quot;,&quot;title&quot;:&quot;&quot;,&quot;orientation&quot;:&quot;0&quot;}\" data-image-title=\"Afiche &amp;#8211; Nutrici\u00f3n Cl\u00ednica Oncol\u00f3gica -E2C4\" data-image-description=\"\" data-image-caption=\"\" data-large-file=\"https:\/\/i0.wp.com\/vivesanobrasil.org\/wp-content\/uploads\/2024\/09\/Afiche-Nutricion-Clinica-Oncologica-E2C4.png?fit=819%2C1024&amp;ssl=1\" width=\"1080\" height=\"1350\" src=\"https:\/\/i0.wp.com\/vivesanobrasil.org\/wp-content\/uploads\/2024\/09\/Afiche-Nutricion-Clinica-Oncologica-E2C4.png?fit=1080%2C1350&amp;ssl=1\" class=\"attachment-full size-full wp-image-58288\" alt=\"\" srcset=\"https:\/\/i0.wp.com\/vivesanobrasil.org\/wp-content\/uploads\/2024\/09\/Afiche-Nutricion-Clinica-Oncologica-E2C4.png?w=1080&amp;ssl=1 1080w, https:\/\/i0.wp.com\/vivesanobrasil.org\/wp-content\/uploads\/2024\/09\/Afiche-Nutricion-Clinica-Oncologica-E2C4.png?resize=240%2C300&amp;ssl=1 240w, https:\/\/i0.wp.com\/vivesanobrasil.org\/wp-content\/uploads\/2024\/09\/Afiche-Nutricion-Clinica-Oncologica-E2C4.png?resize=819%2C1024&amp;ssl=1 819w, https:\/\/i0.wp.com\/vivesanobrasil.org\/wp-content\/uploads\/2024\/09\/Afiche-Nutricion-Clinica-Oncologica-E2C4.png?resize=768%2C960&amp;ssl=1 768w, https:\/\/i0.wp.com\/vivesanobrasil.org\/wp-content\/uploads\/2024\/09\/Afiche-Nutricion-Clinica-Oncologica-E2C4.png?resize=500%2C625&amp;ssl=1 500w, https:\/\/i0.wp.com\/vivesanobrasil.org\/wp-content\/uploads\/2024\/09\/Afiche-Nutricion-Clinica-Oncologica-E2C4.png?resize=700%2C875&amp;ssl=1 700w\" sizes=\"(max-width: 1000px) 100vw, 1000px\" data-attachment-id=\"58288\" data-permalink=\"https:\/\/vivesanobrasil.org\/pb\/certificacion-internacional-nutricion-clinica-oncologica-edicion-2-cohorte-4\/afiche-nutricion-clinica-oncologica-e2c4\/\" data-orig-file=\"https:\/\/i0.wp.com\/vivesanobrasil.org\/wp-content\/uploads\/2024\/09\/Afiche-Nutricion-Clinica-Oncologica-E2C4.png?fit=1080%2C1350&amp;ssl=1\" data-orig-size=\"1080,1350\" data-comments-opened=\"1\" data-image-meta=\"{&quot;aperture&quot;:&quot;0&quot;,&quot;credit&quot;:&quot;&quot;,&quot;camera&quot;:&quot;&quot;,&quot;caption&quot;:&quot;&quot;,&quot;created_timestamp&quot;:&quot;0&quot;,&quot;copyright&quot;:&quot;&quot;,&quot;focal_length&quot;:&quot;0&quot;,&quot;iso&quot;:&quot;0&quot;,&quot;shutter_speed&quot;:&quot;0&quot;,&quot;title&quot;:&quot;&quot;,&quot;orientation&quot;:&quot;0&quot;}\" data-image-title=\"Afiche &amp;#8211; Nutrici\u00f3n Cl\u00ednica Oncol\u00f3gica -E2C4\" data-image-description=\"\" data-image-caption=\"\" data-large-file=\"https:\/\/i0.wp.com\/vivesanobrasil.org\/wp-content\/uploads\/2024\/09\/Afiche-Nutricion-Clinica-Oncologica-E2C4.png?fit=819%2C1024&amp;ssl=1\" \/>\t\t\t\t\t\t\t\t<\/a>\n\t\t\t\t\t\t\t\t\t\t\t\t\t<\/div>\n\t\t\t\t<\/div>\n\t\t\t\t<div class=\"elementor-element elementor-element-57364b3 elementor-widget elementor-widget-image\" data-id=\"57364b3\" data-element_type=\"widget\" data-widget_type=\"image.default\">\n\t\t\t\t<div class=\"elementor-widget-container\">\n\t\t\t\t\t\t\t\t\t\t\t\t\t\t<a href=\"https:\/\/vivesanobrasil.org\/pb\/certificacion-internacional-en-evaluacion-nutricional-en-el-ciclo-vital-herramientas-practicas-en-la-valoracion-diagnostico-intervencion-y-seguimiento-edicion-1-cohorte-2\/\" target=\"_blank\">\n\t\t\t\t\t\t\t<img loading=\"lazy\" decoding=\"async\" data-attachment-id=\"58314\" data-permalink=\"https:\/\/vivesanobrasil.org\/pb\/certificacion-internacional-en-evaluacion-nutricional-en-el-ciclo-vital-herramientas-practicas-en-la-valoracion-diagnostico-intervencion-y-seguimiento-edicion-1-cohorte-2\/afiche-certificacion-internacional-en-evaluacion-nutricional-en-el-ciclo-vital-e1c2\/\" data-orig-file=\"https:\/\/i0.wp.com\/vivesanobrasil.org\/wp-content\/uploads\/2024\/10\/Afiche-Certificacion-Internacional-en-Evaluacion-Nutricional-en-el-Ciclo-Vital-E1C2-.png?fit=1080%2C1350&amp;ssl=1\" data-orig-size=\"1080,1350\" data-comments-opened=\"1\" data-image-meta=\"{&quot;aperture&quot;:&quot;0&quot;,&quot;credit&quot;:&quot;&quot;,&quot;camera&quot;:&quot;&quot;,&quot;caption&quot;:&quot;&quot;,&quot;created_timestamp&quot;:&quot;0&quot;,&quot;copyright&quot;:&quot;&quot;,&quot;focal_length&quot;:&quot;0&quot;,&quot;iso&quot;:&quot;0&quot;,&quot;shutter_speed&quot;:&quot;0&quot;,&quot;title&quot;:&quot;&quot;,&quot;orientation&quot;:&quot;0&quot;}\" data-image-title=\"Afiche &amp;#8211; Certificaci\u00f3n Internacional en Evaluaci\u00f3n Nutricional en el Ciclo Vital E1C2\" data-image-description=\"\" data-image-caption=\"\" data-large-file=\"https:\/\/i0.wp.com\/vivesanobrasil.org\/wp-content\/uploads\/2024\/10\/Afiche-Certificacion-Internacional-en-Evaluacion-Nutricional-en-el-Ciclo-Vital-E1C2-.png?fit=819%2C1024&amp;ssl=1\" width=\"1080\" height=\"1350\" src=\"https:\/\/i0.wp.com\/vivesanobrasil.org\/wp-content\/uploads\/2024\/10\/Afiche-Certificacion-Internacional-en-Evaluacion-Nutricional-en-el-Ciclo-Vital-E1C2-.png?fit=1080%2C1350&amp;ssl=1\" class=\"attachment-full size-full wp-image-58314\" alt=\"\" srcset=\"https:\/\/i0.wp.com\/vivesanobrasil.org\/wp-content\/uploads\/2024\/10\/Afiche-Certificacion-Internacional-en-Evaluacion-Nutricional-en-el-Ciclo-Vital-E1C2-.png?w=1080&amp;ssl=1 1080w, https:\/\/i0.wp.com\/vivesanobrasil.org\/wp-content\/uploads\/2024\/10\/Afiche-Certificacion-Internacional-en-Evaluacion-Nutricional-en-el-Ciclo-Vital-E1C2-.png?resize=240%2C300&amp;ssl=1 240w, https:\/\/i0.wp.com\/vivesanobrasil.org\/wp-content\/uploads\/2024\/10\/Afiche-Certificacion-Internacional-en-Evaluacion-Nutricional-en-el-Ciclo-Vital-E1C2-.png?resize=819%2C1024&amp;ssl=1 819w, https:\/\/i0.wp.com\/vivesanobrasil.org\/wp-content\/uploads\/2024\/10\/Afiche-Certificacion-Internacional-en-Evaluacion-Nutricional-en-el-Ciclo-Vital-E1C2-.png?resize=768%2C960&amp;ssl=1 768w, https:\/\/i0.wp.com\/vivesanobrasil.org\/wp-content\/uploads\/2024\/10\/Afiche-Certificacion-Internacional-en-Evaluacion-Nutricional-en-el-Ciclo-Vital-E1C2-.png?resize=500%2C625&amp;ssl=1 500w, https:\/\/i0.wp.com\/vivesanobrasil.org\/wp-content\/uploads\/2024\/10\/Afiche-Certificacion-Internacional-en-Evaluacion-Nutricional-en-el-Ciclo-Vital-E1C2-.png?resize=700%2C875&amp;ssl=1 700w\" sizes=\"(max-width: 1000px) 100vw, 1000px\" data-attachment-id=\"58314\" data-permalink=\"https:\/\/vivesanobrasil.org\/pb\/certificacion-internacional-en-evaluacion-nutricional-en-el-ciclo-vital-herramientas-practicas-en-la-valoracion-diagnostico-intervencion-y-seguimiento-edicion-1-cohorte-2\/afiche-certificacion-internacional-en-evaluacion-nutricional-en-el-ciclo-vital-e1c2\/\" data-orig-file=\"https:\/\/i0.wp.com\/vivesanobrasil.org\/wp-content\/uploads\/2024\/10\/Afiche-Certificacion-Internacional-en-Evaluacion-Nutricional-en-el-Ciclo-Vital-E1C2-.png?fit=1080%2C1350&amp;ssl=1\" data-orig-size=\"1080,1350\" data-comments-opened=\"1\" data-image-meta=\"{&quot;aperture&quot;:&quot;0&quot;,&quot;credit&quot;:&quot;&quot;,&quot;camera&quot;:&quot;&quot;,&quot;caption&quot;:&quot;&quot;,&quot;created_timestamp&quot;:&quot;0&quot;,&quot;copyright&quot;:&quot;&quot;,&quot;focal_length&quot;:&quot;0&quot;,&quot;iso&quot;:&quot;0&quot;,&quot;shutter_speed&quot;:&quot;0&quot;,&quot;title&quot;:&quot;&quot;,&quot;orientation&quot;:&quot;0&quot;}\" data-image-title=\"Afiche &amp;#8211; Certificaci\u00f3n Internacional en Evaluaci\u00f3n Nutricional en el Ciclo Vital E1C2\" data-image-description=\"\" data-image-caption=\"\" data-large-file=\"https:\/\/i0.wp.com\/vivesanobrasil.org\/wp-content\/uploads\/2024\/10\/Afiche-Certificacion-Internacional-en-Evaluacion-Nutricional-en-el-Ciclo-Vital-E1C2-.png?fit=819%2C1024&amp;ssl=1\" \/>\t\t\t\t\t\t\t\t<\/a>\n\t\t\t\t\t\t\t\t\t\t\t\t\t<\/div>\n\t\t\t\t<\/div>\n\t\t\t\t\t<\/div>\n\t\t<\/div>\n\t\t\t\t<div class=\"elementor-column elementor-col-50 elementor-inner-column elementor-element elementor-element-a4044ef\" data-id=\"a4044ef\" data-element_type=\"column\">\n\t\t\t<div class=\"elementor-widget-wrap elementor-element-populated\">\n\t\t\t\t\t\t<div class=\"elementor-element elementor-element-9a3af96 elementor-widget elementor-widget-image\" data-id=\"9a3af96\" data-element_type=\"widget\" data-widget_type=\"image.default\">\n\t\t\t\t<div class=\"elementor-widget-container\">\n\t\t\t\t\t\t\t\t\t\t\t\t\t\t<a href=\"https:\/\/vivesanobrasil.org\/pb\/certificacion-internacional-en-salud-y-bienestar-integral-de-la-mujer-desafios-en-el-abordaje-integral-cohorte-1\/\" target=\"_blank\">\n\t\t\t\t\t\t\t<img loading=\"lazy\" decoding=\"async\" data-attachment-id=\"57403\" data-permalink=\"https:\/\/vivesanobrasil.org\/pb\/oferta-2\/afiche-cert-en-salud-y-bienestar-integral-de-la-mujer-c1\/\" data-orig-file=\"https:\/\/i0.wp.com\/vivesanobrasil.org\/wp-content\/uploads\/2024\/07\/Afiche-Cert.-en-Salud-y-Bienestar-Integral-de-la-Mujer-C1.png?fit=1080%2C1350&amp;ssl=1\" data-orig-size=\"1080,1350\" data-comments-opened=\"1\" data-image-meta=\"{&quot;aperture&quot;:&quot;0&quot;,&quot;credit&quot;:&quot;&quot;,&quot;camera&quot;:&quot;&quot;,&quot;caption&quot;:&quot;&quot;,&quot;created_timestamp&quot;:&quot;0&quot;,&quot;copyright&quot;:&quot;&quot;,&quot;focal_length&quot;:&quot;0&quot;,&quot;iso&quot;:&quot;0&quot;,&quot;shutter_speed&quot;:&quot;0&quot;,&quot;title&quot;:&quot;&quot;,&quot;orientation&quot;:&quot;0&quot;}\" data-image-title=\"Afiche &amp;#8211; Cert. en Salud y Bienestar Integral de la Mujer &amp;#8211; C1\" data-image-description=\"\" data-image-caption=\"\" data-large-file=\"https:\/\/i0.wp.com\/vivesanobrasil.org\/wp-content\/uploads\/2024\/07\/Afiche-Cert.-en-Salud-y-Bienestar-Integral-de-la-Mujer-C1.png?fit=819%2C1024&amp;ssl=1\" width=\"1080\" height=\"1350\" src=\"https:\/\/i0.wp.com\/vivesanobrasil.org\/wp-content\/uploads\/2024\/07\/Afiche-Cert.-en-Salud-y-Bienestar-Integral-de-la-Mujer-C1.png?fit=1080%2C1350&amp;ssl=1\" class=\"attachment-full size-full wp-image-57403\" alt=\"\" srcset=\"https:\/\/i0.wp.com\/vivesanobrasil.org\/wp-content\/uploads\/2024\/07\/Afiche-Cert.-en-Salud-y-Bienestar-Integral-de-la-Mujer-C1.png?w=1080&amp;ssl=1 1080w, https:\/\/i0.wp.com\/vivesanobrasil.org\/wp-content\/uploads\/2024\/07\/Afiche-Cert.-en-Salud-y-Bienestar-Integral-de-la-Mujer-C1.png?resize=240%2C300&amp;ssl=1 240w, https:\/\/i0.wp.com\/vivesanobrasil.org\/wp-content\/uploads\/2024\/07\/Afiche-Cert.-en-Salud-y-Bienestar-Integral-de-la-Mujer-C1.png?resize=819%2C1024&amp;ssl=1 819w, https:\/\/i0.wp.com\/vivesanobrasil.org\/wp-content\/uploads\/2024\/07\/Afiche-Cert.-en-Salud-y-Bienestar-Integral-de-la-Mujer-C1.png?resize=768%2C960&amp;ssl=1 768w, https:\/\/i0.wp.com\/vivesanobrasil.org\/wp-content\/uploads\/2024\/07\/Afiche-Cert.-en-Salud-y-Bienestar-Integral-de-la-Mujer-C1.png?resize=500%2C625&amp;ssl=1 500w, https:\/\/i0.wp.com\/vivesanobrasil.org\/wp-content\/uploads\/2024\/07\/Afiche-Cert.-en-Salud-y-Bienestar-Integral-de-la-Mujer-C1.png?resize=700%2C875&amp;ssl=1 700w\" sizes=\"(max-width: 1000px) 100vw, 1000px\" data-attachment-id=\"57403\" data-permalink=\"https:\/\/vivesanobrasil.org\/pb\/oferta-2\/afiche-cert-en-salud-y-bienestar-integral-de-la-mujer-c1\/\" data-orig-file=\"https:\/\/i0.wp.com\/vivesanobrasil.org\/wp-content\/uploads\/2024\/07\/Afiche-Cert.-en-Salud-y-Bienestar-Integral-de-la-Mujer-C1.png?fit=1080%2C1350&amp;ssl=1\" data-orig-size=\"1080,1350\" data-comments-opened=\"1\" data-image-meta=\"{&quot;aperture&quot;:&quot;0&quot;,&quot;credit&quot;:&quot;&quot;,&quot;camera&quot;:&quot;&quot;,&quot;caption&quot;:&quot;&quot;,&quot;created_timestamp&quot;:&quot;0&quot;,&quot;copyright&quot;:&quot;&quot;,&quot;focal_length&quot;:&quot;0&quot;,&quot;iso&quot;:&quot;0&quot;,&quot;shutter_speed&quot;:&quot;0&quot;,&quot;title&quot;:&quot;&quot;,&quot;orientation&quot;:&quot;0&quot;}\" data-image-title=\"Afiche &amp;#8211; Cert. en Salud y Bienestar Integral de la Mujer &amp;#8211; C1\" data-image-description=\"\" data-image-caption=\"\" data-large-file=\"https:\/\/i0.wp.com\/vivesanobrasil.org\/wp-content\/uploads\/2024\/07\/Afiche-Cert.-en-Salud-y-Bienestar-Integral-de-la-Mujer-C1.png?fit=819%2C1024&amp;ssl=1\" \/>\t\t\t\t\t\t\t\t<\/a>\n\t\t\t\t\t\t\t\t\t\t\t\t\t<\/div>\n\t\t\t\t<\/div>\n\t\t\t\t<div class=\"elementor-element elementor-element-b1913b8 elementor-widget elementor-widget-image\" data-id=\"b1913b8\" data-element_type=\"widget\" data-widget_type=\"image.default\">\n\t\t\t\t<div class=\"elementor-widget-container\">\n\t\t\t\t\t\t\t\t\t\t\t\t\t\t<a href=\"https:\/\/vivesanobrasil.org\/pb\/certificacion-internacional-en-psiconutricion-bases-de-la-conducta-alimentaria-cohorte-4\/\" target=\"_blank\">\n\t\t\t\t\t\t\t<img loading=\"lazy\" decoding=\"async\" data-attachment-id=\"57755\" data-permalink=\"https:\/\/vivesanobrasil.org\/pb\/oferta-2\/afiche-cert-en-psiconutricion-c4\/\" data-orig-file=\"https:\/\/i0.wp.com\/vivesanobrasil.org\/wp-content\/uploads\/2024\/08\/Afiche-Cert.-en-Psiconutricion-C4.png?fit=1080%2C1350&amp;ssl=1\" data-orig-size=\"1080,1350\" data-comments-opened=\"1\" data-image-meta=\"{&quot;aperture&quot;:&quot;0&quot;,&quot;credit&quot;:&quot;&quot;,&quot;camera&quot;:&quot;&quot;,&quot;caption&quot;:&quot;&quot;,&quot;created_timestamp&quot;:&quot;0&quot;,&quot;copyright&quot;:&quot;&quot;,&quot;focal_length&quot;:&quot;0&quot;,&quot;iso&quot;:&quot;0&quot;,&quot;shutter_speed&quot;:&quot;0&quot;,&quot;title&quot;:&quot;&quot;,&quot;orientation&quot;:&quot;0&quot;}\" data-image-title=\"Afiche &amp;#8211; Cert. en Psiconutricio\u0301n C4\" data-image-description=\"\" data-image-caption=\"\" data-large-file=\"https:\/\/i0.wp.com\/vivesanobrasil.org\/wp-content\/uploads\/2024\/08\/Afiche-Cert.-en-Psiconutricion-C4.png?fit=819%2C1024&amp;ssl=1\" width=\"1080\" height=\"1350\" src=\"https:\/\/i0.wp.com\/vivesanobrasil.org\/wp-content\/uploads\/2024\/08\/Afiche-Cert.-en-Psiconutricion-C4.png?fit=1080%2C1350&amp;ssl=1\" class=\"attachment-full size-full wp-image-57755\" alt=\"\" srcset=\"https:\/\/i0.wp.com\/vivesanobrasil.org\/wp-content\/uploads\/2024\/08\/Afiche-Cert.-en-Psiconutricion-C4.png?w=1080&amp;ssl=1 1080w, https:\/\/i0.wp.com\/vivesanobrasil.org\/wp-content\/uploads\/2024\/08\/Afiche-Cert.-en-Psiconutricion-C4.png?resize=240%2C300&amp;ssl=1 240w, https:\/\/i0.wp.com\/vivesanobrasil.org\/wp-content\/uploads\/2024\/08\/Afiche-Cert.-en-Psiconutricion-C4.png?resize=819%2C1024&amp;ssl=1 819w, https:\/\/i0.wp.com\/vivesanobrasil.org\/wp-content\/uploads\/2024\/08\/Afiche-Cert.-en-Psiconutricion-C4.png?resize=768%2C960&amp;ssl=1 768w, https:\/\/i0.wp.com\/vivesanobrasil.org\/wp-content\/uploads\/2024\/08\/Afiche-Cert.-en-Psiconutricion-C4.png?resize=500%2C625&amp;ssl=1 500w, https:\/\/i0.wp.com\/vivesanobrasil.org\/wp-content\/uploads\/2024\/08\/Afiche-Cert.-en-Psiconutricion-C4.png?resize=700%2C875&amp;ssl=1 700w\" sizes=\"(max-width: 1000px) 100vw, 1000px\" data-attachment-id=\"57755\" data-permalink=\"https:\/\/vivesanobrasil.org\/pb\/oferta-2\/afiche-cert-en-psiconutricion-c4\/\" data-orig-file=\"https:\/\/i0.wp.com\/vivesanobrasil.org\/wp-content\/uploads\/2024\/08\/Afiche-Cert.-en-Psiconutricion-C4.png?fit=1080%2C1350&amp;ssl=1\" data-orig-size=\"1080,1350\" data-comments-opened=\"1\" data-image-meta=\"{&quot;aperture&quot;:&quot;0&quot;,&quot;credit&quot;:&quot;&quot;,&quot;camera&quot;:&quot;&quot;,&quot;caption&quot;:&quot;&quot;,&quot;created_timestamp&quot;:&quot;0&quot;,&quot;copyright&quot;:&quot;&quot;,&quot;focal_length&quot;:&quot;0&quot;,&quot;iso&quot;:&quot;0&quot;,&quot;shutter_speed&quot;:&quot;0&quot;,&quot;title&quot;:&quot;&quot;,&quot;orientation&quot;:&quot;0&quot;}\" data-image-title=\"Afiche &amp;#8211; Cert. en Psiconutricio\u0301n C4\" data-image-description=\"\" data-image-caption=\"\" data-large-file=\"https:\/\/i0.wp.com\/vivesanobrasil.org\/wp-content\/uploads\/2024\/08\/Afiche-Cert.-en-Psiconutricion-C4.png?fit=819%2C1024&amp;ssl=1\" \/>\t\t\t\t\t\t\t\t<\/a>\n\t\t\t\t\t\t\t\t\t\t\t\t\t<\/div>\n\t\t\t\t<\/div>\n\t\t\t\t<div class=\"elementor-element elementor-element-6e629b6 elementor-widget elementor-widget-image\" data-id=\"6e629b6\" data-element_type=\"widget\" data-widget_type=\"image.default\">\n\t\t\t\t<div class=\"elementor-widget-container\">\n\t\t\t\t\t\t\t\t\t\t\t\t\t\t<a href=\"https:\/\/vivesanobrasil.org\/pb\/certificacion-internacional-en-salud-digestiva-un-abordaje-integral-desde-la-nutricion-funcional-cohorte-4\/\" target=\"_blank\">\n\t\t\t\t\t\t\t<img loading=\"lazy\" decoding=\"async\" data-attachment-id=\"58300\" data-permalink=\"https:\/\/vivesanobrasil.org\/pb\/oferta-2\/afiche-certificacion-internacional-en-salud-digestiva-c4-2\/\" data-orig-file=\"https:\/\/i0.wp.com\/vivesanobrasil.org\/wp-content\/uploads\/2024\/10\/Afiche-Certificacion-Internacional-en-Salud-Digestiva-C4.png?fit=1080%2C1350&amp;ssl=1\" data-orig-size=\"1080,1350\" data-comments-opened=\"1\" data-image-meta=\"{&quot;aperture&quot;:&quot;0&quot;,&quot;credit&quot;:&quot;&quot;,&quot;camera&quot;:&quot;&quot;,&quot;caption&quot;:&quot;&quot;,&quot;created_timestamp&quot;:&quot;0&quot;,&quot;copyright&quot;:&quot;&quot;,&quot;focal_length&quot;:&quot;0&quot;,&quot;iso&quot;:&quot;0&quot;,&quot;shutter_speed&quot;:&quot;0&quot;,&quot;title&quot;:&quot;&quot;,&quot;orientation&quot;:&quot;0&quot;}\" data-image-title=\"Afiche -Certificaci\u00f3n Internacional en Salud Digestiva &amp;#8211; C4\" data-image-description=\"\" data-image-caption=\"\" data-large-file=\"https:\/\/i0.wp.com\/vivesanobrasil.org\/wp-content\/uploads\/2024\/10\/Afiche-Certificacion-Internacional-en-Salud-Digestiva-C4.png?fit=819%2C1024&amp;ssl=1\" width=\"1080\" height=\"1350\" src=\"https:\/\/i0.wp.com\/vivesanobrasil.org\/wp-content\/uploads\/2024\/10\/Afiche-Certificacion-Internacional-en-Salud-Digestiva-C4.png?fit=1080%2C1350&amp;ssl=1\" class=\"attachment-full size-full wp-image-58300\" alt=\"\" srcset=\"https:\/\/i0.wp.com\/vivesanobrasil.org\/wp-content\/uploads\/2024\/10\/Afiche-Certificacion-Internacional-en-Salud-Digestiva-C4.png?w=1080&amp;ssl=1 1080w, https:\/\/i0.wp.com\/vivesanobrasil.org\/wp-content\/uploads\/2024\/10\/Afiche-Certificacion-Internacional-en-Salud-Digestiva-C4.png?resize=240%2C300&amp;ssl=1 240w, https:\/\/i0.wp.com\/vivesanobrasil.org\/wp-content\/uploads\/2024\/10\/Afiche-Certificacion-Internacional-en-Salud-Digestiva-C4.png?resize=819%2C1024&amp;ssl=1 819w, https:\/\/i0.wp.com\/vivesanobrasil.org\/wp-content\/uploads\/2024\/10\/Afiche-Certificacion-Internacional-en-Salud-Digestiva-C4.png?resize=768%2C960&amp;ssl=1 768w, https:\/\/i0.wp.com\/vivesanobrasil.org\/wp-content\/uploads\/2024\/10\/Afiche-Certificacion-Internacional-en-Salud-Digestiva-C4.png?resize=500%2C625&amp;ssl=1 500w, https:\/\/i0.wp.com\/vivesanobrasil.org\/wp-content\/uploads\/2024\/10\/Afiche-Certificacion-Internacional-en-Salud-Digestiva-C4.png?resize=700%2C875&amp;ssl=1 700w\" sizes=\"(max-width: 1000px) 100vw, 1000px\" data-attachment-id=\"58300\" data-permalink=\"https:\/\/vivesanobrasil.org\/pb\/oferta-2\/afiche-certificacion-internacional-en-salud-digestiva-c4-2\/\" data-orig-file=\"https:\/\/i0.wp.com\/vivesanobrasil.org\/wp-content\/uploads\/2024\/10\/Afiche-Certificacion-Internacional-en-Salud-Digestiva-C4.png?fit=1080%2C1350&amp;ssl=1\" data-orig-size=\"1080,1350\" data-comments-opened=\"1\" data-image-meta=\"{&quot;aperture&quot;:&quot;0&quot;,&quot;credit&quot;:&quot;&quot;,&quot;camera&quot;:&quot;&quot;,&quot;caption&quot;:&quot;&quot;,&quot;created_timestamp&quot;:&quot;0&quot;,&quot;copyright&quot;:&quot;&quot;,&quot;focal_length&quot;:&quot;0&quot;,&quot;iso&quot;:&quot;0&quot;,&quot;shutter_speed&quot;:&quot;0&quot;,&quot;title&quot;:&quot;&quot;,&quot;orientation&quot;:&quot;0&quot;}\" data-image-title=\"Afiche -Certificaci\u00f3n Internacional en Salud Digestiva &amp;#8211; C4\" data-image-description=\"\" data-image-caption=\"\" data-large-file=\"https:\/\/i0.wp.com\/vivesanobrasil.org\/wp-content\/uploads\/2024\/10\/Afiche-Certificacion-Internacional-en-Salud-Digestiva-C4.png?fit=819%2C1024&amp;ssl=1\" \/>\t\t\t\t\t\t\t\t<\/a>\n\t\t\t\t\t\t\t\t\t\t\t\t\t<\/div>\n\t\t\t\t<\/div>\n\t\t\t\t\t<\/div>\n\t\t<\/div>\n\t\t\t\t\t<\/div>\n\t\t<\/section>\n\t\t\t\t<div class=\"elementor-element elementor-element-91196d6 elementor-hidden-desktop elementor-hidden-tablet elementor-widget elementor-widget-image\" data-id=\"91196d6\" data-element_type=\"widget\" data-widget_type=\"image.default\">\n\t\t\t\t<div class=\"elementor-widget-container\">\n\t\t\t\t\t\t\t\t\t\t\t\t\t<img loading=\"lazy\" decoding=\"async\" data-attachment-id=\"46410\" data-permalink=\"https:\/\/vivesanobrasil.org\/pb\/oferta-2\/cursos-de-inicio-inmediato-2\/\" data-orig-file=\"https:\/\/i0.wp.com\/vivesanobrasil.org\/wp-content\/uploads\/2023\/06\/Cursos-de-Inicio-Inmediato-1-e1686762336717.png?fit=1678%2C243&amp;ssl=1\" data-orig-size=\"1678,243\" data-comments-opened=\"1\" data-image-meta=\"{&quot;aperture&quot;:&quot;0&quot;,&quot;credit&quot;:&quot;&quot;,&quot;camera&quot;:&quot;&quot;,&quot;caption&quot;:&quot;&quot;,&quot;created_timestamp&quot;:&quot;0&quot;,&quot;copyright&quot;:&quot;&quot;,&quot;focal_length&quot;:&quot;0&quot;,&quot;iso&quot;:&quot;0&quot;,&quot;shutter_speed&quot;:&quot;0&quot;,&quot;title&quot;:&quot;&quot;,&quot;orientation&quot;:&quot;0&quot;}\" data-image-title=\"Cursos de Inicio Inmediato\" data-image-description=\"\" data-image-caption=\"\" data-large-file=\"https:\/\/i0.wp.com\/vivesanobrasil.org\/wp-content\/uploads\/2023\/06\/Cursos-de-Inicio-Inmediato-1-e1686762336717.png?fit=1024%2C148&amp;ssl=1\" width=\"1678\" height=\"243\" src=\"https:\/\/i0.wp.com\/vivesanobrasil.org\/wp-content\/uploads\/2023\/06\/Cursos-de-Inicio-Inmediato-1-e1686762336717.png?fit=1678%2C243&amp;ssl=1\" class=\"attachment-full size-full wp-image-46410\" alt=\"\" srcset=\"https:\/\/i0.wp.com\/vivesanobrasil.org\/wp-content\/uploads\/2023\/06\/Cursos-de-Inicio-Inmediato-1-e1686762336717.png?w=1678&amp;ssl=1 1678w, https:\/\/i0.wp.com\/vivesanobrasil.org\/wp-content\/uploads\/2023\/06\/Cursos-de-Inicio-Inmediato-1-e1686762336717.png?resize=300%2C43&amp;ssl=1 300w, https:\/\/i0.wp.com\/vivesanobrasil.org\/wp-content\/uploads\/2023\/06\/Cursos-de-Inicio-Inmediato-1-e1686762336717.png?resize=1024%2C148&amp;ssl=1 1024w, https:\/\/i0.wp.com\/vivesanobrasil.org\/wp-content\/uploads\/2023\/06\/Cursos-de-Inicio-Inmediato-1-e1686762336717.png?resize=768%2C111&amp;ssl=1 768w, https:\/\/i0.wp.com\/vivesanobrasil.org\/wp-content\/uploads\/2023\/06\/Cursos-de-Inicio-Inmediato-1-e1686762336717.png?resize=1536%2C222&amp;ssl=1 1536w, https:\/\/i0.wp.com\/vivesanobrasil.org\/wp-content\/uploads\/2023\/06\/Cursos-de-Inicio-Inmediato-1-e1686762336717.png?resize=200%2C29&amp;ssl=1 200w\" sizes=\"(max-width: 1000px) 100vw, 1000px\" data-attachment-id=\"46410\" data-permalink=\"https:\/\/vivesanobrasil.org\/pb\/oferta-2\/cursos-de-inicio-inmediato-2\/\" data-orig-file=\"https:\/\/i0.wp.com\/vivesanobrasil.org\/wp-content\/uploads\/2023\/06\/Cursos-de-Inicio-Inmediato-1-e1686762336717.png?fit=1678%2C243&amp;ssl=1\" data-orig-size=\"1678,243\" data-comments-opened=\"1\" data-image-meta=\"{&quot;aperture&quot;:&quot;0&quot;,&quot;credit&quot;:&quot;&quot;,&quot;camera&quot;:&quot;&quot;,&quot;caption&quot;:&quot;&quot;,&quot;created_timestamp&quot;:&quot;0&quot;,&quot;copyright&quot;:&quot;&quot;,&quot;focal_length&quot;:&quot;0&quot;,&quot;iso&quot;:&quot;0&quot;,&quot;shutter_speed&quot;:&quot;0&quot;,&quot;title&quot;:&quot;&quot;,&quot;orientation&quot;:&quot;0&quot;}\" data-image-title=\"Cursos de Inicio Inmediato\" data-image-description=\"\" data-image-caption=\"\" data-large-file=\"https:\/\/i0.wp.com\/vivesanobrasil.org\/wp-content\/uploads\/2023\/06\/Cursos-de-Inicio-Inmediato-1-e1686762336717.png?fit=1024%2C148&amp;ssl=1\" \/>\t\t\t\t\t\t\t\t\t\t\t\t\t<\/div>\n\t\t\t\t<\/div>\n\t\t\t\t<section class=\"elementor-section elementor-inner-section elementor-element elementor-element-e942e0c elementor-section-full_width elementor-hidden-desktop elementor-hidden-tablet elementor-section-height-default elementor-section-height-default\" data-id=\"e942e0c\" data-element_type=\"section\">\n\t\t\t\t\t\t<div class=\"elementor-container elementor-column-gap-default\">\n\t\t\t\t\t<div class=\"elementor-column elementor-col-50 elementor-inner-column elementor-element elementor-element-3b47463\" data-id=\"3b47463\" data-element_type=\"column\">\n\t\t\t<div class=\"elementor-widget-wrap elementor-element-populated\">\n\t\t\t\t\t\t<div class=\"elementor-element elementor-element-e7362df elementor-widget elementor-widget-image\" data-id=\"e7362df\" data-element_type=\"widget\" data-widget_type=\"image.default\">\n\t\t\t\t<div class=\"elementor-widget-container\">\n\t\t\t\t\t\t\t\t\t\t\t\t\t\t<a href=\"https:\/\/vivesanobrasil.org\/pb\/curso-internacional-en-nutricion-enteral\/\" target=\"_blank\">\n\t\t\t\t\t\t\t<img loading=\"lazy\" decoding=\"async\" data-attachment-id=\"46577\" data-permalink=\"https:\/\/vivesanobrasil.org\/pb\/oferta-2\/afiche-curso-internacional-en-nutricional-enteral-1\/\" data-orig-file=\"https:\/\/i0.wp.com\/vivesanobrasil.org\/wp-content\/uploads\/2023\/06\/Afiche-Curso-Internacional-en-nutricional-enteral-1.png?fit=1080%2C1350&amp;ssl=1\" data-orig-size=\"1080,1350\" data-comments-opened=\"1\" data-image-meta=\"{&quot;aperture&quot;:&quot;0&quot;,&quot;credit&quot;:&quot;&quot;,&quot;camera&quot;:&quot;&quot;,&quot;caption&quot;:&quot;&quot;,&quot;created_timestamp&quot;:&quot;0&quot;,&quot;copyright&quot;:&quot;&quot;,&quot;focal_length&quot;:&quot;0&quot;,&quot;iso&quot;:&quot;0&quot;,&quot;shutter_speed&quot;:&quot;0&quot;,&quot;title&quot;:&quot;&quot;,&quot;orientation&quot;:&quot;0&quot;}\" data-image-title=\"\" data-image-description=\"\" data-image-caption=\"\" data-large-file=\"https:\/\/i0.wp.com\/vivesanobrasil.org\/wp-content\/uploads\/2023\/06\/Afiche-Curso-Internacional-en-nutricional-enteral-1.png?fit=819%2C1024&amp;ssl=1\" width=\"1080\" height=\"1350\" src=\"https:\/\/i0.wp.com\/vivesanobrasil.org\/wp-content\/uploads\/2023\/06\/Afiche-Curso-Internacional-en-nutricional-enteral-1.png?fit=1080%2C1350&amp;ssl=1\" class=\"attachment-full size-full wp-image-46577\" alt=\"\" srcset=\"https:\/\/i0.wp.com\/vivesanobrasil.org\/wp-content\/uploads\/2023\/06\/Afiche-Curso-Internacional-en-nutricional-enteral-1.png?w=1080&amp;ssl=1 1080w, https:\/\/i0.wp.com\/vivesanobrasil.org\/wp-content\/uploads\/2023\/06\/Afiche-Curso-Internacional-en-nutricional-enteral-1.png?resize=240%2C300&amp;ssl=1 240w, https:\/\/i0.wp.com\/vivesanobrasil.org\/wp-content\/uploads\/2023\/06\/Afiche-Curso-Internacional-en-nutricional-enteral-1.png?resize=819%2C1024&amp;ssl=1 819w, https:\/\/i0.wp.com\/vivesanobrasil.org\/wp-content\/uploads\/2023\/06\/Afiche-Curso-Internacional-en-nutricional-enteral-1.png?resize=768%2C960&amp;ssl=1 768w, https:\/\/i0.wp.com\/vivesanobrasil.org\/wp-content\/uploads\/2023\/06\/Afiche-Curso-Internacional-en-nutricional-enteral-1.png?resize=48%2C60&amp;ssl=1 48w\" sizes=\"(max-width: 1000px) 100vw, 1000px\" data-attachment-id=\"46577\" data-permalink=\"https:\/\/vivesanobrasil.org\/pb\/oferta-2\/afiche-curso-internacional-en-nutricional-enteral-1\/\" data-orig-file=\"https:\/\/i0.wp.com\/vivesanobrasil.org\/wp-content\/uploads\/2023\/06\/Afiche-Curso-Internacional-en-nutricional-enteral-1.png?fit=1080%2C1350&amp;ssl=1\" data-orig-size=\"1080,1350\" data-comments-opened=\"1\" data-image-meta=\"{&quot;aperture&quot;:&quot;0&quot;,&quot;credit&quot;:&quot;&quot;,&quot;camera&quot;:&quot;&quot;,&quot;caption&quot;:&quot;&quot;,&quot;created_timestamp&quot;:&quot;0&quot;,&quot;copyright&quot;:&quot;&quot;,&quot;focal_length&quot;:&quot;0&quot;,&quot;iso&quot;:&quot;0&quot;,&quot;shutter_speed&quot;:&quot;0&quot;,&quot;title&quot;:&quot;&quot;,&quot;orientation&quot;:&quot;0&quot;}\" data-image-title=\"\" data-image-description=\"\" data-image-caption=\"\" data-large-file=\"https:\/\/i0.wp.com\/vivesanobrasil.org\/wp-content\/uploads\/2023\/06\/Afiche-Curso-Internacional-en-nutricional-enteral-1.png?fit=819%2C1024&amp;ssl=1\" \/>\t\t\t\t\t\t\t\t<\/a>\n\t\t\t\t\t\t\t\t\t\t\t\t\t<\/div>\n\t\t\t\t<\/div>\n\t\t\t\t<div class=\"elementor-element elementor-element-a0de9b3 elementor-widget elementor-widget-image\" data-id=\"a0de9b3\" data-element_type=\"widget\" data-widget_type=\"image.default\">\n\t\t\t\t<div class=\"elementor-widget-container\">\n\t\t\t\t\t\t\t\t\t\t\t\t\t\t<a href=\"https:\/\/vivesanobrasil.org\/pb\/curso-internacional-en-planificacion-alimentaria-y-diseno-de-menu-spoc\/\" target=\"_blank\">\n\t\t\t\t\t\t\t<img loading=\"lazy\" decoding=\"async\" data-attachment-id=\"54690\" data-permalink=\"https:\/\/vivesanobrasil.org\/pb\/curso-internacional-en-planificacion-alimentaria-y-diseno-de-menu-spoc\/afiche-spoc-planificacion-alimentaria-y-diseno-de-menu\/\" data-orig-file=\"https:\/\/i0.wp.com\/vivesanobrasil.org\/wp-content\/uploads\/2024\/02\/Afiche-SPOC-Planificacion-Alimentaria-y-Diseno-de-Menu-.png?fit=1080%2C1350&amp;ssl=1\" data-orig-size=\"1080,1350\" data-comments-opened=\"1\" data-image-meta=\"{&quot;aperture&quot;:&quot;0&quot;,&quot;credit&quot;:&quot;&quot;,&quot;camera&quot;:&quot;&quot;,&quot;caption&quot;:&quot;&quot;,&quot;created_timestamp&quot;:&quot;0&quot;,&quot;copyright&quot;:&quot;&quot;,&quot;focal_length&quot;:&quot;0&quot;,&quot;iso&quot;:&quot;0&quot;,&quot;shutter_speed&quot;:&quot;0&quot;,&quot;title&quot;:&quot;&quot;,&quot;orientation&quot;:&quot;0&quot;}\" data-image-title=\"Afiche- SPOC &amp;#8211; Planificaci\u00f3n Alimentaria y Dise\u00f1o de Men\u00fa\" data-image-description=\"\" data-image-caption=\"\" data-large-file=\"https:\/\/i0.wp.com\/vivesanobrasil.org\/wp-content\/uploads\/2024\/02\/Afiche-SPOC-Planificacion-Alimentaria-y-Diseno-de-Menu-.png?fit=819%2C1024&amp;ssl=1\" width=\"1080\" height=\"1350\" src=\"https:\/\/i0.wp.com\/vivesanobrasil.org\/wp-content\/uploads\/2024\/02\/Afiche-SPOC-Planificacion-Alimentaria-y-Diseno-de-Menu-.png?fit=1080%2C1350&amp;ssl=1\" class=\"attachment-full size-full wp-image-54690\" alt=\"\" srcset=\"https:\/\/i0.wp.com\/vivesanobrasil.org\/wp-content\/uploads\/2024\/02\/Afiche-SPOC-Planificacion-Alimentaria-y-Diseno-de-Menu-.png?w=1080&amp;ssl=1 1080w, https:\/\/i0.wp.com\/vivesanobrasil.org\/wp-content\/uploads\/2024\/02\/Afiche-SPOC-Planificacion-Alimentaria-y-Diseno-de-Menu-.png?resize=240%2C300&amp;ssl=1 240w, https:\/\/i0.wp.com\/vivesanobrasil.org\/wp-content\/uploads\/2024\/02\/Afiche-SPOC-Planificacion-Alimentaria-y-Diseno-de-Menu-.png?resize=819%2C1024&amp;ssl=1 819w, https:\/\/i0.wp.com\/vivesanobrasil.org\/wp-content\/uploads\/2024\/02\/Afiche-SPOC-Planificacion-Alimentaria-y-Diseno-de-Menu-.png?resize=768%2C960&amp;ssl=1 768w, https:\/\/i0.wp.com\/vivesanobrasil.org\/wp-content\/uploads\/2024\/02\/Afiche-SPOC-Planificacion-Alimentaria-y-Diseno-de-Menu-.png?resize=48%2C60&amp;ssl=1 48w, https:\/\/i0.wp.com\/vivesanobrasil.org\/wp-content\/uploads\/2024\/02\/Afiche-SPOC-Planificacion-Alimentaria-y-Diseno-de-Menu-.png?resize=500%2C625&amp;ssl=1 500w, https:\/\/i0.wp.com\/vivesanobrasil.org\/wp-content\/uploads\/2024\/02\/Afiche-SPOC-Planificacion-Alimentaria-y-Diseno-de-Menu-.png?resize=700%2C875&amp;ssl=1 700w\" sizes=\"(max-width: 1000px) 100vw, 1000px\" data-attachment-id=\"54690\" data-permalink=\"https:\/\/vivesanobrasil.org\/pb\/curso-internacional-en-planificacion-alimentaria-y-diseno-de-menu-spoc\/afiche-spoc-planificacion-alimentaria-y-diseno-de-menu\/\" data-orig-file=\"https:\/\/i0.wp.com\/vivesanobrasil.org\/wp-content\/uploads\/2024\/02\/Afiche-SPOC-Planificacion-Alimentaria-y-Diseno-de-Menu-.png?fit=1080%2C1350&amp;ssl=1\" data-orig-size=\"1080,1350\" data-comments-opened=\"1\" data-image-meta=\"{&quot;aperture&quot;:&quot;0&quot;,&quot;credit&quot;:&quot;&quot;,&quot;camera&quot;:&quot;&quot;,&quot;caption&quot;:&quot;&quot;,&quot;created_timestamp&quot;:&quot;0&quot;,&quot;copyright&quot;:&quot;&quot;,&quot;focal_length&quot;:&quot;0&quot;,&quot;iso&quot;:&quot;0&quot;,&quot;shutter_speed&quot;:&quot;0&quot;,&quot;title&quot;:&quot;&quot;,&quot;orientation&quot;:&quot;0&quot;}\" data-image-title=\"Afiche- SPOC &amp;#8211; Planificaci\u00f3n Alimentaria y Dise\u00f1o de Men\u00fa\" data-image-description=\"\" data-image-caption=\"\" data-large-file=\"https:\/\/i0.wp.com\/vivesanobrasil.org\/wp-content\/uploads\/2024\/02\/Afiche-SPOC-Planificacion-Alimentaria-y-Diseno-de-Menu-.png?fit=819%2C1024&amp;ssl=1\" \/>\t\t\t\t\t\t\t\t<\/a>\n\t\t\t\t\t\t\t\t\t\t\t\t\t<\/div>\n\t\t\t\t<\/div>\n\t\t\t\t<div class=\"elementor-element elementor-element-95e675d elementor-widget elementor-widget-image\" data-id=\"95e675d\" data-element_type=\"widget\" data-widget_type=\"image.default\">\n\t\t\t\t<div class=\"elementor-widget-container\">\n\t\t\t\t\t\t\t\t\t\t\t\t\t\t<a href=\"https:\/\/vivesanobrasil.org\/pb\/certificacion-internacional-en-interpretacion-de-examenes-bioquimicos-metodologia-spoc\/\" target=\"_blank\">\n\t\t\t\t\t\t\t<img loading=\"lazy\" decoding=\"async\" data-attachment-id=\"56023\" data-permalink=\"https:\/\/vivesanobrasil.org\/pb\/certificacion-internacional-en-interpretacion-de-examenes-bioquimicos-metodologia-spoc\/afiche-certif-internacional-en-interpretacion-de-examenes-bioquimicos-spoc-2-1\/\" data-orig-file=\"https:\/\/i0.wp.com\/vivesanobrasil.org\/wp-content\/uploads\/2024\/03\/Afiche-Certif.-Internacional-en-Interpretacion-de-examenes-bioquimicos-SPOC-2-1.png?fit=1080%2C1350&amp;ssl=1\" data-orig-size=\"1080,1350\" data-comments-opened=\"1\" data-image-meta=\"{&quot;aperture&quot;:&quot;0&quot;,&quot;credit&quot;:&quot;&quot;,&quot;camera&quot;:&quot;&quot;,&quot;caption&quot;:&quot;&quot;,&quot;created_timestamp&quot;:&quot;0&quot;,&quot;copyright&quot;:&quot;&quot;,&quot;focal_length&quot;:&quot;0&quot;,&quot;iso&quot;:&quot;0&quot;,&quot;shutter_speed&quot;:&quot;0&quot;,&quot;title&quot;:&quot;&quot;,&quot;orientation&quot;:&quot;0&quot;}\" data-image-title=\"Afiche &amp;#8211; Certif. Internacional en Interpretacio\u0301n de exa\u0301menes bioqui\u0301micos SPOC (2) (1)\" data-image-description=\"\" data-image-caption=\"\" data-large-file=\"https:\/\/i0.wp.com\/vivesanobrasil.org\/wp-content\/uploads\/2024\/03\/Afiche-Certif.-Internacional-en-Interpretacion-de-examenes-bioquimicos-SPOC-2-1.png?fit=819%2C1024&amp;ssl=1\" width=\"1080\" height=\"1350\" src=\"https:\/\/i0.wp.com\/vivesanobrasil.org\/wp-content\/uploads\/2024\/03\/Afiche-Certif.-Internacional-en-Interpretacion-de-examenes-bioquimicos-SPOC-2-1.png?fit=1080%2C1350&amp;ssl=1\" class=\"attachment-full size-full wp-image-56023\" alt=\"\" srcset=\"https:\/\/i0.wp.com\/vivesanobrasil.org\/wp-content\/uploads\/2024\/03\/Afiche-Certif.-Internacional-en-Interpretacion-de-examenes-bioquimicos-SPOC-2-1.png?w=1080&amp;ssl=1 1080w, https:\/\/i0.wp.com\/vivesanobrasil.org\/wp-content\/uploads\/2024\/03\/Afiche-Certif.-Internacional-en-Interpretacion-de-examenes-bioquimicos-SPOC-2-1.png?resize=240%2C300&amp;ssl=1 240w, https:\/\/i0.wp.com\/vivesanobrasil.org\/wp-content\/uploads\/2024\/03\/Afiche-Certif.-Internacional-en-Interpretacion-de-examenes-bioquimicos-SPOC-2-1.png?resize=819%2C1024&amp;ssl=1 819w, https:\/\/i0.wp.com\/vivesanobrasil.org\/wp-content\/uploads\/2024\/03\/Afiche-Certif.-Internacional-en-Interpretacion-de-examenes-bioquimicos-SPOC-2-1.png?resize=768%2C960&amp;ssl=1 768w, https:\/\/i0.wp.com\/vivesanobrasil.org\/wp-content\/uploads\/2024\/03\/Afiche-Certif.-Internacional-en-Interpretacion-de-examenes-bioquimicos-SPOC-2-1.png?resize=48%2C60&amp;ssl=1 48w, https:\/\/i0.wp.com\/vivesanobrasil.org\/wp-content\/uploads\/2024\/03\/Afiche-Certif.-Internacional-en-Interpretacion-de-examenes-bioquimicos-SPOC-2-1.png?resize=500%2C625&amp;ssl=1 500w, https:\/\/i0.wp.com\/vivesanobrasil.org\/wp-content\/uploads\/2024\/03\/Afiche-Certif.-Internacional-en-Interpretacion-de-examenes-bioquimicos-SPOC-2-1.png?resize=700%2C875&amp;ssl=1 700w\" sizes=\"(max-width: 1000px) 100vw, 1000px\" data-attachment-id=\"56023\" data-permalink=\"https:\/\/vivesanobrasil.org\/pb\/certificacion-internacional-en-interpretacion-de-examenes-bioquimicos-metodologia-spoc\/afiche-certif-internacional-en-interpretacion-de-examenes-bioquimicos-spoc-2-1\/\" data-orig-file=\"https:\/\/i0.wp.com\/vivesanobrasil.org\/wp-content\/uploads\/2024\/03\/Afiche-Certif.-Internacional-en-Interpretacion-de-examenes-bioquimicos-SPOC-2-1.png?fit=1080%2C1350&amp;ssl=1\" data-orig-size=\"1080,1350\" data-comments-opened=\"1\" data-image-meta=\"{&quot;aperture&quot;:&quot;0&quot;,&quot;credit&quot;:&quot;&quot;,&quot;camera&quot;:&quot;&quot;,&quot;caption&quot;:&quot;&quot;,&quot;created_timestamp&quot;:&quot;0&quot;,&quot;copyright&quot;:&quot;&quot;,&quot;focal_length&quot;:&quot;0&quot;,&quot;iso&quot;:&quot;0&quot;,&quot;shutter_speed&quot;:&quot;0&quot;,&quot;title&quot;:&quot;&quot;,&quot;orientation&quot;:&quot;0&quot;}\" data-image-title=\"Afiche &amp;#8211; Certif. Internacional en Interpretacio\u0301n de exa\u0301menes bioqui\u0301micos SPOC (2) (1)\" data-image-description=\"\" data-image-caption=\"\" data-large-file=\"https:\/\/i0.wp.com\/vivesanobrasil.org\/wp-content\/uploads\/2024\/03\/Afiche-Certif.-Internacional-en-Interpretacion-de-examenes-bioquimicos-SPOC-2-1.png?fit=819%2C1024&amp;ssl=1\" \/>\t\t\t\t\t\t\t\t<\/a>\n\t\t\t\t\t\t\t\t\t\t\t\t\t<\/div>\n\t\t\t\t<\/div>\n\t\t\t\t<div class=\"elementor-element elementor-element-03d7061 elementor-widget elementor-widget-image\" data-id=\"03d7061\" data-element_type=\"widget\" data-widget_type=\"image.default\">\n\t\t\t\t<div class=\"elementor-widget-container\">\n\t\t\t\t\t\t\t\t\t\t\t\t\t\t<a href=\"https:\/\/vivesanobrasil.org\/pb\/certificacion-internacional-nutricion-basada-en-plantas-un-abordaje-nutricional-desde-la-infancia-hasta-la-adultez-inicio-inmediato\/\" target=\"_blank\">\n\t\t\t\t\t\t\t<img loading=\"lazy\" decoding=\"async\" data-attachment-id=\"56042\" data-permalink=\"https:\/\/vivesanobrasil.org\/pb\/oferta-2\/afiche-spoc-nutricion-basada-en-plantas-2\/\" data-orig-file=\"https:\/\/i0.wp.com\/vivesanobrasil.org\/wp-content\/uploads\/2024\/05\/Afiche-SPOC-Nutricion-Basada-en-Plantas.png?fit=1080%2C1350&amp;ssl=1\" data-orig-size=\"1080,1350\" data-comments-opened=\"1\" data-image-meta=\"{&quot;aperture&quot;:&quot;0&quot;,&quot;credit&quot;:&quot;&quot;,&quot;camera&quot;:&quot;&quot;,&quot;caption&quot;:&quot;&quot;,&quot;created_timestamp&quot;:&quot;0&quot;,&quot;copyright&quot;:&quot;&quot;,&quot;focal_length&quot;:&quot;0&quot;,&quot;iso&quot;:&quot;0&quot;,&quot;shutter_speed&quot;:&quot;0&quot;,&quot;title&quot;:&quot;&quot;,&quot;orientation&quot;:&quot;0&quot;}\" data-image-title=\"Afiche &amp;#8211; SPOC Nutrici\u00f3n Basada en Plantas\" data-image-description=\"\" data-image-caption=\"\" data-large-file=\"https:\/\/i0.wp.com\/vivesanobrasil.org\/wp-content\/uploads\/2024\/05\/Afiche-SPOC-Nutricion-Basada-en-Plantas.png?fit=819%2C1024&amp;ssl=1\" width=\"1080\" height=\"1350\" src=\"https:\/\/i0.wp.com\/vivesanobrasil.org\/wp-content\/uploads\/2024\/05\/Afiche-SPOC-Nutricion-Basada-en-Plantas.png?fit=1080%2C1350&amp;ssl=1\" class=\"attachment-full size-full wp-image-56042\" alt=\"\" srcset=\"https:\/\/i0.wp.com\/vivesanobrasil.org\/wp-content\/uploads\/2024\/05\/Afiche-SPOC-Nutricion-Basada-en-Plantas.png?w=1080&amp;ssl=1 1080w, https:\/\/i0.wp.com\/vivesanobrasil.org\/wp-content\/uploads\/2024\/05\/Afiche-SPOC-Nutricion-Basada-en-Plantas.png?resize=240%2C300&amp;ssl=1 240w, https:\/\/i0.wp.com\/vivesanobrasil.org\/wp-content\/uploads\/2024\/05\/Afiche-SPOC-Nutricion-Basada-en-Plantas.png?resize=819%2C1024&amp;ssl=1 819w, https:\/\/i0.wp.com\/vivesanobrasil.org\/wp-content\/uploads\/2024\/05\/Afiche-SPOC-Nutricion-Basada-en-Plantas.png?resize=768%2C960&amp;ssl=1 768w, https:\/\/i0.wp.com\/vivesanobrasil.org\/wp-content\/uploads\/2024\/05\/Afiche-SPOC-Nutricion-Basada-en-Plantas.png?resize=48%2C60&amp;ssl=1 48w, https:\/\/i0.wp.com\/vivesanobrasil.org\/wp-content\/uploads\/2024\/05\/Afiche-SPOC-Nutricion-Basada-en-Plantas.png?resize=500%2C625&amp;ssl=1 500w, https:\/\/i0.wp.com\/vivesanobrasil.org\/wp-content\/uploads\/2024\/05\/Afiche-SPOC-Nutricion-Basada-en-Plantas.png?resize=700%2C875&amp;ssl=1 700w\" sizes=\"(max-width: 1000px) 100vw, 1000px\" data-attachment-id=\"56042\" data-permalink=\"https:\/\/vivesanobrasil.org\/pb\/oferta-2\/afiche-spoc-nutricion-basada-en-plantas-2\/\" data-orig-file=\"https:\/\/i0.wp.com\/vivesanobrasil.org\/wp-content\/uploads\/2024\/05\/Afiche-SPOC-Nutricion-Basada-en-Plantas.png?fit=1080%2C1350&amp;ssl=1\" data-orig-size=\"1080,1350\" data-comments-opened=\"1\" data-image-meta=\"{&quot;aperture&quot;:&quot;0&quot;,&quot;credit&quot;:&quot;&quot;,&quot;camera&quot;:&quot;&quot;,&quot;caption&quot;:&quot;&quot;,&quot;created_timestamp&quot;:&quot;0&quot;,&quot;copyright&quot;:&quot;&quot;,&quot;focal_length&quot;:&quot;0&quot;,&quot;iso&quot;:&quot;0&quot;,&quot;shutter_speed&quot;:&quot;0&quot;,&quot;title&quot;:&quot;&quot;,&quot;orientation&quot;:&quot;0&quot;}\" data-image-title=\"Afiche &amp;#8211; SPOC Nutrici\u00f3n Basada en Plantas\" data-image-description=\"\" data-image-caption=\"\" data-large-file=\"https:\/\/i0.wp.com\/vivesanobrasil.org\/wp-content\/uploads\/2024\/05\/Afiche-SPOC-Nutricion-Basada-en-Plantas.png?fit=819%2C1024&amp;ssl=1\" \/>\t\t\t\t\t\t\t\t<\/a>\n\t\t\t\t\t\t\t\t\t\t\t\t\t<\/div>\n\t\t\t\t<\/div>\n\t\t\t\t<div class=\"elementor-element elementor-element-16a3606 elementor-widget elementor-widget-image\" data-id=\"16a3606\" data-element_type=\"widget\" data-widget_type=\"image.default\">\n\t\t\t\t<div class=\"elementor-widget-container\">\n\t\t\t\t\t\t\t\t\t\t\t\t\t\t<a href=\"https:\/\/vivesanobrasil.org\/pb\/certificacion-internacional-cirugia-de-la-obesidad-y-enfermedades-metabolicas-inicio-inmediato\/\" target=\"_blank\">\n\t\t\t\t\t\t\t<img loading=\"lazy\" decoding=\"async\" data-attachment-id=\"57278\" data-permalink=\"https:\/\/vivesanobrasil.org\/pb\/oferta-2\/afiche-spoc-cert-inter-en-cirugia-de-la-obesidad-y-enfermedades-metabolicas-1-2\/\" data-orig-file=\"https:\/\/i0.wp.com\/vivesanobrasil.org\/wp-content\/uploads\/2024\/07\/Afiche-SPOC-Cert.-Inter.-en-Cirugia-de-la-Obesidad-y-Enfermedades-Metabolicas-1-2.png?fit=1080%2C1350&amp;ssl=1\" data-orig-size=\"1080,1350\" data-comments-opened=\"1\" data-image-meta=\"{&quot;aperture&quot;:&quot;0&quot;,&quot;credit&quot;:&quot;&quot;,&quot;camera&quot;:&quot;&quot;,&quot;caption&quot;:&quot;&quot;,&quot;created_timestamp&quot;:&quot;0&quot;,&quot;copyright&quot;:&quot;&quot;,&quot;focal_length&quot;:&quot;0&quot;,&quot;iso&quot;:&quot;0&quot;,&quot;shutter_speed&quot;:&quot;0&quot;,&quot;title&quot;:&quot;&quot;,&quot;orientation&quot;:&quot;0&quot;}\" data-image-title=\"Afiche &amp;#8211; SPOC Cert. Inter. en Cirug\u00eda de la Obesidad y Enfermedades Metab\u00f3licas (1) (2)\" data-image-description=\"\" data-image-caption=\"\" data-large-file=\"https:\/\/i0.wp.com\/vivesanobrasil.org\/wp-content\/uploads\/2024\/07\/Afiche-SPOC-Cert.-Inter.-en-Cirugia-de-la-Obesidad-y-Enfermedades-Metabolicas-1-2.png?fit=819%2C1024&amp;ssl=1\" width=\"1080\" height=\"1350\" src=\"https:\/\/i0.wp.com\/vivesanobrasil.org\/wp-content\/uploads\/2024\/07\/Afiche-SPOC-Cert.-Inter.-en-Cirugia-de-la-Obesidad-y-Enfermedades-Metabolicas-1-2.png?fit=1080%2C1350&amp;ssl=1\" class=\"attachment-full size-full wp-image-57278\" alt=\"\" srcset=\"https:\/\/i0.wp.com\/vivesanobrasil.org\/wp-content\/uploads\/2024\/07\/Afiche-SPOC-Cert.-Inter.-en-Cirugia-de-la-Obesidad-y-Enfermedades-Metabolicas-1-2.png?w=1080&amp;ssl=1 1080w, https:\/\/i0.wp.com\/vivesanobrasil.org\/wp-content\/uploads\/2024\/07\/Afiche-SPOC-Cert.-Inter.-en-Cirugia-de-la-Obesidad-y-Enfermedades-Metabolicas-1-2.png?resize=240%2C300&amp;ssl=1 240w, https:\/\/i0.wp.com\/vivesanobrasil.org\/wp-content\/uploads\/2024\/07\/Afiche-SPOC-Cert.-Inter.-en-Cirugia-de-la-Obesidad-y-Enfermedades-Metabolicas-1-2.png?resize=819%2C1024&amp;ssl=1 819w, https:\/\/i0.wp.com\/vivesanobrasil.org\/wp-content\/uploads\/2024\/07\/Afiche-SPOC-Cert.-Inter.-en-Cirugia-de-la-Obesidad-y-Enfermedades-Metabolicas-1-2.png?resize=768%2C960&amp;ssl=1 768w, https:\/\/i0.wp.com\/vivesanobrasil.org\/wp-content\/uploads\/2024\/07\/Afiche-SPOC-Cert.-Inter.-en-Cirugia-de-la-Obesidad-y-Enfermedades-Metabolicas-1-2.png?resize=500%2C625&amp;ssl=1 500w, https:\/\/i0.wp.com\/vivesanobrasil.org\/wp-content\/uploads\/2024\/07\/Afiche-SPOC-Cert.-Inter.-en-Cirugia-de-la-Obesidad-y-Enfermedades-Metabolicas-1-2.png?resize=700%2C875&amp;ssl=1 700w\" sizes=\"(max-width: 1000px) 100vw, 1000px\" data-attachment-id=\"57278\" data-permalink=\"https:\/\/vivesanobrasil.org\/pb\/oferta-2\/afiche-spoc-cert-inter-en-cirugia-de-la-obesidad-y-enfermedades-metabolicas-1-2\/\" data-orig-file=\"https:\/\/i0.wp.com\/vivesanobrasil.org\/wp-content\/uploads\/2024\/07\/Afiche-SPOC-Cert.-Inter.-en-Cirugia-de-la-Obesidad-y-Enfermedades-Metabolicas-1-2.png?fit=1080%2C1350&amp;ssl=1\" data-orig-size=\"1080,1350\" data-comments-opened=\"1\" data-image-meta=\"{&quot;aperture&quot;:&quot;0&quot;,&quot;credit&quot;:&quot;&quot;,&quot;camera&quot;:&quot;&quot;,&quot;caption&quot;:&quot;&quot;,&quot;created_timestamp&quot;:&quot;0&quot;,&quot;copyright&quot;:&quot;&quot;,&quot;focal_length&quot;:&quot;0&quot;,&quot;iso&quot;:&quot;0&quot;,&quot;shutter_speed&quot;:&quot;0&quot;,&quot;title&quot;:&quot;&quot;,&quot;orientation&quot;:&quot;0&quot;}\" data-image-title=\"Afiche &amp;#8211; SPOC Cert. Inter. en Cirug\u00eda de la Obesidad y Enfermedades Metab\u00f3licas (1) (2)\" data-image-description=\"\" data-image-caption=\"\" data-large-file=\"https:\/\/i0.wp.com\/vivesanobrasil.org\/wp-content\/uploads\/2024\/07\/Afiche-SPOC-Cert.-Inter.-en-Cirugia-de-la-Obesidad-y-Enfermedades-Metabolicas-1-2.png?fit=819%2C1024&amp;ssl=1\" \/>\t\t\t\t\t\t\t\t<\/a>\n\t\t\t\t\t\t\t\t\t\t\t\t\t<\/div>\n\t\t\t\t<\/div>\n\t\t\t\t<div class=\"elementor-element elementor-element-fba8e95 elementor-widget elementor-widget-image\" data-id=\"fba8e95\" data-element_type=\"widget\" data-widget_type=\"image.default\">\n\t\t\t\t<div class=\"elementor-widget-container\">\n\t\t\t\t\t\t\t\t\t\t\t\t\t\t<a href=\"https:\/\/vivesanobrasil.org\/pb\/certificacion-internacional-en-gestion-de-contenido-y-marketing-digital-crea-tu-marca-personal-desde-cero-inicio-inmediato\/\" target=\"_blank\">\n\t\t\t\t\t\t\t<img loading=\"lazy\" decoding=\"async\" data-attachment-id=\"57027\" data-permalink=\"https:\/\/vivesanobrasil.org\/pb\/oferta-2\/afiche-cert-gestion-de-contenido-y-marketing-digital\/\" data-orig-file=\"https:\/\/i0.wp.com\/vivesanobrasil.org\/wp-content\/uploads\/2024\/06\/Afiche-cert.-Gestion-de-Contenido-y-Marketing-Digital.png?fit=1080%2C1350&amp;ssl=1\" data-orig-size=\"1080,1350\" data-comments-opened=\"1\" data-image-meta=\"{&quot;aperture&quot;:&quot;0&quot;,&quot;credit&quot;:&quot;&quot;,&quot;camera&quot;:&quot;&quot;,&quot;caption&quot;:&quot;&quot;,&quot;created_timestamp&quot;:&quot;0&quot;,&quot;copyright&quot;:&quot;&quot;,&quot;focal_length&quot;:&quot;0&quot;,&quot;iso&quot;:&quot;0&quot;,&quot;shutter_speed&quot;:&quot;0&quot;,&quot;title&quot;:&quot;&quot;,&quot;orientation&quot;:&quot;0&quot;}\" data-image-title=\"Afiche &amp;#8211; cert. Gesti\u00f3n de Contenido y Marketing Digital\" data-image-description=\"\" data-image-caption=\"\" data-large-file=\"https:\/\/i0.wp.com\/vivesanobrasil.org\/wp-content\/uploads\/2024\/06\/Afiche-cert.-Gestion-de-Contenido-y-Marketing-Digital.png?fit=819%2C1024&amp;ssl=1\" width=\"1080\" height=\"1350\" src=\"https:\/\/i0.wp.com\/vivesanobrasil.org\/wp-content\/uploads\/2024\/06\/Afiche-cert.-Gestion-de-Contenido-y-Marketing-Digital.png?fit=1080%2C1350&amp;ssl=1\" class=\"attachment-full size-full wp-image-57027\" alt=\"\" srcset=\"https:\/\/i0.wp.com\/vivesanobrasil.org\/wp-content\/uploads\/2024\/06\/Afiche-cert.-Gestion-de-Contenido-y-Marketing-Digital.png?w=1080&amp;ssl=1 1080w, https:\/\/i0.wp.com\/vivesanobrasil.org\/wp-content\/uploads\/2024\/06\/Afiche-cert.-Gestion-de-Contenido-y-Marketing-Digital.png?resize=240%2C300&amp;ssl=1 240w, https:\/\/i0.wp.com\/vivesanobrasil.org\/wp-content\/uploads\/2024\/06\/Afiche-cert.-Gestion-de-Contenido-y-Marketing-Digital.png?resize=819%2C1024&amp;ssl=1 819w, https:\/\/i0.wp.com\/vivesanobrasil.org\/wp-content\/uploads\/2024\/06\/Afiche-cert.-Gestion-de-Contenido-y-Marketing-Digital.png?resize=768%2C960&amp;ssl=1 768w, https:\/\/i0.wp.com\/vivesanobrasil.org\/wp-content\/uploads\/2024\/06\/Afiche-cert.-Gestion-de-Contenido-y-Marketing-Digital.png?resize=500%2C625&amp;ssl=1 500w, https:\/\/i0.wp.com\/vivesanobrasil.org\/wp-content\/uploads\/2024\/06\/Afiche-cert.-Gestion-de-Contenido-y-Marketing-Digital.png?resize=700%2C875&amp;ssl=1 700w\" sizes=\"(max-width: 1000px) 100vw, 1000px\" data-attachment-id=\"57027\" data-permalink=\"https:\/\/vivesanobrasil.org\/pb\/oferta-2\/afiche-cert-gestion-de-contenido-y-marketing-digital\/\" data-orig-file=\"https:\/\/i0.wp.com\/vivesanobrasil.org\/wp-content\/uploads\/2024\/06\/Afiche-cert.-Gestion-de-Contenido-y-Marketing-Digital.png?fit=1080%2C1350&amp;ssl=1\" data-orig-size=\"1080,1350\" data-comments-opened=\"1\" data-image-meta=\"{&quot;aperture&quot;:&quot;0&quot;,&quot;credit&quot;:&quot;&quot;,&quot;camera&quot;:&quot;&quot;,&quot;caption&quot;:&quot;&quot;,&quot;created_timestamp&quot;:&quot;0&quot;,&quot;copyright&quot;:&quot;&quot;,&quot;focal_length&quot;:&quot;0&quot;,&quot;iso&quot;:&quot;0&quot;,&quot;shutter_speed&quot;:&quot;0&quot;,&quot;title&quot;:&quot;&quot;,&quot;orientation&quot;:&quot;0&quot;}\" data-image-title=\"Afiche &amp;#8211; cert. Gesti\u00f3n de Contenido y Marketing Digital\" data-image-description=\"\" data-image-caption=\"\" data-large-file=\"https:\/\/i0.wp.com\/vivesanobrasil.org\/wp-content\/uploads\/2024\/06\/Afiche-cert.-Gestion-de-Contenido-y-Marketing-Digital.png?fit=819%2C1024&amp;ssl=1\" \/>\t\t\t\t\t\t\t\t<\/a>\n\t\t\t\t\t\t\t\t\t\t\t\t\t<\/div>\n\t\t\t\t<\/div>\n\t\t\t\t<div class=\"elementor-element elementor-element-54cce27 elementor-widget elementor-widget-image\" data-id=\"54cce27\" data-element_type=\"widget\" data-widget_type=\"image.default\">\n\t\t\t\t<div class=\"elementor-widget-container\">\n\t\t\t\t\t\t\t\t\t\t\t\t\t\t<a href=\"https:\/\/vivesanobrasil.org\/curso-intensivo-trastornos-del-espectro-autista-inicio-inmediato\/\" target=\"_blank\">\n\t\t\t\t\t\t\t<img loading=\"lazy\" decoding=\"async\" data-attachment-id=\"58224\" data-permalink=\"https:\/\/vivesanobrasil.org\/pb\/oferta-2\/afiche-curso-intensivo-trastornos-del-espectro-autista-inicio-inmediato-1\/\" data-orig-file=\"https:\/\/i0.wp.com\/vivesanobrasil.org\/wp-content\/uploads\/2024\/09\/Afiche-Curso-Intensivo-Trastornos-del-Espectro-Autista-Inicio-Inmediato-1-1.png?fit=1080%2C1350&amp;ssl=1\" data-orig-size=\"1080,1350\" data-comments-opened=\"1\" data-image-meta=\"{&quot;aperture&quot;:&quot;0&quot;,&quot;credit&quot;:&quot;&quot;,&quot;camera&quot;:&quot;&quot;,&quot;caption&quot;:&quot;&quot;,&quot;created_timestamp&quot;:&quot;0&quot;,&quot;copyright&quot;:&quot;&quot;,&quot;focal_length&quot;:&quot;0&quot;,&quot;iso&quot;:&quot;0&quot;,&quot;shutter_speed&quot;:&quot;0&quot;,&quot;title&quot;:&quot;&quot;,&quot;orientation&quot;:&quot;0&quot;}\" data-image-title=\"Afiche &amp;#8211; Curso Intensivo Trastornos del Espectro Autista &amp;#8211; Inicio Inmediato (1)\" data-image-description=\"\" data-image-caption=\"\" data-large-file=\"https:\/\/i0.wp.com\/vivesanobrasil.org\/wp-content\/uploads\/2024\/09\/Afiche-Curso-Intensivo-Trastornos-del-Espectro-Autista-Inicio-Inmediato-1-1.png?fit=819%2C1024&amp;ssl=1\" width=\"1080\" height=\"1350\" src=\"https:\/\/i0.wp.com\/vivesanobrasil.org\/wp-content\/uploads\/2024\/09\/Afiche-Curso-Intensivo-Trastornos-del-Espectro-Autista-Inicio-Inmediato-1-1.png?fit=1080%2C1350&amp;ssl=1\" class=\"attachment-full size-full wp-image-58224\" alt=\"\" srcset=\"https:\/\/i0.wp.com\/vivesanobrasil.org\/wp-content\/uploads\/2024\/09\/Afiche-Curso-Intensivo-Trastornos-del-Espectro-Autista-Inicio-Inmediato-1-1.png?w=1080&amp;ssl=1 1080w, https:\/\/i0.wp.com\/vivesanobrasil.org\/wp-content\/uploads\/2024\/09\/Afiche-Curso-Intensivo-Trastornos-del-Espectro-Autista-Inicio-Inmediato-1-1.png?resize=240%2C300&amp;ssl=1 240w, https:\/\/i0.wp.com\/vivesanobrasil.org\/wp-content\/uploads\/2024\/09\/Afiche-Curso-Intensivo-Trastornos-del-Espectro-Autista-Inicio-Inmediato-1-1.png?resize=819%2C1024&amp;ssl=1 819w, https:\/\/i0.wp.com\/vivesanobrasil.org\/wp-content\/uploads\/2024\/09\/Afiche-Curso-Intensivo-Trastornos-del-Espectro-Autista-Inicio-Inmediato-1-1.png?resize=768%2C960&amp;ssl=1 768w, https:\/\/i0.wp.com\/vivesanobrasil.org\/wp-content\/uploads\/2024\/09\/Afiche-Curso-Intensivo-Trastornos-del-Espectro-Autista-Inicio-Inmediato-1-1.png?resize=500%2C625&amp;ssl=1 500w, https:\/\/i0.wp.com\/vivesanobrasil.org\/wp-content\/uploads\/2024\/09\/Afiche-Curso-Intensivo-Trastornos-del-Espectro-Autista-Inicio-Inmediato-1-1.png?resize=700%2C875&amp;ssl=1 700w\" sizes=\"(max-width: 1000px) 100vw, 1000px\" data-attachment-id=\"58224\" data-permalink=\"https:\/\/vivesanobrasil.org\/pb\/oferta-2\/afiche-curso-intensivo-trastornos-del-espectro-autista-inicio-inmediato-1\/\" data-orig-file=\"https:\/\/i0.wp.com\/vivesanobrasil.org\/wp-content\/uploads\/2024\/09\/Afiche-Curso-Intensivo-Trastornos-del-Espectro-Autista-Inicio-Inmediato-1-1.png?fit=1080%2C1350&amp;ssl=1\" data-orig-size=\"1080,1350\" data-comments-opened=\"1\" data-image-meta=\"{&quot;aperture&quot;:&quot;0&quot;,&quot;credit&quot;:&quot;&quot;,&quot;camera&quot;:&quot;&quot;,&quot;caption&quot;:&quot;&quot;,&quot;created_timestamp&quot;:&quot;0&quot;,&quot;copyright&quot;:&quot;&quot;,&quot;focal_length&quot;:&quot;0&quot;,&quot;iso&quot;:&quot;0&quot;,&quot;shutter_speed&quot;:&quot;0&quot;,&quot;title&quot;:&quot;&quot;,&quot;orientation&quot;:&quot;0&quot;}\" data-image-title=\"Afiche &amp;#8211; Curso Intensivo Trastornos del Espectro Autista &amp;#8211; Inicio Inmediato (1)\" data-image-description=\"\" data-image-caption=\"\" data-large-file=\"https:\/\/i0.wp.com\/vivesanobrasil.org\/wp-content\/uploads\/2024\/09\/Afiche-Curso-Intensivo-Trastornos-del-Espectro-Autista-Inicio-Inmediato-1-1.png?fit=819%2C1024&amp;ssl=1\" \/>\t\t\t\t\t\t\t\t<\/a>\n\t\t\t\t\t\t\t\t\t\t\t\t\t<\/div>\n\t\t\t\t<\/div>\n\t\t\t\t\t<\/div>\n\t\t<\/div>\n\t\t\t\t<div class=\"elementor-column elementor-col-50 elementor-inner-column elementor-element elementor-element-af33518\" data-id=\"af33518\" data-element_type=\"column\">\n\t\t\t<div class=\"elementor-widget-wrap elementor-element-populated\">\n\t\t\t\t\t\t<div class=\"elementor-element elementor-element-61becad elementor-widget elementor-widget-image\" data-id=\"61becad\" data-element_type=\"widget\" data-widget_type=\"image.default\">\n\t\t\t\t<div class=\"elementor-widget-container\">\n\t\t\t\t\t\t\t\t\t\t\t\t\t\t<a href=\"https:\/\/vivesanobrasil.org\/pb\/curso-internacional-en-dieta-baja-en-fodmap\/\" target=\"_blank\">\n\t\t\t\t\t\t\t<img loading=\"lazy\" decoding=\"async\" data-attachment-id=\"46578\" data-permalink=\"https:\/\/vivesanobrasil.org\/pb\/oferta-2\/afiche-curso-internacional-en-fodmap-1\/\" data-orig-file=\"https:\/\/i0.wp.com\/vivesanobrasil.org\/wp-content\/uploads\/2023\/06\/Afiche-Curso-Internacional-en-FODMAP-1.png?fit=1080%2C1350&amp;ssl=1\" data-orig-size=\"1080,1350\" data-comments-opened=\"1\" data-image-meta=\"{&quot;aperture&quot;:&quot;0&quot;,&quot;credit&quot;:&quot;&quot;,&quot;camera&quot;:&quot;&quot;,&quot;caption&quot;:&quot;&quot;,&quot;created_timestamp&quot;:&quot;0&quot;,&quot;copyright&quot;:&quot;&quot;,&quot;focal_length&quot;:&quot;0&quot;,&quot;iso&quot;:&quot;0&quot;,&quot;shutter_speed&quot;:&quot;0&quot;,&quot;title&quot;:&quot;&quot;,&quot;orientation&quot;:&quot;0&quot;}\" data-image-title=\"\" data-image-description=\"\" data-image-caption=\"\" data-large-file=\"https:\/\/i0.wp.com\/vivesanobrasil.org\/wp-content\/uploads\/2023\/06\/Afiche-Curso-Internacional-en-FODMAP-1.png?fit=819%2C1024&amp;ssl=1\" width=\"1080\" height=\"1350\" src=\"https:\/\/i0.wp.com\/vivesanobrasil.org\/wp-content\/uploads\/2023\/06\/Afiche-Curso-Internacional-en-FODMAP-1.png?fit=1080%2C1350&amp;ssl=1\" class=\"attachment-full size-full wp-image-46578\" alt=\"\" srcset=\"https:\/\/i0.wp.com\/vivesanobrasil.org\/wp-content\/uploads\/2023\/06\/Afiche-Curso-Internacional-en-FODMAP-1.png?w=1080&amp;ssl=1 1080w, https:\/\/i0.wp.com\/vivesanobrasil.org\/wp-content\/uploads\/2023\/06\/Afiche-Curso-Internacional-en-FODMAP-1.png?resize=240%2C300&amp;ssl=1 240w, https:\/\/i0.wp.com\/vivesanobrasil.org\/wp-content\/uploads\/2023\/06\/Afiche-Curso-Internacional-en-FODMAP-1.png?resize=819%2C1024&amp;ssl=1 819w, https:\/\/i0.wp.com\/vivesanobrasil.org\/wp-content\/uploads\/2023\/06\/Afiche-Curso-Internacional-en-FODMAP-1.png?resize=768%2C960&amp;ssl=1 768w, https:\/\/i0.wp.com\/vivesanobrasil.org\/wp-content\/uploads\/2023\/06\/Afiche-Curso-Internacional-en-FODMAP-1.png?resize=48%2C60&amp;ssl=1 48w\" sizes=\"(max-width: 1000px) 100vw, 1000px\" data-attachment-id=\"46578\" data-permalink=\"https:\/\/vivesanobrasil.org\/pb\/oferta-2\/afiche-curso-internacional-en-fodmap-1\/\" data-orig-file=\"https:\/\/i0.wp.com\/vivesanobrasil.org\/wp-content\/uploads\/2023\/06\/Afiche-Curso-Internacional-en-FODMAP-1.png?fit=1080%2C1350&amp;ssl=1\" data-orig-size=\"1080,1350\" data-comments-opened=\"1\" data-image-meta=\"{&quot;aperture&quot;:&quot;0&quot;,&quot;credit&quot;:&quot;&quot;,&quot;camera&quot;:&quot;&quot;,&quot;caption&quot;:&quot;&quot;,&quot;created_timestamp&quot;:&quot;0&quot;,&quot;copyright&quot;:&quot;&quot;,&quot;focal_length&quot;:&quot;0&quot;,&quot;iso&quot;:&quot;0&quot;,&quot;shutter_speed&quot;:&quot;0&quot;,&quot;title&quot;:&quot;&quot;,&quot;orientation&quot;:&quot;0&quot;}\" data-image-title=\"\" data-image-description=\"\" data-image-caption=\"\" data-large-file=\"https:\/\/i0.wp.com\/vivesanobrasil.org\/wp-content\/uploads\/2023\/06\/Afiche-Curso-Internacional-en-FODMAP-1.png?fit=819%2C1024&amp;ssl=1\" \/>\t\t\t\t\t\t\t\t<\/a>\n\t\t\t\t\t\t\t\t\t\t\t\t\t<\/div>\n\t\t\t\t<\/div>\n\t\t\t\t<div class=\"elementor-element elementor-element-5657edb elementor-widget elementor-widget-image\" data-id=\"5657edb\" data-element_type=\"widget\" data-widget_type=\"image.default\">\n\t\t\t\t<div class=\"elementor-widget-container\">\n\t\t\t\t\t\t\t\t\t\t\t\t\t\t<a href=\"https:\/\/vivesanobrasil.org\/pb\/certificacion-internacional-en-lactancia-materna-y-alimentacion-complementaria-spoc\/\" target=\"_blank\">\n\t\t\t\t\t\t\t<img loading=\"lazy\" decoding=\"async\" data-attachment-id=\"55005\" data-permalink=\"https:\/\/vivesanobrasil.org\/pb\/certificacion-internacional-en-lactancia-materna-y-alimentacion-complementaria-spoc\/afiche-30-lm-y-alimentacion-complementaria-spoc\/\" data-orig-file=\"https:\/\/i0.wp.com\/vivesanobrasil.org\/wp-content\/uploads\/2024\/02\/Afiche-30-LM-y-alimentacion-complementaria-SPOC.png?fit=1080%2C1350&amp;ssl=1\" data-orig-size=\"1080,1350\" data-comments-opened=\"1\" data-image-meta=\"{&quot;aperture&quot;:&quot;0&quot;,&quot;credit&quot;:&quot;&quot;,&quot;camera&quot;:&quot;&quot;,&quot;caption&quot;:&quot;&quot;,&quot;created_timestamp&quot;:&quot;0&quot;,&quot;copyright&quot;:&quot;&quot;,&quot;focal_length&quot;:&quot;0&quot;,&quot;iso&quot;:&quot;0&quot;,&quot;shutter_speed&quot;:&quot;0&quot;,&quot;title&quot;:&quot;&quot;,&quot;orientation&quot;:&quot;0&quot;}\" data-image-title=\"Afiche 30% &amp;#8211; LM y alimentaci\u00f3n complementaria- SPOC\" data-image-description=\"\" data-image-caption=\"\" data-large-file=\"https:\/\/i0.wp.com\/vivesanobrasil.org\/wp-content\/uploads\/2024\/02\/Afiche-30-LM-y-alimentacion-complementaria-SPOC.png?fit=819%2C1024&amp;ssl=1\" width=\"1080\" height=\"1350\" src=\"https:\/\/i0.wp.com\/vivesanobrasil.org\/wp-content\/uploads\/2024\/02\/Afiche-30-LM-y-alimentacion-complementaria-SPOC.png?fit=1080%2C1350&amp;ssl=1\" class=\"attachment-full size-full wp-image-55005\" alt=\"\" srcset=\"https:\/\/i0.wp.com\/vivesanobrasil.org\/wp-content\/uploads\/2024\/02\/Afiche-30-LM-y-alimentacion-complementaria-SPOC.png?w=1080&amp;ssl=1 1080w, https:\/\/i0.wp.com\/vivesanobrasil.org\/wp-content\/uploads\/2024\/02\/Afiche-30-LM-y-alimentacion-complementaria-SPOC.png?resize=240%2C300&amp;ssl=1 240w, https:\/\/i0.wp.com\/vivesanobrasil.org\/wp-content\/uploads\/2024\/02\/Afiche-30-LM-y-alimentacion-complementaria-SPOC.png?resize=819%2C1024&amp;ssl=1 819w, https:\/\/i0.wp.com\/vivesanobrasil.org\/wp-content\/uploads\/2024\/02\/Afiche-30-LM-y-alimentacion-complementaria-SPOC.png?resize=768%2C960&amp;ssl=1 768w, https:\/\/i0.wp.com\/vivesanobrasil.org\/wp-content\/uploads\/2024\/02\/Afiche-30-LM-y-alimentacion-complementaria-SPOC.png?resize=48%2C60&amp;ssl=1 48w, https:\/\/i0.wp.com\/vivesanobrasil.org\/wp-content\/uploads\/2024\/02\/Afiche-30-LM-y-alimentacion-complementaria-SPOC.png?resize=500%2C625&amp;ssl=1 500w, https:\/\/i0.wp.com\/vivesanobrasil.org\/wp-content\/uploads\/2024\/02\/Afiche-30-LM-y-alimentacion-complementaria-SPOC.png?resize=700%2C875&amp;ssl=1 700w\" sizes=\"(max-width: 1000px) 100vw, 1000px\" data-attachment-id=\"55005\" data-permalink=\"https:\/\/vivesanobrasil.org\/pb\/certificacion-internacional-en-lactancia-materna-y-alimentacion-complementaria-spoc\/afiche-30-lm-y-alimentacion-complementaria-spoc\/\" data-orig-file=\"https:\/\/i0.wp.com\/vivesanobrasil.org\/wp-content\/uploads\/2024\/02\/Afiche-30-LM-y-alimentacion-complementaria-SPOC.png?fit=1080%2C1350&amp;ssl=1\" data-orig-size=\"1080,1350\" data-comments-opened=\"1\" data-image-meta=\"{&quot;aperture&quot;:&quot;0&quot;,&quot;credit&quot;:&quot;&quot;,&quot;camera&quot;:&quot;&quot;,&quot;caption&quot;:&quot;&quot;,&quot;created_timestamp&quot;:&quot;0&quot;,&quot;copyright&quot;:&quot;&quot;,&quot;focal_length&quot;:&quot;0&quot;,&quot;iso&quot;:&quot;0&quot;,&quot;shutter_speed&quot;:&quot;0&quot;,&quot;title&quot;:&quot;&quot;,&quot;orientation&quot;:&quot;0&quot;}\" data-image-title=\"Afiche 30% &amp;#8211; LM y alimentaci\u00f3n complementaria- SPOC\" data-image-description=\"\" data-image-caption=\"\" data-large-file=\"https:\/\/i0.wp.com\/vivesanobrasil.org\/wp-content\/uploads\/2024\/02\/Afiche-30-LM-y-alimentacion-complementaria-SPOC.png?fit=819%2C1024&amp;ssl=1\" \/>\t\t\t\t\t\t\t\t<\/a>\n\t\t\t\t\t\t\t\t\t\t\t\t\t<\/div>\n\t\t\t\t<\/div>\n\t\t\t\t<div class=\"elementor-element elementor-element-b95f1ec elementor-widget elementor-widget-image\" data-id=\"b95f1ec\" data-element_type=\"widget\" data-widget_type=\"image.default\">\n\t\t\t\t<div class=\"elementor-widget-container\">\n\t\t\t\t\t\t\t\t\t\t\t\t\t\t<a href=\"https:\/\/vivesanobrasil.org\/pb\/curso-suplementacion-en-nutricion-deportiva-inicio-inmediato\/\" target=\"_blank\">\n\t\t\t\t\t\t\t<img loading=\"lazy\" decoding=\"async\" data-attachment-id=\"56047\" data-permalink=\"https:\/\/vivesanobrasil.org\/pb\/curso-suplementacion-en-nutricion-deportiva-inicio-inmediato\/_afiche-suplementacion-deportiva-spoc\/\" data-orig-file=\"https:\/\/i0.wp.com\/vivesanobrasil.org\/wp-content\/uploads\/2024\/04\/Afiche-Suplementacion-Deportiva-SPOC-.png?fit=1080%2C1350&amp;ssl=1\" data-orig-size=\"1080,1350\" data-comments-opened=\"1\" data-image-meta=\"{&quot;aperture&quot;:&quot;0&quot;,&quot;credit&quot;:&quot;&quot;,&quot;camera&quot;:&quot;&quot;,&quot;caption&quot;:&quot;&quot;,&quot;created_timestamp&quot;:&quot;0&quot;,&quot;copyright&quot;:&quot;&quot;,&quot;focal_length&quot;:&quot;0&quot;,&quot;iso&quot;:&quot;0&quot;,&quot;shutter_speed&quot;:&quot;0&quot;,&quot;title&quot;:&quot;&quot;,&quot;orientation&quot;:&quot;0&quot;}\" data-image-title=\"_Afiche &amp;#8211; Suplementaci\u00f3n Deportiva &amp;#8211; SPOC\" data-image-description=\"\" data-image-caption=\"\" data-large-file=\"https:\/\/i0.wp.com\/vivesanobrasil.org\/wp-content\/uploads\/2024\/04\/Afiche-Suplementacion-Deportiva-SPOC-.png?fit=819%2C1024&amp;ssl=1\" width=\"1080\" height=\"1350\" src=\"https:\/\/i0.wp.com\/vivesanobrasil.org\/wp-content\/uploads\/2024\/04\/Afiche-Suplementacion-Deportiva-SPOC-.png?fit=1080%2C1350&amp;ssl=1\" class=\"attachment-full size-full wp-image-56047\" alt=\"\" srcset=\"https:\/\/i0.wp.com\/vivesanobrasil.org\/wp-content\/uploads\/2024\/04\/Afiche-Suplementacion-Deportiva-SPOC-.png?w=1080&amp;ssl=1 1080w, https:\/\/i0.wp.com\/vivesanobrasil.org\/wp-content\/uploads\/2024\/04\/Afiche-Suplementacion-Deportiva-SPOC-.png?resize=240%2C300&amp;ssl=1 240w, https:\/\/i0.wp.com\/vivesanobrasil.org\/wp-content\/uploads\/2024\/04\/Afiche-Suplementacion-Deportiva-SPOC-.png?resize=819%2C1024&amp;ssl=1 819w, https:\/\/i0.wp.com\/vivesanobrasil.org\/wp-content\/uploads\/2024\/04\/Afiche-Suplementacion-Deportiva-SPOC-.png?resize=768%2C960&amp;ssl=1 768w, https:\/\/i0.wp.com\/vivesanobrasil.org\/wp-content\/uploads\/2024\/04\/Afiche-Suplementacion-Deportiva-SPOC-.png?resize=48%2C60&amp;ssl=1 48w, https:\/\/i0.wp.com\/vivesanobrasil.org\/wp-content\/uploads\/2024\/04\/Afiche-Suplementacion-Deportiva-SPOC-.png?resize=500%2C625&amp;ssl=1 500w, https:\/\/i0.wp.com\/vivesanobrasil.org\/wp-content\/uploads\/2024\/04\/Afiche-Suplementacion-Deportiva-SPOC-.png?resize=700%2C875&amp;ssl=1 700w\" sizes=\"(max-width: 1000px) 100vw, 1000px\" data-attachment-id=\"56047\" data-permalink=\"https:\/\/vivesanobrasil.org\/pb\/curso-suplementacion-en-nutricion-deportiva-inicio-inmediato\/_afiche-suplementacion-deportiva-spoc\/\" data-orig-file=\"https:\/\/i0.wp.com\/vivesanobrasil.org\/wp-content\/uploads\/2024\/04\/Afiche-Suplementacion-Deportiva-SPOC-.png?fit=1080%2C1350&amp;ssl=1\" data-orig-size=\"1080,1350\" data-comments-opened=\"1\" data-image-meta=\"{&quot;aperture&quot;:&quot;0&quot;,&quot;credit&quot;:&quot;&quot;,&quot;camera&quot;:&quot;&quot;,&quot;caption&quot;:&quot;&quot;,&quot;created_timestamp&quot;:&quot;0&quot;,&quot;copyright&quot;:&quot;&quot;,&quot;focal_length&quot;:&quot;0&quot;,&quot;iso&quot;:&quot;0&quot;,&quot;shutter_speed&quot;:&quot;0&quot;,&quot;title&quot;:&quot;&quot;,&quot;orientation&quot;:&quot;0&quot;}\" data-image-title=\"_Afiche &amp;#8211; Suplementaci\u00f3n Deportiva &amp;#8211; SPOC\" data-image-description=\"\" data-image-caption=\"\" data-large-file=\"https:\/\/i0.wp.com\/vivesanobrasil.org\/wp-content\/uploads\/2024\/04\/Afiche-Suplementacion-Deportiva-SPOC-.png?fit=819%2C1024&amp;ssl=1\" \/>\t\t\t\t\t\t\t\t<\/a>\n\t\t\t\t\t\t\t\t\t\t\t\t\t<\/div>\n\t\t\t\t<\/div>\n\t\t\t\t<div class=\"elementor-element elementor-element-5861ff9 elementor-widget elementor-widget-image\" data-id=\"5861ff9\" data-element_type=\"widget\" data-widget_type=\"image.default\">\n\t\t\t\t<div class=\"elementor-widget-container\">\n\t\t\t\t\t\t\t\t\t\t\t\t\t\t<a href=\"https:\/\/vivesanobrasil.org\/pb\/certificacion-internacional-en-trastornos-de-la-conducta-alimentaria-inicio-inmediato\/\" target=\"_blank\">\n\t\t\t\t\t\t\t<img loading=\"lazy\" decoding=\"async\" data-attachment-id=\"56621\" data-permalink=\"https:\/\/vivesanobrasil.org\/pb\/certificacion-internacional-en-trastornos-de-la-conducta-alimentaria-inicio-inmediato\/afiche-spoc-cert-internacional-en-trastornos-de-la-conducta-alimentaria-2\/\" data-orig-file=\"https:\/\/i0.wp.com\/vivesanobrasil.org\/wp-content\/uploads\/2024\/05\/Afiche-SPOC-Cert.-Internacional-en-Trastornos-de-la-conducta-alimentaria-1.png?fit=1080%2C1350&amp;ssl=1\" data-orig-size=\"1080,1350\" data-comments-opened=\"1\" data-image-meta=\"{&quot;aperture&quot;:&quot;0&quot;,&quot;credit&quot;:&quot;&quot;,&quot;camera&quot;:&quot;&quot;,&quot;caption&quot;:&quot;&quot;,&quot;created_timestamp&quot;:&quot;0&quot;,&quot;copyright&quot;:&quot;&quot;,&quot;focal_length&quot;:&quot;0&quot;,&quot;iso&quot;:&quot;0&quot;,&quot;shutter_speed&quot;:&quot;0&quot;,&quot;title&quot;:&quot;&quot;,&quot;orientation&quot;:&quot;0&quot;}\" data-image-title=\"Afiche &amp;#8211; SPOC Cert. Internacional en Trastornos de la conducta alimentaria\" data-image-description=\"\" data-image-caption=\"\" data-large-file=\"https:\/\/i0.wp.com\/vivesanobrasil.org\/wp-content\/uploads\/2024\/05\/Afiche-SPOC-Cert.-Internacional-en-Trastornos-de-la-conducta-alimentaria-1.png?fit=819%2C1024&amp;ssl=1\" width=\"1080\" height=\"1350\" src=\"https:\/\/i0.wp.com\/vivesanobrasil.org\/wp-content\/uploads\/2024\/05\/Afiche-SPOC-Cert.-Internacional-en-Trastornos-de-la-conducta-alimentaria-1.png?fit=1080%2C1350&amp;ssl=1\" class=\"attachment-full size-full wp-image-56621\" alt=\"\" srcset=\"https:\/\/i0.wp.com\/vivesanobrasil.org\/wp-content\/uploads\/2024\/05\/Afiche-SPOC-Cert.-Internacional-en-Trastornos-de-la-conducta-alimentaria-1.png?w=1080&amp;ssl=1 1080w, https:\/\/i0.wp.com\/vivesanobrasil.org\/wp-content\/uploads\/2024\/05\/Afiche-SPOC-Cert.-Internacional-en-Trastornos-de-la-conducta-alimentaria-1.png?resize=240%2C300&amp;ssl=1 240w, https:\/\/i0.wp.com\/vivesanobrasil.org\/wp-content\/uploads\/2024\/05\/Afiche-SPOC-Cert.-Internacional-en-Trastornos-de-la-conducta-alimentaria-1.png?resize=819%2C1024&amp;ssl=1 819w, https:\/\/i0.wp.com\/vivesanobrasil.org\/wp-content\/uploads\/2024\/05\/Afiche-SPOC-Cert.-Internacional-en-Trastornos-de-la-conducta-alimentaria-1.png?resize=768%2C960&amp;ssl=1 768w, https:\/\/i0.wp.com\/vivesanobrasil.org\/wp-content\/uploads\/2024\/05\/Afiche-SPOC-Cert.-Internacional-en-Trastornos-de-la-conducta-alimentaria-1.png?resize=500%2C625&amp;ssl=1 500w, https:\/\/i0.wp.com\/vivesanobrasil.org\/wp-content\/uploads\/2024\/05\/Afiche-SPOC-Cert.-Internacional-en-Trastornos-de-la-conducta-alimentaria-1.png?resize=700%2C875&amp;ssl=1 700w\" sizes=\"(max-width: 1000px) 100vw, 1000px\" data-attachment-id=\"56621\" data-permalink=\"https:\/\/vivesanobrasil.org\/pb\/certificacion-internacional-en-trastornos-de-la-conducta-alimentaria-inicio-inmediato\/afiche-spoc-cert-internacional-en-trastornos-de-la-conducta-alimentaria-2\/\" data-orig-file=\"https:\/\/i0.wp.com\/vivesanobrasil.org\/wp-content\/uploads\/2024\/05\/Afiche-SPOC-Cert.-Internacional-en-Trastornos-de-la-conducta-alimentaria-1.png?fit=1080%2C1350&amp;ssl=1\" data-orig-size=\"1080,1350\" data-comments-opened=\"1\" data-image-meta=\"{&quot;aperture&quot;:&quot;0&quot;,&quot;credit&quot;:&quot;&quot;,&quot;camera&quot;:&quot;&quot;,&quot;caption&quot;:&quot;&quot;,&quot;created_timestamp&quot;:&quot;0&quot;,&quot;copyright&quot;:&quot;&quot;,&quot;focal_length&quot;:&quot;0&quot;,&quot;iso&quot;:&quot;0&quot;,&quot;shutter_speed&quot;:&quot;0&quot;,&quot;title&quot;:&quot;&quot;,&quot;orientation&quot;:&quot;0&quot;}\" data-image-title=\"Afiche &amp;#8211; SPOC Cert. Internacional en Trastornos de la conducta alimentaria\" data-image-description=\"\" data-image-caption=\"\" data-large-file=\"https:\/\/i0.wp.com\/vivesanobrasil.org\/wp-content\/uploads\/2024\/05\/Afiche-SPOC-Cert.-Internacional-en-Trastornos-de-la-conducta-alimentaria-1.png?fit=819%2C1024&amp;ssl=1\" \/>\t\t\t\t\t\t\t\t<\/a>\n\t\t\t\t\t\t\t\t\t\t\t\t\t<\/div>\n\t\t\t\t<\/div>\n\t\t\t\t<div class=\"elementor-element elementor-element-f547543 elementor-widget elementor-widget-image\" data-id=\"f547543\" data-element_type=\"widget\" data-widget_type=\"image.default\">\n\t\t\t\t<div class=\"elementor-widget-container\">\n\t\t\t\t\t\t\t\t\t\t\t\t\t\t<a href=\"https:\/\/vivesanobrasil.org\/pb\/curso-internacional-de-inteligencia-artificial-y-nutricion-inicio-inmediato\/\" target=\"_blank\">\n\t\t\t\t\t\t\t<img loading=\"lazy\" decoding=\"async\" data-attachment-id=\"57282\" data-permalink=\"https:\/\/vivesanobrasil.org\/pb\/oferta-2\/afiche-curso-internacional-de-inteligencia-artificial-y-nutricion-3\/\" data-orig-file=\"https:\/\/i0.wp.com\/vivesanobrasil.org\/wp-content\/uploads\/2024\/07\/Afiche-Curso-Internacional-de-Inteligencia-Artificial-y-Nutricion-3.png?fit=1080%2C1350&amp;ssl=1\" data-orig-size=\"1080,1350\" data-comments-opened=\"1\" data-image-meta=\"{&quot;aperture&quot;:&quot;0&quot;,&quot;credit&quot;:&quot;&quot;,&quot;camera&quot;:&quot;&quot;,&quot;caption&quot;:&quot;&quot;,&quot;created_timestamp&quot;:&quot;0&quot;,&quot;copyright&quot;:&quot;&quot;,&quot;focal_length&quot;:&quot;0&quot;,&quot;iso&quot;:&quot;0&quot;,&quot;shutter_speed&quot;:&quot;0&quot;,&quot;title&quot;:&quot;&quot;,&quot;orientation&quot;:&quot;0&quot;}\" data-image-title=\"Afiche &amp;#8211; Curso Internacional de Inteligencia Artificial y Nutrici\u00f3n (3)\" data-image-description=\"\" data-image-caption=\"\" data-large-file=\"https:\/\/i0.wp.com\/vivesanobrasil.org\/wp-content\/uploads\/2024\/07\/Afiche-Curso-Internacional-de-Inteligencia-Artificial-y-Nutricion-3.png?fit=819%2C1024&amp;ssl=1\" width=\"1080\" height=\"1350\" src=\"https:\/\/i0.wp.com\/vivesanobrasil.org\/wp-content\/uploads\/2024\/07\/Afiche-Curso-Internacional-de-Inteligencia-Artificial-y-Nutricion-3.png?fit=1080%2C1350&amp;ssl=1\" class=\"attachment-full size-full wp-image-57282\" alt=\"\" srcset=\"https:\/\/i0.wp.com\/vivesanobrasil.org\/wp-content\/uploads\/2024\/07\/Afiche-Curso-Internacional-de-Inteligencia-Artificial-y-Nutricion-3.png?w=1080&amp;ssl=1 1080w, https:\/\/i0.wp.com\/vivesanobrasil.org\/wp-content\/uploads\/2024\/07\/Afiche-Curso-Internacional-de-Inteligencia-Artificial-y-Nutricion-3.png?resize=240%2C300&amp;ssl=1 240w, https:\/\/i0.wp.com\/vivesanobrasil.org\/wp-content\/uploads\/2024\/07\/Afiche-Curso-Internacional-de-Inteligencia-Artificial-y-Nutricion-3.png?resize=819%2C1024&amp;ssl=1 819w, https:\/\/i0.wp.com\/vivesanobrasil.org\/wp-content\/uploads\/2024\/07\/Afiche-Curso-Internacional-de-Inteligencia-Artificial-y-Nutricion-3.png?resize=768%2C960&amp;ssl=1 768w, https:\/\/i0.wp.com\/vivesanobrasil.org\/wp-content\/uploads\/2024\/07\/Afiche-Curso-Internacional-de-Inteligencia-Artificial-y-Nutricion-3.png?resize=500%2C625&amp;ssl=1 500w, https:\/\/i0.wp.com\/vivesanobrasil.org\/wp-content\/uploads\/2024\/07\/Afiche-Curso-Internacional-de-Inteligencia-Artificial-y-Nutricion-3.png?resize=700%2C875&amp;ssl=1 700w\" sizes=\"(max-width: 1000px) 100vw, 1000px\" data-attachment-id=\"57282\" data-permalink=\"https:\/\/vivesanobrasil.org\/pb\/oferta-2\/afiche-curso-internacional-de-inteligencia-artificial-y-nutricion-3\/\" data-orig-file=\"https:\/\/i0.wp.com\/vivesanobrasil.org\/wp-content\/uploads\/2024\/07\/Afiche-Curso-Internacional-de-Inteligencia-Artificial-y-Nutricion-3.png?fit=1080%2C1350&amp;ssl=1\" data-orig-size=\"1080,1350\" data-comments-opened=\"1\" data-image-meta=\"{&quot;aperture&quot;:&quot;0&quot;,&quot;credit&quot;:&quot;&quot;,&quot;camera&quot;:&quot;&quot;,&quot;caption&quot;:&quot;&quot;,&quot;created_timestamp&quot;:&quot;0&quot;,&quot;copyright&quot;:&quot;&quot;,&quot;focal_length&quot;:&quot;0&quot;,&quot;iso&quot;:&quot;0&quot;,&quot;shutter_speed&quot;:&quot;0&quot;,&quot;title&quot;:&quot;&quot;,&quot;orientation&quot;:&quot;0&quot;}\" data-image-title=\"Afiche &amp;#8211; Curso Internacional de Inteligencia Artificial y Nutrici\u00f3n (3)\" data-image-description=\"\" data-image-caption=\"\" data-large-file=\"https:\/\/i0.wp.com\/vivesanobrasil.org\/wp-content\/uploads\/2024\/07\/Afiche-Curso-Internacional-de-Inteligencia-Artificial-y-Nutricion-3.png?fit=819%2C1024&amp;ssl=1\" \/>\t\t\t\t\t\t\t\t<\/a>\n\t\t\t\t\t\t\t\t\t\t\t\t\t<\/div>\n\t\t\t\t<\/div>\n\t\t\t\t<div class=\"elementor-element elementor-element-f28e1a6 elementor-widget elementor-widget-image\" data-id=\"f28e1a6\" data-element_type=\"widget\" data-widget_type=\"image.default\">\n\t\t\t\t<div class=\"elementor-widget-container\">\n\t\t\t\t\t\t\t\t\t\t\t\t\t\t<a href=\"https:\/\/vivesanobrasil.org\/pb\/certificacion-internacional-en-nutricion-funcional-inicio-inmediato\" target=\"_blank\">\n\t\t\t\t\t\t\t<img loading=\"lazy\" decoding=\"async\" data-attachment-id=\"57981\" data-permalink=\"https:\/\/vivesanobrasil.org\/pb\/oferta-2\/afiche-cert-en-nutricion-funcional-spoc\/\" data-orig-file=\"https:\/\/i0.wp.com\/vivesanobrasil.org\/wp-content\/uploads\/2024\/09\/Afiche-Cert.-en-Nutricion-Funcional-SPOC.png?fit=1080%2C1350&amp;ssl=1\" data-orig-size=\"1080,1350\" data-comments-opened=\"1\" data-image-meta=\"{&quot;aperture&quot;:&quot;0&quot;,&quot;credit&quot;:&quot;&quot;,&quot;camera&quot;:&quot;&quot;,&quot;caption&quot;:&quot;&quot;,&quot;created_timestamp&quot;:&quot;0&quot;,&quot;copyright&quot;:&quot;&quot;,&quot;focal_length&quot;:&quot;0&quot;,&quot;iso&quot;:&quot;0&quot;,&quot;shutter_speed&quot;:&quot;0&quot;,&quot;title&quot;:&quot;&quot;,&quot;orientation&quot;:&quot;0&quot;}\" data-image-title=\"Afiche &amp;#8211; Cert. en Nutrici\u00f3n Funcional &amp;#8211; SPOC\" data-image-description=\"\" data-image-caption=\"\" data-large-file=\"https:\/\/i0.wp.com\/vivesanobrasil.org\/wp-content\/uploads\/2024\/09\/Afiche-Cert.-en-Nutricion-Funcional-SPOC.png?fit=819%2C1024&amp;ssl=1\" width=\"1080\" height=\"1350\" src=\"https:\/\/i0.wp.com\/vivesanobrasil.org\/wp-content\/uploads\/2024\/09\/Afiche-Cert.-en-Nutricion-Funcional-SPOC.png?fit=1080%2C1350&amp;ssl=1\" class=\"attachment-full size-full wp-image-57981\" alt=\"\" srcset=\"https:\/\/i0.wp.com\/vivesanobrasil.org\/wp-content\/uploads\/2024\/09\/Afiche-Cert.-en-Nutricion-Funcional-SPOC.png?w=1080&amp;ssl=1 1080w, https:\/\/i0.wp.com\/vivesanobrasil.org\/wp-content\/uploads\/2024\/09\/Afiche-Cert.-en-Nutricion-Funcional-SPOC.png?resize=240%2C300&amp;ssl=1 240w, https:\/\/i0.wp.com\/vivesanobrasil.org\/wp-content\/uploads\/2024\/09\/Afiche-Cert.-en-Nutricion-Funcional-SPOC.png?resize=819%2C1024&amp;ssl=1 819w, https:\/\/i0.wp.com\/vivesanobrasil.org\/wp-content\/uploads\/2024\/09\/Afiche-Cert.-en-Nutricion-Funcional-SPOC.png?resize=768%2C960&amp;ssl=1 768w, https:\/\/i0.wp.com\/vivesanobrasil.org\/wp-content\/uploads\/2024\/09\/Afiche-Cert.-en-Nutricion-Funcional-SPOC.png?resize=500%2C625&amp;ssl=1 500w, https:\/\/i0.wp.com\/vivesanobrasil.org\/wp-content\/uploads\/2024\/09\/Afiche-Cert.-en-Nutricion-Funcional-SPOC.png?resize=700%2C875&amp;ssl=1 700w\" sizes=\"(max-width: 1000px) 100vw, 1000px\" data-attachment-id=\"57981\" data-permalink=\"https:\/\/vivesanobrasil.org\/pb\/oferta-2\/afiche-cert-en-nutricion-funcional-spoc\/\" data-orig-file=\"https:\/\/i0.wp.com\/vivesanobrasil.org\/wp-content\/uploads\/2024\/09\/Afiche-Cert.-en-Nutricion-Funcional-SPOC.png?fit=1080%2C1350&amp;ssl=1\" data-orig-size=\"1080,1350\" data-comments-opened=\"1\" data-image-meta=\"{&quot;aperture&quot;:&quot;0&quot;,&quot;credit&quot;:&quot;&quot;,&quot;camera&quot;:&quot;&quot;,&quot;caption&quot;:&quot;&quot;,&quot;created_timestamp&quot;:&quot;0&quot;,&quot;copyright&quot;:&quot;&quot;,&quot;focal_length&quot;:&quot;0&quot;,&quot;iso&quot;:&quot;0&quot;,&quot;shutter_speed&quot;:&quot;0&quot;,&quot;title&quot;:&quot;&quot;,&quot;orientation&quot;:&quot;0&quot;}\" data-image-title=\"Afiche &amp;#8211; Cert. en Nutrici\u00f3n Funcional &amp;#8211; SPOC\" data-image-description=\"\" data-image-caption=\"\" data-large-file=\"https:\/\/i0.wp.com\/vivesanobrasil.org\/wp-content\/uploads\/2024\/09\/Afiche-Cert.-en-Nutricion-Funcional-SPOC.png?fit=819%2C1024&amp;ssl=1\" \/>\t\t\t\t\t\t\t\t<\/a>\n\t\t\t\t\t\t\t\t\t\t\t\t\t<\/div>\n\t\t\t\t<\/div>\n\t\t\t\t\t<\/div>\n\t\t<\/div>\n\t\t\t\t\t<\/div>\n\t\t<\/section>\n\t\t\t\t<div class=\"elementor-element elementor-element-a0eca64 elementor-hidden-desktop elementor-hidden-tablet elementor-hidden-mobile elementor-widget elementor-widget-image\" data-id=\"a0eca64\" data-element_type=\"widget\" data-widget_type=\"image.default\">\n\t\t\t\t<div class=\"elementor-widget-container\">\n\t\t\t\t\t\t\t\t\t\t\t\t\t<img loading=\"lazy\" decoding=\"async\" data-attachment-id=\"42639\" data-permalink=\"https:\/\/vivesanobrasil.org\/pb\/oferta-2\/web_mesa-de-trabajo-1-copia-3-2\/\" data-orig-file=\"https:\/\/i0.wp.com\/vivesanobrasil.org\/wp-content\/uploads\/2022\/09\/Web_Mesa-de-trabajo-1-copia-3-2-e1663785743905.png?fit=765%2C116&amp;ssl=1\" data-orig-size=\"765,116\" data-comments-opened=\"1\" data-image-meta=\"{&quot;aperture&quot;:&quot;0&quot;,&quot;credit&quot;:&quot;&quot;,&quot;camera&quot;:&quot;&quot;,&quot;caption&quot;:&quot;&quot;,&quot;created_timestamp&quot;:&quot;0&quot;,&quot;copyright&quot;:&quot;&quot;,&quot;focal_length&quot;:&quot;0&quot;,&quot;iso&quot;:&quot;0&quot;,&quot;shutter_speed&quot;:&quot;0&quot;,&quot;title&quot;:&quot;&quot;,&quot;orientation&quot;:&quot;0&quot;}\" data-image-title=\"Web_Mesa de trabajo 1 copia 3 (2)\" data-image-description=\"\" data-image-caption=\"\" data-large-file=\"https:\/\/i0.wp.com\/vivesanobrasil.org\/wp-content\/uploads\/2022\/09\/Web_Mesa-de-trabajo-1-copia-3-2-e1663785743905.png?fit=1024%2C116&amp;ssl=1\" width=\"765\" height=\"116\" src=\"https:\/\/i0.wp.com\/vivesanobrasil.org\/wp-content\/uploads\/2022\/09\/Web_Mesa-de-trabajo-1-copia-3-2-e1663785743905.png?fit=765%2C116&amp;ssl=1\" class=\"attachment-full size-full wp-image-42639\" alt=\"\" srcset=\"https:\/\/i0.wp.com\/vivesanobrasil.org\/wp-content\/uploads\/2022\/09\/Web_Mesa-de-trabajo-1-copia-3-2-e1663785743905.png?w=765&amp;ssl=1 765w, https:\/\/i0.wp.com\/vivesanobrasil.org\/wp-content\/uploads\/2022\/09\/Web_Mesa-de-trabajo-1-copia-3-2-e1663785743905.png?resize=300%2C45&amp;ssl=1 300w, https:\/\/i0.wp.com\/vivesanobrasil.org\/wp-content\/uploads\/2022\/09\/Web_Mesa-de-trabajo-1-copia-3-2-e1663785743905.png?resize=200%2C30&amp;ssl=1 200w\" sizes=\"(max-width: 765px) 100vw, 765px\" data-attachment-id=\"42639\" data-permalink=\"https:\/\/vivesanobrasil.org\/pb\/oferta-2\/web_mesa-de-trabajo-1-copia-3-2\/\" data-orig-file=\"https:\/\/i0.wp.com\/vivesanobrasil.org\/wp-content\/uploads\/2022\/09\/Web_Mesa-de-trabajo-1-copia-3-2-e1663785743905.png?fit=765%2C116&amp;ssl=1\" data-orig-size=\"765,116\" data-comments-opened=\"1\" data-image-meta=\"{&quot;aperture&quot;:&quot;0&quot;,&quot;credit&quot;:&quot;&quot;,&quot;camera&quot;:&quot;&quot;,&quot;caption&quot;:&quot;&quot;,&quot;created_timestamp&quot;:&quot;0&quot;,&quot;copyright&quot;:&quot;&quot;,&quot;focal_length&quot;:&quot;0&quot;,&quot;iso&quot;:&quot;0&quot;,&quot;shutter_speed&quot;:&quot;0&quot;,&quot;title&quot;:&quot;&quot;,&quot;orientation&quot;:&quot;0&quot;}\" data-image-title=\"Web_Mesa de trabajo 1 copia 3 (2)\" data-image-description=\"\" data-image-caption=\"\" data-large-file=\"https:\/\/i0.wp.com\/vivesanobrasil.org\/wp-content\/uploads\/2022\/09\/Web_Mesa-de-trabajo-1-copia-3-2-e1663785743905.png?fit=1024%2C116&amp;ssl=1\" \/>\t\t\t\t\t\t\t\t\t\t\t\t\t<\/div>\n\t\t\t\t<\/div>\n\t\t\t\t<div class=\"elementor-element elementor-element-5c358a3 elementor-hidden-desktop elementor-hidden-tablet elementor-hidden-mobile elementor-widget elementor-widget-image\" data-id=\"5c358a3\" data-element_type=\"widget\" data-widget_type=\"image.default\">\n\t\t\t\t<div class=\"elementor-widget-container\">\n\t\t\t\t\t\t\t\t\t\t\t\t\t<img loading=\"lazy\" decoding=\"async\" data-attachment-id=\"43957\" data-permalink=\"https:\/\/vivesanobrasil.org\/pb\/oferta-2\/cursos-internacionales\/\" data-orig-file=\"https:\/\/i0.wp.com\/vivesanobrasil.org\/wp-content\/uploads\/2023\/01\/Cursos-Internacionales-e1674498145655.png?fit=1698%2C240&amp;ssl=1\" data-orig-size=\"1698,240\" data-comments-opened=\"1\" data-image-meta=\"{&quot;aperture&quot;:&quot;0&quot;,&quot;credit&quot;:&quot;&quot;,&quot;camera&quot;:&quot;&quot;,&quot;caption&quot;:&quot;&quot;,&quot;created_timestamp&quot;:&quot;0&quot;,&quot;copyright&quot;:&quot;&quot;,&quot;focal_length&quot;:&quot;0&quot;,&quot;iso&quot;:&quot;0&quot;,&quot;shutter_speed&quot;:&quot;0&quot;,&quot;title&quot;:&quot;&quot;,&quot;orientation&quot;:&quot;0&quot;}\" data-image-title=\"Cursos Internacionales\" data-image-description=\"\" data-image-caption=\"\" data-large-file=\"https:\/\/i0.wp.com\/vivesanobrasil.org\/wp-content\/uploads\/2023\/01\/Cursos-Internacionales-e1674498145655.png?fit=1024%2C145&amp;ssl=1\" width=\"1698\" height=\"240\" src=\"https:\/\/i0.wp.com\/vivesanobrasil.org\/wp-content\/uploads\/2023\/01\/Cursos-Internacionales-e1674498145655.png?fit=1698%2C240&amp;ssl=1\" class=\"attachment-full size-full wp-image-43957\" alt=\"\" srcset=\"https:\/\/i0.wp.com\/vivesanobrasil.org\/wp-content\/uploads\/2023\/01\/Cursos-Internacionales-e1674498145655.png?w=1698&amp;ssl=1 1698w, https:\/\/i0.wp.com\/vivesanobrasil.org\/wp-content\/uploads\/2023\/01\/Cursos-Internacionales-e1674498145655.png?resize=300%2C42&amp;ssl=1 300w, https:\/\/i0.wp.com\/vivesanobrasil.org\/wp-content\/uploads\/2023\/01\/Cursos-Internacionales-e1674498145655.png?resize=1024%2C145&amp;ssl=1 1024w, https:\/\/i0.wp.com\/vivesanobrasil.org\/wp-content\/uploads\/2023\/01\/Cursos-Internacionales-e1674498145655.png?resize=768%2C109&amp;ssl=1 768w, https:\/\/i0.wp.com\/vivesanobrasil.org\/wp-content\/uploads\/2023\/01\/Cursos-Internacionales-e1674498145655.png?resize=1536%2C217&amp;ssl=1 1536w, https:\/\/i0.wp.com\/vivesanobrasil.org\/wp-content\/uploads\/2023\/01\/Cursos-Internacionales-e1674498145655.png?resize=200%2C28&amp;ssl=1 200w\" sizes=\"(max-width: 1000px) 100vw, 1000px\" data-attachment-id=\"43957\" data-permalink=\"https:\/\/vivesanobrasil.org\/pb\/oferta-2\/cursos-internacionales\/\" data-orig-file=\"https:\/\/i0.wp.com\/vivesanobrasil.org\/wp-content\/uploads\/2023\/01\/Cursos-Internacionales-e1674498145655.png?fit=1698%2C240&amp;ssl=1\" data-orig-size=\"1698,240\" data-comments-opened=\"1\" data-image-meta=\"{&quot;aperture&quot;:&quot;0&quot;,&quot;credit&quot;:&quot;&quot;,&quot;camera&quot;:&quot;&quot;,&quot;caption&quot;:&quot;&quot;,&quot;created_timestamp&quot;:&quot;0&quot;,&quot;copyright&quot;:&quot;&quot;,&quot;focal_length&quot;:&quot;0&quot;,&quot;iso&quot;:&quot;0&quot;,&quot;shutter_speed&quot;:&quot;0&quot;,&quot;title&quot;:&quot;&quot;,&quot;orientation&quot;:&quot;0&quot;}\" data-image-title=\"Cursos Internacionales\" data-image-description=\"\" data-image-caption=\"\" data-large-file=\"https:\/\/i0.wp.com\/vivesanobrasil.org\/wp-content\/uploads\/2023\/01\/Cursos-Internacionales-e1674498145655.png?fit=1024%2C145&amp;ssl=1\" \/>\t\t\t\t\t\t\t\t\t\t\t\t\t<\/div>\n\t\t\t\t<\/div>\n\t\t\t\t<section class=\"elementor-section elementor-inner-section elementor-element elementor-element-8b33f13 elementor-section-full_width elementor-hidden-desktop elementor-hidden-tablet elementor-hidden-mobile elementor-section-height-default elementor-section-height-default\" data-id=\"8b33f13\" data-element_type=\"section\">\n\t\t\t\t\t\t<div class=\"elementor-container elementor-column-gap-default\">\n\t\t\t\t\t<div class=\"elementor-column elementor-col-50 elementor-inner-column elementor-element elementor-element-aee4cee\" data-id=\"aee4cee\" data-element_type=\"column\">\n\t\t\t<div class=\"elementor-widget-wrap elementor-element-populated\">\n\t\t\t\t\t\t<div class=\"elementor-element elementor-element-9f4f977 elementor-widget elementor-widget-image\" data-id=\"9f4f977\" data-element_type=\"widget\" data-widget_type=\"image.default\">\n\t\t\t\t<div class=\"elementor-widget-container\">\n\t\t\t\t\t\t\t\t\t\t<figure class=\"wp-caption\">\n\t\t\t\t\t\t\t\t\t\t\t<a href=\"https:\/\/vivesanobrasil.org\/curso-internacional-planificacion-alimentaria-y-diseno-de-menu-cohorte-1\/\" target=\"_blank\">\n\t\t\t\t\t\t\t<img loading=\"lazy\" decoding=\"async\" data-attachment-id=\"43942\" data-permalink=\"https:\/\/vivesanobrasil.org\/pb\/oferta-2\/afiche-planificacion-alimentaria-y-diseno-de-menu\/\" data-orig-file=\"https:\/\/i0.wp.com\/vivesanobrasil.org\/wp-content\/uploads\/2023\/01\/Afiche-Planificacion-Alimentaria-y-Diseno-de-Menu.png?fit=1080%2C1350&amp;ssl=1\" data-orig-size=\"1080,1350\" data-comments-opened=\"1\" data-image-meta=\"{&quot;aperture&quot;:&quot;0&quot;,&quot;credit&quot;:&quot;&quot;,&quot;camera&quot;:&quot;&quot;,&quot;caption&quot;:&quot;&quot;,&quot;created_timestamp&quot;:&quot;0&quot;,&quot;copyright&quot;:&quot;&quot;,&quot;focal_length&quot;:&quot;0&quot;,&quot;iso&quot;:&quot;0&quot;,&quot;shutter_speed&quot;:&quot;0&quot;,&quot;title&quot;:&quot;&quot;,&quot;orientation&quot;:&quot;0&quot;}\" data-image-title=\"Afiche &amp;#8211; Planificaci\u00f3n Alimentaria y Dise\u00f1o de Men\u00fa\" data-image-description=\"\" data-image-caption=\"\" data-large-file=\"https:\/\/i0.wp.com\/vivesanobrasil.org\/wp-content\/uploads\/2023\/01\/Afiche-Planificacion-Alimentaria-y-Diseno-de-Menu.png?fit=819%2C1024&amp;ssl=1\" width=\"1080\" height=\"1350\" src=\"https:\/\/i0.wp.com\/vivesanobrasil.org\/wp-content\/uploads\/2023\/01\/Afiche-Planificacion-Alimentaria-y-Diseno-de-Menu.png?fit=1080%2C1350&amp;ssl=1\" class=\"attachment-full size-full wp-image-43942\" alt=\"\" srcset=\"https:\/\/i0.wp.com\/vivesanobrasil.org\/wp-content\/uploads\/2023\/01\/Afiche-Planificacion-Alimentaria-y-Diseno-de-Menu.png?w=1080&amp;ssl=1 1080w, https:\/\/i0.wp.com\/vivesanobrasil.org\/wp-content\/uploads\/2023\/01\/Afiche-Planificacion-Alimentaria-y-Diseno-de-Menu.png?resize=240%2C300&amp;ssl=1 240w, https:\/\/i0.wp.com\/vivesanobrasil.org\/wp-content\/uploads\/2023\/01\/Afiche-Planificacion-Alimentaria-y-Diseno-de-Menu.png?resize=819%2C1024&amp;ssl=1 819w, https:\/\/i0.wp.com\/vivesanobrasil.org\/wp-content\/uploads\/2023\/01\/Afiche-Planificacion-Alimentaria-y-Diseno-de-Menu.png?resize=768%2C960&amp;ssl=1 768w, https:\/\/i0.wp.com\/vivesanobrasil.org\/wp-content\/uploads\/2023\/01\/Afiche-Planificacion-Alimentaria-y-Diseno-de-Menu.png?resize=48%2C60&amp;ssl=1 48w\" sizes=\"(max-width: 1000px) 100vw, 1000px\" data-attachment-id=\"43942\" data-permalink=\"https:\/\/vivesanobrasil.org\/pb\/oferta-2\/afiche-planificacion-alimentaria-y-diseno-de-menu\/\" data-orig-file=\"https:\/\/i0.wp.com\/vivesanobrasil.org\/wp-content\/uploads\/2023\/01\/Afiche-Planificacion-Alimentaria-y-Diseno-de-Menu.png?fit=1080%2C1350&amp;ssl=1\" data-orig-size=\"1080,1350\" data-comments-opened=\"1\" data-image-meta=\"{&quot;aperture&quot;:&quot;0&quot;,&quot;credit&quot;:&quot;&quot;,&quot;camera&quot;:&quot;&quot;,&quot;caption&quot;:&quot;&quot;,&quot;created_timestamp&quot;:&quot;0&quot;,&quot;copyright&quot;:&quot;&quot;,&quot;focal_length&quot;:&quot;0&quot;,&quot;iso&quot;:&quot;0&quot;,&quot;shutter_speed&quot;:&quot;0&quot;,&quot;title&quot;:&quot;&quot;,&quot;orientation&quot;:&quot;0&quot;}\" data-image-title=\"Afiche &amp;#8211; Planificaci\u00f3n Alimentaria y Dise\u00f1o de Men\u00fa\" data-image-description=\"\" data-image-caption=\"\" data-large-file=\"https:\/\/i0.wp.com\/vivesanobrasil.org\/wp-content\/uploads\/2023\/01\/Afiche-Planificacion-Alimentaria-y-Diseno-de-Menu.png?fit=819%2C1024&amp;ssl=1\" \/>\t\t\t\t\t\t\t\t<\/a>\n\t\t\t\t\t\t\t\t\t\t\t<figcaption class=\"widget-image-caption wp-caption-text\"><\/figcaption>\n\t\t\t\t\t\t\t\t\t\t<\/figure>\n\t\t\t\t\t\t\t<\/div>\n\t\t\t\t<\/div>\n\t\t\t\t\t<\/div>\n\t\t<\/div>\n\t\t\t\t<div class=\"elementor-column elementor-col-50 elementor-inner-column elementor-element elementor-element-a62b7f2\" data-id=\"a62b7f2\" data-element_type=\"column\">\n\t\t\t<div class=\"elementor-widget-wrap\">\n\t\t\t\t\t\t\t<\/div>\n\t\t<\/div>\n\t\t\t\t\t<\/div>\n\t\t<\/section>\n\t\t\t\t<div class=\"elementor-element elementor-element-2720969 elementor-hidden-desktop elementor-hidden-tablet elementor-hidden-mobile elementor-widget elementor-widget-image\" data-id=\"2720969\" data-element_type=\"widget\" data-widget_type=\"image.default\">\n\t\t\t\t<div class=\"elementor-widget-container\">\n\t\t\t\t\t\t\t\t\t\t\t\t\t<img decoding=\"async\" src=\"https:\/\/i0.wp.com\/vivesanobrasil.org\/wp-content\/uploads\/2023\/09\/Webinar-Gratuitos1-1.png?fit=1702%2C56&#038;ssl=1\" title=\"Webinar Gratuitos1\" alt=\"Webinar Gratuitos1\" loading=\"lazy\" \/>\t\t\t\t\t\t\t\t\t\t\t\t\t<\/div>\n\t\t\t\t<\/div>\n\t\t\t\t<section class=\"elementor-section elementor-inner-section elementor-element elementor-element-97e725f elementor-section-full_width elementor-hidden-desktop elementor-hidden-tablet elementor-hidden-mobile elementor-section-height-default elementor-section-height-default\" data-id=\"97e725f\" data-element_type=\"section\">\n\t\t\t\t\t\t<div class=\"elementor-container elementor-column-gap-default\">\n\t\t\t\t\t<div class=\"elementor-column elementor-col-50 elementor-inner-column elementor-element elementor-element-ee44dc2\" data-id=\"ee44dc2\" data-element_type=\"column\">\n\t\t\t<div class=\"elementor-widget-wrap elementor-element-populated\">\n\t\t\t\t\t\t<div class=\"elementor-element elementor-element-b84a24e elementor-widget elementor-widget-image\" data-id=\"b84a24e\" data-element_type=\"widget\" data-widget_type=\"image.default\">\n\t\t\t\t<div class=\"elementor-widget-container\">\n\t\t\t\t\t\t\t\t\t\t\t\t\t\t<a href=\"https:\/\/vivesanobrasil.org\/pb\/workshop-en-nutricion-deportiva-de-la-preparacion-a-la-recuperacion-claves-nutricionales-para-mejorar-el-rendimiento\/\" target=\"_blank\">\n\t\t\t\t\t\t\t<img loading=\"lazy\" decoding=\"async\" data-attachment-id=\"56398\" data-permalink=\"https:\/\/vivesanobrasil.org\/pb\/workshop-en-nutricion-deportiva-de-la-preparacion-a-la-recuperacion-claves-nutricionales-para-mejorar-el-rendimiento\/1-5-2\/\" data-orig-file=\"https:\/\/i0.wp.com\/vivesanobrasil.org\/wp-content\/uploads\/2024\/05\/1-5.png?fit=2025%2C2531&amp;ssl=1\" data-orig-size=\"2025,2531\" data-comments-opened=\"1\" data-image-meta=\"{&quot;aperture&quot;:&quot;0&quot;,&quot;credit&quot;:&quot;&quot;,&quot;camera&quot;:&quot;&quot;,&quot;caption&quot;:&quot;&quot;,&quot;created_timestamp&quot;:&quot;0&quot;,&quot;copyright&quot;:&quot;&quot;,&quot;focal_length&quot;:&quot;0&quot;,&quot;iso&quot;:&quot;0&quot;,&quot;shutter_speed&quot;:&quot;0&quot;,&quot;title&quot;:&quot;&quot;,&quot;orientation&quot;:&quot;0&quot;}\" data-image-title=\"1 (5)\" data-image-description=\"\" data-image-caption=\"\" data-large-file=\"https:\/\/i0.wp.com\/vivesanobrasil.org\/wp-content\/uploads\/2024\/05\/1-5.png?fit=819%2C1024&amp;ssl=1\" width=\"2025\" height=\"2531\" src=\"https:\/\/i0.wp.com\/vivesanobrasil.org\/wp-content\/uploads\/2024\/05\/1-5.png?fit=2025%2C2531&amp;ssl=1\" class=\"attachment-full size-full wp-image-56398\" alt=\"\" srcset=\"https:\/\/i0.wp.com\/vivesanobrasil.org\/wp-content\/uploads\/2024\/05\/1-5.png?w=2025&amp;ssl=1 2025w, https:\/\/i0.wp.com\/vivesanobrasil.org\/wp-content\/uploads\/2024\/05\/1-5.png?resize=240%2C300&amp;ssl=1 240w, https:\/\/i0.wp.com\/vivesanobrasil.org\/wp-content\/uploads\/2024\/05\/1-5.png?resize=819%2C1024&amp;ssl=1 819w, https:\/\/i0.wp.com\/vivesanobrasil.org\/wp-content\/uploads\/2024\/05\/1-5.png?resize=768%2C960&amp;ssl=1 768w, https:\/\/i0.wp.com\/vivesanobrasil.org\/wp-content\/uploads\/2024\/05\/1-5.png?resize=1229%2C1536&amp;ssl=1 1229w, https:\/\/i0.wp.com\/vivesanobrasil.org\/wp-content\/uploads\/2024\/05\/1-5.png?resize=1639%2C2048&amp;ssl=1 1639w, https:\/\/i0.wp.com\/vivesanobrasil.org\/wp-content\/uploads\/2024\/05\/1-5.png?resize=500%2C625&amp;ssl=1 500w, https:\/\/i0.wp.com\/vivesanobrasil.org\/wp-content\/uploads\/2024\/05\/1-5.png?resize=700%2C875&amp;ssl=1 700w\" sizes=\"(max-width: 1000px) 100vw, 1000px\" data-attachment-id=\"56398\" data-permalink=\"https:\/\/vivesanobrasil.org\/pb\/workshop-en-nutricion-deportiva-de-la-preparacion-a-la-recuperacion-claves-nutricionales-para-mejorar-el-rendimiento\/1-5-2\/\" data-orig-file=\"https:\/\/i0.wp.com\/vivesanobrasil.org\/wp-content\/uploads\/2024\/05\/1-5.png?fit=2025%2C2531&amp;ssl=1\" data-orig-size=\"2025,2531\" data-comments-opened=\"1\" data-image-meta=\"{&quot;aperture&quot;:&quot;0&quot;,&quot;credit&quot;:&quot;&quot;,&quot;camera&quot;:&quot;&quot;,&quot;caption&quot;:&quot;&quot;,&quot;created_timestamp&quot;:&quot;0&quot;,&quot;copyright&quot;:&quot;&quot;,&quot;focal_length&quot;:&quot;0&quot;,&quot;iso&quot;:&quot;0&quot;,&quot;shutter_speed&quot;:&quot;0&quot;,&quot;title&quot;:&quot;&quot;,&quot;orientation&quot;:&quot;0&quot;}\" data-image-title=\"1 (5)\" data-image-description=\"\" data-image-caption=\"\" data-large-file=\"https:\/\/i0.wp.com\/vivesanobrasil.org\/wp-content\/uploads\/2024\/05\/1-5.png?fit=819%2C1024&amp;ssl=1\" \/>\t\t\t\t\t\t\t\t<\/a>\n\t\t\t\t\t\t\t\t\t\t\t\t\t<\/div>\n\t\t\t\t<\/div>\n\t\t\t\t\t<\/div>\n\t\t<\/div>\n\t\t\t\t<div class=\"elementor-column elementor-col-50 elementor-inner-column elementor-element elementor-element-d891308\" data-id=\"d891308\" data-element_type=\"column\">\n\t\t\t<div class=\"elementor-widget-wrap\">\n\t\t\t\t\t\t\t<\/div>\n\t\t<\/div>\n\t\t\t\t\t<\/div>\n\t\t<\/section>\n\t\t\t\t<section class=\"elementor-section elementor-inner-section elementor-element elementor-element-77c8eaa elementor-section-full_width elementor-section-height-default elementor-section-height-default\" data-id=\"77c8eaa\" data-element_type=\"section\">\n\t\t\t\t\t\t<div class=\"elementor-container elementor-column-gap-default\">\n\t\t\t\t\t<div class=\"elementor-column elementor-col-50 elementor-inner-column elementor-element elementor-element-acc2e60\" data-id=\"acc2e60\" data-element_type=\"column\">\n\t\t\t<div class=\"elementor-widget-wrap\">\n\t\t\t\t\t\t\t<\/div>\n\t\t<\/div>\n\t\t\t\t<div class=\"elementor-column elementor-col-50 elementor-inner-column elementor-element elementor-element-a600128\" data-id=\"a600128\" data-element_type=\"column\">\n\t\t\t<div class=\"elementor-widget-wrap\">\n\t\t\t\t\t\t\t<\/div>\n\t\t<\/div>\n\t\t\t\t\t<\/div>\n\t\t<\/section>\n\t\t\t\t\t<\/div>\n\t\t<\/div>\n\t\t\t\t\t<\/div>\n\t\t<\/section>\n\t\t\t\t<section class=\"elementor-section elementor-top-section elementor-element elementor-element-f068339 elementor-section-full_width elementor-section-height-default elementor-section-height-default\" data-id=\"f068339\" data-element_type=\"section\">\n\t\t\t\t\t\t<div class=\"elementor-container elementor-column-gap-no\">\n\t\t\t\t\t<div class=\"elementor-column elementor-col-100 elementor-top-column elementor-element elementor-element-007962f\" data-id=\"007962f\" data-element_type=\"column\" data-settings=\"{&quot;background_background&quot;:&quot;classic&quot;}\">\n\t\t\t<div class=\"elementor-widget-wrap elementor-element-populated\">\n\t\t\t\t\t\t<div class=\"elementor-element elementor-element-77cadfa elementor-widget elementor-widget-heading\" data-id=\"77cadfa\" data-element_type=\"widget\" data-widget_type=\"heading.default\">\n\t\t\t\t<div class=\"elementor-widget-container\">\n\t\t\t<span class=\"elementor-heading-title elementor-size-default\">A\u00daN PUEDES <span style=\"color: #1BB4B9;\">INSCRIBIRTE<\/span><\/span>\t\t<\/div>\n\t\t\t\t<\/div>\n\t\t\t\t\t<\/div>\n\t\t<\/div>\n\t\t\t\t\t<\/div>\n\t\t<\/section>\n\t\t\t\t<section class=\"elementor-section elementor-top-section elementor-element elementor-element-489345b elementor-section-full_width elementor-section-height-default elementor-section-height-default\" data-id=\"489345b\" data-element_type=\"section\">\n\t\t\t\t\t\t<div class=\"elementor-container elementor-column-gap-default\">\n\t\t\t\t\t<div class=\"elementor-column elementor-col-100 elementor-top-column elementor-element elementor-element-8a4e8df\" data-id=\"8a4e8df\" data-element_type=\"column\">\n\t\t\t<div class=\"elementor-widget-wrap elementor-element-populated\">\n\t\t\t\t\t\t<section class=\"elementor-section elementor-inner-section elementor-element elementor-element-0b2a29a elementor-section-full_width elementor-section-height-default elementor-section-height-default\" data-id=\"0b2a29a\" data-element_type=\"section\">\n\t\t\t\t\t\t<div class=\"elementor-container elementor-column-gap-default\">\n\t\t\t\t\t<div class=\"elementor-column elementor-col-25 elementor-inner-column elementor-element elementor-element-1b45e58\" data-id=\"1b45e58\" data-element_type=\"column\">\n\t\t\t<div class=\"elementor-widget-wrap elementor-element-populated\">\n\t\t\t\t\t\t<div class=\"elementor-element elementor-element-c5c18a8 elementor-widget elementor-widget-image\" data-id=\"c5c18a8\" data-element_type=\"widget\" data-widget_type=\"image.default\">\n\t\t\t\t<div class=\"elementor-widget-container\">\n\t\t\t\t\t\t\t\t\t\t\t\t\t\t<a href=\"https:\/\/vivesanobrasil.org\/pb\/certificacion-internacional-en-nutricion-aplicada-a-la-imagen-y-estetica-corporal-edicion-1-cohorte-1\/\" target=\"_blank\">\n\t\t\t\t\t\t\t<img loading=\"lazy\" decoding=\"async\" data-attachment-id=\"57152\" data-permalink=\"https:\/\/vivesanobrasil.org\/pb\/oferta-2\/afiche-cert-nutricion-y-estetica-c1-2\/\" data-orig-file=\"https:\/\/i0.wp.com\/vivesanobrasil.org\/wp-content\/uploads\/2024\/07\/Afiche-Cert.-Nutricion-y-Estetica-C1.png?fit=1080%2C1350&amp;ssl=1\" data-orig-size=\"1080,1350\" data-comments-opened=\"1\" data-image-meta=\"{&quot;aperture&quot;:&quot;0&quot;,&quot;credit&quot;:&quot;&quot;,&quot;camera&quot;:&quot;&quot;,&quot;caption&quot;:&quot;&quot;,&quot;created_timestamp&quot;:&quot;0&quot;,&quot;copyright&quot;:&quot;&quot;,&quot;focal_length&quot;:&quot;0&quot;,&quot;iso&quot;:&quot;0&quot;,&quot;shutter_speed&quot;:&quot;0&quot;,&quot;title&quot;:&quot;&quot;,&quot;orientation&quot;:&quot;0&quot;}\" data-image-title=\"Afiche- Cert. Nutrici\u00f3n y Est\u00e9tica &amp;#8211; C1\" data-image-description=\"\" data-image-caption=\"\" data-large-file=\"https:\/\/i0.wp.com\/vivesanobrasil.org\/wp-content\/uploads\/2024\/07\/Afiche-Cert.-Nutricion-y-Estetica-C1.png?fit=819%2C1024&amp;ssl=1\" width=\"1080\" height=\"1350\" src=\"https:\/\/i0.wp.com\/vivesanobrasil.org\/wp-content\/uploads\/2024\/07\/Afiche-Cert.-Nutricion-y-Estetica-C1.png?fit=1080%2C1350&amp;ssl=1\" class=\"attachment-full size-full wp-image-57152\" alt=\"\" srcset=\"https:\/\/i0.wp.com\/vivesanobrasil.org\/wp-content\/uploads\/2024\/07\/Afiche-Cert.-Nutricion-y-Estetica-C1.png?w=1080&amp;ssl=1 1080w, https:\/\/i0.wp.com\/vivesanobrasil.org\/wp-content\/uploads\/2024\/07\/Afiche-Cert.-Nutricion-y-Estetica-C1.png?resize=240%2C300&amp;ssl=1 240w, https:\/\/i0.wp.com\/vivesanobrasil.org\/wp-content\/uploads\/2024\/07\/Afiche-Cert.-Nutricion-y-Estetica-C1.png?resize=819%2C1024&amp;ssl=1 819w, https:\/\/i0.wp.com\/vivesanobrasil.org\/wp-content\/uploads\/2024\/07\/Afiche-Cert.-Nutricion-y-Estetica-C1.png?resize=768%2C960&amp;ssl=1 768w, https:\/\/i0.wp.com\/vivesanobrasil.org\/wp-content\/uploads\/2024\/07\/Afiche-Cert.-Nutricion-y-Estetica-C1.png?resize=500%2C625&amp;ssl=1 500w, https:\/\/i0.wp.com\/vivesanobrasil.org\/wp-content\/uploads\/2024\/07\/Afiche-Cert.-Nutricion-y-Estetica-C1.png?resize=700%2C875&amp;ssl=1 700w\" sizes=\"(max-width: 1000px) 100vw, 1000px\" data-attachment-id=\"57152\" data-permalink=\"https:\/\/vivesanobrasil.org\/pb\/oferta-2\/afiche-cert-nutricion-y-estetica-c1-2\/\" data-orig-file=\"https:\/\/i0.wp.com\/vivesanobrasil.org\/wp-content\/uploads\/2024\/07\/Afiche-Cert.-Nutricion-y-Estetica-C1.png?fit=1080%2C1350&amp;ssl=1\" data-orig-size=\"1080,1350\" data-comments-opened=\"1\" data-image-meta=\"{&quot;aperture&quot;:&quot;0&quot;,&quot;credit&quot;:&quot;&quot;,&quot;camera&quot;:&quot;&quot;,&quot;caption&quot;:&quot;&quot;,&quot;created_timestamp&quot;:&quot;0&quot;,&quot;copyright&quot;:&quot;&quot;,&quot;focal_length&quot;:&quot;0&quot;,&quot;iso&quot;:&quot;0&quot;,&quot;shutter_speed&quot;:&quot;0&quot;,&quot;title&quot;:&quot;&quot;,&quot;orientation&quot;:&quot;0&quot;}\" data-image-title=\"Afiche- Cert. Nutrici\u00f3n y Est\u00e9tica &amp;#8211; C1\" data-image-description=\"\" data-image-caption=\"\" data-large-file=\"https:\/\/i0.wp.com\/vivesanobrasil.org\/wp-content\/uploads\/2024\/07\/Afiche-Cert.-Nutricion-y-Estetica-C1.png?fit=819%2C1024&amp;ssl=1\" \/>\t\t\t\t\t\t\t\t<\/a>\n\t\t\t\t\t\t\t\t\t\t\t\t\t<\/div>\n\t\t\t\t<\/div>\n\t\t\t\t<div class=\"elementor-element elementor-element-3da9b2a elementor-widget elementor-widget-image\" data-id=\"3da9b2a\" data-element_type=\"widget\" data-widget_type=\"image.default\">\n\t\t\t\t<div class=\"elementor-widget-container\">\n\t\t\t\t\t\t\t\t\t\t\t\t\t\t<a href=\"https:\/\/vivesanobrasil.org\/pb\/certificacion-internacional-en-diabetes-en-el-ciclo-vital-nuevos-desafios-de-abordaje-multidisciplinario-edicion-1-cohorte-4\/\" target=\"_blank\">\n\t\t\t\t\t\t\t<img loading=\"lazy\" decoding=\"async\" data-attachment-id=\"57291\" data-permalink=\"https:\/\/vivesanobrasil.org\/pb\/oferta-2\/afiche-diabetes-en-el-ciclo-vital-e1c4-2\/\" data-orig-file=\"https:\/\/i0.wp.com\/vivesanobrasil.org\/wp-content\/uploads\/2024\/07\/Afiche-Diabetes-en-el-Ciclo-Vital-E1C4-2.png?fit=1080%2C1350&amp;ssl=1\" data-orig-size=\"1080,1350\" data-comments-opened=\"1\" data-image-meta=\"{&quot;aperture&quot;:&quot;0&quot;,&quot;credit&quot;:&quot;&quot;,&quot;camera&quot;:&quot;&quot;,&quot;caption&quot;:&quot;&quot;,&quot;created_timestamp&quot;:&quot;0&quot;,&quot;copyright&quot;:&quot;&quot;,&quot;focal_length&quot;:&quot;0&quot;,&quot;iso&quot;:&quot;0&quot;,&quot;shutter_speed&quot;:&quot;0&quot;,&quot;title&quot;:&quot;&quot;,&quot;orientation&quot;:&quot;0&quot;}\" data-image-title=\"Afiche &amp;#8211; Diabetes en el Ciclo Vital E1C4 (2)\" data-image-description=\"\" data-image-caption=\"\" data-large-file=\"https:\/\/i0.wp.com\/vivesanobrasil.org\/wp-content\/uploads\/2024\/07\/Afiche-Diabetes-en-el-Ciclo-Vital-E1C4-2.png?fit=819%2C1024&amp;ssl=1\" width=\"1080\" height=\"1350\" src=\"https:\/\/i0.wp.com\/vivesanobrasil.org\/wp-content\/uploads\/2024\/07\/Afiche-Diabetes-en-el-Ciclo-Vital-E1C4-2.png?fit=1080%2C1350&amp;ssl=1\" class=\"attachment-full size-full wp-image-57291\" alt=\"\" srcset=\"https:\/\/i0.wp.com\/vivesanobrasil.org\/wp-content\/uploads\/2024\/07\/Afiche-Diabetes-en-el-Ciclo-Vital-E1C4-2.png?w=1080&amp;ssl=1 1080w, https:\/\/i0.wp.com\/vivesanobrasil.org\/wp-content\/uploads\/2024\/07\/Afiche-Diabetes-en-el-Ciclo-Vital-E1C4-2.png?resize=240%2C300&amp;ssl=1 240w, https:\/\/i0.wp.com\/vivesanobrasil.org\/wp-content\/uploads\/2024\/07\/Afiche-Diabetes-en-el-Ciclo-Vital-E1C4-2.png?resize=819%2C1024&amp;ssl=1 819w, https:\/\/i0.wp.com\/vivesanobrasil.org\/wp-content\/uploads\/2024\/07\/Afiche-Diabetes-en-el-Ciclo-Vital-E1C4-2.png?resize=768%2C960&amp;ssl=1 768w, https:\/\/i0.wp.com\/vivesanobrasil.org\/wp-content\/uploads\/2024\/07\/Afiche-Diabetes-en-el-Ciclo-Vital-E1C4-2.png?resize=500%2C625&amp;ssl=1 500w, https:\/\/i0.wp.com\/vivesanobrasil.org\/wp-content\/uploads\/2024\/07\/Afiche-Diabetes-en-el-Ciclo-Vital-E1C4-2.png?resize=700%2C875&amp;ssl=1 700w\" sizes=\"(max-width: 1000px) 100vw, 1000px\" data-attachment-id=\"57291\" data-permalink=\"https:\/\/vivesanobrasil.org\/pb\/oferta-2\/afiche-diabetes-en-el-ciclo-vital-e1c4-2\/\" data-orig-file=\"https:\/\/i0.wp.com\/vivesanobrasil.org\/wp-content\/uploads\/2024\/07\/Afiche-Diabetes-en-el-Ciclo-Vital-E1C4-2.png?fit=1080%2C1350&amp;ssl=1\" data-orig-size=\"1080,1350\" data-comments-opened=\"1\" data-image-meta=\"{&quot;aperture&quot;:&quot;0&quot;,&quot;credit&quot;:&quot;&quot;,&quot;camera&quot;:&quot;&quot;,&quot;caption&quot;:&quot;&quot;,&quot;created_timestamp&quot;:&quot;0&quot;,&quot;copyright&quot;:&quot;&quot;,&quot;focal_length&quot;:&quot;0&quot;,&quot;iso&quot;:&quot;0&quot;,&quot;shutter_speed&quot;:&quot;0&quot;,&quot;title&quot;:&quot;&quot;,&quot;orientation&quot;:&quot;0&quot;}\" data-image-title=\"Afiche &amp;#8211; Diabetes en el Ciclo Vital E1C4 (2)\" data-image-description=\"\" data-image-caption=\"\" data-large-file=\"https:\/\/i0.wp.com\/vivesanobrasil.org\/wp-content\/uploads\/2024\/07\/Afiche-Diabetes-en-el-Ciclo-Vital-E1C4-2.png?fit=819%2C1024&amp;ssl=1\" \/>\t\t\t\t\t\t\t\t<\/a>\n\t\t\t\t\t\t\t\t\t\t\t\t\t<\/div>\n\t\t\t\t<\/div>\n\t\t\t\t\t<\/div>\n\t\t<\/div>\n\t\t\t\t<div class=\"elementor-column elementor-col-25 elementor-inner-column elementor-element elementor-element-fb8a2f4\" data-id=\"fb8a2f4\" data-element_type=\"column\">\n\t\t\t<div class=\"elementor-widget-wrap elementor-element-populated\">\n\t\t\t\t\t\t<div class=\"elementor-element elementor-element-1a35633 elementor-widget elementor-widget-image\" data-id=\"1a35633\" data-element_type=\"widget\" data-widget_type=\"image.default\">\n\t\t\t\t<div class=\"elementor-widget-container\">\n\t\t\t\t\t\t\t\t\t\t\t\t\t\t<a href=\"https:\/\/vivesanobrasil.org\/pb\/diplomado-en-psicologia-de-la-alimentacion-y-coaching-e1c1\/\" target=\"_blank\">\n\t\t\t\t\t\t\t<img loading=\"lazy\" decoding=\"async\" data-attachment-id=\"56479\" data-permalink=\"https:\/\/vivesanobrasil.org\/pb\/diplomado-en-psicologia-de-la-alimentacion-y-coaching-e1c1\/_afiche-psicologia-de-la-alimentacion-y-coaching\/\" data-orig-file=\"https:\/\/i0.wp.com\/vivesanobrasil.org\/wp-content\/uploads\/2024\/05\/Afiche-Psicologia-de-la-Alimentacion-y-Coaching.png?fit=1080%2C1350&amp;ssl=1\" data-orig-size=\"1080,1350\" data-comments-opened=\"1\" data-image-meta=\"{&quot;aperture&quot;:&quot;0&quot;,&quot;credit&quot;:&quot;&quot;,&quot;camera&quot;:&quot;&quot;,&quot;caption&quot;:&quot;&quot;,&quot;created_timestamp&quot;:&quot;0&quot;,&quot;copyright&quot;:&quot;&quot;,&quot;focal_length&quot;:&quot;0&quot;,&quot;iso&quot;:&quot;0&quot;,&quot;shutter_speed&quot;:&quot;0&quot;,&quot;title&quot;:&quot;&quot;,&quot;orientation&quot;:&quot;0&quot;}\" data-image-title=\"_Afiche &amp;#8211; Psicolog\u00eda de la Alimentaci\u00f3n y Coaching\" data-image-description=\"\" data-image-caption=\"\" data-large-file=\"https:\/\/i0.wp.com\/vivesanobrasil.org\/wp-content\/uploads\/2024\/05\/Afiche-Psicologia-de-la-Alimentacion-y-Coaching.png?fit=819%2C1024&amp;ssl=1\" width=\"1080\" height=\"1350\" src=\"https:\/\/i0.wp.com\/vivesanobrasil.org\/wp-content\/uploads\/2024\/05\/Afiche-Psicologia-de-la-Alimentacion-y-Coaching.png?fit=1080%2C1350&amp;ssl=1\" class=\"attachment-full size-full wp-image-56479\" alt=\"\" srcset=\"https:\/\/i0.wp.com\/vivesanobrasil.org\/wp-content\/uploads\/2024\/05\/Afiche-Psicologia-de-la-Alimentacion-y-Coaching.png?w=1080&amp;ssl=1 1080w, https:\/\/i0.wp.com\/vivesanobrasil.org\/wp-content\/uploads\/2024\/05\/Afiche-Psicologia-de-la-Alimentacion-y-Coaching.png?resize=240%2C300&amp;ssl=1 240w, https:\/\/i0.wp.com\/vivesanobrasil.org\/wp-content\/uploads\/2024\/05\/Afiche-Psicologia-de-la-Alimentacion-y-Coaching.png?resize=819%2C1024&amp;ssl=1 819w, https:\/\/i0.wp.com\/vivesanobrasil.org\/wp-content\/uploads\/2024\/05\/Afiche-Psicologia-de-la-Alimentacion-y-Coaching.png?resize=768%2C960&amp;ssl=1 768w, https:\/\/i0.wp.com\/vivesanobrasil.org\/wp-content\/uploads\/2024\/05\/Afiche-Psicologia-de-la-Alimentacion-y-Coaching.png?resize=500%2C625&amp;ssl=1 500w, https:\/\/i0.wp.com\/vivesanobrasil.org\/wp-content\/uploads\/2024\/05\/Afiche-Psicologia-de-la-Alimentacion-y-Coaching.png?resize=700%2C875&amp;ssl=1 700w\" sizes=\"(max-width: 1000px) 100vw, 1000px\" data-attachment-id=\"56479\" data-permalink=\"https:\/\/vivesanobrasil.org\/pb\/diplomado-en-psicologia-de-la-alimentacion-y-coaching-e1c1\/_afiche-psicologia-de-la-alimentacion-y-coaching\/\" data-orig-file=\"https:\/\/i0.wp.com\/vivesanobrasil.org\/wp-content\/uploads\/2024\/05\/Afiche-Psicologia-de-la-Alimentacion-y-Coaching.png?fit=1080%2C1350&amp;ssl=1\" data-orig-size=\"1080,1350\" data-comments-opened=\"1\" data-image-meta=\"{&quot;aperture&quot;:&quot;0&quot;,&quot;credit&quot;:&quot;&quot;,&quot;camera&quot;:&quot;&quot;,&quot;caption&quot;:&quot;&quot;,&quot;created_timestamp&quot;:&quot;0&quot;,&quot;copyright&quot;:&quot;&quot;,&quot;focal_length&quot;:&quot;0&quot;,&quot;iso&quot;:&quot;0&quot;,&quot;shutter_speed&quot;:&quot;0&quot;,&quot;title&quot;:&quot;&quot;,&quot;orientation&quot;:&quot;0&quot;}\" data-image-title=\"_Afiche &amp;#8211; Psicolog\u00eda de la Alimentaci\u00f3n y Coaching\" data-image-description=\"\" data-image-caption=\"\" data-large-file=\"https:\/\/i0.wp.com\/vivesanobrasil.org\/wp-content\/uploads\/2024\/05\/Afiche-Psicologia-de-la-Alimentacion-y-Coaching.png?fit=819%2C1024&amp;ssl=1\" \/>\t\t\t\t\t\t\t\t<\/a>\n\t\t\t\t\t\t\t\t\t\t\t\t\t<\/div>\n\t\t\t\t<\/div>\n\t\t\t\t\t<\/div>\n\t\t<\/div>\n\t\t\t\t<div class=\"elementor-column elementor-col-25 elementor-inner-column elementor-element elementor-element-1915afa\" data-id=\"1915afa\" data-element_type=\"column\">\n\t\t\t<div class=\"elementor-widget-wrap elementor-element-populated\">\n\t\t\t\t\t\t<div class=\"elementor-element elementor-element-cfb5000 elementor-widget elementor-widget-image\" data-id=\"cfb5000\" data-element_type=\"widget\" data-widget_type=\"image.default\">\n\t\t\t\t<div class=\"elementor-widget-container\">\n\t\t\t\t\t\t\t\t\t\t\t\t\t\t<a href=\"https:\/\/vivesanobrasil.org\/diplomado-en-sistemas-de-gestion-de-calidad-en-servicios-de-alimentacion-desafio-en-la-gestion-integral-de-los-servicios-de-alimentacion-2\/\" target=\"_blank\">\n\t\t\t\t\t\t\t<img loading=\"lazy\" decoding=\"async\" data-attachment-id=\"57496\" data-permalink=\"https:\/\/vivesanobrasil.org\/pb\/oferta-2\/afiche-dip-sistemas-de-gestion-de-calidad-en-servicios-de-alimentacion-1\/\" data-orig-file=\"https:\/\/i0.wp.com\/vivesanobrasil.org\/wp-content\/uploads\/2024\/07\/Afiche-Dip.-Sistemas-de-Gestion-de-Calidad-en-servicios-de-Alimentacion-1.png?fit=1080%2C1350&amp;ssl=1\" data-orig-size=\"1080,1350\" data-comments-opened=\"1\" data-image-meta=\"{&quot;aperture&quot;:&quot;0&quot;,&quot;credit&quot;:&quot;&quot;,&quot;camera&quot;:&quot;&quot;,&quot;caption&quot;:&quot;&quot;,&quot;created_timestamp&quot;:&quot;0&quot;,&quot;copyright&quot;:&quot;&quot;,&quot;focal_length&quot;:&quot;0&quot;,&quot;iso&quot;:&quot;0&quot;,&quot;shutter_speed&quot;:&quot;0&quot;,&quot;title&quot;:&quot;&quot;,&quot;orientation&quot;:&quot;0&quot;}\" data-image-title=\"Afiche &amp;#8211; Dip. Sistemas de Gesti\u00f3n de Calidad en servicios de Alimentaci\u00f3n (1)\" data-image-description=\"\" data-image-caption=\"\" data-large-file=\"https:\/\/i0.wp.com\/vivesanobrasil.org\/wp-content\/uploads\/2024\/07\/Afiche-Dip.-Sistemas-de-Gestion-de-Calidad-en-servicios-de-Alimentacion-1.png?fit=819%2C1024&amp;ssl=1\" width=\"1080\" height=\"1350\" src=\"https:\/\/i0.wp.com\/vivesanobrasil.org\/wp-content\/uploads\/2024\/07\/Afiche-Dip.-Sistemas-de-Gestion-de-Calidad-en-servicios-de-Alimentacion-1.png?fit=1080%2C1350&amp;ssl=1\" class=\"attachment-full size-full wp-image-57496\" alt=\"\" srcset=\"https:\/\/i0.wp.com\/vivesanobrasil.org\/wp-content\/uploads\/2024\/07\/Afiche-Dip.-Sistemas-de-Gestion-de-Calidad-en-servicios-de-Alimentacion-1.png?w=1080&amp;ssl=1 1080w, https:\/\/i0.wp.com\/vivesanobrasil.org\/wp-content\/uploads\/2024\/07\/Afiche-Dip.-Sistemas-de-Gestion-de-Calidad-en-servicios-de-Alimentacion-1.png?resize=240%2C300&amp;ssl=1 240w, https:\/\/i0.wp.com\/vivesanobrasil.org\/wp-content\/uploads\/2024\/07\/Afiche-Dip.-Sistemas-de-Gestion-de-Calidad-en-servicios-de-Alimentacion-1.png?resize=819%2C1024&amp;ssl=1 819w, https:\/\/i0.wp.com\/vivesanobrasil.org\/wp-content\/uploads\/2024\/07\/Afiche-Dip.-Sistemas-de-Gestion-de-Calidad-en-servicios-de-Alimentacion-1.png?resize=768%2C960&amp;ssl=1 768w, https:\/\/i0.wp.com\/vivesanobrasil.org\/wp-content\/uploads\/2024\/07\/Afiche-Dip.-Sistemas-de-Gestion-de-Calidad-en-servicios-de-Alimentacion-1.png?resize=500%2C625&amp;ssl=1 500w, https:\/\/i0.wp.com\/vivesanobrasil.org\/wp-content\/uploads\/2024\/07\/Afiche-Dip.-Sistemas-de-Gestion-de-Calidad-en-servicios-de-Alimentacion-1.png?resize=700%2C875&amp;ssl=1 700w\" sizes=\"(max-width: 1000px) 100vw, 1000px\" data-attachment-id=\"57496\" data-permalink=\"https:\/\/vivesanobrasil.org\/pb\/oferta-2\/afiche-dip-sistemas-de-gestion-de-calidad-en-servicios-de-alimentacion-1\/\" data-orig-file=\"https:\/\/i0.wp.com\/vivesanobrasil.org\/wp-content\/uploads\/2024\/07\/Afiche-Dip.-Sistemas-de-Gestion-de-Calidad-en-servicios-de-Alimentacion-1.png?fit=1080%2C1350&amp;ssl=1\" data-orig-size=\"1080,1350\" data-comments-opened=\"1\" data-image-meta=\"{&quot;aperture&quot;:&quot;0&quot;,&quot;credit&quot;:&quot;&quot;,&quot;camera&quot;:&quot;&quot;,&quot;caption&quot;:&quot;&quot;,&quot;created_timestamp&quot;:&quot;0&quot;,&quot;copyright&quot;:&quot;&quot;,&quot;focal_length&quot;:&quot;0&quot;,&quot;iso&quot;:&quot;0&quot;,&quot;shutter_speed&quot;:&quot;0&quot;,&quot;title&quot;:&quot;&quot;,&quot;orientation&quot;:&quot;0&quot;}\" data-image-title=\"Afiche &amp;#8211; Dip. Sistemas de Gesti\u00f3n de Calidad en servicios de Alimentaci\u00f3n (1)\" data-image-description=\"\" data-image-caption=\"\" data-large-file=\"https:\/\/i0.wp.com\/vivesanobrasil.org\/wp-content\/uploads\/2024\/07\/Afiche-Dip.-Sistemas-de-Gestion-de-Calidad-en-servicios-de-Alimentacion-1.png?fit=819%2C1024&amp;ssl=1\" \/>\t\t\t\t\t\t\t\t<\/a>\n\t\t\t\t\t\t\t\t\t\t\t\t\t<\/div>\n\t\t\t\t<\/div>\n\t\t\t\t\t<\/div>\n\t\t<\/div>\n\t\t\t\t<div class=\"elementor-column elementor-col-25 elementor-inner-column elementor-element elementor-element-ee0e9a6\" data-id=\"ee0e9a6\" data-element_type=\"column\">\n\t\t\t<div class=\"elementor-widget-wrap elementor-element-populated\">\n\t\t\t\t\t\t<div class=\"elementor-element elementor-element-c52620e elementor-widget elementor-widget-image\" data-id=\"c52620e\" data-element_type=\"widget\" data-widget_type=\"image.default\">\n\t\t\t\t<div class=\"elementor-widget-container\">\n\t\t\t\t\t\t\t\t\t\t\t\t\t\t<a href=\"https:\/\/vivesanobrasil.org\/pb\/diplomado-en-obesidad-diagnostico-y-tratamiento-en-el-ciclo-vital-edicion-2-cohorte-1\/\" target=\"_blank\">\n\t\t\t\t\t\t\t<img loading=\"lazy\" decoding=\"async\" data-attachment-id=\"57296\" data-permalink=\"https:\/\/vivesanobrasil.org\/pb\/oferta-2\/afiche-diplomado-en-obesidad-e2c1-2\/\" data-orig-file=\"https:\/\/i0.wp.com\/vivesanobrasil.org\/wp-content\/uploads\/2024\/07\/Afiche-Diplomado-en-Obesidad-E2C1-2.png?fit=1080%2C1350&amp;ssl=1\" data-orig-size=\"1080,1350\" data-comments-opened=\"1\" data-image-meta=\"{&quot;aperture&quot;:&quot;0&quot;,&quot;credit&quot;:&quot;&quot;,&quot;camera&quot;:&quot;&quot;,&quot;caption&quot;:&quot;&quot;,&quot;created_timestamp&quot;:&quot;0&quot;,&quot;copyright&quot;:&quot;&quot;,&quot;focal_length&quot;:&quot;0&quot;,&quot;iso&quot;:&quot;0&quot;,&quot;shutter_speed&quot;:&quot;0&quot;,&quot;title&quot;:&quot;&quot;,&quot;orientation&quot;:&quot;0&quot;}\" data-image-title=\"Afiche &amp;#8211; Diplomado en Obesidad E2C1 (2)\" data-image-description=\"\" data-image-caption=\"\" data-large-file=\"https:\/\/i0.wp.com\/vivesanobrasil.org\/wp-content\/uploads\/2024\/07\/Afiche-Diplomado-en-Obesidad-E2C1-2.png?fit=819%2C1024&amp;ssl=1\" width=\"1080\" height=\"1350\" src=\"https:\/\/i0.wp.com\/vivesanobrasil.org\/wp-content\/uploads\/2024\/07\/Afiche-Diplomado-en-Obesidad-E2C1-2.png?fit=1080%2C1350&amp;ssl=1\" class=\"attachment-full size-full wp-image-57296\" alt=\"\" srcset=\"https:\/\/i0.wp.com\/vivesanobrasil.org\/wp-content\/uploads\/2024\/07\/Afiche-Diplomado-en-Obesidad-E2C1-2.png?w=1080&amp;ssl=1 1080w, https:\/\/i0.wp.com\/vivesanobrasil.org\/wp-content\/uploads\/2024\/07\/Afiche-Diplomado-en-Obesidad-E2C1-2.png?resize=240%2C300&amp;ssl=1 240w, https:\/\/i0.wp.com\/vivesanobrasil.org\/wp-content\/uploads\/2024\/07\/Afiche-Diplomado-en-Obesidad-E2C1-2.png?resize=819%2C1024&amp;ssl=1 819w, https:\/\/i0.wp.com\/vivesanobrasil.org\/wp-content\/uploads\/2024\/07\/Afiche-Diplomado-en-Obesidad-E2C1-2.png?resize=768%2C960&amp;ssl=1 768w, https:\/\/i0.wp.com\/vivesanobrasil.org\/wp-content\/uploads\/2024\/07\/Afiche-Diplomado-en-Obesidad-E2C1-2.png?resize=500%2C625&amp;ssl=1 500w, https:\/\/i0.wp.com\/vivesanobrasil.org\/wp-content\/uploads\/2024\/07\/Afiche-Diplomado-en-Obesidad-E2C1-2.png?resize=700%2C875&amp;ssl=1 700w\" sizes=\"(max-width: 1000px) 100vw, 1000px\" data-attachment-id=\"57296\" data-permalink=\"https:\/\/vivesanobrasil.org\/pb\/oferta-2\/afiche-diplomado-en-obesidad-e2c1-2\/\" data-orig-file=\"https:\/\/i0.wp.com\/vivesanobrasil.org\/wp-content\/uploads\/2024\/07\/Afiche-Diplomado-en-Obesidad-E2C1-2.png?fit=1080%2C1350&amp;ssl=1\" data-orig-size=\"1080,1350\" data-comments-opened=\"1\" data-image-meta=\"{&quot;aperture&quot;:&quot;0&quot;,&quot;credit&quot;:&quot;&quot;,&quot;camera&quot;:&quot;&quot;,&quot;caption&quot;:&quot;&quot;,&quot;created_timestamp&quot;:&quot;0&quot;,&quot;copyright&quot;:&quot;&quot;,&quot;focal_length&quot;:&quot;0&quot;,&quot;iso&quot;:&quot;0&quot;,&quot;shutter_speed&quot;:&quot;0&quot;,&quot;title&quot;:&quot;&quot;,&quot;orientation&quot;:&quot;0&quot;}\" data-image-title=\"Afiche &amp;#8211; Diplomado en Obesidad E2C1 (2)\" data-image-description=\"\" data-image-caption=\"\" data-large-file=\"https:\/\/i0.wp.com\/vivesanobrasil.org\/wp-content\/uploads\/2024\/07\/Afiche-Diplomado-en-Obesidad-E2C1-2.png?fit=819%2C1024&amp;ssl=1\" \/>\t\t\t\t\t\t\t\t<\/a>\n\t\t\t\t\t\t\t\t\t\t\t\t\t<\/div>\n\t\t\t\t<\/div>\n\t\t\t\t\t<\/div>\n\t\t<\/div>\n\t\t\t\t\t<\/div>\n\t\t<\/section>\n\t\t\t\t\t<\/div>\n\t\t<\/div>\n\t\t\t\t\t<\/div>\n\t\t<\/section>\n\t\t\t\t<section class=\"elementor-section elementor-top-section elementor-element elementor-element-13862f5 elementor-section-stretched elementor-section-full_width elementor-hidden-phone elementor-section-height-default elementor-section-height-default\" data-id=\"13862f5\" data-element_type=\"section\" data-settings=\"{&quot;stretch_section&quot;:&quot;section-stretched&quot;}\">\n\t\t\t\t\t\t\t<div class=\"elementor-background-overlay\"><\/div>\n\t\t\t\t\t\t\t<div class=\"elementor-container elementor-column-gap-default\">\n\t\t\t\t\t<div class=\"elementor-column elementor-col-100 elementor-top-column elementor-element elementor-element-24355da\" data-id=\"24355da\" data-element_type=\"column\" data-settings=\"{&quot;background_background&quot;:&quot;classic&quot;}\">\n\t\t\t<div class=\"elementor-widget-wrap elementor-element-populated\">\n\t\t\t\t\t\t<div class=\"elementor-element elementor-element-b7e71e6 elementor-widget elementor-widget-image\" data-id=\"b7e71e6\" data-element_type=\"widget\" data-widget_type=\"image.default\">\n\t\t\t\t<div class=\"elementor-widget-container\">\n\t\t\t\t\t\t\t\t\t\t\t\t\t<img loading=\"lazy\" decoding=\"async\" data-attachment-id=\"30133\" data-permalink=\"https:\/\/vivesanobrasil.org\/pb\/oferta-2\/3-23\/\" data-orig-file=\"https:\/\/i0.wp.com\/vivesanobrasil.org\/wp-content\/uploads\/2021\/10\/3.jpg?fit=2048%2C1138&amp;ssl=1\" data-orig-size=\"2048,1138\" data-comments-opened=\"1\" data-image-meta=\"{&quot;aperture&quot;:&quot;0&quot;,&quot;credit&quot;:&quot;&quot;,&quot;camera&quot;:&quot;&quot;,&quot;caption&quot;:&quot;&quot;,&quot;created_timestamp&quot;:&quot;0&quot;,&quot;copyright&quot;:&quot;&quot;,&quot;focal_length&quot;:&quot;0&quot;,&quot;iso&quot;:&quot;0&quot;,&quot;shutter_speed&quot;:&quot;0&quot;,&quot;title&quot;:&quot;&quot;,&quot;orientation&quot;:&quot;0&quot;}\" data-image-title=\"3\" data-image-description=\"\" data-image-caption=\"\" data-large-file=\"https:\/\/i0.wp.com\/vivesanobrasil.org\/wp-content\/uploads\/2021\/10\/3.jpg?fit=1024%2C569&amp;ssl=1\" width=\"2048\" height=\"1138\" src=\"https:\/\/i0.wp.com\/vivesanobrasil.org\/wp-content\/uploads\/2021\/10\/3.jpg?fit=2048%2C1138&amp;ssl=1\" class=\"attachment-full size-full wp-image-30133\" alt=\"\" srcset=\"https:\/\/i0.wp.com\/vivesanobrasil.org\/wp-content\/uploads\/2021\/10\/3.jpg?w=2048&amp;ssl=1 2048w, https:\/\/i0.wp.com\/vivesanobrasil.org\/wp-content\/uploads\/2021\/10\/3.jpg?resize=300%2C167&amp;ssl=1 300w, https:\/\/i0.wp.com\/vivesanobrasil.org\/wp-content\/uploads\/2021\/10\/3.jpg?resize=1024%2C569&amp;ssl=1 1024w, https:\/\/i0.wp.com\/vivesanobrasil.org\/wp-content\/uploads\/2021\/10\/3.jpg?resize=768%2C427&amp;ssl=1 768w, https:\/\/i0.wp.com\/vivesanobrasil.org\/wp-content\/uploads\/2021\/10\/3.jpg?resize=1536%2C853&amp;ssl=1 1536w, https:\/\/i0.wp.com\/vivesanobrasil.org\/wp-content\/uploads\/2021\/10\/3.jpg?resize=108%2C60&amp;ssl=1 108w, https:\/\/i0.wp.com\/vivesanobrasil.org\/wp-content\/uploads\/2021\/10\/3.jpg?resize=1320%2C733&amp;ssl=1 1320w, https:\/\/i0.wp.com\/vivesanobrasil.org\/wp-content\/uploads\/2021\/10\/3.jpg?resize=350%2C194&amp;ssl=1 350w, https:\/\/i0.wp.com\/vivesanobrasil.org\/wp-content\/uploads\/2021\/10\/3.jpg?resize=500%2C278&amp;ssl=1 500w, https:\/\/i0.wp.com\/vivesanobrasil.org\/wp-content\/uploads\/2021\/10\/3.jpg?resize=700%2C389&amp;ssl=1 700w\" sizes=\"(max-width: 1000px) 100vw, 1000px\" data-attachment-id=\"30133\" data-permalink=\"https:\/\/vivesanobrasil.org\/pb\/oferta-2\/3-23\/\" data-orig-file=\"https:\/\/i0.wp.com\/vivesanobrasil.org\/wp-content\/uploads\/2021\/10\/3.jpg?fit=2048%2C1138&amp;ssl=1\" data-orig-size=\"2048,1138\" data-comments-opened=\"1\" data-image-meta=\"{&quot;aperture&quot;:&quot;0&quot;,&quot;credit&quot;:&quot;&quot;,&quot;camera&quot;:&quot;&quot;,&quot;caption&quot;:&quot;&quot;,&quot;created_timestamp&quot;:&quot;0&quot;,&quot;copyright&quot;:&quot;&quot;,&quot;focal_length&quot;:&quot;0&quot;,&quot;iso&quot;:&quot;0&quot;,&quot;shutter_speed&quot;:&quot;0&quot;,&quot;title&quot;:&quot;&quot;,&quot;orientation&quot;:&quot;0&quot;}\" data-image-title=\"3\" data-image-description=\"\" data-image-caption=\"\" data-large-file=\"https:\/\/i0.wp.com\/vivesanobrasil.org\/wp-content\/uploads\/2021\/10\/3.jpg?fit=1024%2C569&amp;ssl=1\" \/>\t\t\t\t\t\t\t\t\t\t\t\t\t<\/div>\n\t\t\t\t<\/div>\n\t\t\t\t\t<\/div>\n\t\t<\/div>\n\t\t\t\t\t<\/div>\n\t\t<\/section>\n\t\t\t\t<\/div>\n\t\t<div class='cb-post-url-qr-code'><br><img src='https:\/\/api.qrserver.com\/v1\/create-qr-code\/?size=185x185&ecc=L&qzone=1&data=https%3A%2F%2Fvivesanobrasil.org%2Fpb%2Foferta-2%2F' alt='Oferta'\/><\/div>","protected":false},"excerpt":{"rendered":"<p>\u00bfQuieres saber como inscribirte? Ac\u00e1 te explicamos el paso a paso.<\/p>\n","protected":false},"author":135836161,"featured_media":0,"parent":0,"menu_order":0,"comment_status":"closed","ping_status":"closed","template":"","meta":{"_acf_changed":false,"_coblocks_attr":"","_coblocks_dimensions":"","_coblocks_responsive_height":"","_coblocks_accordion_ie_support":"","_crdt_document":"","om_disable_all_campaigns":false,"_monsterinsights_skip_tracking":false,"_monsterinsights_sitenote_active":false,"_monsterinsights_sitenote_note":"","_monsterinsights_sitenote_category":0,"footnotes":""},"class_list":["post-12773","page","type-page","status-publish","hentry"],"acf":[],"aioseo_notices":[],"jetpack_likes_enabled":true,"jetpack_sharing_enabled":true,"jetpack_shortlink":"https:\/\/wp.me\/P9Ia6I-3k1","_links":{"self":[{"href":"https:\/\/vivesanobrasil.org\/pb\/wp-json\/wp\/v2\/pages\/12773","targetHints":{"allow":["GET"]}}],"collection":[{"href":"https:\/\/vivesanobrasil.org\/pb\/wp-json\/wp\/v2\/pages"}],"about":[{"href":"https:\/\/vivesanobrasil.org\/pb\/wp-json\/wp\/v2\/types\/page"}],"author":[{"embeddable":true,"href":"https:\/\/vivesanobrasil.org\/pb\/wp-json\/wp\/v2\/users\/135836161"}],"replies":[{"embeddable":true,"href":"https:\/\/vivesanobrasil.org\/pb\/wp-json\/wp\/v2\/comments?post=12773"}],"version-history":[{"count":100,"href":"https:\/\/vivesanobrasil.org\/pb\/wp-json\/wp\/v2\/pages\/12773\/revisions"}],"predecessor-version":[{"id":58419,"href":"https:\/\/vivesanobrasil.org\/pb\/wp-json\/wp\/v2\/pages\/12773\/revisions\/58419"}],"wp:attachment":[{"href":"https:\/\/vivesanobrasil.org\/pb\/wp-json\/wp\/v2\/media?parent=12773"}],"curies":[{"name":"wp","href":"https:\/\/api.w.org\/{rel}","templated":true}]}}