{"id":31640,"date":"2021-11-26T12:23:18","date_gmt":"2021-11-26T15:23:18","guid":{"rendered":"https:\/\/vivesanobrasil.org\/?page_id=31640"},"modified":"2024-06-12T13:48:12","modified_gmt":"2024-06-12T17:48:12","slug":"apostilla-de-la-haya","status":"publish","type":"page","link":"https:\/\/vivesanobrasil.org\/pb\/apostilla-de-la-haya\/","title":{"rendered":"Apostilla de la Haya"},"content":{"rendered":"\t\t<div data-elementor-type=\"wp-page\" data-elementor-id=\"31640\" class=\"elementor elementor-31640\">\n\t\t\t\t\t\t<section class=\"elementor-section elementor-top-section elementor-element elementor-element-23de608 elementor-section-full_width elementor-section-content-middle elementor-section-height-default elementor-section-height-default\" data-id=\"23de608\" data-element_type=\"section\" data-settings=\"{&quot;background_background&quot;:&quot;classic&quot;}\">\n\t\t\t\t\t\t<div class=\"elementor-container elementor-column-gap-no\">\n\t\t\t\t\t<div class=\"elementor-column elementor-col-50 elementor-top-column elementor-element elementor-element-b45b8b2\" data-id=\"b45b8b2\" data-element_type=\"column\">\n\t\t\t<div class=\"elementor-widget-wrap elementor-element-populated\">\n\t\t\t\t\t\t<div class=\"elementor-element elementor-element-2e3b3c1 text-white elementor-widget elementor-widget-text-editor\" data-id=\"2e3b3c1\" data-element_type=\"widget\" data-widget_type=\"text-editor.default\">\n\t\t\t\t<div class=\"elementor-widget-container\">\n\t\t\t\t\t\t\t<p>La apostilla de la Haya es un tipo de certificaci\u00f3n de car\u00e1cter notarial, que tiene la finalidad de certificar la autenticidad de la firma del documento y habilitar su uso en pa\u00edses extranjeros. Este certificado se adjunta al documento original para que posea validez en otros pa\u00edses.<\/p>\n<p>En el Instituto Vive Sano contamos con el respaldo del ministerio de educaci\u00f3n de Brasil, adem\u00e1s de que cuenta con el libro, folio y registro del mismo (con su respectivo c\u00f3digo qr de verificaci\u00f3n); adicionalmente a esto el certificado de aprobaci\u00f3n cuenta con el n\u00famero de horas acad\u00e9micas y la calificaci\u00f3n obtenida tanto como la asistencia.<\/p>\n<div>&nbsp;<\/div>\t\t\t\t\t\t<\/div>\n\t\t\t\t<\/div>\n\t\t\t\t\t<\/div>\n\t\t<\/div>\n\t\t\t\t<div class=\"elementor-column elementor-col-50 elementor-top-column elementor-element elementor-element-50f0f6a elementor-hidden-mobile\" data-id=\"50f0f6a\" data-element_type=\"column\">\n\t\t\t<div class=\"elementor-widget-wrap elementor-element-populated\">\n\t\t\t\t\t\t\t<\/div>\n\t\t<\/div>\n\t\t\t\t\t<\/div>\n\t\t<\/section>\n\t\t\t\t<section class=\"elementor-section elementor-top-section elementor-element elementor-element-459b80f elementor-section-full_width elementor-section-content-middle elementor-section-height-default elementor-section-height-default\" data-id=\"459b80f\" data-element_type=\"section\" data-settings=\"{&quot;background_background&quot;:&quot;classic&quot;}\">\n\t\t\t\t\t\t<div class=\"elementor-container elementor-column-gap-no\">\n\t\t\t\t\t<div class=\"elementor-column elementor-col-50 elementor-top-column elementor-element elementor-element-e15cb44\" data-id=\"e15cb44\" data-element_type=\"column\">\n\t\t\t<div class=\"elementor-widget-wrap elementor-element-populated\">\n\t\t\t\t\t\t<div class=\"elementor-element elementor-element-cdf1939 text-white elementor-widget elementor-widget-text-editor\" data-id=\"cdf1939\" data-element_type=\"widget\" data-widget_type=\"text-editor.default\">\n\t\t\t\t<div class=\"elementor-widget-container\">\n\t\t\t\t\t\t\t<p><span style=\"font-weight: 400;\">La educaci\u00f3n m\u00e9dica continua, tiene menos de 360 horas acad\u00e9micas, siendo que los cursos mayor a esta cantidad horas como cursos de Graduaci\u00f3n, Especializaci\u00f3n, MBA, Maestr\u00edas y Doctorados, si necesitan obligatoriamente hacer tr\u00e1mites para convalidaci\u00f3n (uno de los tr\u00e1mites es la apostilla de La Haya).<\/span><\/p><p><span style=\"font-weight: 400;\">Es un tr\u00e1mite para validar documentos en m\u00e1s de 182 pa\u00edses miembros de este convenio.<\/span><\/p><p><strong>El documento emitido ser\u00e1 en idioma portugu\u00e9s, el valor de la apostilla por el gobierno brasile\u00f1o es de USD 65 + USD 35 correspondiente\u00a0a la tasa de\u00a0<\/strong>autenticaci\u00f3n de documentos p\u00fablicos en brasil\u00a0<strong>\u00a0<\/strong><strong>+\u00a0el env\u00edo de estos documentos al pa\u00eds del solicitante es de alrededor (depende del pa\u00eds de destino) USD 70\u00a0<\/strong>lo cual hace un total (aproximado) de USD 170.\u00a0\u00a0<\/p><p><span style=\"font-weight: 400;\">El certificado se entrega v\u00eda online, sin embargo, el estudiante puede solicitar el documento en f\u00edsico a la direcci\u00f3n que el estudiante solicite. Para solicitar \u00e9ste documento, por favor escribir al WhatsApp +5511999616716.<\/span><\/p>\t\t\t\t\t\t<\/div>\n\t\t\t\t<\/div>\n\t\t\t\t<div class=\"elementor-element elementor-element-68f1a5d elementor-widget elementor-widget-text-editor\" data-id=\"68f1a5d\" data-element_type=\"widget\" data-widget_type=\"text-editor.default\">\n\t\t\t\t<div class=\"elementor-widget-container\">\n\t\t\t\t\t\t\t<p><span style=\"font-weight: 400;\">El tr\u00e1mite dura aproximadamente 30 d\u00edas h\u00e1biles y se hace la solicitud luego de recibir el diploma digital.<\/span><\/p>\t\t\t\t\t\t<\/div>\n\t\t\t\t<\/div>\n\t\t\t\t\t<\/div>\n\t\t<\/div>\n\t\t\t\t<div class=\"elementor-column elementor-col-50 elementor-top-column elementor-element elementor-element-e409163\" data-id=\"e409163\" data-element_type=\"column\">\n\t\t\t<div class=\"elementor-widget-wrap\">\n\t\t\t\t\t\t\t<\/div>\n\t\t<\/div>\n\t\t\t\t\t<\/div>\n\t\t<\/section>\n\t\t\t\t<section class=\"elementor-section elementor-top-section elementor-element elementor-element-3afd9ab elementor-section-full_width elementor-section-height-default elementor-section-height-default\" data-id=\"3afd9ab\" data-element_type=\"section\">\n\t\t\t\t\t\t<div class=\"elementor-container elementor-column-gap-no\">\n\t\t\t\t\t<div class=\"elementor-column elementor-col-100 elementor-top-column elementor-element elementor-element-c589ffe\" data-id=\"c589ffe\" data-element_type=\"column\">\n\t\t\t<div class=\"elementor-widget-wrap elementor-element-populated\">\n\t\t\t\t\t\t<div class=\"elementor-element elementor-element-46019d7 elementor-widget elementor-widget-image\" data-id=\"46019d7\" data-element_type=\"widget\" data-widget_type=\"image.default\">\n\t\t\t\t<div class=\"elementor-widget-container\">\n\t\t\t\t\t\t\t\t\t\t\t\t\t<img fetchpriority=\"high\" decoding=\"async\" data-attachment-id=\"31649\" data-permalink=\"https:\/\/vivesanobrasil.org\/pb\/apostilla-de-la-haya\/1-31\/\" data-orig-file=\"https:\/\/i0.wp.com\/vivesanobrasil.org\/wp-content\/uploads\/2021\/11\/1.png?fit=1800%2C900&amp;ssl=1\" data-orig-size=\"1800,900\" data-comments-opened=\"1\" data-image-meta=\"{&quot;aperture&quot;:&quot;0&quot;,&quot;credit&quot;:&quot;&quot;,&quot;camera&quot;:&quot;&quot;,&quot;caption&quot;:&quot;&quot;,&quot;created_timestamp&quot;:&quot;0&quot;,&quot;copyright&quot;:&quot;&quot;,&quot;focal_length&quot;:&quot;0&quot;,&quot;iso&quot;:&quot;0&quot;,&quot;shutter_speed&quot;:&quot;0&quot;,&quot;title&quot;:&quot;&quot;,&quot;orientation&quot;:&quot;0&quot;}\" data-image-title=\"1\" data-image-description=\"\" data-image-caption=\"\" data-large-file=\"https:\/\/i0.wp.com\/vivesanobrasil.org\/wp-content\/uploads\/2021\/11\/1.png?fit=1024%2C512&amp;ssl=1\" width=\"1800\" height=\"900\" src=\"https:\/\/i0.wp.com\/vivesanobrasil.org\/wp-content\/uploads\/2021\/11\/1.png?fit=1800%2C900&amp;ssl=1\" class=\"attachment-full size-full wp-image-31649\" alt=\"\" srcset=\"https:\/\/i0.wp.com\/vivesanobrasil.org\/wp-content\/uploads\/2021\/11\/1.png?w=1800&amp;ssl=1 1800w, https:\/\/i0.wp.com\/vivesanobrasil.org\/wp-content\/uploads\/2021\/11\/1.png?resize=300%2C150&amp;ssl=1 300w, https:\/\/i0.wp.com\/vivesanobrasil.org\/wp-content\/uploads\/2021\/11\/1.png?resize=1024%2C512&amp;ssl=1 1024w, https:\/\/i0.wp.com\/vivesanobrasil.org\/wp-content\/uploads\/2021\/11\/1.png?resize=768%2C384&amp;ssl=1 768w, https:\/\/i0.wp.com\/vivesanobrasil.org\/wp-content\/uploads\/2021\/11\/1.png?resize=1536%2C768&amp;ssl=1 1536w, https:\/\/i0.wp.com\/vivesanobrasil.org\/wp-content\/uploads\/2021\/11\/1.png?resize=120%2C60&amp;ssl=1 120w, https:\/\/i0.wp.com\/vivesanobrasil.org\/wp-content\/uploads\/2021\/11\/1.png?resize=1320%2C660&amp;ssl=1 1320w, https:\/\/i0.wp.com\/vivesanobrasil.org\/wp-content\/uploads\/2021\/11\/1.png?resize=350%2C175&amp;ssl=1 350w, https:\/\/i0.wp.com\/vivesanobrasil.org\/wp-content\/uploads\/2021\/11\/1.png?resize=500%2C250&amp;ssl=1 500w, https:\/\/i0.wp.com\/vivesanobrasil.org\/wp-content\/uploads\/2021\/11\/1.png?resize=700%2C350&amp;ssl=1 700w\" sizes=\"(max-width: 1000px) 100vw, 1000px\" data-attachment-id=\"31649\" data-permalink=\"https:\/\/vivesanobrasil.org\/pb\/apostilla-de-la-haya\/1-31\/\" data-orig-file=\"https:\/\/i0.wp.com\/vivesanobrasil.org\/wp-content\/uploads\/2021\/11\/1.png?fit=1800%2C900&amp;ssl=1\" data-orig-size=\"1800,900\" data-comments-opened=\"1\" data-image-meta=\"{&quot;aperture&quot;:&quot;0&quot;,&quot;credit&quot;:&quot;&quot;,&quot;camera&quot;:&quot;&quot;,&quot;caption&quot;:&quot;&quot;,&quot;created_timestamp&quot;:&quot;0&quot;,&quot;copyright&quot;:&quot;&quot;,&quot;focal_length&quot;:&quot;0&quot;,&quot;iso&quot;:&quot;0&quot;,&quot;shutter_speed&quot;:&quot;0&quot;,&quot;title&quot;:&quot;&quot;,&quot;orientation&quot;:&quot;0&quot;}\" data-image-title=\"1\" data-image-description=\"\" data-image-caption=\"\" data-large-file=\"https:\/\/i0.wp.com\/vivesanobrasil.org\/wp-content\/uploads\/2021\/11\/1.png?fit=1024%2C512&amp;ssl=1\" \/>\t\t\t\t\t\t\t\t\t\t\t\t\t<\/div>\n\t\t\t\t<\/div>\n\t\t\t\t\t<\/div>\n\t\t<\/div>\n\t\t\t\t\t<\/div>\n\t\t<\/section>\n\t\t\t\t<section class=\"elementor-section elementor-top-section elementor-element elementor-element-5eb2d56 elementor-section-full_width elementor-section-height-default elementor-section-height-default\" data-id=\"5eb2d56\" data-element_type=\"section\">\n\t\t\t\t\t\t<div class=\"elementor-container elementor-column-gap-no\">\n\t\t\t\t\t<div class=\"elementor-column elementor-col-100 elementor-top-column elementor-element elementor-element-f14978e\" data-id=\"f14978e\" data-element_type=\"column\">\n\t\t\t<div class=\"elementor-widget-wrap elementor-element-populated\">\n\t\t\t\t\t\t<div class=\"elementor-element elementor-element-fe213aa elementor-widget elementor-widget-image\" data-id=\"fe213aa\" data-element_type=\"widget\" data-widget_type=\"image.default\">\n\t\t\t\t<div class=\"elementor-widget-container\">\n\t\t\t\t\t\t\t\t\t\t\t\t\t<img decoding=\"async\" data-attachment-id=\"31650\" data-permalink=\"https:\/\/vivesanobrasil.org\/pb\/apostilla-de-la-haya\/2-25\/\" data-orig-file=\"https:\/\/i0.wp.com\/vivesanobrasil.org\/wp-content\/uploads\/2021\/11\/2.png?fit=1800%2C900&amp;ssl=1\" data-orig-size=\"1800,900\" data-comments-opened=\"1\" data-image-meta=\"{&quot;aperture&quot;:&quot;0&quot;,&quot;credit&quot;:&quot;&quot;,&quot;camera&quot;:&quot;&quot;,&quot;caption&quot;:&quot;&quot;,&quot;created_timestamp&quot;:&quot;0&quot;,&quot;copyright&quot;:&quot;&quot;,&quot;focal_length&quot;:&quot;0&quot;,&quot;iso&quot;:&quot;0&quot;,&quot;shutter_speed&quot;:&quot;0&quot;,&quot;title&quot;:&quot;&quot;,&quot;orientation&quot;:&quot;0&quot;}\" data-image-title=\"2\" data-image-description=\"\" data-image-caption=\"\" data-large-file=\"https:\/\/i0.wp.com\/vivesanobrasil.org\/wp-content\/uploads\/2021\/11\/2.png?fit=1024%2C512&amp;ssl=1\" width=\"1800\" height=\"900\" src=\"https:\/\/i0.wp.com\/vivesanobrasil.org\/wp-content\/uploads\/2021\/11\/2.png?fit=1800%2C900&amp;ssl=1\" class=\"attachment-full size-full wp-image-31650\" alt=\"\" srcset=\"https:\/\/i0.wp.com\/vivesanobrasil.org\/wp-content\/uploads\/2021\/11\/2.png?w=1800&amp;ssl=1 1800w, https:\/\/i0.wp.com\/vivesanobrasil.org\/wp-content\/uploads\/2021\/11\/2.png?resize=300%2C150&amp;ssl=1 300w, https:\/\/i0.wp.com\/vivesanobrasil.org\/wp-content\/uploads\/2021\/11\/2.png?resize=1024%2C512&amp;ssl=1 1024w, https:\/\/i0.wp.com\/vivesanobrasil.org\/wp-content\/uploads\/2021\/11\/2.png?resize=768%2C384&amp;ssl=1 768w, https:\/\/i0.wp.com\/vivesanobrasil.org\/wp-content\/uploads\/2021\/11\/2.png?resize=1536%2C768&amp;ssl=1 1536w, https:\/\/i0.wp.com\/vivesanobrasil.org\/wp-content\/uploads\/2021\/11\/2.png?resize=120%2C60&amp;ssl=1 120w, https:\/\/i0.wp.com\/vivesanobrasil.org\/wp-content\/uploads\/2021\/11\/2.png?resize=1320%2C660&amp;ssl=1 1320w, https:\/\/i0.wp.com\/vivesanobrasil.org\/wp-content\/uploads\/2021\/11\/2.png?resize=350%2C175&amp;ssl=1 350w, https:\/\/i0.wp.com\/vivesanobrasil.org\/wp-content\/uploads\/2021\/11\/2.png?resize=500%2C250&amp;ssl=1 500w, https:\/\/i0.wp.com\/vivesanobrasil.org\/wp-content\/uploads\/2021\/11\/2.png?resize=700%2C350&amp;ssl=1 700w\" sizes=\"(max-width: 1000px) 100vw, 1000px\" data-attachment-id=\"31650\" data-permalink=\"https:\/\/vivesanobrasil.org\/pb\/apostilla-de-la-haya\/2-25\/\" data-orig-file=\"https:\/\/i0.wp.com\/vivesanobrasil.org\/wp-content\/uploads\/2021\/11\/2.png?fit=1800%2C900&amp;ssl=1\" data-orig-size=\"1800,900\" data-comments-opened=\"1\" data-image-meta=\"{&quot;aperture&quot;:&quot;0&quot;,&quot;credit&quot;:&quot;&quot;,&quot;camera&quot;:&quot;&quot;,&quot;caption&quot;:&quot;&quot;,&quot;created_timestamp&quot;:&quot;0&quot;,&quot;copyright&quot;:&quot;&quot;,&quot;focal_length&quot;:&quot;0&quot;,&quot;iso&quot;:&quot;0&quot;,&quot;shutter_speed&quot;:&quot;0&quot;,&quot;title&quot;:&quot;&quot;,&quot;orientation&quot;:&quot;0&quot;}\" data-image-title=\"2\" data-image-description=\"\" data-image-caption=\"\" data-large-file=\"https:\/\/i0.wp.com\/vivesanobrasil.org\/wp-content\/uploads\/2021\/11\/2.png?fit=1024%2C512&amp;ssl=1\" \/>\t\t\t\t\t\t\t\t\t\t\t\t\t<\/div>\n\t\t\t\t<\/div>\n\t\t\t\t\t<\/div>\n\t\t<\/div>\n\t\t\t\t\t<\/div>\n\t\t<\/section>\n\t\t\t\t<\/div>\n\t\t<div class='cb-post-url-qr-code'><br><img src='https:\/\/api.qrserver.com\/v1\/create-qr-code\/?size=185x185&ecc=L&qzone=1&data=https%3A%2F%2Fvivesanobrasil.org%2Fpb%2Fapostilla-de-la-haya%2F' alt='Apostilla de la Haya'\/><\/div>","protected":false},"excerpt":{"rendered":"<p>Aqu\u00ed podr\u00e1s despejar las dudas m\u00e1s frecuentes sobre nuestra instituci\u00f3n y nuestras capacitaciones.<\/p>\n","protected":false},"author":135836161,"featured_media":0,"parent":0,"menu_order":0,"comment_status":"closed","ping_status":"closed","template":"elementor_header_footer","meta":{"_acf_changed":false,"_coblocks_attr":"","_coblocks_dimensions":"","_coblocks_responsive_height":"","_coblocks_accordion_ie_support":"","_crdt_document":"","om_disable_all_campaigns":false,"_monsterinsights_skip_tracking":false,"_monsterinsights_sitenote_active":false,"_monsterinsights_sitenote_note":"","_monsterinsights_sitenote_category":0,"footnotes":""},"class_list":["post-31640","page","type-page","status-publish","hentry"],"acf":[],"aioseo_notices":[],"jetpack_likes_enabled":true,"jetpack_sharing_enabled":false,"jetpack_shortlink":"https:\/\/wp.me\/P9Ia6I-8ek","_links":{"self":[{"href":"https:\/\/vivesanobrasil.org\/pb\/wp-json\/wp\/v2\/pages\/31640","targetHints":{"allow":["GET"]}}],"collection":[{"href":"https:\/\/vivesanobrasil.org\/pb\/wp-json\/wp\/v2\/pages"}],"about":[{"href":"https:\/\/vivesanobrasil.org\/pb\/wp-json\/wp\/v2\/types\/page"}],"author":[{"embeddable":true,"href":"https:\/\/vivesanobrasil.org\/pb\/wp-json\/wp\/v2\/users\/135836161"}],"replies":[{"embeddable":true,"href":"https:\/\/vivesanobrasil.org\/pb\/wp-json\/wp\/v2\/comments?post=31640"}],"version-history":[{"count":13,"href":"https:\/\/vivesanobrasil.org\/pb\/wp-json\/wp\/v2\/pages\/31640\/revisions"}],"predecessor-version":[{"id":56883,"href":"https:\/\/vivesanobrasil.org\/pb\/wp-json\/wp\/v2\/pages\/31640\/revisions\/56883"}],"wp:attachment":[{"href":"https:\/\/vivesanobrasil.org\/pb\/wp-json\/wp\/v2\/media?parent=31640"}],"curies":[{"name":"wp","href":"https:\/\/api.w.org\/{rel}","templated":true}]}}