{"id":428,"date":"2018-11-21T13:19:14","date_gmt":"2018-11-21T15:19:14","guid":{"rendered":"http:\/\/vivesanobrasil.org\/?page_id=428"},"modified":"2023-05-08T10:00:01","modified_gmt":"2023-05-08T14:00:01","slug":"preguntas-frecuentes-2","status":"publish","type":"page","link":"https:\/\/vivesanobrasil.org\/pb\/preguntas-frecuentes-2\/","title":{"rendered":"Preguntas frecuentes."},"content":{"rendered":"\t\t<div data-elementor-type=\"wp-page\" data-elementor-id=\"428\" class=\"elementor elementor-428\">\n\t\t\t\t<a class=\"elementor-element elementor-element-cc58f5e e-con-full e-flex e-con e-parent\" data-id=\"cc58f5e\" data-element_type=\"container\" data-settings=\"{&quot;background_background&quot;:&quot;classic&quot;}\" href=\"https:\/\/open.spotify.com\/show\/3Zcjl9E7CxTymShFJEdJDv?si=f1en2s33Rba3KPSHR-wTlQ&#038;dl_branch=1&#038;nd=1\" target=\"_blank\">\n\t\t\t\t<div class=\"elementor-element elementor-element-34f4ce8 elementor-widget elementor-widget-image\" data-id=\"34f4ce8\" data-element_type=\"widget\" data-widget_type=\"image.default\">\n\t\t\t\t<div class=\"elementor-widget-container\">\n\t\t\t\t\t\t\t\t\t\t\t\t\t<img fetchpriority=\"high\" decoding=\"async\" data-attachment-id=\"45615\" data-permalink=\"https:\/\/vivesanobrasil.org\/pb\/preguntas-frecuentes-2\/7542cda0-3e44-4c4a-86d2-d095090ea7c6\/\" data-orig-file=\"https:\/\/i0.wp.com\/vivesanobrasil.org\/wp-content\/uploads\/2023\/05\/7542cda0-3e44-4c4a-86d2-d095090ea7c6.png?fit=1200%2C350&amp;ssl=1\" data-orig-size=\"1200,350\" data-comments-opened=\"1\" data-image-meta=\"{&quot;aperture&quot;:&quot;0&quot;,&quot;credit&quot;:&quot;&quot;,&quot;camera&quot;:&quot;&quot;,&quot;caption&quot;:&quot;&quot;,&quot;created_timestamp&quot;:&quot;0&quot;,&quot;copyright&quot;:&quot;&quot;,&quot;focal_length&quot;:&quot;0&quot;,&quot;iso&quot;:&quot;0&quot;,&quot;shutter_speed&quot;:&quot;0&quot;,&quot;title&quot;:&quot;&quot;,&quot;orientation&quot;:&quot;0&quot;}\" data-image-title=\"7542cda0-3e44-4c4a-86d2-d095090ea7c6\" data-image-description=\"\" data-image-caption=\"\" data-large-file=\"https:\/\/i0.wp.com\/vivesanobrasil.org\/wp-content\/uploads\/2023\/05\/7542cda0-3e44-4c4a-86d2-d095090ea7c6.png?fit=1024%2C299&amp;ssl=1\" width=\"1200\" height=\"350\" src=\"https:\/\/i0.wp.com\/vivesanobrasil.org\/wp-content\/uploads\/2023\/05\/7542cda0-3e44-4c4a-86d2-d095090ea7c6.png?fit=1200%2C350&amp;ssl=1\" class=\"attachment-full size-full wp-image-45615\" alt=\"\" srcset=\"https:\/\/i0.wp.com\/vivesanobrasil.org\/wp-content\/uploads\/2023\/05\/7542cda0-3e44-4c4a-86d2-d095090ea7c6.png?w=1200&amp;ssl=1 1200w, https:\/\/i0.wp.com\/vivesanobrasil.org\/wp-content\/uploads\/2023\/05\/7542cda0-3e44-4c4a-86d2-d095090ea7c6.png?resize=300%2C88&amp;ssl=1 300w, https:\/\/i0.wp.com\/vivesanobrasil.org\/wp-content\/uploads\/2023\/05\/7542cda0-3e44-4c4a-86d2-d095090ea7c6.png?resize=1024%2C299&amp;ssl=1 1024w, https:\/\/i0.wp.com\/vivesanobrasil.org\/wp-content\/uploads\/2023\/05\/7542cda0-3e44-4c4a-86d2-d095090ea7c6.png?resize=768%2C224&amp;ssl=1 768w, https:\/\/i0.wp.com\/vivesanobrasil.org\/wp-content\/uploads\/2023\/05\/7542cda0-3e44-4c4a-86d2-d095090ea7c6.png?resize=200%2C58&amp;ssl=1 200w\" sizes=\"(max-width: 1000px) 100vw, 1000px\" data-attachment-id=\"45615\" data-permalink=\"https:\/\/vivesanobrasil.org\/pb\/preguntas-frecuentes-2\/7542cda0-3e44-4c4a-86d2-d095090ea7c6\/\" data-orig-file=\"https:\/\/i0.wp.com\/vivesanobrasil.org\/wp-content\/uploads\/2023\/05\/7542cda0-3e44-4c4a-86d2-d095090ea7c6.png?fit=1200%2C350&amp;ssl=1\" data-orig-size=\"1200,350\" data-comments-opened=\"1\" data-image-meta=\"{&quot;aperture&quot;:&quot;0&quot;,&quot;credit&quot;:&quot;&quot;,&quot;camera&quot;:&quot;&quot;,&quot;caption&quot;:&quot;&quot;,&quot;created_timestamp&quot;:&quot;0&quot;,&quot;copyright&quot;:&quot;&quot;,&quot;focal_length&quot;:&quot;0&quot;,&quot;iso&quot;:&quot;0&quot;,&quot;shutter_speed&quot;:&quot;0&quot;,&quot;title&quot;:&quot;&quot;,&quot;orientation&quot;:&quot;0&quot;}\" data-image-title=\"7542cda0-3e44-4c4a-86d2-d095090ea7c6\" data-image-description=\"\" data-image-caption=\"\" data-large-file=\"https:\/\/i0.wp.com\/vivesanobrasil.org\/wp-content\/uploads\/2023\/05\/7542cda0-3e44-4c4a-86d2-d095090ea7c6.png?fit=1024%2C299&amp;ssl=1\" \/>\t\t\t\t\t\t\t\t\t\t\t\t\t<\/div>\n\t\t\t\t<\/div>\n\t\t\t\t<\/a>\n\t\t<div class=\"elementor-element elementor-element-7e9f6ec e-flex e-con-boxed e-con e-parent\" data-id=\"7e9f6ec\" data-element_type=\"container\">\n\t\t\t\t\t<div class=\"e-con-inner\">\n\t\t\t\t<div class=\"elementor-element elementor-element-6856eed elementor-widget__width-inherit elementor-widget elementor-widget-heading\" data-id=\"6856eed\" data-element_type=\"widget\" data-widget_type=\"heading.default\">\n\t\t\t\t<div class=\"elementor-widget-container\">\n\t\t\t<h3 class=\"elementor-heading-title elementor-size-default\">Antes de inscribirme en mi oferta acad\u00e9mica<\/h3>\t\t<\/div>\n\t\t\t\t<\/div>\n\t\t\t\t<div class=\"elementor-element elementor-element-2125a54 elementor-widget__width-inherit elementor-widget elementor-widget-accordion\" data-id=\"2125a54\" data-element_type=\"widget\" data-widget_type=\"accordion.default\">\n\t\t\t\t<div class=\"elementor-widget-container\">\n\t\t\t\t\t<div class=\"elementor-accordion\">\n\t\t\t\t\t\t\t<div class=\"elementor-accordion-item\">\n\t\t\t\t\t<div id=\"elementor-tab-title-3471\" class=\"elementor-tab-title\" data-tab=\"1\" role=\"button\" aria-controls=\"elementor-tab-content-3471\" aria-expanded=\"false\">\n\t\t\t\t\t\t\t\t\t\t\t\t\t<span class=\"elementor-accordion-icon elementor-accordion-icon-left\" aria-hidden=\"true\">\n\t\t\t\t\t\t\t\t\t\t\t\t\t\t\t<span class=\"elementor-accordion-icon-closed\"><i class=\"fas fa-plus\"><\/i><\/span>\n\t\t\t\t\t\t\t\t<span class=\"elementor-accordion-icon-opened\"><i class=\"fas fa-minus\"><\/i><\/span>\n\t\t\t\t\t\t\t\t\t\t\t\t\t\t<\/span>\n\t\t\t\t\t\t\t\t\t\t\t\t<a class=\"elementor-accordion-title\" tabindex=\"0\">\u00bfSoy estudiante, puedo participar? \u00bfCu\u00e1l es el nivel de escolaridad exigido?<\/a>\n\t\t\t\t\t<\/div>\n\t\t\t\t\t<div id=\"elementor-tab-content-3471\" class=\"elementor-tab-content elementor-clearfix\" data-tab=\"1\" role=\"region\" aria-labelledby=\"elementor-tab-title-3471\"><p>En cada una de nuestras ofertas acad\u00e9micas hay la indicaci\u00f3n de escolaridad m\u00ednima.<br \/>En el programa acad\u00e9mico de tu oferta preferida encontrar\u00e1s esa informaci\u00f3n.<br \/>La finalidad de nuestras ofertas acad\u00e9micas es profundizar conocimientos y sumar en la formaci\u00f3n acad\u00e9mica de cada uno de nuestros estudiantes. <\/p><\/div>\n\t\t\t\t<\/div>\n\t\t\t\t\t\t\t<div class=\"elementor-accordion-item\">\n\t\t\t\t\t<div id=\"elementor-tab-title-3472\" class=\"elementor-tab-title\" data-tab=\"2\" role=\"button\" aria-controls=\"elementor-tab-content-3472\" aria-expanded=\"false\">\n\t\t\t\t\t\t\t\t\t\t\t\t\t<span class=\"elementor-accordion-icon elementor-accordion-icon-left\" aria-hidden=\"true\">\n\t\t\t\t\t\t\t\t\t\t\t\t\t\t\t<span class=\"elementor-accordion-icon-closed\"><i class=\"fas fa-plus\"><\/i><\/span>\n\t\t\t\t\t\t\t\t<span class=\"elementor-accordion-icon-opened\"><i class=\"fas fa-minus\"><\/i><\/span>\n\t\t\t\t\t\t\t\t\t\t\t\t\t\t<\/span>\n\t\t\t\t\t\t\t\t\t\t\t\t<a class=\"elementor-accordion-title\" tabindex=\"0\">\u00bfC\u00f3mo hago para saber el precio en mi moneda local?<\/a>\n\t\t\t\t\t<\/div>\n\t\t\t\t\t<div id=\"elementor-tab-content-3472\" class=\"elementor-tab-content elementor-clearfix\" data-tab=\"2\" role=\"region\" aria-labelledby=\"elementor-tab-title-3472\"><p>El precio cambiar\u00e1 a la moneda local de los siguientes pa\u00edses, una vez que selecciones el curso y est\u00e9s en el carrito de compras la conversi\u00f3n se realizar\u00e1 de manera autom\u00e1tica. Si tu pa\u00eds de origen no aparece en la lista, el valor ser\u00e1 descontado en d\u00f3lares.<\/p><p>Argentina<br \/>Bolivia<br \/>Brasil<br \/>Chile<br \/>Colombia<br \/>Ecuador<br \/>M\u00e9xico<br \/>Per\u00fa<br \/>Uruguay<\/p><\/div>\n\t\t\t\t<\/div>\n\t\t\t\t\t\t\t<div class=\"elementor-accordion-item\">\n\t\t\t\t\t<div id=\"elementor-tab-title-3473\" class=\"elementor-tab-title\" data-tab=\"3\" role=\"button\" aria-controls=\"elementor-tab-content-3473\" aria-expanded=\"false\">\n\t\t\t\t\t\t\t\t\t\t\t\t\t<span class=\"elementor-accordion-icon elementor-accordion-icon-left\" aria-hidden=\"true\">\n\t\t\t\t\t\t\t\t\t\t\t\t\t\t\t<span class=\"elementor-accordion-icon-closed\"><i class=\"fas fa-plus\"><\/i><\/span>\n\t\t\t\t\t\t\t\t<span class=\"elementor-accordion-icon-opened\"><i class=\"fas fa-minus\"><\/i><\/span>\n\t\t\t\t\t\t\t\t\t\t\t\t\t\t<\/span>\n\t\t\t\t\t\t\t\t\t\t\t\t<a class=\"elementor-accordion-title\" tabindex=\"0\">\u00bfLos pagos pueden ser fraccionados?<\/a>\n\t\t\t\t\t<\/div>\n\t\t\t\t\t<div id=\"elementor-tab-content-3473\" class=\"elementor-tab-content elementor-clearfix\" data-tab=\"3\" role=\"region\" aria-labelledby=\"elementor-tab-title-3473\"><p>Seg\u00fan el pa\u00eds donde te encuentres est\u00e1n permitidos los pagos en cuotas<br \/>Lista de pa\u00edses que puedes pagar en cuotas con tarjeta de cr\u00e9dito:<\/p><ul><li>Argentina<\/li><li>Chile<\/li><li>Colombia<\/li><li>M\u00e9xico<\/li><\/ul><\/div>\n\t\t\t\t<\/div>\n\t\t\t\t\t\t\t\t\t\t<script type=\"application\/ld+json\">{\"@context\":\"https:\\\/\\\/schema.org\",\"@type\":\"FAQPage\",\"mainEntity\":[{\"@type\":\"Question\",\"name\":\"\\u00bfSoy estudiante, puedo participar? \\u00bfCu\\u00e1l es el nivel de escolaridad exigido?\",\"acceptedAnswer\":{\"@type\":\"Answer\",\"text\":\"<p>En cada una de nuestras ofertas acad\\u00e9micas hay la indicaci\\u00f3n de escolaridad m\\u00ednima.<br \\\/>En el programa acad\\u00e9mico de tu oferta preferida encontrar\\u00e1s esa informaci\\u00f3n.<br \\\/>La finalidad de nuestras ofertas acad\\u00e9micas es profundizar conocimientos y sumar en la formaci\\u00f3n acad\\u00e9mica de cada uno de nuestros estudiantes. <\\\/p>\"}},{\"@type\":\"Question\",\"name\":\"\\u00bfC\\u00f3mo hago para saber el precio en mi moneda local?\",\"acceptedAnswer\":{\"@type\":\"Answer\",\"text\":\"<p>El precio cambiar\\u00e1 a la moneda local de los siguientes pa\\u00edses, una vez que selecciones el curso y est\\u00e9s en el carrito de compras la conversi\\u00f3n se realizar\\u00e1 de manera autom\\u00e1tica. Si tu pa\\u00eds de origen no aparece en la lista, el valor ser\\u00e1 descontado en d\\u00f3lares.<\\\/p><p>Argentina<br \\\/>Bolivia<br \\\/>Brasil<br \\\/>Chile<br \\\/>Colombia<br \\\/>Ecuador<br \\\/>M\\u00e9xico<br \\\/>Per\\u00fa<br \\\/>Uruguay<\\\/p>\"}},{\"@type\":\"Question\",\"name\":\"\\u00bfLos pagos pueden ser fraccionados?\",\"acceptedAnswer\":{\"@type\":\"Answer\",\"text\":\"<p>Seg\\u00fan el pa\\u00eds donde te encuentres est\\u00e1n permitidos los pagos en cuotas<br \\\/>Lista de pa\\u00edses que puedes pagar en cuotas con tarjeta de cr\\u00e9dito:<\\\/p><ul><li>Argentina<\\\/li><li>Chile<\\\/li><li>Colombia<\\\/li><li>M\\u00e9xico<\\\/li><\\\/ul>\"}}]}<\/script>\n\t\t\t\t\t<\/div>\n\t\t\t\t<\/div>\n\t\t\t\t<\/div>\n\t\t\t\t<div class=\"elementor-element elementor-element-b53b20e elementor-widget elementor-widget-heading\" data-id=\"b53b20e\" data-element_type=\"widget\" data-widget_type=\"heading.default\">\n\t\t\t\t<div class=\"elementor-widget-container\">\n\t\t\t<h3 class=\"elementor-heading-title elementor-size-default\">Durante mis estudios\n<\/h3>\t\t<\/div>\n\t\t\t\t<\/div>\n\t\t\t\t<div class=\"elementor-element elementor-element-a9d890e elementor-widget elementor-widget-accordion\" data-id=\"a9d890e\" data-element_type=\"widget\" data-widget_type=\"accordion.default\">\n\t\t\t\t<div class=\"elementor-widget-container\">\n\t\t\t\t\t<div class=\"elementor-accordion\">\n\t\t\t\t\t\t\t<div class=\"elementor-accordion-item\">\n\t\t\t\t\t<div id=\"elementor-tab-title-1781\" class=\"elementor-tab-title\" data-tab=\"1\" role=\"button\" aria-controls=\"elementor-tab-content-1781\" aria-expanded=\"false\">\n\t\t\t\t\t\t\t\t\t\t\t\t\t<span class=\"elementor-accordion-icon elementor-accordion-icon-left\" aria-hidden=\"true\">\n\t\t\t\t\t\t\t\t\t\t\t\t\t\t\t<span class=\"elementor-accordion-icon-closed\"><i class=\"fas fa-plus\"><\/i><\/span>\n\t\t\t\t\t\t\t\t<span class=\"elementor-accordion-icon-opened\"><i class=\"fas fa-minus\"><\/i><\/span>\n\t\t\t\t\t\t\t\t\t\t\t\t\t\t<\/span>\n\t\t\t\t\t\t\t\t\t\t\t\t<a class=\"elementor-accordion-title\" tabindex=\"0\">\u00bfEn cu\u00e1l idioma son impartidas las clases?<\/a>\n\t\t\t\t\t<\/div>\n\t\t\t\t\t<div id=\"elementor-tab-content-1781\" class=\"elementor-tab-content elementor-clearfix\" data-tab=\"1\" role=\"region\" aria-labelledby=\"elementor-tab-title-1781\"><p><span style=\"font-weight: 400;\">Las clases son en espa\u00f1ol o con su correspondiente traducci\u00f3n y subt\u00edtulos.<\/span><\/p><\/div>\n\t\t\t\t<\/div>\n\t\t\t\t\t\t\t<div class=\"elementor-accordion-item\">\n\t\t\t\t\t<div id=\"elementor-tab-title-1782\" class=\"elementor-tab-title\" data-tab=\"2\" role=\"button\" aria-controls=\"elementor-tab-content-1782\" aria-expanded=\"false\">\n\t\t\t\t\t\t\t\t\t\t\t\t\t<span class=\"elementor-accordion-icon elementor-accordion-icon-left\" aria-hidden=\"true\">\n\t\t\t\t\t\t\t\t\t\t\t\t\t\t\t<span class=\"elementor-accordion-icon-closed\"><i class=\"fas fa-plus\"><\/i><\/span>\n\t\t\t\t\t\t\t\t<span class=\"elementor-accordion-icon-opened\"><i class=\"fas fa-minus\"><\/i><\/span>\n\t\t\t\t\t\t\t\t\t\t\t\t\t\t<\/span>\n\t\t\t\t\t\t\t\t\t\t\t\t<a class=\"elementor-accordion-title\" tabindex=\"0\">\u00bfCu\u00e1les son los horarios de las clases?<\/a>\n\t\t\t\t\t<\/div>\n\t\t\t\t\t<div id=\"elementor-tab-content-1782\" class=\"elementor-tab-content elementor-clearfix\" data-tab=\"2\" role=\"region\" aria-labelledby=\"elementor-tab-title-1782\"><p>Tendr\u00e1s acceso al aula virtual las 24 horas. Eso significa que podr\u00e1s ver las clases seg\u00fan tu tiempo, en tu propio ritmo, sin horarios preestablecidos por nosotros. Entretanto, debes estar pendiente de la fecha l\u00edmite de cierre, la cual, se encuentra en el cronograma de actividades. Hasta esa fecha l\u00edmite, podr\u00e1s ver las clases y realizar las evaluaciones cuando quieras. <\/p><\/div>\n\t\t\t\t<\/div>\n\t\t\t\t\t\t\t<div class=\"elementor-accordion-item\">\n\t\t\t\t\t<div id=\"elementor-tab-title-1783\" class=\"elementor-tab-title\" data-tab=\"3\" role=\"button\" aria-controls=\"elementor-tab-content-1783\" aria-expanded=\"false\">\n\t\t\t\t\t\t\t\t\t\t\t\t\t<span class=\"elementor-accordion-icon elementor-accordion-icon-left\" aria-hidden=\"true\">\n\t\t\t\t\t\t\t\t\t\t\t\t\t\t\t<span class=\"elementor-accordion-icon-closed\"><i class=\"fas fa-plus\"><\/i><\/span>\n\t\t\t\t\t\t\t\t<span class=\"elementor-accordion-icon-opened\"><i class=\"fas fa-minus\"><\/i><\/span>\n\t\t\t\t\t\t\t\t\t\t\t\t\t\t<\/span>\n\t\t\t\t\t\t\t\t\t\t\t\t<a class=\"elementor-accordion-title\" tabindex=\"0\">\u00bfLos encuentros en vivo son obligatorios?<\/a>\n\t\t\t\t\t<\/div>\n\t\t\t\t\t<div id=\"elementor-tab-content-1783\" class=\"elementor-tab-content elementor-clearfix\" data-tab=\"3\" role=\"region\" aria-labelledby=\"elementor-tab-title-1783\"><p>No. Sin embargo, los encuentros en vivo son una excelente oportunidad para la aclaraci\u00f3n de dudas con el docente. De todas formas, si no puedes estar presente, los encuentros ser\u00e1n grabados y quedar\u00e1n disponibles luego en el aula virtual para su posterior visualizaci\u00f3n.<\/p><\/div>\n\t\t\t\t<\/div>\n\t\t\t\t\t\t\t<div class=\"elementor-accordion-item\">\n\t\t\t\t\t<div id=\"elementor-tab-title-1784\" class=\"elementor-tab-title\" data-tab=\"4\" role=\"button\" aria-controls=\"elementor-tab-content-1784\" aria-expanded=\"false\">\n\t\t\t\t\t\t\t\t\t\t\t\t\t<span class=\"elementor-accordion-icon elementor-accordion-icon-left\" aria-hidden=\"true\">\n\t\t\t\t\t\t\t\t\t\t\t\t\t\t\t<span class=\"elementor-accordion-icon-closed\"><i class=\"fas fa-plus\"><\/i><\/span>\n\t\t\t\t\t\t\t\t<span class=\"elementor-accordion-icon-opened\"><i class=\"fas fa-minus\"><\/i><\/span>\n\t\t\t\t\t\t\t\t\t\t\t\t\t\t<\/span>\n\t\t\t\t\t\t\t\t\t\t\t\t<a class=\"elementor-accordion-title\" tabindex=\"0\">\u00bfCu\u00e1ndo debo realizar las pruebas?<\/a>\n\t\t\t\t\t<\/div>\n\t\t\t\t\t<div id=\"elementor-tab-content-1784\" class=\"elementor-tab-content elementor-clearfix\" data-tab=\"4\" role=\"region\" aria-labelledby=\"elementor-tab-title-1784\"><p>El cursado es lineal. Puedes rendir las pruebas cuando desees, pero para avanzar al siguiente m\u00f3dulo, primero debes rendir la prueba del m\u00f3dulo anterior. <\/p><\/div>\n\t\t\t\t<\/div>\n\t\t\t\t\t\t\t<div class=\"elementor-accordion-item\">\n\t\t\t\t\t<div id=\"elementor-tab-title-1785\" class=\"elementor-tab-title\" data-tab=\"5\" role=\"button\" aria-controls=\"elementor-tab-content-1785\" aria-expanded=\"false\">\n\t\t\t\t\t\t\t\t\t\t\t\t\t<span class=\"elementor-accordion-icon elementor-accordion-icon-left\" aria-hidden=\"true\">\n\t\t\t\t\t\t\t\t\t\t\t\t\t\t\t<span class=\"elementor-accordion-icon-closed\"><i class=\"fas fa-plus\"><\/i><\/span>\n\t\t\t\t\t\t\t\t<span class=\"elementor-accordion-icon-opened\"><i class=\"fas fa-minus\"><\/i><\/span>\n\t\t\t\t\t\t\t\t\t\t\t\t\t\t<\/span>\n\t\t\t\t\t\t\t\t\t\t\t\t<a class=\"elementor-accordion-title\" tabindex=\"0\">\u00bfPuedo descargar las clases?<\/a>\n\t\t\t\t\t<\/div>\n\t\t\t\t\t<div id=\"elementor-tab-content-1785\" class=\"elementor-tab-content elementor-clearfix\" data-tab=\"5\" role=\"region\" aria-labelledby=\"elementor-tab-title-1785\"><p><span style=\"font-weight: 400;\">Las clases son cargadas a nuestra plataforma vive sano academy, siendo que el material en formato MP4 no podr\u00e1 descargarse. El usuario podr\u00e1 tener acceso al material a lo largo de la oferta acad\u00e9mica, siendo que al finalizar la oferta acad\u00e9mica, seg\u00fan cronograma, el aula ser\u00e1 archivada. <\/span><\/p><\/div>\n\t\t\t\t<\/div>\n\t\t\t\t\t\t\t\t<\/div>\n\t\t\t\t<\/div>\n\t\t\t\t<\/div>\n\t\t\t\t<div class=\"elementor-element elementor-element-578070a elementor-widget elementor-widget-heading\" data-id=\"578070a\" data-element_type=\"widget\" data-widget_type=\"heading.default\">\n\t\t\t\t<div class=\"elementor-widget-container\">\n\t\t\t<h3 class=\"elementor-heading-title elementor-size-default\">Despu\u00e9s que haya conclu\u00eddo mis cursos\n<\/h3>\t\t<\/div>\n\t\t\t\t<\/div>\n\t\t\t\t<div class=\"elementor-element elementor-element-2a2b725 elementor-widget elementor-widget-accordion\" data-id=\"2a2b725\" data-element_type=\"widget\" data-widget_type=\"accordion.default\">\n\t\t\t\t<div class=\"elementor-widget-container\">\n\t\t\t\t\t<div class=\"elementor-accordion\">\n\t\t\t\t\t\t\t<div class=\"elementor-accordion-item\">\n\t\t\t\t\t<div id=\"elementor-tab-title-4421\" class=\"elementor-tab-title\" data-tab=\"1\" role=\"button\" aria-controls=\"elementor-tab-content-4421\" aria-expanded=\"false\">\n\t\t\t\t\t\t\t\t\t\t\t\t\t<span class=\"elementor-accordion-icon elementor-accordion-icon-left\" aria-hidden=\"true\">\n\t\t\t\t\t\t\t\t\t\t\t\t\t\t\t<span class=\"elementor-accordion-icon-closed\"><i class=\"fas fa-plus\"><\/i><\/span>\n\t\t\t\t\t\t\t\t<span class=\"elementor-accordion-icon-opened\"><i class=\"fas fa-minus\"><\/i><\/span>\n\t\t\t\t\t\t\t\t\t\t\t\t\t\t<\/span>\n\t\t\t\t\t\t\t\t\t\t\t\t<a class=\"elementor-accordion-title\" tabindex=\"0\">\u00bfHasta cu\u00e1ndo tendr\u00e9 acceso a mis clases?<\/a>\n\t\t\t\t\t<\/div>\n\t\t\t\t\t<div id=\"elementor-tab-content-4421\" class=\"elementor-tab-content elementor-clearfix\" data-tab=\"1\" role=\"region\" aria-labelledby=\"elementor-tab-title-4421\"><p><span style=\"font-weight: 400;\">Las clases en video ser\u00e1n disponibilizadas en el aula virtual en formato lista de reproducci\u00f3n por 6 meses posteriores a la finalizaci\u00f3n de la oferta acad\u00e9mica.\u00a0<\/span><\/p><\/div>\n\t\t\t\t<\/div>\n\t\t\t\t\t\t\t<div class=\"elementor-accordion-item\">\n\t\t\t\t\t<div id=\"elementor-tab-title-4422\" class=\"elementor-tab-title\" data-tab=\"2\" role=\"button\" aria-controls=\"elementor-tab-content-4422\" aria-expanded=\"false\">\n\t\t\t\t\t\t\t\t\t\t\t\t\t<span class=\"elementor-accordion-icon elementor-accordion-icon-left\" aria-hidden=\"true\">\n\t\t\t\t\t\t\t\t\t\t\t\t\t\t\t<span class=\"elementor-accordion-icon-closed\"><i class=\"fas fa-plus\"><\/i><\/span>\n\t\t\t\t\t\t\t\t<span class=\"elementor-accordion-icon-opened\"><i class=\"fas fa-minus\"><\/i><\/span>\n\t\t\t\t\t\t\t\t\t\t\t\t\t\t<\/span>\n\t\t\t\t\t\t\t\t\t\t\t\t<a class=\"elementor-accordion-title\" tabindex=\"0\">\u00bfC\u00f3mo hago la descarga del certificado en la plataforma?<\/a>\n\t\t\t\t\t<\/div>\n\t\t\t\t\t<div id=\"elementor-tab-content-4422\" class=\"elementor-tab-content elementor-clearfix\" data-tab=\"2\" role=\"region\" aria-labelledby=\"elementor-tab-title-4422\"><p><span style=\"font-weight: 400;\">La opci\u00f3n de Descargar certificado estar\u00e1 disponible una vez todas las clases est\u00e9n vistas y las pruebas completadas.\u00a0<\/span><\/p><p>Pasos para la descarga:<\/p><ul><li>Debes ir a tu perfil, verificar c\u00f3mo est\u00e1n sus nombres, apellidos y documento de identidad.<\/li><li>Sugerimos que los nombres y apellidos est\u00e9n con la inicial en may\u00fascula y resto min\u00fascula ejemplo: Yovanna Mendoza o si quieren que salga el nombre completo ejemplo: Yovanna Andre\u00edna Mendoza Hernandez.<\/li><li>Documento de identidad: 1.234.345.34<\/li><li>Escala de calificaci\u00f3n: Deben adecuarse dependiendo del pa\u00eds de origen del estudiante, ya que por defecto va de 0-100.<\/li><\/ul><p>Puedes imprimir tu certificado. El cual se emite en formato internacional de acuerdo a la calificaci\u00f3n que hayas escogido previamente. En tu certificado habr\u00e1 un c\u00f3digo QR, que validar\u00e1 ese documento y d\u00f3nde estar\u00e1 el programa y cronograma de la oferta acad\u00e9mica estudiada.<\/p><p><span style=\"font-weight: 400;\">Luego, ir\u00e1s al \u00e1rea MIS OFERTAS ACAD\u00c9MICAS y ya estar\u00e1 disponible la opci\u00f3n de mis certificados. Ah\u00ed tambi\u00e9n podr\u00e1n encontrarlo y descargarlo las veces que sea necesario.<\/span><\/p><p><b>Consideraciones<\/b><span style=\"font-weight: 400;\">: en caso de querer modificar el nombre, un n\u00famero de documento, el tipo de escala, deber\u00e1n ir a <\/span><strong>perfil-&gt; editar -&gt; guardar cambios y volver a descargar<\/strong><span style=\"font-weight: 400;\"><strong>.<\/strong>\u00a0<\/span><\/p><p><span style=\"font-weight: 400;\">Este certificado estar\u00e1 disponible para la descarga inmediata en la plataforma, adicional a ello les llegar\u00e1\u00a0a su correo en formato pdf.<\/span><\/p><\/div>\n\t\t\t\t<\/div>\n\t\t\t\t\t\t\t<div class=\"elementor-accordion-item\">\n\t\t\t\t\t<div id=\"elementor-tab-title-4423\" class=\"elementor-tab-title\" data-tab=\"3\" role=\"button\" aria-controls=\"elementor-tab-content-4423\" aria-expanded=\"false\">\n\t\t\t\t\t\t\t\t\t\t\t\t\t<span class=\"elementor-accordion-icon elementor-accordion-icon-left\" aria-hidden=\"true\">\n\t\t\t\t\t\t\t\t\t\t\t\t\t\t\t<span class=\"elementor-accordion-icon-closed\"><i class=\"fas fa-plus\"><\/i><\/span>\n\t\t\t\t\t\t\t\t<span class=\"elementor-accordion-icon-opened\"><i class=\"fas fa-minus\"><\/i><\/span>\n\t\t\t\t\t\t\t\t\t\t\t\t\t\t<\/span>\n\t\t\t\t\t\t\t\t\t\t\t\t<a class=\"elementor-accordion-title\" tabindex=\"0\">\u00bfEs posible convalidar mi certificado una vez finalizada la oferta acad\u00e9mica?<\/a>\n\t\t\t\t\t<\/div>\n\t\t\t\t\t<div id=\"elementor-tab-content-4423\" class=\"elementor-tab-content elementor-clearfix\" data-tab=\"3\" role=\"region\" aria-labelledby=\"elementor-tab-title-4423\"><p><span style=\"font-weight: 400;\">Contamos con el respaldo del Ministerio de Educaci\u00f3n de Brasil. Nuestros certificados cuentan con el libro, folio y registro del mismo (con su respectivo c\u00f3digo QR de verificaci\u00f3n).<\/span><\/p><p><span style=\"font-weight: 400;\">Adicionalmente a eso, el certificado de aprobaci\u00f3n cuenta con el n\u00famero de horas acad\u00e9micas y la calificaci\u00f3n obtenida as\u00ed como la asistencia. Efectivamente, en Chile, estamos avalados por la universidad SEK, as\u00ed como tambi\u00e9n, por la UDLA.\u00a0<\/span><\/p><p><span style=\"font-weight: 400;\">Es importante comentar que somos una instituci\u00f3n universitaria con sede en Brasil y comentarte tambi\u00e9n que muchas veces algunos empleadores y autoridades acad\u00e9micas (para postular a becas) solicitan la Apostilla de La Haya.<\/span><\/p><p><span style=\"font-weight: 400;\">La Apostilla de La Haya es un convenio que permite que los documentos sean v\u00e1lidos en m\u00e1s de 180 pa\u00edses.<\/span><\/p><p><span style=\"font-weight: 400;\">Los diplomados universitarios, de por si, no necesitan la apostilla, por tratarse de educaci\u00f3n m\u00e9dica continua, con menos de 360 horas acad\u00e9micas. Pero en caso de necesitarla, igualmente, hacemos el tr\u00e1mite (con costo adicional referente a las tasas ministeriales).<\/span><\/p><p><span style=\"font-weight: 400;\">Ya los cursos mayor a 360 horas como cursos de graduaci\u00f3n, especializaci\u00f3n, MBA, maestr\u00edas y doctorados, si necesitan, obligatoriamente, hacer tr\u00e1mites para convalidaci\u00f3n (uno de los tr\u00e1mites es la apostilla de La Haya).<\/span><\/p><\/div>\n\t\t\t\t<\/div>\n\t\t\t\t\t\t\t\t<\/div>\n\t\t\t\t<\/div>\n\t\t\t\t<\/div>\n\t\t\t\t\t<\/div>\n\t\t\t\t<\/div>\n\t\t\t\t<\/div>\n\t\t<div class='cb-post-url-qr-code'><br><img src='https:\/\/api.qrserver.com\/v1\/create-qr-code\/?size=185x185&ecc=L&qzone=1&data=https%3A%2F%2Fvivesanobrasil.org%2Fpb%2Fpreguntas-frecuentes-2%2F' alt='Preguntas frecuentes.'\/><\/div>","protected":false},"excerpt":{"rendered":"<p>Aqu\u00ed podr\u00e1s despejar las dudas m\u00e1s frecuentes sobre nuestra instituci\u00f3n y nuestras capacitaciones.<\/p>\n","protected":false},"author":135836161,"featured_media":0,"parent":0,"menu_order":0,"comment_status":"closed","ping_status":"closed","template":"elementor_header_footer","meta":{"_acf_changed":false,"_coblocks_attr":"","_coblocks_dimensions":"","_coblocks_responsive_height":"","_coblocks_accordion_ie_support":"","_crdt_document":"","om_disable_all_campaigns":false,"_monsterinsights_skip_tracking":false,"_monsterinsights_sitenote_active":false,"_monsterinsights_sitenote_note":"","_monsterinsights_sitenote_category":0,"footnotes":""},"class_list":["post-428","page","type-page","status-publish","hentry"],"acf":[],"aioseo_notices":[],"jetpack_likes_enabled":true,"jetpack_sharing_enabled":false,"jetpack_shortlink":"https:\/\/wp.me\/P9Ia6I-6U","_links":{"self":[{"href":"https:\/\/vivesanobrasil.org\/pb\/wp-json\/wp\/v2\/pages\/428","targetHints":{"allow":["GET"]}}],"collection":[{"href":"https:\/\/vivesanobrasil.org\/pb\/wp-json\/wp\/v2\/pages"}],"about":[{"href":"https:\/\/vivesanobrasil.org\/pb\/wp-json\/wp\/v2\/types\/page"}],"author":[{"embeddable":true,"href":"https:\/\/vivesanobrasil.org\/pb\/wp-json\/wp\/v2\/users\/135836161"}],"replies":[{"embeddable":true,"href":"https:\/\/vivesanobrasil.org\/pb\/wp-json\/wp\/v2\/comments?post=428"}],"version-history":[{"count":30,"href":"https:\/\/vivesanobrasil.org\/pb\/wp-json\/wp\/v2\/pages\/428\/revisions"}],"predecessor-version":[{"id":45645,"href":"https:\/\/vivesanobrasil.org\/pb\/wp-json\/wp\/v2\/pages\/428\/revisions\/45645"}],"wp:attachment":[{"href":"https:\/\/vivesanobrasil.org\/pb\/wp-json\/wp\/v2\/media?parent=428"}],"curies":[{"name":"wp","href":"https:\/\/api.w.org\/{rel}","templated":true}]}}